{"id":2349,"date":"2025-12-23T10:43:21","date_gmt":"2025-12-23T10:43:21","guid":{"rendered":"https:\/\/demo.rivaxstudio.com\/newsfy\/dailyplus\/?page_id=2349"},"modified":"2026-04-02T20:54:02","modified_gmt":"2026-04-02T18:54:02","slug":"home-02-3","status":"publish","type":"page","link":"http:\/\/cyklista.com.pl\/index.php\/home-02-3\/","title":{"rendered":"Home 02"},"content":{"rendered":"\t\t<div data-elementor-type=\"wp-page\" data-elementor-id=\"2349\" class=\"elementor elementor-2349\">\n\t\t\t\t<div class=\"elementor-element elementor-element-4b29bdf e-flex e-con-boxed e-con e-parent\" data-id=\"4b29bdf\" data-element_type=\"container\" data-e-type=\"container\">\n\t\t\t\t\t<div class=\"e-con-inner\">\n\t\t\t\t<div class=\"elementor-element elementor-element-9c7a1ba elementor-widget rivax-flank-slider-widget\" data-id=\"9c7a1ba\" data-element_type=\"widget\" data-e-type=\"widget\" data-widget_type=\"rivax-flank-slider.default\">\n\t\t\t\t<div class=\"elementor-widget-container\">\n\t\t\t\t\t<div class=\"flank-slider\">\r\n    <div class=\"rivax-posts-wrapper\">\r\n                <div id=\"rivax-slider-9c7a1ba\" class=\"rivax-posts-carousel-wrapper\" data-settings=\"{&quot;autoplay&quot;:{&quot;delay&quot;:5000},&quot;loop&quot;:true,&quot;speed&quot;:1000,&quot;effect&quot;:&quot;fade&quot;,&quot;parallax&quot;:true,&quot;navigation&quot;:{&quot;nextEl&quot;:&quot;#rivax-slider-9c7a1ba .carousel-nav-next&quot;,&quot;prevEl&quot;:&quot;#rivax-slider-9c7a1ba .carousel-nav-prev&quot;},&quot;pagination&quot;:{&quot;el&quot;:&quot;#rivax-slider-9c7a1ba .carousel-pagination&quot;,&quot;type&quot;:&quot;&quot;,&quot;clickable&quot;:&quot;true&quot;,&quot;dynamicBullets&quot;:false},&quot;a11y&quot;:{&quot;enabled&quot;:&quot;false&quot;},&quot;fadeEffect&quot;:{&quot;crossFade&quot;:true}}\">\r\n        <div class=\"swiper\">\r\n        <div class=\"swiper-wrapper\">\r\n                <div class=\"post-item swiper-slide\">\r\n    <article class=\"post-wrapper\">\r\n        <div class=\"content-wrapper\">\r\n            <div class=\"content-wrapper-inner\" data-swiper-parallax=\"-100\" >\r\n                <div class=\"terms-wrapper  term-shape\"><a class=\"term-item term-id-51\" href=\"http:\/\/cyklista.com.pl\/index.php\/category\/aktualnosci\/\"><span>Aktualno\u015bci<\/span><\/a><\/div>                        <h2 class=\"post-title\">\r\n                <a href=\"http:\/\/cyklista.com.pl\/index.php\/2025\/07\/01\/kaszuby-2025\/\" class=\"title-animation-default\" title=\"Kaszuby 2025\">\r\n            Kaszuby 2025        <\/a>\r\n        <\/h2>\r\n                        <div class=\"meta-wrapper\">\r\n                            <div class=\"post-author-wrapper\">\r\n\t\t\t<div class=\"author-image\"><img alt='' src='https:\/\/secure.gravatar.com\/avatar\/6e9d257abb087139c4a57fd62b4f5246da1ae07278ea0e7cb7b596051975afd6?s=60&#038;d=mm&#038;r=g' srcset='https:\/\/secure.gravatar.com\/avatar\/6e9d257abb087139c4a57fd62b4f5246da1ae07278ea0e7cb7b596051975afd6?s=120&#038;d=mm&#038;r=g 2x' class='avatar avatar-60 photo' height='60' width='60' \/><\/div>            <div class=\"author-wrapper\">\r\n                <div class=\"author-meta\">\r\n\t\t                                    <span class=\"by\">By<\/span>\r\n\t\t\t                                <a href=\"http:\/\/cyklista.com.pl\/index.php\/author\/administrator\/\">\r\n\t\t\t            administrator                    <\/a>\r\n                <\/div>\r\n                            <\/div>\r\n        <\/div>\r\n\t\t                            <div class=\"date-wrapper date-inline\">\r\n                        <span class=\"date\">\r\n                2025-07-01            <\/span>\r\n        <\/div>\r\n                                                                                    <\/div>\r\n                <p class=\"excerpt elementor-hidden-mobile\">Wczasy rowerowe \u2013 Kaszuby 2025 W dniach 6\u201315 czerwca 2025 roku nasza rowerowa ekipa postanowi\u0142a...<\/p>                            <\/div>\r\n        <\/div>\r\n        <div class=\"image-wrapper\">\r\n            <img fetchpriority=\"high\" decoding=\"async\" width=\"900\" height=\"444\" src=\"http:\/\/cyklista.com.pl\/wp-content\/uploads\/2026\/04\/Wdzydze-Park-Krajobrazowy-900x444-1.jpeg\" class=\"attachment-rivax-large size-rivax-large wp-post-image\" alt=\"\" title=\"Kaszuby 2025\" data-swiper-parallax-scale=\"1.3\" srcset=\"http:\/\/cyklista.com.pl\/wp-content\/uploads\/2026\/04\/Wdzydze-Park-Krajobrazowy-900x444-1.jpeg 900w, http:\/\/cyklista.com.pl\/wp-content\/uploads\/2026\/04\/Wdzydze-Park-Krajobrazowy-900x444-1-300x148.jpeg 300w, http:\/\/cyklista.com.pl\/wp-content\/uploads\/2026\/04\/Wdzydze-Park-Krajobrazowy-900x444-1-768x379.jpeg 768w, http:\/\/cyklista.com.pl\/wp-content\/uploads\/2026\/04\/Wdzydze-Park-Krajobrazowy-900x444-1-340x168.jpeg 340w, http:\/\/cyklista.com.pl\/wp-content\/uploads\/2026\/04\/Wdzydze-Park-Krajobrazowy-900x444-1-450x222.jpeg 450w\" sizes=\"(max-width: 900px) 100vw, 900px\" \/>        <\/div>\r\n    <\/article>\r\n<\/div><div class=\"post-item swiper-slide\">\r\n    <article class=\"post-wrapper\">\r\n        <div class=\"content-wrapper\">\r\n            <div class=\"content-wrapper-inner\" data-swiper-parallax=\"-100\" >\r\n                <div class=\"terms-wrapper  term-shape\"><a class=\"term-item term-id-51\" href=\"http:\/\/cyklista.com.pl\/index.php\/category\/aktualnosci\/\"><span>Aktualno\u015bci<\/span><\/a><\/div>                        <h2 class=\"post-title\">\r\n                <a href=\"http:\/\/cyklista.com.pl\/index.php\/2025\/05\/14\/walne-zgromadzenie-czlonkow\/\" class=\"title-animation-default\" title=\"Walne Zgromadzenie Cz\u0142onk\u00f3w\">\r\n            Walne Zgromadzenie Cz\u0142onk\u00f3w        <\/a>\r\n        <\/h2>\r\n                        <div class=\"meta-wrapper\">\r\n                            <div class=\"post-author-wrapper\">\r\n\t\t\t<div class=\"author-image\"><img alt='' src='https:\/\/secure.gravatar.com\/avatar\/6e9d257abb087139c4a57fd62b4f5246da1ae07278ea0e7cb7b596051975afd6?s=60&#038;d=mm&#038;r=g' srcset='https:\/\/secure.gravatar.com\/avatar\/6e9d257abb087139c4a57fd62b4f5246da1ae07278ea0e7cb7b596051975afd6?s=120&#038;d=mm&#038;r=g 2x' class='avatar avatar-60 photo' height='60' width='60' \/><\/div>            <div class=\"author-wrapper\">\r\n                <div class=\"author-meta\">\r\n\t\t                                    <span class=\"by\">By<\/span>\r\n\t\t\t                                <a href=\"http:\/\/cyklista.com.pl\/index.php\/author\/administrator\/\">\r\n\t\t\t            administrator                    <\/a>\r\n                <\/div>\r\n                            <\/div>\r\n        <\/div>\r\n\t\t                            <div class=\"date-wrapper date-inline\">\r\n                        <span class=\"date\">\r\n                2025-05-14            <\/span>\r\n        <\/div>\r\n                                                                                    <\/div>\r\n                <p class=\"excerpt elementor-hidden-mobile\">Zarz\u0105d Towarzystwa Turystyki Rowerowej Cyklista z siedzib\u0105 w Przeciszowie zgodnie z \u00a7 29 Statutu...<\/p>                            <\/div>\r\n        <\/div>\r\n        <div class=\"image-wrapper\">\r\n                    <\/div>\r\n    <\/article>\r\n<\/div><div class=\"post-item swiper-slide\">\r\n    <article class=\"post-wrapper\">\r\n        <div class=\"content-wrapper\">\r\n            <div class=\"content-wrapper-inner\" data-swiper-parallax=\"-100\" >\r\n                <div class=\"terms-wrapper  term-shape\"><a class=\"term-item term-id-51\" href=\"http:\/\/cyklista.com.pl\/index.php\/category\/aktualnosci\/\"><span>Aktualno\u015bci<\/span><\/a><\/div>                        <h2 class=\"post-title\">\r\n                <a href=\"http:\/\/cyklista.com.pl\/index.php\/2025\/05\/13\/rodzinny-rajd-rowerowy-w-przeciszowie\/\" class=\"title-animation-default\" title=\"Rodzinny Rajd Rowerowy w Przeciszowie\">\r\n            Rodzinny Rajd Rowerowy w Przeciszowie        <\/a>\r\n        <\/h2>\r\n                        <div class=\"meta-wrapper\">\r\n                            <div class=\"post-author-wrapper\">\r\n\t\t\t<div class=\"author-image\"><img alt='' src='https:\/\/secure.gravatar.com\/avatar\/6e9d257abb087139c4a57fd62b4f5246da1ae07278ea0e7cb7b596051975afd6?s=60&#038;d=mm&#038;r=g' srcset='https:\/\/secure.gravatar.com\/avatar\/6e9d257abb087139c4a57fd62b4f5246da1ae07278ea0e7cb7b596051975afd6?s=120&#038;d=mm&#038;r=g 2x' class='avatar avatar-60 photo' height='60' width='60' \/><\/div>            <div class=\"author-wrapper\">\r\n                <div class=\"author-meta\">\r\n\t\t                                    <span class=\"by\">By<\/span>\r\n\t\t\t                                <a href=\"http:\/\/cyklista.com.pl\/index.php\/author\/administrator\/\">\r\n\t\t\t            administrator                    <\/a>\r\n                <\/div>\r\n                            <\/div>\r\n        <\/div>\r\n\t\t                            <div class=\"date-wrapper date-inline\">\r\n                        <span class=\"date\">\r\n                2025-05-13            <\/span>\r\n        <\/div>\r\n                                                                                    <\/div>\r\n                <p class=\"excerpt elementor-hidden-mobile\">Ju\u017c 21 czerwca 2025 odb\u0119dzie si\u0119 Rodzinny Rajd Rowerowy w Przeciszowie. Jest to impreza w ramach...<\/p>                            <\/div>\r\n        <\/div>\r\n        <div class=\"image-wrapper\">\r\n            <img decoding=\"async\" width=\"900\" height=\"444\" src=\"http:\/\/cyklista.com.pl\/wp-content\/uploads\/2026\/04\/rpr_plakat2025-scaled-900x444-1.jpg\" class=\"attachment-rivax-large size-rivax-large wp-post-image\" alt=\"\" title=\"Rodzinny Rajd Rowerowy w Przeciszowie\" data-swiper-parallax-scale=\"1.3\" srcset=\"http:\/\/cyklista.com.pl\/wp-content\/uploads\/2026\/04\/rpr_plakat2025-scaled-900x444-1.jpg 900w, http:\/\/cyklista.com.pl\/wp-content\/uploads\/2026\/04\/rpr_plakat2025-scaled-900x444-1-300x148.jpg 300w, http:\/\/cyklista.com.pl\/wp-content\/uploads\/2026\/04\/rpr_plakat2025-scaled-900x444-1-768x379.jpg 768w, http:\/\/cyklista.com.pl\/wp-content\/uploads\/2026\/04\/rpr_plakat2025-scaled-900x444-1-340x168.jpg 340w, http:\/\/cyklista.com.pl\/wp-content\/uploads\/2026\/04\/rpr_plakat2025-scaled-900x444-1-450x222.jpg 450w\" sizes=\"(max-width: 900px) 100vw, 900px\" \/>        <\/div>\r\n    <\/article>\r\n<\/div>                    <\/div> <!-- .swiper-wrapper -->\r\n        <\/div><!-- .swiper -->\r\n                <\/div><!-- .rivax-posts-carousel-wrapper -->\r\n        <\/div>\r\n<\/div>\r\n\t\t\t\t<\/div>\n\t\t\t\t<\/div>\n\t\t\t\t\t<\/div>\n\t\t\t\t<\/div>\n\t\t<div class=\"elementor-element elementor-element-b32dfc6 e-flex e-con-boxed e-con e-parent\" data-id=\"b32dfc6\" data-element_type=\"container\" data-e-type=\"container\">\n\t\t\t\t\t<div class=\"e-con-inner\">\n\t\t<div class=\"elementor-element elementor-element-3ec4f27 e-con-full e-flex e-con e-child\" data-id=\"3ec4f27\" data-element_type=\"container\" data-e-type=\"container\">\n\t\t\t\t<div class=\"elementor-element elementor-element-50f91db rivax-align-center elementor-widget rivax-divider-heading-widget\" data-id=\"50f91db\" data-element_type=\"widget\" data-e-type=\"widget\" data-widget_type=\"rivax-divider-heading.default\">\n\t\t\t\t<div class=\"elementor-widget-container\">\n\t\t\t\t\t<div class=\"rivax-divider-heading-wrap\">\r\n    <div class=\"rivax-divider-heading divider-style-1 \">\r\n        <div class=\"divider divider-1\"><\/div>\r\n        <div class=\"divider divider-2\"><\/div>\r\n        <h3 class=\"title\">\r\n                <span class=\"title-inner\">\r\n            <span class=\"title-text\">\r\n                                Hot Categories            <\/span>\r\n                    <\/span>\r\n                <\/h3>\r\n        <div class=\"divider divider-3\"><\/div>\r\n        <div class=\"divider divider-4\"><\/div>\r\n    <\/div>\r\n<\/div>\t\t\t\t<\/div>\n\t\t\t\t<\/div>\n\t\t\t\t<div class=\"elementor-element elementor-element-8a3fa9d count-position-beside content-position-below elementor-widget rivax-category-box-widget\" data-id=\"8a3fa9d\" data-element_type=\"widget\" data-e-type=\"widget\" data-widget_type=\"rivax-category-box.default\">\n\t\t\t\t<div class=\"elementor-widget-container\">\n\t\t\t\t\t<div class=\"rivax-category-box \">\r\n<\/div>\r\n\t\t\t\t<\/div>\n\t\t\t\t<\/div>\n\t\t\t\t<\/div>\n\t\t\t\t\t<\/div>\n\t\t\t\t<\/div>\n\t\t<div class=\"elementor-element elementor-element-9343688 e-flex e-con-boxed e-con e-parent\" data-id=\"9343688\" data-element_type=\"container\" data-e-type=\"container\">\n\t\t\t\t\t<div class=\"e-con-inner\">\n\t\t<div class=\"elementor-element elementor-element-721a61e e-con-full e-flex e-con e-child\" data-id=\"721a61e\" data-element_type=\"container\" data-e-type=\"container\">\n\t\t<div class=\"elementor-element elementor-element-385d85b e-con-full e-flex e-con e-child\" data-id=\"385d85b\" data-element_type=\"container\" data-e-type=\"container\" data-settings=\"{&quot;background_background&quot;:&quot;classic&quot;}\">\n\t\t\t\t<div class=\"elementor-element elementor-element-24d3a85 rivax-align-left elementor-widget rivax-divider-heading-widget\" data-id=\"24d3a85\" data-element_type=\"widget\" data-e-type=\"widget\" data-widget_type=\"rivax-divider-heading.default\">\n\t\t\t\t<div class=\"elementor-widget-container\">\n\t\t\t\t\t<div class=\"rivax-divider-heading-wrap\">\r\n    <div class=\"rivax-divider-heading divider-style-1 \">\r\n        <div class=\"divider divider-1\"><\/div>\r\n        <div class=\"divider divider-2\"><\/div>\r\n        <h3 class=\"title\">\r\n                <span class=\"title-inner\">\r\n            <span class=\"title-text\">\r\n                                Trending Posts            <\/span>\r\n            <span class=\"subtitle-text-wrap\"><span class=\"subtitle-text\">Browse<\/span><\/span>        <\/span>\r\n                <\/h3>\r\n        <div class=\"divider divider-3\"><\/div>\r\n        <div class=\"divider divider-4\"><\/div>\r\n    <\/div>\r\n<\/div>\t\t\t\t<\/div>\n\t\t\t\t<\/div>\n\t\t<div class=\"elementor-element elementor-element-27798ce e-con-full card-layout e-flex e-con e-child\" data-id=\"27798ce\" data-element_type=\"container\" data-e-type=\"container\">\n\t\t\t\t<div class=\"elementor-element elementor-element-32719af elementor-widget rivax-post-elastic-widget\" data-id=\"32719af\" data-element_type=\"widget\" data-e-type=\"widget\" data-widget_type=\"rivax-post-elastic.default\">\n\t\t\t\t<div class=\"elementor-widget-container\">\n\t\t\t\t\t<div class=\"rivax-posts-container\">\r\n    <div class=\"rivax-posts-wrapper layout-grid\">\r\n                <div class=\"post-item\">\r\n    <article class=\"post-wrapper\">\r\n        \t    \r\n\t    \r\n                    <div class=\"image-outer-wrapper\">\r\n\r\n\t            \r\n\t            \r\n                <div class=\"image-wrapper\">\r\n                    <a class=\"rivax-position-cover\" href=\"http:\/\/cyklista.com.pl\/index.php\/2025\/10\/07\/rajd-nocny\/\" aria-label=\"Item Link\"><\/a>\r\n                    <img decoding=\"async\" width=\"150\" height=\"150\" src=\"http:\/\/cyklista.com.pl\/wp-content\/uploads\/2026\/04\/kolejny-wieczor-grill-900x444-1-150x150.jpeg\" class=\"attachment-thumbnail size-thumbnail wp-post-image\" alt=\"\" title=\"RAJD NOCNY\" srcset=\"http:\/\/cyklista.com.pl\/wp-content\/uploads\/2026\/04\/kolejny-wieczor-grill-900x444-1-150x150.jpeg 150w, http:\/\/cyklista.com.pl\/wp-content\/uploads\/2026\/04\/kolejny-wieczor-grill-900x444-1-340x340.jpeg 340w\" sizes=\"(max-width: 150px) 100vw, 150px\" \/>\r\n\t\t            \t\t                            <\/div>\r\n\r\n            <\/div>\r\n        \r\n        <div class=\"content-wrapper\">\r\n\t                            <h5 class=\"post-title\">\r\n                <a href=\"http:\/\/cyklista.com.pl\/index.php\/2025\/10\/07\/rajd-nocny\/\" class=\"title-animation-underline-break\" title=\"RAJD NOCNY\">\r\n            RAJD NOCNY        <\/a>\r\n        <\/h5>\r\n                    <div class=\"meta-wrapper\">\r\n                        <div class=\"post-author-wrapper\">\r\n\t\t\t            <div class=\"author-wrapper\">\r\n                <div class=\"author-meta\">\r\n\t\t                                    <span class=\"by\">By<\/span>\r\n\t\t\t                                <a href=\"http:\/\/cyklista.com.pl\/index.php\/author\/administrator\/\">\r\n\t\t\t            administrator                    <\/a>\r\n                <\/div>\r\n                            <\/div>\r\n        <\/div>\r\n\t\t                                                                            <\/div>\r\n                                <\/div>\r\n    <\/article>\r\n<\/div><div class=\"post-item\">\r\n    <article class=\"post-wrapper\">\r\n        \t    \r\n\t    \r\n                    <div class=\"image-outer-wrapper\">\r\n\r\n\t            \r\n\t            \r\n                <div class=\"image-wrapper\">\r\n                    <a class=\"rivax-position-cover\" href=\"http:\/\/cyklista.com.pl\/index.php\/2025\/10\/07\/piec-dni-na-roztoczu\/\" aria-label=\"Item Link\"><\/a>\r\n                    <img loading=\"lazy\" decoding=\"async\" width=\"150\" height=\"150\" src=\"http:\/\/cyklista.com.pl\/wp-content\/uploads\/2026\/04\/20250823_113502-1536x692-1-150x150.jpg\" class=\"attachment-thumbnail size-thumbnail wp-post-image\" alt=\"\" title=\"Pi\u0119\u0107 dni na Roztoczu\" srcset=\"http:\/\/cyklista.com.pl\/wp-content\/uploads\/2026\/04\/20250823_113502-1536x692-1-150x150.jpg 150w, http:\/\/cyklista.com.pl\/wp-content\/uploads\/2026\/04\/20250823_113502-1536x692-1-340x340.jpg 340w, http:\/\/cyklista.com.pl\/wp-content\/uploads\/2026\/04\/20250823_113502-1536x692-1-450x450.jpg 450w, http:\/\/cyklista.com.pl\/wp-content\/uploads\/2026\/04\/20250823_113502-1536x692-1-650x650.jpg 650w\" sizes=\"(max-width: 150px) 100vw, 150px\" \/>\r\n\t\t            \t\t                            <\/div>\r\n\r\n            <\/div>\r\n        \r\n        <div class=\"content-wrapper\">\r\n\t                            <h5 class=\"post-title\">\r\n                <a href=\"http:\/\/cyklista.com.pl\/index.php\/2025\/10\/07\/piec-dni-na-roztoczu\/\" class=\"title-animation-underline-break\" title=\"Pi\u0119\u0107 dni na Roztoczu\">\r\n            Pi\u0119\u0107 dni na Roztoczu        <\/a>\r\n        <\/h5>\r\n                    <div class=\"meta-wrapper\">\r\n                        <div class=\"post-author-wrapper\">\r\n\t\t\t            <div class=\"author-wrapper\">\r\n                <div class=\"author-meta\">\r\n\t\t                                    <span class=\"by\">By<\/span>\r\n\t\t\t                                <a href=\"http:\/\/cyklista.com.pl\/index.php\/author\/administrator\/\">\r\n\t\t\t            administrator                    <\/a>\r\n                <\/div>\r\n                            <\/div>\r\n        <\/div>\r\n\t\t                                                                            <\/div>\r\n                                <\/div>\r\n    <\/article>\r\n<\/div><div class=\"post-item\">\r\n    <article class=\"post-wrapper\">\r\n        \t    \r\n\t    \r\n                    <div class=\"image-outer-wrapper\">\r\n\r\n\t            \r\n\t            \r\n                <div class=\"image-wrapper\">\r\n                    <a class=\"rivax-position-cover\" href=\"http:\/\/cyklista.com.pl\/index.php\/2025\/10\/07\/zniwa-karpiowe\/\" aria-label=\"Item Link\"><\/a>\r\n                    <img loading=\"lazy\" decoding=\"async\" width=\"150\" height=\"150\" src=\"http:\/\/cyklista.com.pl\/wp-content\/uploads\/2026\/04\/20250921_125649-1536x692-1-150x150.jpg\" class=\"attachment-thumbnail size-thumbnail wp-post-image\" alt=\"\" title=\"\u017bniwa karpiowe\" srcset=\"http:\/\/cyklista.com.pl\/wp-content\/uploads\/2026\/04\/20250921_125649-1536x692-1-150x150.jpg 150w, http:\/\/cyklista.com.pl\/wp-content\/uploads\/2026\/04\/20250921_125649-1536x692-1-340x340.jpg 340w, http:\/\/cyklista.com.pl\/wp-content\/uploads\/2026\/04\/20250921_125649-1536x692-1-450x450.jpg 450w, http:\/\/cyklista.com.pl\/wp-content\/uploads\/2026\/04\/20250921_125649-1536x692-1-650x650.jpg 650w\" sizes=\"(max-width: 150px) 100vw, 150px\" \/>\r\n\t\t            \t\t                            <\/div>\r\n\r\n            <\/div>\r\n        \r\n        <div class=\"content-wrapper\">\r\n\t                            <h5 class=\"post-title\">\r\n                <a href=\"http:\/\/cyklista.com.pl\/index.php\/2025\/10\/07\/zniwa-karpiowe\/\" class=\"title-animation-underline-break\" title=\"\u017bniwa karpiowe\">\r\n            \u017bniwa karpiowe        <\/a>\r\n        <\/h5>\r\n                    <div class=\"meta-wrapper\">\r\n                        <div class=\"post-author-wrapper\">\r\n\t\t\t            <div class=\"author-wrapper\">\r\n                <div class=\"author-meta\">\r\n\t\t                                    <span class=\"by\">By<\/span>\r\n\t\t\t                                <a href=\"http:\/\/cyklista.com.pl\/index.php\/author\/administrator\/\">\r\n\t\t\t            administrator                    <\/a>\r\n                <\/div>\r\n                            <\/div>\r\n        <\/div>\r\n\t\t                                                                            <\/div>\r\n                                <\/div>\r\n    <\/article>\r\n<\/div><div class=\"post-item\">\r\n    <article class=\"post-wrapper\">\r\n        \t    \r\n\t    \r\n                    <div class=\"image-outer-wrapper\">\r\n\r\n\t            \r\n\t            \r\n                <div class=\"image-wrapper\">\r\n                    <a class=\"rivax-position-cover\" href=\"http:\/\/cyklista.com.pl\/index.php\/2025\/07\/31\/rajd-kety\/\" aria-label=\"Item Link\"><\/a>\r\n                    <img loading=\"lazy\" decoding=\"async\" width=\"150\" height=\"150\" src=\"http:\/\/cyklista.com.pl\/wp-content\/uploads\/2026\/04\/kolejny-wieczor-grill-900x444-2-150x150.jpeg\" class=\"attachment-thumbnail size-thumbnail wp-post-image\" alt=\"\" title=\"Rajd K\u0119ty\" srcset=\"http:\/\/cyklista.com.pl\/wp-content\/uploads\/2026\/04\/kolejny-wieczor-grill-900x444-2-150x150.jpeg 150w, http:\/\/cyklista.com.pl\/wp-content\/uploads\/2026\/04\/kolejny-wieczor-grill-900x444-2-340x340.jpeg 340w, http:\/\/cyklista.com.pl\/wp-content\/uploads\/2026\/04\/kolejny-wieczor-grill-900x444-2-450x450.jpeg 450w, http:\/\/cyklista.com.pl\/wp-content\/uploads\/2026\/04\/kolejny-wieczor-grill-900x444-2-650x650.jpeg 650w\" sizes=\"(max-width: 150px) 100vw, 150px\" \/>\r\n\t\t            \t\t                            <\/div>\r\n\r\n            <\/div>\r\n        \r\n        <div class=\"content-wrapper\">\r\n\t                            <h5 class=\"post-title\">\r\n                <a href=\"http:\/\/cyklista.com.pl\/index.php\/2025\/07\/31\/rajd-kety\/\" class=\"title-animation-underline-break\" title=\"Rajd K\u0119ty\">\r\n            Rajd K\u0119ty        <\/a>\r\n        <\/h5>\r\n                    <div class=\"meta-wrapper\">\r\n                        <div class=\"post-author-wrapper\">\r\n\t\t\t            <div class=\"author-wrapper\">\r\n                <div class=\"author-meta\">\r\n\t\t                                    <span class=\"by\">By<\/span>\r\n\t\t\t                                <a href=\"http:\/\/cyklista.com.pl\/index.php\/author\/administrator\/\">\r\n\t\t\t            administrator                    <\/a>\r\n                <\/div>\r\n                            <\/div>\r\n        <\/div>\r\n\t\t                                                                            <\/div>\r\n                                <\/div>\r\n    <\/article>\r\n<\/div><div class=\"post-item\">\r\n    <article class=\"post-wrapper\">\r\n        \t    \r\n\t    \r\n                    <div class=\"image-outer-wrapper\">\r\n\r\n\t            \r\n\t            \r\n                <div class=\"image-wrapper\">\r\n                    <a class=\"rivax-position-cover\" href=\"http:\/\/cyklista.com.pl\/index.php\/2025\/07\/31\/rajd-grunwald\/\" aria-label=\"Item Link\"><\/a>\r\n                    <img loading=\"lazy\" decoding=\"async\" width=\"150\" height=\"150\" src=\"http:\/\/cyklista.com.pl\/wp-content\/uploads\/2026\/04\/20250713_124444-1536x692-1-150x150.jpg\" class=\"attachment-thumbnail size-thumbnail wp-post-image\" alt=\"\" title=\"Rajd Grunwald\" srcset=\"http:\/\/cyklista.com.pl\/wp-content\/uploads\/2026\/04\/20250713_124444-1536x692-1-150x150.jpg 150w, http:\/\/cyklista.com.pl\/wp-content\/uploads\/2026\/04\/20250713_124444-1536x692-1-340x340.jpg 340w, http:\/\/cyklista.com.pl\/wp-content\/uploads\/2026\/04\/20250713_124444-1536x692-1-450x450.jpg 450w, http:\/\/cyklista.com.pl\/wp-content\/uploads\/2026\/04\/20250713_124444-1536x692-1-650x650.jpg 650w\" sizes=\"(max-width: 150px) 100vw, 150px\" \/>\r\n\t\t            \t\t                            <\/div>\r\n\r\n            <\/div>\r\n        \r\n        <div class=\"content-wrapper\">\r\n\t                            <h5 class=\"post-title\">\r\n                <a href=\"http:\/\/cyklista.com.pl\/index.php\/2025\/07\/31\/rajd-grunwald\/\" class=\"title-animation-underline-break\" title=\"Rajd Grunwald\">\r\n            Rajd Grunwald        <\/a>\r\n        <\/h5>\r\n                    <div class=\"meta-wrapper\">\r\n                        <div class=\"post-author-wrapper\">\r\n\t\t\t            <div class=\"author-wrapper\">\r\n                <div class=\"author-meta\">\r\n\t\t                                    <span class=\"by\">By<\/span>\r\n\t\t\t                                <a href=\"http:\/\/cyklista.com.pl\/index.php\/author\/administrator\/\">\r\n\t\t\t            administrator                    <\/a>\r\n                <\/div>\r\n                            <\/div>\r\n        <\/div>\r\n\t\t                                                                            <\/div>\r\n                                <\/div>\r\n    <\/article>\r\n<\/div><div class=\"post-item\">\r\n    <article class=\"post-wrapper\">\r\n        \t    \r\n\t    \r\n                    <div class=\"image-outer-wrapper\">\r\n\r\n\t            \r\n\t            \r\n                <div class=\"image-wrapper\">\r\n                    <a class=\"rivax-position-cover\" href=\"http:\/\/cyklista.com.pl\/index.php\/2025\/07\/03\/rowerem-przez-pokolenia-rodzinny-rajd-rowerowy-w-przeciszowie-21-czerwiec-2025\/\" aria-label=\"Item Link\"><\/a>\r\n                    <img loading=\"lazy\" decoding=\"async\" width=\"150\" height=\"150\" src=\"http:\/\/cyklista.com.pl\/wp-content\/uploads\/2026\/04\/DSC_0206_Easy-Resize.com_-900x444-1-150x150.jpg\" class=\"attachment-thumbnail size-thumbnail wp-post-image\" alt=\"\" title=\"Rowerem przez pokolenia \u2013 Rodzinny Rajd Rowerowy w Przeciszowie \u2013 21 czerwiec 2025\" srcset=\"http:\/\/cyklista.com.pl\/wp-content\/uploads\/2026\/04\/DSC_0206_Easy-Resize.com_-900x444-1-150x150.jpg 150w, http:\/\/cyklista.com.pl\/wp-content\/uploads\/2026\/04\/DSC_0206_Easy-Resize.com_-900x444-1-340x340.jpg 340w\" sizes=\"(max-width: 150px) 100vw, 150px\" \/>\r\n\t\t            \t\t                            <\/div>\r\n\r\n            <\/div>\r\n        \r\n        <div class=\"content-wrapper\">\r\n\t                            <h5 class=\"post-title\">\r\n                <a href=\"http:\/\/cyklista.com.pl\/index.php\/2025\/07\/03\/rowerem-przez-pokolenia-rodzinny-rajd-rowerowy-w-przeciszowie-21-czerwiec-2025\/\" class=\"title-animation-underline-break\" title=\"Rowerem przez pokolenia \u2013 Rodzinny Rajd Rowerowy w Przeciszowie \u2013 21 czerwiec 2025\">\r\n            Rowerem przez pokolenia \u2013 Rodzinny Rajd Rowerowy w Przeciszowie \u2013 21 czerwiec 2025        <\/a>\r\n        <\/h5>\r\n                    <div class=\"meta-wrapper\">\r\n                        <div class=\"post-author-wrapper\">\r\n\t\t\t            <div class=\"author-wrapper\">\r\n                <div class=\"author-meta\">\r\n\t\t                                    <span class=\"by\">By<\/span>\r\n\t\t\t                                <a href=\"http:\/\/cyklista.com.pl\/index.php\/author\/administrator\/\">\r\n\t\t\t            administrator                    <\/a>\r\n                <\/div>\r\n                            <\/div>\r\n        <\/div>\r\n\t\t                                                                            <\/div>\r\n                                <\/div>\r\n    <\/article>\r\n<\/div>            <\/div>\r\n    <\/div>\r\n\t\t\t\t<\/div>\n\t\t\t\t<\/div>\n\t\t\t\t<\/div>\n\t\t\t\t<\/div>\n\t\t\t\t<\/div>\n\t\t\t\t\t<\/div>\n\t\t\t\t<\/div>\n\t\t<div class=\"elementor-element elementor-element-b2ffe51 e-flex e-con-boxed e-con e-parent\" data-id=\"b2ffe51\" data-element_type=\"container\" data-e-type=\"container\">\n\t\t\t\t\t<div class=\"e-con-inner\">\n\t\t<div class=\"elementor-element elementor-element-c6f4aef e-con-full e-flex e-con e-child\" data-id=\"c6f4aef\" data-element_type=\"container\" data-e-type=\"container\">\n\t\t<div class=\"elementor-element elementor-element-e054672 e-con-full card-layout e-flex e-con e-child\" data-id=\"e054672\" data-element_type=\"container\" data-e-type=\"container\">\n\t\t\t\t<div class=\"elementor-element elementor-element-2ca3fb3 rivax-align-left elementor-widget rivax-divider-heading-widget\" data-id=\"2ca3fb3\" data-element_type=\"widget\" data-e-type=\"widget\" data-widget_type=\"rivax-divider-heading.default\">\n\t\t\t\t<div class=\"elementor-widget-container\">\n\t\t\t\t\t<div class=\"rivax-divider-heading-wrap\">\r\n    <div class=\"rivax-divider-heading divider-style-1 \">\r\n        <div class=\"divider divider-1\"><\/div>\r\n        <div class=\"divider divider-2\"><\/div>\r\n        <h3 class=\"title\">\r\n                <span class=\"title-inner\">\r\n            <span class=\"title-text\">\r\n                                Branding            <\/span>\r\n            <span class=\"subtitle-text-wrap\"><span class=\"subtitle-text\">Browse<\/span><\/span>        <\/span>\r\n                <\/h3>\r\n        <div class=\"divider divider-3\"><\/div>\r\n        <div class=\"divider divider-4\"><\/div>\r\n    <\/div>\r\n<\/div>\t\t\t\t<\/div>\n\t\t\t\t<\/div>\n\t\t<div class=\"elementor-element elementor-element-21eff3d e-con-full card-layout e-flex e-con e-child\" data-id=\"21eff3d\" data-element_type=\"container\" data-e-type=\"container\">\n\t\t\t\t<div class=\"elementor-element elementor-element-5bdf1aa elementor-widget rivax-post-elastic-widget\" data-id=\"5bdf1aa\" data-element_type=\"widget\" data-e-type=\"widget\" data-widget_type=\"rivax-post-elastic.default\">\n\t\t\t\t<div class=\"elementor-widget-container\">\n\t\t\t\t\t<div class=\"rivax-posts-container\">\r\n    <div class=\"rivax-posts-wrapper layout-grid\">\r\n                <div class=\"post-item\">\r\n    <article class=\"post-wrapper\">\r\n        \t    \r\n\t    \r\n                    <div class=\"image-outer-wrapper\">\r\n\r\n\t            \r\n\t            \r\n                <div class=\"image-wrapper\">\r\n                    <a class=\"rivax-position-cover\" href=\"http:\/\/cyklista.com.pl\/index.php\/2020\/04\/04\/2556\/\" aria-label=\"Item Link\"><\/a>\r\n                    <img loading=\"lazy\" decoding=\"async\" width=\"150\" height=\"150\" src=\"http:\/\/cyklista.com.pl\/wp-content\/uploads\/2026\/03\/CYKLISTA-2-150x150.png\" class=\"attachment-thumbnail size-thumbnail wp-post-image\" alt=\"\" title=\"\" srcset=\"http:\/\/cyklista.com.pl\/wp-content\/uploads\/2026\/03\/CYKLISTA-2-150x150.png 150w, http:\/\/cyklista.com.pl\/wp-content\/uploads\/2026\/03\/CYKLISTA-2-340x340.png 340w, http:\/\/cyklista.com.pl\/wp-content\/uploads\/2026\/03\/CYKLISTA-2-450x450.png 450w\" sizes=\"(max-width: 150px) 100vw, 150px\" \/>\r\n\t\t            \t\t                            <\/div>\r\n\r\n            <\/div>\r\n        \r\n        <div class=\"content-wrapper\">\r\n\t                            <h5 class=\"post-title\">\r\n                <a href=\"http:\/\/cyklista.com.pl\/index.php\/2020\/04\/04\/2556\/\" class=\"title-animation-underline-break\" title=\"\">\r\n                    <\/a>\r\n        <\/h5>\r\n                    <div class=\"meta-wrapper\">\r\n                        <div class=\"post-author-wrapper\">\r\n\t\t\t            <div class=\"author-wrapper\">\r\n                <div class=\"author-meta\">\r\n\t\t                                    <span class=\"by\">By<\/span>\r\n\t\t\t                                <a href=\"http:\/\/cyklista.com.pl\/index.php\/author\/administrator\/\">\r\n\t\t\t            administrator                    <\/a>\r\n                <\/div>\r\n                            <\/div>\r\n        <\/div>\r\n\t\t                                                                            <\/div>\r\n                                <\/div>\r\n    <\/article>\r\n<\/div><div class=\"post-item\">\r\n    <article class=\"post-wrapper\">\r\n        \t    \r\n\t    \r\n                    <div class=\"image-outer-wrapper\">\r\n\r\n\t            \r\n\t            \r\n                <div class=\"image-wrapper\">\r\n                    <a class=\"rivax-position-cover\" href=\"http:\/\/cyklista.com.pl\/index.php\/2020\/04\/04\/2554\/\" aria-label=\"Item Link\"><\/a>\r\n                    <img loading=\"lazy\" decoding=\"async\" width=\"150\" height=\"150\" src=\"http:\/\/cyklista.com.pl\/wp-content\/uploads\/2026\/03\/CYKLISTA-3-150x150.png\" class=\"attachment-thumbnail size-thumbnail wp-post-image\" alt=\"\" title=\"\" srcset=\"http:\/\/cyklista.com.pl\/wp-content\/uploads\/2026\/03\/CYKLISTA-3-150x150.png 150w, http:\/\/cyklista.com.pl\/wp-content\/uploads\/2026\/03\/CYKLISTA-3-340x340.png 340w, http:\/\/cyklista.com.pl\/wp-content\/uploads\/2026\/03\/CYKLISTA-3-450x450.png 450w\" sizes=\"(max-width: 150px) 100vw, 150px\" \/>\r\n\t\t            \t\t                            <\/div>\r\n\r\n            <\/div>\r\n        \r\n        <div class=\"content-wrapper\">\r\n\t                            <h5 class=\"post-title\">\r\n                <a href=\"http:\/\/cyklista.com.pl\/index.php\/2020\/04\/04\/2554\/\" class=\"title-animation-underline-break\" title=\"\">\r\n                    <\/a>\r\n        <\/h5>\r\n                    <div class=\"meta-wrapper\">\r\n                        <div class=\"post-author-wrapper\">\r\n\t\t\t            <div class=\"author-wrapper\">\r\n                <div class=\"author-meta\">\r\n\t\t                                    <span class=\"by\">By<\/span>\r\n\t\t\t                                <a href=\"http:\/\/cyklista.com.pl\/index.php\/author\/administrator\/\">\r\n\t\t\t            administrator                    <\/a>\r\n                <\/div>\r\n                            <\/div>\r\n        <\/div>\r\n\t\t                                                                            <\/div>\r\n                                <\/div>\r\n    <\/article>\r\n<\/div><div class=\"post-item\">\r\n    <article class=\"post-wrapper\">\r\n        \t    \r\n\t    \r\n                    <div class=\"image-outer-wrapper\">\r\n\r\n\t            \r\n\t            \r\n                <div class=\"image-wrapper\">\r\n                    <a class=\"rivax-position-cover\" href=\"http:\/\/cyklista.com.pl\/index.php\/2020\/04\/04\/2552\/\" aria-label=\"Item Link\"><\/a>\r\n                    <img loading=\"lazy\" decoding=\"async\" width=\"150\" height=\"150\" src=\"http:\/\/cyklista.com.pl\/wp-content\/uploads\/2026\/03\/CYKLISTA-4-150x150.png\" class=\"attachment-thumbnail size-thumbnail wp-post-image\" alt=\"\" title=\"\" srcset=\"http:\/\/cyklista.com.pl\/wp-content\/uploads\/2026\/03\/CYKLISTA-4-150x150.png 150w, http:\/\/cyklista.com.pl\/wp-content\/uploads\/2026\/03\/CYKLISTA-4-340x340.png 340w, http:\/\/cyklista.com.pl\/wp-content\/uploads\/2026\/03\/CYKLISTA-4-450x450.png 450w\" sizes=\"(max-width: 150px) 100vw, 150px\" \/>\r\n\t\t            \t\t                            <\/div>\r\n\r\n            <\/div>\r\n        \r\n        <div class=\"content-wrapper\">\r\n\t                            <h5 class=\"post-title\">\r\n                <a href=\"http:\/\/cyklista.com.pl\/index.php\/2020\/04\/04\/2552\/\" class=\"title-animation-underline-break\" title=\"\">\r\n                    <\/a>\r\n        <\/h5>\r\n                    <div class=\"meta-wrapper\">\r\n                        <div class=\"post-author-wrapper\">\r\n\t\t\t            <div class=\"author-wrapper\">\r\n                <div class=\"author-meta\">\r\n\t\t                                    <span class=\"by\">By<\/span>\r\n\t\t\t                                <a href=\"http:\/\/cyklista.com.pl\/index.php\/author\/administrator\/\">\r\n\t\t\t            administrator                    <\/a>\r\n                <\/div>\r\n                            <\/div>\r\n        <\/div>\r\n\t\t                                                                            <\/div>\r\n                                <\/div>\r\n    <\/article>\r\n<\/div>            <\/div>\r\n    <\/div>\r\n\t\t\t\t<\/div>\n\t\t\t\t<\/div>\n\t\t\t\t<\/div>\n\t\t\t\t<\/div>\n\t\t<div class=\"elementor-element elementor-element-6c3ba8a e-con-full card-layout e-flex e-con e-child\" data-id=\"6c3ba8a\" data-element_type=\"container\" data-e-type=\"container\">\n\t\t\t\t<div class=\"elementor-element elementor-element-f531189 rivax-align-left elementor-widget rivax-divider-heading-widget\" data-id=\"f531189\" data-element_type=\"widget\" data-e-type=\"widget\" data-widget_type=\"rivax-divider-heading.default\">\n\t\t\t\t<div class=\"elementor-widget-container\">\n\t\t\t\t\t<div class=\"rivax-divider-heading-wrap\">\r\n    <div class=\"rivax-divider-heading divider-style-1 \">\r\n        <div class=\"divider divider-1\"><\/div>\r\n        <div class=\"divider divider-2\"><\/div>\r\n        <h3 class=\"title\">\r\n                <span class=\"title-inner\">\r\n            <span class=\"title-text\">\r\n                                Design Ideas            <\/span>\r\n            <span class=\"subtitle-text-wrap\"><span class=\"subtitle-text\">Browse<\/span><\/span>        <\/span>\r\n                <\/h3>\r\n        <div class=\"divider divider-3\"><\/div>\r\n        <div class=\"divider divider-4\"><\/div>\r\n    <\/div>\r\n<\/div>\t\t\t\t<\/div>\n\t\t\t\t<\/div>\n\t\t<div class=\"elementor-element elementor-element-ee73543 e-con-full card-layout e-flex e-con e-child\" data-id=\"ee73543\" data-element_type=\"container\" data-e-type=\"container\">\n\t\t\t\t<div class=\"elementor-element elementor-element-3ee8d89 elementor-widget rivax-post-elastic-widget\" data-id=\"3ee8d89\" data-element_type=\"widget\" data-e-type=\"widget\" data-widget_type=\"rivax-post-elastic.default\">\n\t\t\t\t<div class=\"elementor-widget-container\">\n\t\t\t\t\t<div class=\"rivax-posts-container\">\r\n    <div class=\"rivax-posts-wrapper layout-grid\">\r\n                <div class=\"post-item\">\r\n    <article class=\"post-wrapper\">\r\n        \t    \r\n\t    \r\n                    <div class=\"image-outer-wrapper\">\r\n\r\n\t            \r\n\t            \r\n                <div class=\"image-wrapper\">\r\n                    <a class=\"rivax-position-cover\" href=\"http:\/\/cyklista.com.pl\/index.php\/2025\/04\/15\/rajd-wielkanocny\/\" aria-label=\"Item Link\"><\/a>\r\n                    <img loading=\"lazy\" decoding=\"async\" width=\"150\" height=\"150\" src=\"http:\/\/cyklista.com.pl\/wp-content\/uploads\/2026\/04\/Rajd-W.-1536x864-1-150x150.jpeg\" class=\"attachment-thumbnail size-thumbnail wp-post-image\" alt=\"\" title=\"Rajd Wielkanocny\" srcset=\"http:\/\/cyklista.com.pl\/wp-content\/uploads\/2026\/04\/Rajd-W.-1536x864-1-150x150.jpeg 150w, http:\/\/cyklista.com.pl\/wp-content\/uploads\/2026\/04\/Rajd-W.-1536x864-1-340x340.jpeg 340w, http:\/\/cyklista.com.pl\/wp-content\/uploads\/2026\/04\/Rajd-W.-1536x864-1-450x450.jpeg 450w, http:\/\/cyklista.com.pl\/wp-content\/uploads\/2026\/04\/Rajd-W.-1536x864-1-650x650.jpeg 650w\" sizes=\"(max-width: 150px) 100vw, 150px\" \/>\r\n\t\t            \t\t                            <\/div>\r\n\r\n            <\/div>\r\n        \r\n        <div class=\"content-wrapper\">\r\n\t                            <h5 class=\"post-title\">\r\n                <a href=\"http:\/\/cyklista.com.pl\/index.php\/2025\/04\/15\/rajd-wielkanocny\/\" class=\"title-animation-underline-break\" title=\"Rajd Wielkanocny\">\r\n            Rajd Wielkanocny        <\/a>\r\n        <\/h5>\r\n                    <div class=\"meta-wrapper\">\r\n                        <div class=\"post-author-wrapper\">\r\n\t\t\t            <div class=\"author-wrapper\">\r\n                <div class=\"author-meta\">\r\n\t\t                                    <span class=\"by\">By<\/span>\r\n\t\t\t                                <a href=\"http:\/\/cyklista.com.pl\/index.php\/author\/administrator\/\">\r\n\t\t\t            administrator                    <\/a>\r\n                <\/div>\r\n                            <\/div>\r\n        <\/div>\r\n\t\t                                                                            <\/div>\r\n                                <\/div>\r\n    <\/article>\r\n<\/div><div class=\"post-item\">\r\n    <article class=\"post-wrapper\">\r\n        \t    \r\n\t    \r\n                    <div class=\"image-outer-wrapper\">\r\n\r\n\t            \r\n\t            \r\n                <div class=\"image-wrapper\">\r\n                    <a class=\"rivax-position-cover\" href=\"http:\/\/cyklista.com.pl\/index.php\/2025\/03\/31\/koszulki-rowerowe\/\" aria-label=\"Item Link\"><\/a>\r\n                    <img loading=\"lazy\" decoding=\"async\" width=\"150\" height=\"150\" src=\"http:\/\/cyklista.com.pl\/wp-content\/uploads\/2026\/04\/koszulka_coolmax-1-150x150.jpg\" class=\"attachment-thumbnail size-thumbnail wp-post-image\" alt=\"\" title=\"Koszulki rowerowe\" srcset=\"http:\/\/cyklista.com.pl\/wp-content\/uploads\/2026\/04\/koszulka_coolmax-1-150x150.jpg 150w, http:\/\/cyklista.com.pl\/wp-content\/uploads\/2026\/04\/koszulka_coolmax-1-340x340.jpg 340w\" sizes=\"(max-width: 150px) 100vw, 150px\" \/>\r\n\t\t            \t\t                            <\/div>\r\n\r\n            <\/div>\r\n        \r\n        <div class=\"content-wrapper\">\r\n\t                            <h5 class=\"post-title\">\r\n                <a href=\"http:\/\/cyklista.com.pl\/index.php\/2025\/03\/31\/koszulki-rowerowe\/\" class=\"title-animation-underline-break\" title=\"Koszulki rowerowe\">\r\n            Koszulki rowerowe        <\/a>\r\n        <\/h5>\r\n                    <div class=\"meta-wrapper\">\r\n                        <div class=\"post-author-wrapper\">\r\n\t\t\t            <div class=\"author-wrapper\">\r\n                <div class=\"author-meta\">\r\n\t\t                                    <span class=\"by\">By<\/span>\r\n\t\t\t                                <a href=\"http:\/\/cyklista.com.pl\/index.php\/author\/administrator\/\">\r\n\t\t\t            administrator                    <\/a>\r\n                <\/div>\r\n                            <\/div>\r\n        <\/div>\r\n\t\t                                                                            <\/div>\r\n                                <\/div>\r\n    <\/article>\r\n<\/div><div class=\"post-item\">\r\n    <article class=\"post-wrapper\">\r\n        \t    \r\n\t    \r\n                    <div class=\"image-outer-wrapper\">\r\n\r\n\t            \r\n\t            \r\n                <div class=\"image-wrapper\">\r\n                    <a class=\"rivax-position-cover\" href=\"http:\/\/cyklista.com.pl\/index.php\/2025\/03\/25\/co-slychac-u-cyklistow\/\" aria-label=\"Item Link\"><\/a>\r\n                    <img loading=\"lazy\" decoding=\"async\" width=\"150\" height=\"150\" src=\"http:\/\/cyklista.com.pl\/wp-content\/uploads\/2026\/04\/20250823_113401-scaled-900x444-1-150x150.jpg\" class=\"attachment-thumbnail size-thumbnail wp-post-image\" alt=\"\" title=\"Co s\u0142ycha\u0107 u Cyklist\u00f3w\" srcset=\"http:\/\/cyklista.com.pl\/wp-content\/uploads\/2026\/04\/20250823_113401-scaled-900x444-1-150x150.jpg 150w, http:\/\/cyklista.com.pl\/wp-content\/uploads\/2026\/04\/20250823_113401-scaled-900x444-1-340x340.jpg 340w\" sizes=\"(max-width: 150px) 100vw, 150px\" \/>\r\n\t\t            \t\t                            <\/div>\r\n\r\n            <\/div>\r\n        \r\n        <div class=\"content-wrapper\">\r\n\t                            <h5 class=\"post-title\">\r\n                <a href=\"http:\/\/cyklista.com.pl\/index.php\/2025\/03\/25\/co-slychac-u-cyklistow\/\" class=\"title-animation-underline-break\" title=\"Co s\u0142ycha\u0107 u Cyklist\u00f3w\">\r\n            Co s\u0142ycha\u0107 u Cyklist\u00f3w        <\/a>\r\n        <\/h5>\r\n                    <div class=\"meta-wrapper\">\r\n                        <div class=\"post-author-wrapper\">\r\n\t\t\t            <div class=\"author-wrapper\">\r\n                <div class=\"author-meta\">\r\n\t\t                                    <span class=\"by\">By<\/span>\r\n\t\t\t                                <a href=\"http:\/\/cyklista.com.pl\/index.php\/author\/administrator\/\">\r\n\t\t\t            administrator                    <\/a>\r\n                <\/div>\r\n                            <\/div>\r\n        <\/div>\r\n\t\t                                                                            <\/div>\r\n                                <\/div>\r\n    <\/article>\r\n<\/div>            <\/div>\r\n    <\/div>\r\n\t\t\t\t<\/div>\n\t\t\t\t<\/div>\n\t\t\t\t<\/div>\n\t\t\t\t<\/div>\n\t\t<div class=\"elementor-element elementor-element-568c370 e-con-full card-layout e-flex e-con e-child\" data-id=\"568c370\" data-element_type=\"container\" data-e-type=\"container\">\n\t\t\t\t<div class=\"elementor-element elementor-element-67bc4f2 rivax-align-left elementor-widget rivax-divider-heading-widget\" data-id=\"67bc4f2\" data-element_type=\"widget\" data-e-type=\"widget\" data-widget_type=\"rivax-divider-heading.default\">\n\t\t\t\t<div class=\"elementor-widget-container\">\n\t\t\t\t\t<div class=\"rivax-divider-heading-wrap\">\r\n    <div class=\"rivax-divider-heading divider-style-1 \">\r\n        <div class=\"divider divider-1\"><\/div>\r\n        <div class=\"divider divider-2\"><\/div>\r\n        <h3 class=\"title\">\r\n                <span class=\"title-inner\">\r\n            <span class=\"title-text\">\r\n                                Startup            <\/span>\r\n            <span class=\"subtitle-text-wrap\"><span class=\"subtitle-text\">Browse<\/span><\/span>        <\/span>\r\n                <\/h3>\r\n        <div class=\"divider divider-3\"><\/div>\r\n        <div class=\"divider divider-4\"><\/div>\r\n    <\/div>\r\n<\/div>\t\t\t\t<\/div>\n\t\t\t\t<\/div>\n\t\t<div class=\"elementor-element elementor-element-d8a623d e-con-full card-layout e-flex e-con e-child\" data-id=\"d8a623d\" data-element_type=\"container\" data-e-type=\"container\">\n\t\t\t\t<div class=\"elementor-element elementor-element-a352123 elementor-widget rivax-post-elastic-widget\" data-id=\"a352123\" data-element_type=\"widget\" data-e-type=\"widget\" data-widget_type=\"rivax-post-elastic.default\">\n\t\t\t\t<div class=\"elementor-widget-container\">\n\t\t\t\t\t<div class=\"rivax-posts-container\">\r\n    <div class=\"rivax-posts-wrapper layout-grid\">\r\n                <div class=\"post-item\">\r\n    <article class=\"post-wrapper\">\r\n        \t    \r\n\t    \r\n                    <div class=\"image-outer-wrapper\">\r\n\r\n\t            \r\n\t            \r\n                <div class=\"image-wrapper\">\r\n                    <a class=\"rivax-position-cover\" href=\"http:\/\/cyklista.com.pl\/index.php\/2025\/03\/10\/czwartkowe-spotkania\/\" aria-label=\"Item Link\"><\/a>\r\n                    <img loading=\"lazy\" decoding=\"async\" width=\"150\" height=\"150\" src=\"http:\/\/cyklista.com.pl\/wp-content\/uploads\/2026\/04\/a493efaf-54dc-4b82-906e-cf25dad7a4bb-900x444-1-150x150.jpeg\" class=\"attachment-thumbnail size-thumbnail wp-post-image\" alt=\"\" title=\"CZWARTKOWE SPOTKANIA\" srcset=\"http:\/\/cyklista.com.pl\/wp-content\/uploads\/2026\/04\/a493efaf-54dc-4b82-906e-cf25dad7a4bb-900x444-1-150x150.jpeg 150w, http:\/\/cyklista.com.pl\/wp-content\/uploads\/2026\/04\/a493efaf-54dc-4b82-906e-cf25dad7a4bb-900x444-1-340x340.jpeg 340w\" sizes=\"(max-width: 150px) 100vw, 150px\" \/>\r\n\t\t            \t\t                            <\/div>\r\n\r\n            <\/div>\r\n        \r\n        <div class=\"content-wrapper\">\r\n\t                            <h5 class=\"post-title\">\r\n                <a href=\"http:\/\/cyklista.com.pl\/index.php\/2025\/03\/10\/czwartkowe-spotkania\/\" class=\"title-animation-underline-break\" title=\"CZWARTKOWE SPOTKANIA\">\r\n            CZWARTKOWE SPOTKANIA        <\/a>\r\n        <\/h5>\r\n                    <div class=\"meta-wrapper\">\r\n                        <div class=\"post-author-wrapper\">\r\n\t\t\t            <div class=\"author-wrapper\">\r\n                <div class=\"author-meta\">\r\n\t\t                                    <span class=\"by\">By<\/span>\r\n\t\t\t                                <a href=\"http:\/\/cyklista.com.pl\/index.php\/author\/administrator\/\">\r\n\t\t\t            administrator                    <\/a>\r\n                <\/div>\r\n                            <\/div>\r\n        <\/div>\r\n\t\t                                                                            <\/div>\r\n                                <\/div>\r\n    <\/article>\r\n<\/div><div class=\"post-item\">\r\n    <article class=\"post-wrapper\">\r\n        \t    \r\n\t    \r\n                    <div class=\"image-outer-wrapper\">\r\n\r\n\t            \r\n\t            \r\n                <div class=\"image-wrapper\">\r\n                    <a class=\"rivax-position-cover\" href=\"http:\/\/cyklista.com.pl\/index.php\/2025\/02\/21\/1-5\/\" aria-label=\"Item Link\"><\/a>\r\n                    <img loading=\"lazy\" decoding=\"async\" width=\"150\" height=\"150\" src=\"http:\/\/cyklista.com.pl\/wp-content\/uploads\/2026\/04\/start-1536x692-1-150x150.jpeg\" class=\"attachment-thumbnail size-thumbnail wp-post-image\" alt=\"\" title=\"1.5%\" srcset=\"http:\/\/cyklista.com.pl\/wp-content\/uploads\/2026\/04\/start-1536x692-1-150x150.jpeg 150w, http:\/\/cyklista.com.pl\/wp-content\/uploads\/2026\/04\/start-1536x692-1-340x340.jpeg 340w, http:\/\/cyklista.com.pl\/wp-content\/uploads\/2026\/04\/start-1536x692-1-450x450.jpeg 450w, http:\/\/cyklista.com.pl\/wp-content\/uploads\/2026\/04\/start-1536x692-1-650x650.jpeg 650w\" sizes=\"(max-width: 150px) 100vw, 150px\" \/>\r\n\t\t            \t\t                            <\/div>\r\n\r\n            <\/div>\r\n        \r\n        <div class=\"content-wrapper\">\r\n\t                            <h5 class=\"post-title\">\r\n                <a href=\"http:\/\/cyklista.com.pl\/index.php\/2025\/02\/21\/1-5\/\" class=\"title-animation-underline-break\" title=\"1.5%\">\r\n            1.5%        <\/a>\r\n        <\/h5>\r\n                    <div class=\"meta-wrapper\">\r\n                        <div class=\"post-author-wrapper\">\r\n\t\t\t            <div class=\"author-wrapper\">\r\n                <div class=\"author-meta\">\r\n\t\t                                    <span class=\"by\">By<\/span>\r\n\t\t\t                                <a href=\"http:\/\/cyklista.com.pl\/index.php\/author\/administrator\/\">\r\n\t\t\t            administrator                    <\/a>\r\n                <\/div>\r\n                            <\/div>\r\n        <\/div>\r\n\t\t                                                                            <\/div>\r\n                                <\/div>\r\n    <\/article>\r\n<\/div><div class=\"post-item\">\r\n    <article class=\"post-wrapper\">\r\n        \t    \r\n\t    \r\n                    <div class=\"image-outer-wrapper\">\r\n\r\n\t            \r\n\t            \r\n                <div class=\"image-wrapper\">\r\n                    <a class=\"rivax-position-cover\" href=\"http:\/\/cyklista.com.pl\/index.php\/2025\/02\/19\/walentynkowy-kulig\/\" aria-label=\"Item Link\"><\/a>\r\n                    <img loading=\"lazy\" decoding=\"async\" width=\"150\" height=\"150\" src=\"http:\/\/cyklista.com.pl\/wp-content\/uploads\/2026\/04\/WhatsApp-Image-2025-02-19-at-16.20.27-1-900x444-1-150x150.jpeg\" class=\"attachment-thumbnail size-thumbnail wp-post-image\" alt=\"\" title=\"Walentynkowy Kulig\" srcset=\"http:\/\/cyklista.com.pl\/wp-content\/uploads\/2026\/04\/WhatsApp-Image-2025-02-19-at-16.20.27-1-900x444-1-150x150.jpeg 150w, http:\/\/cyklista.com.pl\/wp-content\/uploads\/2026\/04\/WhatsApp-Image-2025-02-19-at-16.20.27-1-900x444-1-340x340.jpeg 340w\" sizes=\"(max-width: 150px) 100vw, 150px\" \/>\r\n\t\t            \t\t                            <\/div>\r\n\r\n            <\/div>\r\n        \r\n        <div class=\"content-wrapper\">\r\n\t                            <h5 class=\"post-title\">\r\n                <a href=\"http:\/\/cyklista.com.pl\/index.php\/2025\/02\/19\/walentynkowy-kulig\/\" class=\"title-animation-underline-break\" title=\"Walentynkowy Kulig\">\r\n            Walentynkowy Kulig        <\/a>\r\n        <\/h5>\r\n                    <div class=\"meta-wrapper\">\r\n                        <div class=\"post-author-wrapper\">\r\n\t\t\t            <div class=\"author-wrapper\">\r\n                <div class=\"author-meta\">\r\n\t\t                                    <span class=\"by\">By<\/span>\r\n\t\t\t                                <a href=\"http:\/\/cyklista.com.pl\/index.php\/author\/administrator\/\">\r\n\t\t\t            administrator                    <\/a>\r\n                <\/div>\r\n                            <\/div>\r\n        <\/div>\r\n\t\t                                                                            <\/div>\r\n                                <\/div>\r\n    <\/article>\r\n<\/div>            <\/div>\r\n    <\/div>\r\n\t\t\t\t<\/div>\n\t\t\t\t<\/div>\n\t\t\t\t<\/div>\n\t\t\t\t<\/div>\n\t\t\t\t<\/div>\n\t\t\t\t\t<\/div>\n\t\t\t\t<\/div>\n\t\t<div class=\"elementor-element elementor-element-a4a6c5d e-flex e-con-boxed e-con e-parent\" data-id=\"a4a6c5d\" data-element_type=\"container\" data-e-type=\"container\">\n\t\t\t\t\t<div class=\"e-con-inner\">\n\t\t\t\t<div class=\"elementor-element elementor-element-a572d38 elementor-widget elementor-widget-image\" data-id=\"a572d38\" data-element_type=\"widget\" data-e-type=\"widget\" data-widget_type=\"image.default\">\n\t\t\t\t\t\t\t\t\t\t\t\t\t\t\t<img loading=\"lazy\" decoding=\"async\" width=\"728\" height=\"90\" src=\"http:\/\/cyklista.com.pl\/wp-content\/uploads\/2025\/12\/vvvv.webp\" class=\"attachment-large size-large wp-image-2256\" alt=\"\" srcset=\"http:\/\/cyklista.com.pl\/wp-content\/uploads\/2025\/12\/vvvv.webp 728w, http:\/\/cyklista.com.pl\/wp-content\/uploads\/2025\/12\/vvvv-300x37.webp 300w, http:\/\/cyklista.com.pl\/wp-content\/uploads\/2025\/12\/vvvv-340x42.webp 340w, http:\/\/cyklista.com.pl\/wp-content\/uploads\/2025\/12\/vvvv-450x56.webp 450w\" sizes=\"(max-width: 728px) 100vw, 728px\" \/>\t\t\t\t\t\t\t\t\t\t\t\t\t\t\t<\/div>\n\t\t\t\t\t<\/div>\n\t\t\t\t<\/div>\n\t\t<div class=\"elementor-element elementor-element-fba175e e-flex e-con-boxed e-con e-parent\" data-id=\"fba175e\" data-element_type=\"container\" data-e-type=\"container\" data-settings=\"{&quot;background_background&quot;:&quot;classic&quot;}\">\n\t\t\t\t\t<div class=\"e-con-inner\">\n\t\t<div class=\"elementor-element elementor-element-56731b8 e-con-full e-flex e-con e-child\" data-id=\"56731b8\" data-element_type=\"container\" data-e-type=\"container\">\n\t\t\t\t<div class=\"elementor-element elementor-element-c1d04ad rivax-align-left elementor-widget rivax-divider-heading-widget\" data-id=\"c1d04ad\" data-element_type=\"widget\" data-e-type=\"widget\" data-widget_type=\"rivax-divider-heading.default\">\n\t\t\t\t<div class=\"elementor-widget-container\">\n\t\t\t\t\t<div class=\"rivax-divider-heading-wrap\">\r\n    <div class=\"rivax-divider-heading divider-style-1 \">\r\n        <div class=\"divider divider-1\"><\/div>\r\n        <div class=\"divider divider-2\"><\/div>\r\n        <h3 class=\"title\">\r\n                <span class=\"title-inner\">\r\n            <span class=\"title-text\">\r\n                                Popular Posts            <\/span>\r\n            <span class=\"subtitle-text-wrap\"><span class=\"subtitle-text\">Browse<\/span><\/span>        <\/span>\r\n                <\/h3>\r\n        <div class=\"divider divider-3\"><\/div>\r\n        <div class=\"divider divider-4\"><\/div>\r\n    <\/div>\r\n<\/div>\t\t\t\t<\/div>\n\t\t\t\t<\/div>\n\t\t\t\t<div class=\"elementor-element elementor-element-1b570ad rivax-carousel-effect-slide elementor-widget rivax-post-modern-widget\" data-id=\"1b570ad\" data-element_type=\"widget\" data-e-type=\"widget\" data-widget_type=\"rivax-post-modern.default\">\n\t\t\t\t<div class=\"elementor-widget-container\">\n\t\t\t\t\t<div class=\"rivax-posts-container\">\r\n    <div class=\"rivax-posts-wrapper layout-carousel\">\r\n                <div id=\"rivax-carousel-1b570ad\" class=\"rivax-posts-carousel-wrapper\" data-settings=\"{&quot;autoplay&quot;:{&quot;delay&quot;:5000},&quot;loop&quot;:true,&quot;speed&quot;:500,&quot;slidesPerView&quot;:4,&quot;slidesPerGroup&quot;:1,&quot;spaceBetween&quot;:20,&quot;effect&quot;:&quot;slide&quot;,&quot;direction&quot;:&quot;horizontal&quot;,&quot;breakpoints&quot;:{&quot;0&quot;:{&quot;slidesPerView&quot;:1},&quot;768&quot;:{&quot;slidesPerView&quot;:4,&quot;slidesPerGroup&quot;:1,&quot;spaceBetween&quot;:20}},&quot;navigation&quot;:{&quot;nextEl&quot;:&quot;#rivax-carousel-1b570ad .carousel-nav-next&quot;,&quot;prevEl&quot;:&quot;#rivax-carousel-1b570ad .carousel-nav-prev&quot;},&quot;pagination&quot;:{&quot;el&quot;:&quot;#rivax-carousel-1b570ad .carousel-pagination&quot;,&quot;type&quot;:&quot;&quot;,&quot;clickable&quot;:&quot;true&quot;,&quot;dynamicBullets&quot;:false},&quot;a11y&quot;:{&quot;enabled&quot;:&quot;false&quot;},&quot;fadeEffect&quot;:{&quot;crossFade&quot;:true}}\">\r\n            <div class=\"swiper\">\r\n                <div class=\"swiper-wrapper\">\r\n                <div class=\"post-item swiper-slide\">\r\n    <article class=\"post-wrapper\">\r\n\t                    <div class=\"image-outer-wrapper\">\r\n            <div class=\"image-wrapper\">\r\n                <img loading=\"lazy\" decoding=\"async\" width=\"340\" height=\"340\" src=\"http:\/\/cyklista.com.pl\/wp-content\/uploads\/2026\/03\/CYKLISTA-340x340.png\" class=\"attachment-rivax-small-square size-rivax-small-square wp-post-image\" alt=\"\" title=\"\" srcset=\"http:\/\/cyklista.com.pl\/wp-content\/uploads\/2026\/03\/CYKLISTA-340x340.png 340w, http:\/\/cyklista.com.pl\/wp-content\/uploads\/2026\/03\/CYKLISTA-150x150.png 150w, http:\/\/cyklista.com.pl\/wp-content\/uploads\/2026\/03\/CYKLISTA-450x450.png 450w\" sizes=\"(max-width: 340px) 100vw, 340px\" \/>\t\t        <a class=\"image-link rivax-position-cover\" aria-label=\"Item Link\" href=\"http:\/\/cyklista.com.pl\/index.php\/2020\/03\/31\/witaj-swiecie\/\"><\/a>                \t\t        \t\t        \r\n\t\t        \r\n\t\t        \r\n                \r\n            <\/div>\r\n            \r\n\t        \r\n        <\/div>\r\n                <div class=\"content-wrapper\">\r\n\t                                        <h4 class=\"post-title\">\r\n                <a href=\"http:\/\/cyklista.com.pl\/index.php\/2020\/03\/31\/witaj-swiecie\/\" class=\"title-animation-underline-break\" title=\"\">\r\n                    <\/a>\r\n        <\/h4>\r\n                                <div class=\"meta-wrapper\">\r\n\t                    <div class=\"post-author-wrapper\">\r\n\t\t\t            <div class=\"author-wrapper\">\r\n                <div class=\"author-meta\">\r\n\t\t                                    <span class=\"by\">By<\/span>\r\n\t\t\t                                <a href=\"http:\/\/cyklista.com.pl\/index.php\/author\/administrator\/\">\r\n\t\t\t            administrator                    <\/a>\r\n                <\/div>\r\n                            <\/div>\r\n        <\/div>\r\n\t\t                                                                            <\/div>\r\n                                            <\/div>\r\n    <\/article>\r\n<\/div><div class=\"post-item swiper-slide\">\r\n    <article class=\"post-wrapper\">\r\n\t                    <div class=\"image-outer-wrapper\">\r\n            <div class=\"image-wrapper\">\r\n                <img loading=\"lazy\" decoding=\"async\" width=\"340\" height=\"340\" src=\"http:\/\/cyklista.com.pl\/wp-content\/uploads\/2026\/03\/CYKLISTA-4-340x340.png\" class=\"attachment-rivax-small-square size-rivax-small-square wp-post-image\" alt=\"\" title=\"\" srcset=\"http:\/\/cyklista.com.pl\/wp-content\/uploads\/2026\/03\/CYKLISTA-4-340x340.png 340w, http:\/\/cyklista.com.pl\/wp-content\/uploads\/2026\/03\/CYKLISTA-4-150x150.png 150w, http:\/\/cyklista.com.pl\/wp-content\/uploads\/2026\/03\/CYKLISTA-4-450x450.png 450w\" sizes=\"(max-width: 340px) 100vw, 340px\" \/>\t\t        <a class=\"image-link rivax-position-cover\" aria-label=\"Item Link\" href=\"http:\/\/cyklista.com.pl\/index.php\/2020\/04\/04\/2552\/\"><\/a>                \t\t        \t\t        \r\n\t\t        \r\n\t\t        \r\n                \r\n            <\/div>\r\n            \r\n\t        \r\n        <\/div>\r\n                <div class=\"content-wrapper\">\r\n\t                                        <h4 class=\"post-title\">\r\n                <a href=\"http:\/\/cyklista.com.pl\/index.php\/2020\/04\/04\/2552\/\" class=\"title-animation-underline-break\" title=\"\">\r\n                    <\/a>\r\n        <\/h4>\r\n                                <div class=\"meta-wrapper\">\r\n\t                    <div class=\"post-author-wrapper\">\r\n\t\t\t            <div class=\"author-wrapper\">\r\n                <div class=\"author-meta\">\r\n\t\t                                    <span class=\"by\">By<\/span>\r\n\t\t\t                                <a href=\"http:\/\/cyklista.com.pl\/index.php\/author\/administrator\/\">\r\n\t\t\t            administrator                    <\/a>\r\n                <\/div>\r\n                            <\/div>\r\n        <\/div>\r\n\t\t                                                                            <\/div>\r\n                                            <\/div>\r\n    <\/article>\r\n<\/div><div class=\"post-item swiper-slide\">\r\n    <article class=\"post-wrapper\">\r\n\t                    <div class=\"image-outer-wrapper\">\r\n            <div class=\"image-wrapper\">\r\n                <img loading=\"lazy\" decoding=\"async\" width=\"340\" height=\"340\" src=\"http:\/\/cyklista.com.pl\/wp-content\/uploads\/2026\/03\/CYKLISTA-3-340x340.png\" class=\"attachment-rivax-small-square size-rivax-small-square wp-post-image\" alt=\"\" title=\"\" srcset=\"http:\/\/cyklista.com.pl\/wp-content\/uploads\/2026\/03\/CYKLISTA-3-340x340.png 340w, http:\/\/cyklista.com.pl\/wp-content\/uploads\/2026\/03\/CYKLISTA-3-150x150.png 150w, http:\/\/cyklista.com.pl\/wp-content\/uploads\/2026\/03\/CYKLISTA-3-450x450.png 450w\" sizes=\"(max-width: 340px) 100vw, 340px\" \/>\t\t        <a class=\"image-link rivax-position-cover\" aria-label=\"Item Link\" href=\"http:\/\/cyklista.com.pl\/index.php\/2020\/04\/04\/2554\/\"><\/a>                \t\t        \t\t        \r\n\t\t        \r\n\t\t        \r\n                \r\n            <\/div>\r\n            \r\n\t        \r\n        <\/div>\r\n                <div class=\"content-wrapper\">\r\n\t                                        <h4 class=\"post-title\">\r\n                <a href=\"http:\/\/cyklista.com.pl\/index.php\/2020\/04\/04\/2554\/\" class=\"title-animation-underline-break\" title=\"\">\r\n                    <\/a>\r\n        <\/h4>\r\n                                <div class=\"meta-wrapper\">\r\n\t                    <div class=\"post-author-wrapper\">\r\n\t\t\t            <div class=\"author-wrapper\">\r\n                <div class=\"author-meta\">\r\n\t\t                                    <span class=\"by\">By<\/span>\r\n\t\t\t                                <a href=\"http:\/\/cyklista.com.pl\/index.php\/author\/administrator\/\">\r\n\t\t\t            administrator                    <\/a>\r\n                <\/div>\r\n                            <\/div>\r\n        <\/div>\r\n\t\t                                                                            <\/div>\r\n                                            <\/div>\r\n    <\/article>\r\n<\/div><div class=\"post-item swiper-slide\">\r\n    <article class=\"post-wrapper\">\r\n\t                    <div class=\"image-outer-wrapper\">\r\n            <div class=\"image-wrapper\">\r\n                <img loading=\"lazy\" decoding=\"async\" width=\"340\" height=\"340\" src=\"http:\/\/cyklista.com.pl\/wp-content\/uploads\/2026\/03\/CYKLISTA-2-340x340.png\" class=\"attachment-rivax-small-square size-rivax-small-square wp-post-image\" alt=\"\" title=\"\" srcset=\"http:\/\/cyklista.com.pl\/wp-content\/uploads\/2026\/03\/CYKLISTA-2-340x340.png 340w, http:\/\/cyklista.com.pl\/wp-content\/uploads\/2026\/03\/CYKLISTA-2-150x150.png 150w, http:\/\/cyklista.com.pl\/wp-content\/uploads\/2026\/03\/CYKLISTA-2-450x450.png 450w\" sizes=\"(max-width: 340px) 100vw, 340px\" \/>\t\t        <a class=\"image-link rivax-position-cover\" aria-label=\"Item Link\" href=\"http:\/\/cyklista.com.pl\/index.php\/2020\/04\/04\/2556\/\"><\/a>                \t\t        \t\t        \r\n\t\t        \r\n\t\t        \r\n                \r\n            <\/div>\r\n            \r\n\t        \r\n        <\/div>\r\n                <div class=\"content-wrapper\">\r\n\t                                        <h4 class=\"post-title\">\r\n                <a href=\"http:\/\/cyklista.com.pl\/index.php\/2020\/04\/04\/2556\/\" class=\"title-animation-underline-break\" title=\"\">\r\n                    <\/a>\r\n        <\/h4>\r\n                                <div class=\"meta-wrapper\">\r\n\t                    <div class=\"post-author-wrapper\">\r\n\t\t\t            <div class=\"author-wrapper\">\r\n                <div class=\"author-meta\">\r\n\t\t                                    <span class=\"by\">By<\/span>\r\n\t\t\t                                <a href=\"http:\/\/cyklista.com.pl\/index.php\/author\/administrator\/\">\r\n\t\t\t            administrator                    <\/a>\r\n                <\/div>\r\n                            <\/div>\r\n        <\/div>\r\n\t\t                                                                            <\/div>\r\n                                            <\/div>\r\n    <\/article>\r\n<\/div><div class=\"post-item swiper-slide\">\r\n    <article class=\"post-wrapper\">\r\n\t                    <div class=\"image-outer-wrapper\">\r\n            <div class=\"image-wrapper\">\r\n                <img loading=\"lazy\" decoding=\"async\" width=\"340\" height=\"340\" src=\"http:\/\/cyklista.com.pl\/wp-content\/uploads\/2026\/04\/WhatsApp-Image-2025-02-19-at-16.20.27-1-900x444-1-340x340.jpeg\" class=\"attachment-rivax-small-square size-rivax-small-square wp-post-image\" alt=\"\" title=\"Walentynkowy Kulig\" srcset=\"http:\/\/cyklista.com.pl\/wp-content\/uploads\/2026\/04\/WhatsApp-Image-2025-02-19-at-16.20.27-1-900x444-1-340x340.jpeg 340w, http:\/\/cyklista.com.pl\/wp-content\/uploads\/2026\/04\/WhatsApp-Image-2025-02-19-at-16.20.27-1-900x444-1-150x150.jpeg 150w\" sizes=\"(max-width: 340px) 100vw, 340px\" \/>\t\t        <a class=\"image-link rivax-position-cover\" aria-label=\"Item Link\" href=\"http:\/\/cyklista.com.pl\/index.php\/2025\/02\/19\/walentynkowy-kulig\/\"><\/a>                \t\t        \t\t        \r\n\t\t        \r\n\t\t        \r\n                \r\n            <\/div>\r\n            \r\n\t        \r\n        <\/div>\r\n                <div class=\"content-wrapper\">\r\n\t                                        <h4 class=\"post-title\">\r\n                <a href=\"http:\/\/cyklista.com.pl\/index.php\/2025\/02\/19\/walentynkowy-kulig\/\" class=\"title-animation-underline-break\" title=\"Walentynkowy Kulig\">\r\n            Walentynkowy Kulig        <\/a>\r\n        <\/h4>\r\n                                <div class=\"meta-wrapper\">\r\n\t                    <div class=\"post-author-wrapper\">\r\n\t\t\t            <div class=\"author-wrapper\">\r\n                <div class=\"author-meta\">\r\n\t\t                                    <span class=\"by\">By<\/span>\r\n\t\t\t                                <a href=\"http:\/\/cyklista.com.pl\/index.php\/author\/administrator\/\">\r\n\t\t\t            administrator                    <\/a>\r\n                <\/div>\r\n                            <\/div>\r\n        <\/div>\r\n\t\t                                                                            <\/div>\r\n                                            <\/div>\r\n    <\/article>\r\n<\/div>                    <\/div> <!-- .swiper-wrapper -->\r\n        <\/div><!-- .swiper -->\r\n                <\/div><!-- .rivax-posts-carousel-wrapper -->\r\n        <\/div>\r\n    <\/div>\r\n\t\t\t\t<\/div>\n\t\t\t\t<\/div>\n\t\t\t\t<\/div>\n\t\t\t\t\t<\/div>\n\t\t\t\t<\/div>\n\t\t<div class=\"elementor-element elementor-element-ad7cc44 e-flex e-con-boxed e-con e-parent\" data-id=\"ad7cc44\" data-element_type=\"container\" data-e-type=\"container\">\n\t\t\t\t\t<div class=\"e-con-inner\">\n\t\t<div class=\"elementor-element elementor-element-e87b1f0 e-con-full e-flex e-con e-child\" data-id=\"e87b1f0\" data-element_type=\"container\" data-e-type=\"container\">\n\t\t\t\t<div class=\"elementor-element elementor-element-4d2a485 elementor-widget rivax-post-modern-widget\" data-id=\"4d2a485\" data-element_type=\"widget\" data-e-type=\"widget\" data-widget_type=\"rivax-post-modern.default\">\n\t\t\t\t<div class=\"elementor-widget-container\">\n\t\t\t\t\t<div class=\"rivax-posts-container\">\r\n    <div class=\"rivax-posts-wrapper layout-grid\">\r\n                <div class=\"post-item\">\r\n    <article class=\"post-wrapper\">\r\n\t                    <div class=\"image-outer-wrapper\">\r\n            <div class=\"image-wrapper\">\r\n                <img loading=\"lazy\" decoding=\"async\" width=\"450\" height=\"290\" src=\"http:\/\/cyklista.com.pl\/wp-content\/uploads\/2026\/04\/kolejny-wieczor-grill-900x444-1-450x290.jpeg\" class=\"attachment-rivax-medium size-rivax-medium wp-post-image\" alt=\"\" title=\"RAJD NOCNY\" srcset=\"http:\/\/cyklista.com.pl\/wp-content\/uploads\/2026\/04\/kolejny-wieczor-grill-900x444-1-450x290.jpeg 450w, http:\/\/cyklista.com.pl\/wp-content\/uploads\/2026\/04\/kolejny-wieczor-grill-900x444-1-340x220.jpeg 340w\" sizes=\"(max-width: 450px) 100vw, 450px\" \/>\t\t        <a class=\"image-link rivax-position-cover\" aria-label=\"Item Link\" href=\"http:\/\/cyklista.com.pl\/index.php\/2025\/10\/07\/rajd-nocny\/\"><\/a>                \t\t        \t\t        \r\n\t\t        \r\n\t\t                            <div class=\"content-wrapper-inside rivax-position-bottom\">\r\n\t\t\t\t        \t\t\t\t                <h3 class=\"post-title\">\r\n                <a href=\"http:\/\/cyklista.com.pl\/index.php\/2025\/10\/07\/rajd-nocny\/\" class=\"title-animation-default\" title=\"RAJD NOCNY\">\r\n            RAJD NOCNY        <\/a>\r\n        <\/h3>\r\n                            <\/div>\r\n\t\t        \r\n                \r\n            <\/div>\r\n            \r\n\t        \r\n        <\/div>\r\n                <div class=\"content-wrapper\">\r\n\t                                                        <div class=\"meta-wrapper\">\r\n\t                    <div class=\"post-author-wrapper\">\r\n\t\t\t<div class=\"author-image\"><img alt='' src='https:\/\/secure.gravatar.com\/avatar\/6e9d257abb087139c4a57fd62b4f5246da1ae07278ea0e7cb7b596051975afd6?s=60&#038;d=mm&#038;r=g' srcset='https:\/\/secure.gravatar.com\/avatar\/6e9d257abb087139c4a57fd62b4f5246da1ae07278ea0e7cb7b596051975afd6?s=120&#038;d=mm&#038;r=g 2x' class='avatar avatar-60 photo' height='60' width='60' \/><\/div>            <div class=\"author-wrapper\">\r\n                <div class=\"author-meta\">\r\n\t\t                                    <span class=\"by\">By<\/span>\r\n\t\t\t                                <a href=\"http:\/\/cyklista.com.pl\/index.php\/author\/administrator\/\">\r\n\t\t\t            administrator                    <\/a>\r\n                <\/div>\r\n                        <div class=\"date-wrapper date-under-author\">\r\n                        <span class=\"date\">\r\n                2025-10-07            <\/span>\r\n        <\/div>\r\n                    <\/div>\r\n        <\/div>\r\n\t\t                                                                            <\/div>\r\n                        <p class=\"excerpt\">W dniach 2 &#8211; 3 sierpnia 2025r, 25 cyklist\u00f3w wyjecha\u0142o na nocny rajd rowerowy z...<\/p>                    <div class=\"rivax-read-more-wrapper\">\r\n            <a href=\"http:\/\/cyklista.com.pl\/index.php\/2025\/10\/07\/rajd-nocny\/\" class=\"rivax-read-more\">\r\n                <span class=\"read-more-title\">Read More<\/span>\r\n\t                        <\/a>\r\n        <\/div>\r\n                <\/div>\r\n    <\/article>\r\n<\/div><div class=\"post-item\">\r\n    <article class=\"post-wrapper\">\r\n\t                    <div class=\"image-outer-wrapper\">\r\n            <div class=\"image-wrapper\">\r\n                <img loading=\"lazy\" decoding=\"async\" width=\"450\" height=\"290\" src=\"http:\/\/cyklista.com.pl\/wp-content\/uploads\/2026\/04\/20250823_113502-1536x692-1-450x290.jpg\" class=\"attachment-rivax-medium size-rivax-medium wp-post-image\" alt=\"\" title=\"Pi\u0119\u0107 dni na Roztoczu\" srcset=\"http:\/\/cyklista.com.pl\/wp-content\/uploads\/2026\/04\/20250823_113502-1536x692-1-450x290.jpg 450w, http:\/\/cyklista.com.pl\/wp-content\/uploads\/2026\/04\/20250823_113502-1536x692-1-340x220.jpg 340w\" sizes=\"(max-width: 450px) 100vw, 450px\" \/>\t\t        <a class=\"image-link rivax-position-cover\" aria-label=\"Item Link\" href=\"http:\/\/cyklista.com.pl\/index.php\/2025\/10\/07\/piec-dni-na-roztoczu\/\"><\/a>                \t\t        \t\t        \r\n\t\t        \r\n\t\t                            <div class=\"content-wrapper-inside rivax-position-bottom\">\r\n\t\t\t\t        \t\t\t\t                <h3 class=\"post-title\">\r\n                <a href=\"http:\/\/cyklista.com.pl\/index.php\/2025\/10\/07\/piec-dni-na-roztoczu\/\" class=\"title-animation-default\" title=\"Pi\u0119\u0107 dni na Roztoczu\">\r\n            Pi\u0119\u0107 dni na Roztoczu        <\/a>\r\n        <\/h3>\r\n                            <\/div>\r\n\t\t        \r\n                \r\n            <\/div>\r\n            \r\n\t        \r\n        <\/div>\r\n                <div class=\"content-wrapper\">\r\n\t                                                        <div class=\"meta-wrapper\">\r\n\t                    <div class=\"post-author-wrapper\">\r\n\t\t\t<div class=\"author-image\"><img alt='' src='https:\/\/secure.gravatar.com\/avatar\/6e9d257abb087139c4a57fd62b4f5246da1ae07278ea0e7cb7b596051975afd6?s=60&#038;d=mm&#038;r=g' srcset='https:\/\/secure.gravatar.com\/avatar\/6e9d257abb087139c4a57fd62b4f5246da1ae07278ea0e7cb7b596051975afd6?s=120&#038;d=mm&#038;r=g 2x' class='avatar avatar-60 photo' height='60' width='60' \/><\/div>            <div class=\"author-wrapper\">\r\n                <div class=\"author-meta\">\r\n\t\t                                    <span class=\"by\">By<\/span>\r\n\t\t\t                                <a href=\"http:\/\/cyklista.com.pl\/index.php\/author\/administrator\/\">\r\n\t\t\t            administrator                    <\/a>\r\n                <\/div>\r\n                        <div class=\"date-wrapper date-under-author\">\r\n                        <span class=\"date\">\r\n                2025-10-07            <\/span>\r\n        <\/div>\r\n                    <\/div>\r\n        <\/div>\r\n\t\t                                                                            <\/div>\r\n                        <p class=\"excerpt\">W dniach&nbsp;21\u201325 sierpnia 2025 r.&nbsp;grupa rowerzyst\u00f3w z Towarzystwa Turystyki...<\/p>                    <div class=\"rivax-read-more-wrapper\">\r\n            <a href=\"http:\/\/cyklista.com.pl\/index.php\/2025\/10\/07\/piec-dni-na-roztoczu\/\" class=\"rivax-read-more\">\r\n                <span class=\"read-more-title\">Read More<\/span>\r\n\t                        <\/a>\r\n        <\/div>\r\n                <\/div>\r\n    <\/article>\r\n<\/div><div class=\"post-item\">\r\n    <article class=\"post-wrapper\">\r\n\t                    <div class=\"image-outer-wrapper\">\r\n            <div class=\"image-wrapper\">\r\n                <img loading=\"lazy\" decoding=\"async\" width=\"450\" height=\"290\" src=\"http:\/\/cyklista.com.pl\/wp-content\/uploads\/2026\/04\/20250921_125649-1536x692-1-450x290.jpg\" class=\"attachment-rivax-medium size-rivax-medium wp-post-image\" alt=\"\" title=\"\u017bniwa karpiowe\" srcset=\"http:\/\/cyklista.com.pl\/wp-content\/uploads\/2026\/04\/20250921_125649-1536x692-1-450x290.jpg 450w, http:\/\/cyklista.com.pl\/wp-content\/uploads\/2026\/04\/20250921_125649-1536x692-1-340x220.jpg 340w\" sizes=\"(max-width: 450px) 100vw, 450px\" \/>\t\t        <a class=\"image-link rivax-position-cover\" aria-label=\"Item Link\" href=\"http:\/\/cyklista.com.pl\/index.php\/2025\/10\/07\/zniwa-karpiowe\/\"><\/a>                \t\t        \t\t        \r\n\t\t        \r\n\t\t                            <div class=\"content-wrapper-inside rivax-position-bottom\">\r\n\t\t\t\t        \t\t\t\t                <h3 class=\"post-title\">\r\n                <a href=\"http:\/\/cyklista.com.pl\/index.php\/2025\/10\/07\/zniwa-karpiowe\/\" class=\"title-animation-default\" title=\"\u017bniwa karpiowe\">\r\n            \u017bniwa karpiowe        <\/a>\r\n        <\/h3>\r\n                            <\/div>\r\n\t\t        \r\n                \r\n            <\/div>\r\n            \r\n\t        \r\n        <\/div>\r\n                <div class=\"content-wrapper\">\r\n\t                                                        <div class=\"meta-wrapper\">\r\n\t                    <div class=\"post-author-wrapper\">\r\n\t\t\t<div class=\"author-image\"><img alt='' src='https:\/\/secure.gravatar.com\/avatar\/6e9d257abb087139c4a57fd62b4f5246da1ae07278ea0e7cb7b596051975afd6?s=60&#038;d=mm&#038;r=g' srcset='https:\/\/secure.gravatar.com\/avatar\/6e9d257abb087139c4a57fd62b4f5246da1ae07278ea0e7cb7b596051975afd6?s=120&#038;d=mm&#038;r=g 2x' class='avatar avatar-60 photo' height='60' width='60' \/><\/div>            <div class=\"author-wrapper\">\r\n                <div class=\"author-meta\">\r\n\t\t                                    <span class=\"by\">By<\/span>\r\n\t\t\t                                <a href=\"http:\/\/cyklista.com.pl\/index.php\/author\/administrator\/\">\r\n\t\t\t            administrator                    <\/a>\r\n                <\/div>\r\n                        <div class=\"date-wrapper date-under-author\">\r\n                        <span class=\"date\">\r\n                2025-10-07            <\/span>\r\n        <\/div>\r\n                    <\/div>\r\n        <\/div>\r\n\t\t                                                                            <\/div>\r\n                        <p class=\"excerpt\">\u017bniwa Karpiowe to coroczna, barwna impreza organizowana w gminie Zator pod koniec...<\/p>                    <div class=\"rivax-read-more-wrapper\">\r\n            <a href=\"http:\/\/cyklista.com.pl\/index.php\/2025\/10\/07\/zniwa-karpiowe\/\" class=\"rivax-read-more\">\r\n                <span class=\"read-more-title\">Read More<\/span>\r\n\t                        <\/a>\r\n        <\/div>\r\n                <\/div>\r\n    <\/article>\r\n<\/div><div class=\"post-item\">\r\n    <article class=\"post-wrapper\">\r\n\t                    <div class=\"image-outer-wrapper\">\r\n            <div class=\"image-wrapper\">\r\n                <img loading=\"lazy\" decoding=\"async\" width=\"450\" height=\"290\" src=\"http:\/\/cyklista.com.pl\/wp-content\/uploads\/2026\/04\/kolejny-wieczor-grill-900x444-2-450x290.jpeg\" class=\"attachment-rivax-medium size-rivax-medium wp-post-image\" alt=\"\" title=\"Rajd K\u0119ty\" srcset=\"http:\/\/cyklista.com.pl\/wp-content\/uploads\/2026\/04\/kolejny-wieczor-grill-900x444-2-450x290.jpeg 450w, http:\/\/cyklista.com.pl\/wp-content\/uploads\/2026\/04\/kolejny-wieczor-grill-900x444-2-340x220.jpeg 340w\" sizes=\"(max-width: 450px) 100vw, 450px\" \/>\t\t        <a class=\"image-link rivax-position-cover\" aria-label=\"Item Link\" href=\"http:\/\/cyklista.com.pl\/index.php\/2025\/07\/31\/rajd-kety\/\"><\/a>                \t\t        \t\t        \r\n\t\t        \r\n\t\t                            <div class=\"content-wrapper-inside rivax-position-bottom\">\r\n\t\t\t\t        \t\t\t\t                <h3 class=\"post-title\">\r\n                <a href=\"http:\/\/cyklista.com.pl\/index.php\/2025\/07\/31\/rajd-kety\/\" class=\"title-animation-default\" title=\"Rajd K\u0119ty\">\r\n            Rajd K\u0119ty        <\/a>\r\n        <\/h3>\r\n                            <\/div>\r\n\t\t        \r\n                \r\n            <\/div>\r\n            \r\n\t        \r\n        <\/div>\r\n                <div class=\"content-wrapper\">\r\n\t                                                        <div class=\"meta-wrapper\">\r\n\t                    <div class=\"post-author-wrapper\">\r\n\t\t\t<div class=\"author-image\"><img alt='' src='https:\/\/secure.gravatar.com\/avatar\/6e9d257abb087139c4a57fd62b4f5246da1ae07278ea0e7cb7b596051975afd6?s=60&#038;d=mm&#038;r=g' srcset='https:\/\/secure.gravatar.com\/avatar\/6e9d257abb087139c4a57fd62b4f5246da1ae07278ea0e7cb7b596051975afd6?s=120&#038;d=mm&#038;r=g 2x' class='avatar avatar-60 photo' height='60' width='60' \/><\/div>            <div class=\"author-wrapper\">\r\n                <div class=\"author-meta\">\r\n\t\t                                    <span class=\"by\">By<\/span>\r\n\t\t\t                                <a href=\"http:\/\/cyklista.com.pl\/index.php\/author\/administrator\/\">\r\n\t\t\t            administrator                    <\/a>\r\n                <\/div>\r\n                        <div class=\"date-wrapper date-under-author\">\r\n                        <span class=\"date\">\r\n                2025-07-31            <\/span>\r\n        <\/div>\r\n                    <\/div>\r\n        <\/div>\r\n\t\t                                                                            <\/div>\r\n                        <p class=\"excerpt\">Rajd do K\u0119t \u2013 z deszczu nici, za to same pere\u0142ki! Ostatnia niedziela zn\u00f3w pokaza\u0142a,...<\/p>                    <div class=\"rivax-read-more-wrapper\">\r\n            <a href=\"http:\/\/cyklista.com.pl\/index.php\/2025\/07\/31\/rajd-kety\/\" class=\"rivax-read-more\">\r\n                <span class=\"read-more-title\">Read More<\/span>\r\n\t                        <\/a>\r\n        <\/div>\r\n                <\/div>\r\n    <\/article>\r\n<\/div><div class=\"post-item\">\r\n    <article class=\"post-wrapper\">\r\n\t                    <div class=\"image-outer-wrapper\">\r\n            <div class=\"image-wrapper\">\r\n                <img loading=\"lazy\" decoding=\"async\" width=\"450\" height=\"290\" src=\"http:\/\/cyklista.com.pl\/wp-content\/uploads\/2026\/04\/20250713_124444-1536x692-1-450x290.jpg\" class=\"attachment-rivax-medium size-rivax-medium wp-post-image\" alt=\"\" title=\"Rajd Grunwald\" srcset=\"http:\/\/cyklista.com.pl\/wp-content\/uploads\/2026\/04\/20250713_124444-1536x692-1-450x290.jpg 450w, http:\/\/cyklista.com.pl\/wp-content\/uploads\/2026\/04\/20250713_124444-1536x692-1-340x220.jpg 340w\" sizes=\"(max-width: 450px) 100vw, 450px\" \/>\t\t        <a class=\"image-link rivax-position-cover\" aria-label=\"Item Link\" href=\"http:\/\/cyklista.com.pl\/index.php\/2025\/07\/31\/rajd-grunwald\/\"><\/a>                \t\t        \t\t        \r\n\t\t        \r\n\t\t                            <div class=\"content-wrapper-inside rivax-position-bottom\">\r\n\t\t\t\t        \t\t\t\t                <h3 class=\"post-title\">\r\n                <a href=\"http:\/\/cyklista.com.pl\/index.php\/2025\/07\/31\/rajd-grunwald\/\" class=\"title-animation-default\" title=\"Rajd Grunwald\">\r\n            Rajd Grunwald        <\/a>\r\n        <\/h3>\r\n                            <\/div>\r\n\t\t        \r\n                \r\n            <\/div>\r\n            \r\n\t        \r\n        <\/div>\r\n                <div class=\"content-wrapper\">\r\n\t                                                        <div class=\"meta-wrapper\">\r\n\t                    <div class=\"post-author-wrapper\">\r\n\t\t\t<div class=\"author-image\"><img alt='' src='https:\/\/secure.gravatar.com\/avatar\/6e9d257abb087139c4a57fd62b4f5246da1ae07278ea0e7cb7b596051975afd6?s=60&#038;d=mm&#038;r=g' srcset='https:\/\/secure.gravatar.com\/avatar\/6e9d257abb087139c4a57fd62b4f5246da1ae07278ea0e7cb7b596051975afd6?s=120&#038;d=mm&#038;r=g 2x' class='avatar avatar-60 photo' height='60' width='60' \/><\/div>            <div class=\"author-wrapper\">\r\n                <div class=\"author-meta\">\r\n\t\t                                    <span class=\"by\">By<\/span>\r\n\t\t\t                                <a href=\"http:\/\/cyklista.com.pl\/index.php\/author\/administrator\/\">\r\n\t\t\t            administrator                    <\/a>\r\n                <\/div>\r\n                        <div class=\"date-wrapper date-under-author\">\r\n                        <span class=\"date\">\r\n                2025-07-31            <\/span>\r\n        <\/div>\r\n                    <\/div>\r\n        <\/div>\r\n\t\t                                                                            <\/div>\r\n                        <p class=\"excerpt\">Rowerowa lekcja historii \u2013 Bitwa pod Grunwaldem po naszemu! 13 lipca 2025 roku, w...<\/p>                    <div class=\"rivax-read-more-wrapper\">\r\n            <a href=\"http:\/\/cyklista.com.pl\/index.php\/2025\/07\/31\/rajd-grunwald\/\" class=\"rivax-read-more\">\r\n                <span class=\"read-more-title\">Read More<\/span>\r\n\t                        <\/a>\r\n        <\/div>\r\n                <\/div>\r\n    <\/article>\r\n<\/div><div class=\"post-item\">\r\n    <article class=\"post-wrapper\">\r\n\t                    <div class=\"image-outer-wrapper\">\r\n            <div class=\"image-wrapper\">\r\n                <img loading=\"lazy\" decoding=\"async\" width=\"450\" height=\"290\" src=\"http:\/\/cyklista.com.pl\/wp-content\/uploads\/2026\/04\/DSC_0206_Easy-Resize.com_-900x444-1-450x290.jpg\" class=\"attachment-rivax-medium size-rivax-medium wp-post-image\" alt=\"\" title=\"Rowerem przez pokolenia \u2013 Rodzinny Rajd Rowerowy w Przeciszowie \u2013 21 czerwiec 2025\" srcset=\"http:\/\/cyklista.com.pl\/wp-content\/uploads\/2026\/04\/DSC_0206_Easy-Resize.com_-900x444-1-450x290.jpg 450w, http:\/\/cyklista.com.pl\/wp-content\/uploads\/2026\/04\/DSC_0206_Easy-Resize.com_-900x444-1-340x220.jpg 340w\" sizes=\"(max-width: 450px) 100vw, 450px\" \/>\t\t        <a class=\"image-link rivax-position-cover\" aria-label=\"Item Link\" href=\"http:\/\/cyklista.com.pl\/index.php\/2025\/07\/03\/rowerem-przez-pokolenia-rodzinny-rajd-rowerowy-w-przeciszowie-21-czerwiec-2025\/\"><\/a>                \t\t        \t\t        \r\n\t\t        \r\n\t\t                            <div class=\"content-wrapper-inside rivax-position-bottom\">\r\n\t\t\t\t        \t\t\t\t                <h3 class=\"post-title\">\r\n                <a href=\"http:\/\/cyklista.com.pl\/index.php\/2025\/07\/03\/rowerem-przez-pokolenia-rodzinny-rajd-rowerowy-w-przeciszowie-21-czerwiec-2025\/\" class=\"title-animation-default\" title=\"Rowerem przez pokolenia \u2013 Rodzinny Rajd Rowerowy w Przeciszowie \u2013 21 czerwiec 2025\">\r\n            Rowerem przez pokolenia \u2013 Rodzinny Rajd Rowerowy w Przeciszowie \u2013 21 czerwiec 2025        <\/a>\r\n        <\/h3>\r\n                            <\/div>\r\n\t\t        \r\n                \r\n            <\/div>\r\n            \r\n\t        \r\n        <\/div>\r\n                <div class=\"content-wrapper\">\r\n\t                                                        <div class=\"meta-wrapper\">\r\n\t                    <div class=\"post-author-wrapper\">\r\n\t\t\t<div class=\"author-image\"><img alt='' src='https:\/\/secure.gravatar.com\/avatar\/6e9d257abb087139c4a57fd62b4f5246da1ae07278ea0e7cb7b596051975afd6?s=60&#038;d=mm&#038;r=g' srcset='https:\/\/secure.gravatar.com\/avatar\/6e9d257abb087139c4a57fd62b4f5246da1ae07278ea0e7cb7b596051975afd6?s=120&#038;d=mm&#038;r=g 2x' class='avatar avatar-60 photo' height='60' width='60' \/><\/div>            <div class=\"author-wrapper\">\r\n                <div class=\"author-meta\">\r\n\t\t                                    <span class=\"by\">By<\/span>\r\n\t\t\t                                <a href=\"http:\/\/cyklista.com.pl\/index.php\/author\/administrator\/\">\r\n\t\t\t            administrator                    <\/a>\r\n                <\/div>\r\n                        <div class=\"date-wrapper date-under-author\">\r\n                        <span class=\"date\">\r\n                2025-07-03            <\/span>\r\n        <\/div>\r\n                    <\/div>\r\n        <\/div>\r\n\t\t                                                                            <\/div>\r\n                        <p class=\"excerpt\">Czy mo\u017cna sobot\u0119 sp\u0119dzi\u0107 aktywnie, z u\u015bmiechem, rodzinnie, wr\u0119cz...<\/p>                    <div class=\"rivax-read-more-wrapper\">\r\n            <a href=\"http:\/\/cyklista.com.pl\/index.php\/2025\/07\/03\/rowerem-przez-pokolenia-rodzinny-rajd-rowerowy-w-przeciszowie-21-czerwiec-2025\/\" class=\"rivax-read-more\">\r\n                <span class=\"read-more-title\">Read More<\/span>\r\n\t                        <\/a>\r\n        <\/div>\r\n                <\/div>\r\n    <\/article>\r\n<\/div><div class=\"post-item\">\r\n    <article class=\"post-wrapper\">\r\n\t                    <div class=\"image-outer-wrapper\">\r\n            <div class=\"image-wrapper\">\r\n                <img loading=\"lazy\" decoding=\"async\" width=\"450\" height=\"290\" src=\"http:\/\/cyklista.com.pl\/wp-content\/uploads\/2026\/04\/Wdzydze-Park-Krajobrazowy-900x444-1-450x290.jpeg\" class=\"attachment-rivax-medium size-rivax-medium wp-post-image\" alt=\"\" title=\"Kaszuby 2025\" srcset=\"http:\/\/cyklista.com.pl\/wp-content\/uploads\/2026\/04\/Wdzydze-Park-Krajobrazowy-900x444-1-450x290.jpeg 450w, http:\/\/cyklista.com.pl\/wp-content\/uploads\/2026\/04\/Wdzydze-Park-Krajobrazowy-900x444-1-340x220.jpeg 340w\" sizes=\"(max-width: 450px) 100vw, 450px\" \/>\t\t        <a class=\"image-link rivax-position-cover\" aria-label=\"Item Link\" href=\"http:\/\/cyklista.com.pl\/index.php\/2025\/07\/01\/kaszuby-2025\/\"><\/a>                \t\t        \t\t        \r\n\t\t        \r\n\t\t                            <div class=\"content-wrapper-inside rivax-position-bottom\">\r\n\t\t\t\t        \t\t\t\t                <h3 class=\"post-title\">\r\n                <a href=\"http:\/\/cyklista.com.pl\/index.php\/2025\/07\/01\/kaszuby-2025\/\" class=\"title-animation-default\" title=\"Kaszuby 2025\">\r\n            Kaszuby 2025        <\/a>\r\n        <\/h3>\r\n                            <\/div>\r\n\t\t        \r\n                \r\n            <\/div>\r\n            \r\n\t        \r\n        <\/div>\r\n                <div class=\"content-wrapper\">\r\n\t                                                        <div class=\"meta-wrapper\">\r\n\t                    <div class=\"post-author-wrapper\">\r\n\t\t\t<div class=\"author-image\"><img alt='' src='https:\/\/secure.gravatar.com\/avatar\/6e9d257abb087139c4a57fd62b4f5246da1ae07278ea0e7cb7b596051975afd6?s=60&#038;d=mm&#038;r=g' srcset='https:\/\/secure.gravatar.com\/avatar\/6e9d257abb087139c4a57fd62b4f5246da1ae07278ea0e7cb7b596051975afd6?s=120&#038;d=mm&#038;r=g 2x' class='avatar avatar-60 photo' height='60' width='60' \/><\/div>            <div class=\"author-wrapper\">\r\n                <div class=\"author-meta\">\r\n\t\t                                    <span class=\"by\">By<\/span>\r\n\t\t\t                                <a href=\"http:\/\/cyklista.com.pl\/index.php\/author\/administrator\/\">\r\n\t\t\t            administrator                    <\/a>\r\n                <\/div>\r\n                        <div class=\"date-wrapper date-under-author\">\r\n                        <span class=\"date\">\r\n                2025-07-01            <\/span>\r\n        <\/div>\r\n                    <\/div>\r\n        <\/div>\r\n\t\t                                                                            <\/div>\r\n                        <p class=\"excerpt\">Wczasy rowerowe \u2013 Kaszuby 2025 W dniach 6\u201315 czerwca 2025 roku nasza rowerowa ekipa...<\/p>                    <div class=\"rivax-read-more-wrapper\">\r\n            <a href=\"http:\/\/cyklista.com.pl\/index.php\/2025\/07\/01\/kaszuby-2025\/\" class=\"rivax-read-more\">\r\n                <span class=\"read-more-title\">Read More<\/span>\r\n\t                        <\/a>\r\n        <\/div>\r\n                <\/div>\r\n    <\/article>\r\n<\/div><div class=\"post-item\">\r\n    <article class=\"post-wrapper\">\r\n\t                    <div class=\"content-wrapper\">\r\n\t                                                        <div class=\"meta-wrapper\">\r\n\t                    <div class=\"post-author-wrapper\">\r\n\t\t\t<div class=\"author-image\"><img alt='' src='https:\/\/secure.gravatar.com\/avatar\/6e9d257abb087139c4a57fd62b4f5246da1ae07278ea0e7cb7b596051975afd6?s=60&#038;d=mm&#038;r=g' srcset='https:\/\/secure.gravatar.com\/avatar\/6e9d257abb087139c4a57fd62b4f5246da1ae07278ea0e7cb7b596051975afd6?s=120&#038;d=mm&#038;r=g 2x' class='avatar avatar-60 photo' height='60' width='60' \/><\/div>            <div class=\"author-wrapper\">\r\n                <div class=\"author-meta\">\r\n\t\t                                    <span class=\"by\">By<\/span>\r\n\t\t\t                                <a href=\"http:\/\/cyklista.com.pl\/index.php\/author\/administrator\/\">\r\n\t\t\t            administrator                    <\/a>\r\n                <\/div>\r\n                        <div class=\"date-wrapper date-under-author\">\r\n                        <span class=\"date\">\r\n                2025-05-14            <\/span>\r\n        <\/div>\r\n                    <\/div>\r\n        <\/div>\r\n\t\t                                                                            <\/div>\r\n                        <p class=\"excerpt\">Zarz\u0105d Towarzystwa Turystyki Rowerowej Cyklista z siedzib\u0105 w Przeciszowie zgodnie z...<\/p>                    <div class=\"rivax-read-more-wrapper\">\r\n            <a href=\"http:\/\/cyklista.com.pl\/index.php\/2025\/05\/14\/walne-zgromadzenie-czlonkow\/\" class=\"rivax-read-more\">\r\n                <span class=\"read-more-title\">Read More<\/span>\r\n\t                        <\/a>\r\n        <\/div>\r\n                <\/div>\r\n    <\/article>\r\n<\/div>            <\/div>\r\n                <div class=\"rivax-posts-pagination-wrap\">\r\n                <div class=\"rivax-posts-pagination load-more-pagination\">\r\n                    <a class=\"rivax-post-load-more elementor-button elementor-size-xs infinite-scroll\" href=\"#\"\r\n                       data-widget-id=\"4d2a485\" data-current-page=\"1\"\r\n                       data-post-id=\"2349\">\r\n                        <span class=\"rivax-button-text a\">Load More<\/span>\r\n                        <span class=\"rivax-button-text b\">Load More<\/span>\r\n                    <\/a>\r\n                    <span class=\"rivax-post-load-more-loader\"><\/span>\r\n                <\/div>\r\n            <\/div>\r\n            <\/div>\r\n\t\t\t\t<\/div>\n\t\t\t\t<\/div>\n\t\t\t\t<\/div>\n\t\t<div class=\"rivax-sticky-column elementor-element elementor-element-39e8c83 e-con-full e-flex e-con e-child\" data-id=\"39e8c83\" data-element_type=\"container\" data-e-type=\"container\">\n\t\t<div class=\"elementor-element elementor-element-4841524 e-con-full card-layout e-flex e-con e-child\" data-id=\"4841524\" data-element_type=\"container\" data-e-type=\"container\">\n\t\t\t\t<div class=\"elementor-element elementor-element-9704a36 elementor-widget rivax-profile-card-widget\" data-id=\"9704a36\" data-element_type=\"widget\" data-e-type=\"widget\" data-widget_type=\"rivax-profile-card.default\">\n\t\t\t\t<div class=\"elementor-widget-container\">\n\t\t\t\t\t    <div class=\"rivax-profile-card layout-3\">\r\n        <div class=\"image-wrapper has-animation\">\r\n            <img loading=\"lazy\" decoding=\"async\" width=\"450\" height=\"450\" src=\"http:\/\/cyklista.com.pl\/wp-content\/uploads\/2025\/12\/995-450x450.webp\" class=\"attachment-rivax-medium-square size-rivax-medium-square\" alt=\"\" srcset=\"http:\/\/cyklista.com.pl\/wp-content\/uploads\/2025\/12\/995-450x450.webp 450w, http:\/\/cyklista.com.pl\/wp-content\/uploads\/2025\/12\/995-300x300.webp 300w, http:\/\/cyklista.com.pl\/wp-content\/uploads\/2025\/12\/995-150x150.webp 150w, http:\/\/cyklista.com.pl\/wp-content\/uploads\/2025\/12\/995-340x340.webp 340w, http:\/\/cyklista.com.pl\/wp-content\/uploads\/2025\/12\/995.webp 600w\" sizes=\"(max-width: 450px) 100vw, 450px\" \/><div class=\"image-animation\"><img loading=\"lazy\" decoding=\"async\" width=\"450\" height=\"450\" src=\"http:\/\/cyklista.com.pl\/wp-content\/uploads\/2025\/12\/995-450x450.webp\" class=\"attachment-rivax-medium-square size-rivax-medium-square\" alt=\"\" srcset=\"http:\/\/cyklista.com.pl\/wp-content\/uploads\/2025\/12\/995-450x450.webp 450w, http:\/\/cyklista.com.pl\/wp-content\/uploads\/2025\/12\/995-300x300.webp 300w, http:\/\/cyklista.com.pl\/wp-content\/uploads\/2025\/12\/995-150x150.webp 150w, http:\/\/cyklista.com.pl\/wp-content\/uploads\/2025\/12\/995-340x340.webp 340w, http:\/\/cyklista.com.pl\/wp-content\/uploads\/2025\/12\/995.webp 600w\" sizes=\"(max-width: 450px) 100vw, 450px\" \/><\/div>        <\/div>\r\n        <div class=\"content-wrapper\"><span class=\"title-wrap\">Marie Schmidt<\/span><span class=\"subtitle-wrap\">Creative Web Designer<\/span><\/div>    <\/div>\r\n\r\n\t\t\t\t<\/div>\n\t\t\t\t<\/div>\n\t\t\t\t<div class=\"elementor-element elementor-element-27ae31f elementor-widget rivax-instagram-widget\" data-id=\"27ae31f\" data-element_type=\"widget\" data-e-type=\"widget\" data-widget_type=\"rivax-instagram.default\">\n\t\t\t\t<div class=\"elementor-widget-container\">\n\t\t\t\t\t<div class=\"rivax-insta-wrapper layout-4\">\r\n    <div class=\"rivax-insta-header\">\r\n                <div class=\"rivax-insta-info\">\r\n                            <span class=\"username\"><a target=\"_blank\" href=\"https:\/\/www.instagram.com\/rivaxStudio\">@RivaxStudio<\/a><\/span>\r\n                                        <span class=\"tagline\">We become what we think about!<\/span>\r\n                    <\/div>\r\n            <\/div>\r\n        <div class=\"rivax-insta-images layout-marquee-left pause-hover\">\r\n        <div class=\"marquee-wrap\">                    <div class=\"insta-item\">\r\n                        <div class=\"item-img\">\r\n                            <img loading=\"lazy\" decoding=\"async\" src=\"http:\/\/cyklista.com.pl\/wp-content\/uploads\/2025\/12\/6226-340x340.webp\" width=\"340\" height=\"340\" alt=\"instagram image\">\r\n                                                        <a target=\"_blank\" class=\"rivax-position-cover\" href=\"https:\/\/www.instagram.com\/rivaxStudio\"><\/a>                        <\/div>\r\n                    <\/div>\r\n                                        <div class=\"insta-item\">\r\n                        <div class=\"item-img\">\r\n                            <img loading=\"lazy\" decoding=\"async\" src=\"http:\/\/cyklista.com.pl\/wp-content\/uploads\/2025\/12\/8784-340x340.webp\" width=\"340\" height=\"340\" alt=\"instagram image\">\r\n                                                        <a target=\"_blank\" class=\"rivax-position-cover\" href=\"https:\/\/www.instagram.com\/rivaxStudio\"><\/a>                        <\/div>\r\n                    <\/div>\r\n                                        <div class=\"insta-item\">\r\n                        <div class=\"item-img\">\r\n                            <img loading=\"lazy\" decoding=\"async\" src=\"http:\/\/cyklista.com.pl\/wp-content\/uploads\/2025\/12\/69254-340x340.webp\" width=\"340\" height=\"340\" alt=\"instagram image\">\r\n                                                        <a target=\"_blank\" class=\"rivax-position-cover\" href=\"https:\/\/www.instagram.com\/rivaxStudio\"><\/a>                        <\/div>\r\n                    <\/div>\r\n                                        <div class=\"insta-item\">\r\n                        <div class=\"item-img\">\r\n                            <img loading=\"lazy\" decoding=\"async\" src=\"http:\/\/cyklista.com.pl\/wp-content\/uploads\/2025\/03\/5593-1-340x340.webp\" width=\"340\" height=\"340\" alt=\"instagram image\">\r\n                                                        <a target=\"_blank\" class=\"rivax-position-cover\" href=\"https:\/\/www.instagram.com\/rivaxStudio\"><\/a>                        <\/div>\r\n                    <\/div>\r\n                                        <div class=\"insta-item\">\r\n                        <div class=\"item-img\">\r\n                            <img loading=\"lazy\" decoding=\"async\" src=\"http:\/\/cyklista.com.pl\/wp-content\/uploads\/2025\/03\/9068681-340x340.webp\" width=\"340\" height=\"340\" alt=\"instagram image\">\r\n                                                        <a target=\"_blank\" class=\"rivax-position-cover\" href=\"https:\/\/www.instagram.com\/rivaxStudio\"><\/a>                        <\/div>\r\n                    <\/div>\r\n                                        <div class=\"insta-item\">\r\n                        <div class=\"item-img\">\r\n                            <img loading=\"lazy\" decoding=\"async\" src=\"http:\/\/cyklista.com.pl\/wp-content\/uploads\/2025\/01\/ash-lab-wWplash-340x340.webp\" width=\"340\" height=\"340\" alt=\"instagram image\">\r\n                                                        <a target=\"_blank\" class=\"rivax-position-cover\" href=\"https:\/\/www.instagram.com\/rivaxStudio\"><\/a>                        <\/div>\r\n                    <\/div>\r\n                    <\/div><div class=\"marquee-wrap\">                    <div class=\"insta-item\">\r\n                        <div class=\"item-img\">\r\n                            <img loading=\"lazy\" decoding=\"async\" src=\"http:\/\/cyklista.com.pl\/wp-content\/uploads\/2025\/12\/6226-340x340.webp\" width=\"340\" height=\"340\" alt=\"instagram image\">\r\n                                                        <a target=\"_blank\" class=\"rivax-position-cover\" href=\"https:\/\/www.instagram.com\/rivaxStudio\"><\/a>                        <\/div>\r\n                    <\/div>\r\n                                        <div class=\"insta-item\">\r\n                        <div class=\"item-img\">\r\n                            <img loading=\"lazy\" decoding=\"async\" src=\"http:\/\/cyklista.com.pl\/wp-content\/uploads\/2025\/12\/8784-340x340.webp\" width=\"340\" height=\"340\" alt=\"instagram image\">\r\n                                                        <a target=\"_blank\" class=\"rivax-position-cover\" href=\"https:\/\/www.instagram.com\/rivaxStudio\"><\/a>                        <\/div>\r\n                    <\/div>\r\n                                        <div class=\"insta-item\">\r\n                        <div class=\"item-img\">\r\n                            <img loading=\"lazy\" decoding=\"async\" src=\"http:\/\/cyklista.com.pl\/wp-content\/uploads\/2025\/12\/69254-340x340.webp\" width=\"340\" height=\"340\" alt=\"instagram image\">\r\n                                                        <a target=\"_blank\" class=\"rivax-position-cover\" href=\"https:\/\/www.instagram.com\/rivaxStudio\"><\/a>                        <\/div>\r\n                    <\/div>\r\n                                        <div class=\"insta-item\">\r\n                        <div class=\"item-img\">\r\n                            <img loading=\"lazy\" decoding=\"async\" src=\"http:\/\/cyklista.com.pl\/wp-content\/uploads\/2025\/03\/5593-1-340x340.webp\" width=\"340\" height=\"340\" alt=\"instagram image\">\r\n                                                        <a target=\"_blank\" class=\"rivax-position-cover\" href=\"https:\/\/www.instagram.com\/rivaxStudio\"><\/a>                        <\/div>\r\n                    <\/div>\r\n                                        <div class=\"insta-item\">\r\n                        <div class=\"item-img\">\r\n                            <img loading=\"lazy\" decoding=\"async\" src=\"http:\/\/cyklista.com.pl\/wp-content\/uploads\/2025\/03\/9068681-340x340.webp\" width=\"340\" height=\"340\" alt=\"instagram image\">\r\n                                                        <a target=\"_blank\" class=\"rivax-position-cover\" href=\"https:\/\/www.instagram.com\/rivaxStudio\"><\/a>                        <\/div>\r\n                    <\/div>\r\n                                        <div class=\"insta-item\">\r\n                        <div class=\"item-img\">\r\n                            <img loading=\"lazy\" decoding=\"async\" src=\"http:\/\/cyklista.com.pl\/wp-content\/uploads\/2025\/01\/ash-lab-wWplash-340x340.webp\" width=\"340\" height=\"340\" alt=\"instagram image\">\r\n                                                        <a target=\"_blank\" class=\"rivax-position-cover\" href=\"https:\/\/www.instagram.com\/rivaxStudio\"><\/a>                        <\/div>\r\n                    <\/div>\r\n                    <\/div>                    <div class=\"rivax-insta-btn-wrap\">\r\n                <a target=\"_blank\" class=\"rivax-insta-btn button\" href=\"https:\/\/www.instagram.com\/rivaxStudio\">\r\n                                            <span class=\"icon\">\r\n                        <svg class=\"e-font-icon-svg e-fab-instagram\" viewBox=\"0 0 448 512\" xmlns=\"http:\/\/www.w3.org\/2000\/svg\"><path d=\"M224.1 141c-63.6 0-114.9 51.3-114.9 114.9s51.3 114.9 114.9 114.9S339 319.5 339 255.9 287.7 141 224.1 141zm0 189.6c-41.1 0-74.7-33.5-74.7-74.7s33.5-74.7 74.7-74.7 74.7 33.5 74.7 74.7-33.6 74.7-74.7 74.7zm146.4-194.3c0 14.9-12 26.8-26.8 26.8-14.9 0-26.8-12-26.8-26.8s12-26.8 26.8-26.8 26.8 12 26.8 26.8zm76.1 27.2c-1.7-35.9-9.9-67.7-36.2-93.9-26.2-26.2-58-34.4-93.9-36.2-37-2.1-147.9-2.1-184.9 0-35.8 1.7-67.6 9.9-93.9 36.1s-34.4 58-36.2 93.9c-2.1 37-2.1 147.9 0 184.9 1.7 35.9 9.9 67.7 36.2 93.9s58 34.4 93.9 36.2c37 2.1 147.9 2.1 184.9 0 35.9-1.7 67.7-9.9 93.9-36.2 26.2-26.2 34.4-58 36.2-93.9 2.1-37 2.1-147.8 0-184.8zM398.8 388c-7.8 19.6-22.9 34.7-42.6 42.6-29.5 11.7-99.5 9-132.1 9s-102.7 2.6-132.1-9c-19.6-7.8-34.7-22.9-42.6-42.6-11.7-29.5-9-99.5-9-132.1s-2.6-102.7 9-132.1c7.8-19.6 22.9-34.7 42.6-42.6 29.5-11.7 99.5-9 132.1-9s102.7-2.6 132.1 9c19.6 7.8 34.7 22.9 42.6 42.6 11.7 29.5 9 99.5 9 132.1s2.7 102.7-9 132.1z\"><\/path><\/svg>                        <\/span>\r\n                                        <span class=\"btn-text\">Follow Me<\/span>\r\n                <\/a>\r\n            <\/div>\r\n            <\/div>\r\n<\/div>\r\n\t\t\t\t<\/div>\n\t\t\t\t<\/div>\n\t\t\t\t<\/div>\n\t\t<div class=\"elementor-element elementor-element-6d44e11 e-con-full e-flex e-con e-child\" data-id=\"6d44e11\" data-element_type=\"container\" data-e-type=\"container\" data-settings=\"{&quot;background_background&quot;:&quot;classic&quot;}\">\n\t\t<div class=\"elementor-element elementor-element-40f54b0 e-con-full card-layout e-flex e-con e-child\" data-id=\"40f54b0\" data-element_type=\"container\" data-e-type=\"container\">\n\t\t\t\t<div class=\"elementor-element elementor-element-b183258 rivax-align-left elementor-widget rivax-divider-heading-widget\" data-id=\"b183258\" data-element_type=\"widget\" data-e-type=\"widget\" data-widget_type=\"rivax-divider-heading.default\">\n\t\t\t\t<div class=\"elementor-widget-container\">\n\t\t\t\t\t<div class=\"rivax-divider-heading-wrap\">\r\n    <div class=\"rivax-divider-heading divider-style-1 \">\r\n        <div class=\"divider divider-1\"><\/div>\r\n        <div class=\"divider divider-2\"><\/div>\r\n        <h4 class=\"title\">\r\n                <span class=\"title-inner\">\r\n            <span class=\"title-text\">\r\n                                Don&#039;t Miss            <\/span>\r\n                    <\/span>\r\n                <\/h4>\r\n        <div class=\"divider divider-3\"><\/div>\r\n        <div class=\"divider divider-4\"><\/div>\r\n    <\/div>\r\n<\/div>\t\t\t\t<\/div>\n\t\t\t\t<\/div>\n\t\t\t\t<div class=\"elementor-element elementor-element-4599f1f elementor-widget rivax-post-elastic-widget\" data-id=\"4599f1f\" data-element_type=\"widget\" data-e-type=\"widget\" data-widget_type=\"rivax-post-elastic.default\">\n\t\t\t\t<div class=\"elementor-widget-container\">\n\t\t\t\t\t<div class=\"rivax-posts-container\">\r\n    <div class=\"rivax-posts-wrapper layout-grid\">\r\n                <div class=\"post-item\">\r\n    <article class=\"post-wrapper\">\r\n        \t    \r\n\t    \r\n                    <div class=\"image-outer-wrapper\">\r\n\r\n\t            \r\n\t            \r\n                <div class=\"image-wrapper\">\r\n                    <a class=\"rivax-position-cover\" href=\"http:\/\/cyklista.com.pl\/index.php\/2025\/05\/06\/majowy-weekend-2025\/\" aria-label=\"Item Link\"><\/a>\r\n                    <img loading=\"lazy\" decoding=\"async\" width=\"150\" height=\"150\" src=\"http:\/\/cyklista.com.pl\/wp-content\/uploads\/2026\/04\/obraz_2025-05-04_120640916-900x444-1-150x150.png\" class=\"attachment-thumbnail size-thumbnail wp-post-image\" alt=\"\" title=\"Majowy weekend 2025\" srcset=\"http:\/\/cyklista.com.pl\/wp-content\/uploads\/2026\/04\/obraz_2025-05-04_120640916-900x444-1-150x150.png 150w, http:\/\/cyklista.com.pl\/wp-content\/uploads\/2026\/04\/obraz_2025-05-04_120640916-900x444-1-340x340.png 340w\" sizes=\"(max-width: 150px) 100vw, 150px\" \/>\r\n\t\t            \t\t                            <\/div>\r\n\r\n            <\/div>\r\n        \r\n        <div class=\"content-wrapper\">\r\n\t                            <h6 class=\"post-title\">\r\n                <a href=\"http:\/\/cyklista.com.pl\/index.php\/2025\/05\/06\/majowy-weekend-2025\/\" class=\"title-animation-underline-break\" title=\"Majowy weekend 2025\">\r\n            Majowy weekend 2025        <\/a>\r\n        <\/h6>\r\n                    <div class=\"meta-wrapper\">\r\n                        <div class=\"post-author-wrapper\">\r\n\t\t\t            <div class=\"author-wrapper\">\r\n                <div class=\"author-meta\">\r\n\t\t                                    <span class=\"by\">By<\/span>\r\n\t\t\t                                <a href=\"http:\/\/cyklista.com.pl\/index.php\/author\/administrator\/\">\r\n\t\t\t            administrator                    <\/a>\r\n                <\/div>\r\n                            <\/div>\r\n        <\/div>\r\n\t\t                                                                            <\/div>\r\n                                <\/div>\r\n    <\/article>\r\n<\/div><div class=\"post-item\">\r\n    <article class=\"post-wrapper\">\r\n        \t    \r\n\t    \r\n                    <div class=\"image-outer-wrapper\">\r\n\r\n\t            \r\n\t            \r\n                <div class=\"image-wrapper\">\r\n                    <a class=\"rivax-position-cover\" href=\"http:\/\/cyklista.com.pl\/index.php\/2025\/04\/15\/rajd-wielkanocny\/\" aria-label=\"Item Link\"><\/a>\r\n                    <img loading=\"lazy\" decoding=\"async\" width=\"150\" height=\"150\" src=\"http:\/\/cyklista.com.pl\/wp-content\/uploads\/2026\/04\/Rajd-W.-1536x864-1-150x150.jpeg\" class=\"attachment-thumbnail size-thumbnail wp-post-image\" alt=\"\" title=\"Rajd Wielkanocny\" srcset=\"http:\/\/cyklista.com.pl\/wp-content\/uploads\/2026\/04\/Rajd-W.-1536x864-1-150x150.jpeg 150w, http:\/\/cyklista.com.pl\/wp-content\/uploads\/2026\/04\/Rajd-W.-1536x864-1-340x340.jpeg 340w, http:\/\/cyklista.com.pl\/wp-content\/uploads\/2026\/04\/Rajd-W.-1536x864-1-450x450.jpeg 450w, http:\/\/cyklista.com.pl\/wp-content\/uploads\/2026\/04\/Rajd-W.-1536x864-1-650x650.jpeg 650w\" sizes=\"(max-width: 150px) 100vw, 150px\" \/>\r\n\t\t            \t\t                            <\/div>\r\n\r\n            <\/div>\r\n        \r\n        <div class=\"content-wrapper\">\r\n\t                            <h6 class=\"post-title\">\r\n                <a href=\"http:\/\/cyklista.com.pl\/index.php\/2025\/04\/15\/rajd-wielkanocny\/\" class=\"title-animation-underline-break\" title=\"Rajd Wielkanocny\">\r\n            Rajd Wielkanocny        <\/a>\r\n        <\/h6>\r\n                    <div class=\"meta-wrapper\">\r\n                        <div class=\"post-author-wrapper\">\r\n\t\t\t            <div class=\"author-wrapper\">\r\n                <div class=\"author-meta\">\r\n\t\t                                    <span class=\"by\">By<\/span>\r\n\t\t\t                                <a href=\"http:\/\/cyklista.com.pl\/index.php\/author\/administrator\/\">\r\n\t\t\t            administrator                    <\/a>\r\n                <\/div>\r\n                            <\/div>\r\n        <\/div>\r\n\t\t                                                                            <\/div>\r\n                                <\/div>\r\n    <\/article>\r\n<\/div><div class=\"post-item\">\r\n    <article class=\"post-wrapper\">\r\n        \t    \r\n\t    \r\n                    <div class=\"image-outer-wrapper\">\r\n\r\n\t            \r\n\t            \r\n                <div class=\"image-wrapper\">\r\n                    <a class=\"rivax-position-cover\" href=\"http:\/\/cyklista.com.pl\/index.php\/2025\/03\/31\/koszulki-rowerowe\/\" aria-label=\"Item Link\"><\/a>\r\n                    <img loading=\"lazy\" decoding=\"async\" width=\"150\" height=\"150\" src=\"http:\/\/cyklista.com.pl\/wp-content\/uploads\/2026\/04\/koszulka_coolmax-1-150x150.jpg\" class=\"attachment-thumbnail size-thumbnail wp-post-image\" alt=\"\" title=\"Koszulki rowerowe\" srcset=\"http:\/\/cyklista.com.pl\/wp-content\/uploads\/2026\/04\/koszulka_coolmax-1-150x150.jpg 150w, http:\/\/cyklista.com.pl\/wp-content\/uploads\/2026\/04\/koszulka_coolmax-1-340x340.jpg 340w\" sizes=\"(max-width: 150px) 100vw, 150px\" \/>\r\n\t\t            \t\t                            <\/div>\r\n\r\n            <\/div>\r\n        \r\n        <div class=\"content-wrapper\">\r\n\t                            <h6 class=\"post-title\">\r\n                <a href=\"http:\/\/cyklista.com.pl\/index.php\/2025\/03\/31\/koszulki-rowerowe\/\" class=\"title-animation-underline-break\" title=\"Koszulki rowerowe\">\r\n            Koszulki rowerowe        <\/a>\r\n        <\/h6>\r\n                    <div class=\"meta-wrapper\">\r\n                        <div class=\"post-author-wrapper\">\r\n\t\t\t            <div class=\"author-wrapper\">\r\n                <div class=\"author-meta\">\r\n\t\t                                    <span class=\"by\">By<\/span>\r\n\t\t\t                                <a href=\"http:\/\/cyklista.com.pl\/index.php\/author\/administrator\/\">\r\n\t\t\t            administrator                    <\/a>\r\n                <\/div>\r\n                            <\/div>\r\n        <\/div>\r\n\t\t                                                                            <\/div>\r\n                                <\/div>\r\n    <\/article>\r\n<\/div><div class=\"post-item\">\r\n    <article class=\"post-wrapper\">\r\n        \t    \r\n\t    \r\n                    <div class=\"image-outer-wrapper\">\r\n\r\n\t            \r\n\t            \r\n                <div class=\"image-wrapper\">\r\n                    <a class=\"rivax-position-cover\" href=\"http:\/\/cyklista.com.pl\/index.php\/2025\/03\/25\/co-slychac-u-cyklistow\/\" aria-label=\"Item Link\"><\/a>\r\n                    <img loading=\"lazy\" decoding=\"async\" width=\"150\" height=\"150\" src=\"http:\/\/cyklista.com.pl\/wp-content\/uploads\/2026\/04\/20250823_113401-scaled-900x444-1-150x150.jpg\" class=\"attachment-thumbnail size-thumbnail wp-post-image\" alt=\"\" title=\"Co s\u0142ycha\u0107 u Cyklist\u00f3w\" srcset=\"http:\/\/cyklista.com.pl\/wp-content\/uploads\/2026\/04\/20250823_113401-scaled-900x444-1-150x150.jpg 150w, http:\/\/cyklista.com.pl\/wp-content\/uploads\/2026\/04\/20250823_113401-scaled-900x444-1-340x340.jpg 340w\" sizes=\"(max-width: 150px) 100vw, 150px\" \/>\r\n\t\t            \t\t                            <\/div>\r\n\r\n            <\/div>\r\n        \r\n        <div class=\"content-wrapper\">\r\n\t                            <h6 class=\"post-title\">\r\n                <a href=\"http:\/\/cyklista.com.pl\/index.php\/2025\/03\/25\/co-slychac-u-cyklistow\/\" class=\"title-animation-underline-break\" title=\"Co s\u0142ycha\u0107 u Cyklist\u00f3w\">\r\n            Co s\u0142ycha\u0107 u Cyklist\u00f3w        <\/a>\r\n        <\/h6>\r\n                    <div class=\"meta-wrapper\">\r\n                        <div class=\"post-author-wrapper\">\r\n\t\t\t            <div class=\"author-wrapper\">\r\n                <div class=\"author-meta\">\r\n\t\t                                    <span class=\"by\">By<\/span>\r\n\t\t\t                                <a href=\"http:\/\/cyklista.com.pl\/index.php\/author\/administrator\/\">\r\n\t\t\t            administrator                    <\/a>\r\n                <\/div>\r\n                            <\/div>\r\n        <\/div>\r\n\t\t                                                                            <\/div>\r\n                                <\/div>\r\n    <\/article>\r\n<\/div><div class=\"post-item\">\r\n    <article class=\"post-wrapper\">\r\n        \t    \r\n\t    \r\n                    <div class=\"image-outer-wrapper\">\r\n\r\n\t            \r\n\t            \r\n                <div class=\"image-wrapper\">\r\n                    <a class=\"rivax-position-cover\" href=\"http:\/\/cyklista.com.pl\/index.php\/2025\/03\/12\/harmonogram-2025\/\" aria-label=\"Item Link\"><\/a>\r\n                    <img loading=\"lazy\" decoding=\"async\" width=\"150\" height=\"150\" src=\"http:\/\/cyklista.com.pl\/wp-content\/uploads\/2026\/04\/book-1750740_640-150x150.jpg\" class=\"attachment-thumbnail size-thumbnail wp-post-image\" alt=\"\" title=\"Harmonogram 2025\" srcset=\"http:\/\/cyklista.com.pl\/wp-content\/uploads\/2026\/04\/book-1750740_640-150x150.jpg 150w, http:\/\/cyklista.com.pl\/wp-content\/uploads\/2026\/04\/book-1750740_640-340x340.jpg 340w, http:\/\/cyklista.com.pl\/wp-content\/uploads\/2026\/04\/book-1750740_640-450x450.jpg 450w\" sizes=\"(max-width: 150px) 100vw, 150px\" \/>\r\n\t\t            \t\t                            <\/div>\r\n\r\n            <\/div>\r\n        \r\n        <div class=\"content-wrapper\">\r\n\t                            <h6 class=\"post-title\">\r\n                <a href=\"http:\/\/cyklista.com.pl\/index.php\/2025\/03\/12\/harmonogram-2025\/\" class=\"title-animation-underline-break\" title=\"Harmonogram 2025\">\r\n            Harmonogram 2025        <\/a>\r\n        <\/h6>\r\n                    <div class=\"meta-wrapper\">\r\n                        <div class=\"post-author-wrapper\">\r\n\t\t\t            <div class=\"author-wrapper\">\r\n                <div class=\"author-meta\">\r\n\t\t                                    <span class=\"by\">By<\/span>\r\n\t\t\t                                <a href=\"http:\/\/cyklista.com.pl\/index.php\/author\/administrator\/\">\r\n\t\t\t            administrator                    <\/a>\r\n                <\/div>\r\n                            <\/div>\r\n        <\/div>\r\n\t\t                                                                            <\/div>\r\n                                <\/div>\r\n    <\/article>\r\n<\/div>            <\/div>\r\n    <\/div>\r\n\t\t\t\t<\/div>\n\t\t\t\t<\/div>\n\t\t\t\t<\/div>\n\t\t\t\t<\/div>\n\t\t\t\t<\/div>\n\t\t\t\t\t<\/div>\n\t\t\t\t<\/div>\n\t\t\t\t<\/div>\n\t\t","protected":false},"excerpt":{"rendered":"<p>BusinessDesign Ideas Samsung Launches New 108MP Camera Sensor for Smartphones By Marie Schmidt June 27, 2025 While mobile phones undoubtedly provide countless benefits and conveniences, their excessive and&#8230; Design IdeasLife style Unprecedented Growth Of Next-gen Intelligent Solutions By Marie Schmidt June 22, 2025 While mobile phones undoubtedly provide countless benefits and conveniences, their excessive and&#8230; [&hellip;]<\/p>\n","protected":false},"author":1,"featured_media":0,"parent":0,"menu_order":0,"comment_status":"closed","ping_status":"closed","template":"","meta":{"footnotes":""},"class_list":["post-2349","page","type-page","status-publish","hentry"],"_links":{"self":[{"href":"http:\/\/cyklista.com.pl\/index.php\/wp-json\/wp\/v2\/pages\/2349","targetHints":{"allow":["GET"]}}],"collection":[{"href":"http:\/\/cyklista.com.pl\/index.php\/wp-json\/wp\/v2\/pages"}],"about":[{"href":"http:\/\/cyklista.com.pl\/index.php\/wp-json\/wp\/v2\/types\/page"}],"author":[{"embeddable":true,"href":"http:\/\/cyklista.com.pl\/index.php\/wp-json\/wp\/v2\/users\/1"}],"replies":[{"embeddable":true,"href":"http:\/\/cyklista.com.pl\/index.php\/wp-json\/wp\/v2\/comments?post=2349"}],"version-history":[{"count":1,"href":"http:\/\/cyklista.com.pl\/index.php\/wp-json\/wp\/v2\/pages\/2349\/revisions"}],"predecessor-version":[{"id":2508,"href":"http:\/\/cyklista.com.pl\/index.php\/wp-json\/wp\/v2\/pages\/2349\/revisions\/2508"}],"wp:attachment":[{"href":"http:\/\/cyklista.com.pl\/index.php\/wp-json\/wp\/v2\/media?parent=2349"}],"curies":[{"name":"wp","href":"https:\/\/api.w.org\/{rel}","templated":true}]}}