{"id":2736,"date":"2026-04-04T20:04:27","date_gmt":"2026-04-04T18:04:27","guid":{"rendered":"http:\/\/cyklista.com.pl\/?page_id=2736"},"modified":"2026-04-04T20:12:38","modified_gmt":"2026-04-04T18:12:38","slug":"archiwum","status":"publish","type":"page","link":"http:\/\/cyklista.com.pl\/index.php\/archiwum\/","title":{"rendered":"Archiwum"},"content":{"rendered":"\t\t<div data-elementor-type=\"wp-page\" data-elementor-id=\"2736\" class=\"elementor elementor-2736\">\n\t\t\t\t<div class=\"elementor-element elementor-element-75b9a051 e-flex e-con-boxed e-con e-parent\" data-id=\"75b9a051\" data-element_type=\"container\" data-e-type=\"container\">\n\t\t\t\t\t<div class=\"e-con-inner\">\n\t\t\t\t<div class=\"elementor-element elementor-element-1665f90e elementor-widget elementor-widget-text-editor\" data-id=\"1665f90e\" data-element_type=\"widget\" data-e-type=\"widget\" data-widget_type=\"text-editor.default\">\n\t\t\t\t\t\t\t\t\t\n<p class=\"wp-block-paragraph\"><\/p>\n\n\n\n<p class=\"wp-block-paragraph\"><\/p>\n\t\t\t\t\t\t\t\t<\/div>\n\t\t\t\t<div class=\"elementor-element elementor-element-4a9bf5f elementor-widget rivax-post-elastic-widget\" data-id=\"4a9bf5f\" data-element_type=\"widget\" data-e-type=\"widget\" data-widget_type=\"rivax-post-elastic.default\">\n\t\t\t\t<div class=\"elementor-widget-container\">\n\t\t\t\t\t<div class=\"rivax-posts-container\">\r\n    <div class=\"rivax-posts-wrapper layout-grid\">\r\n                <div class=\"post-item\">\r\n    <article class=\"post-wrapper\">\r\n        \t    \r\n\t    \r\n                    <div class=\"image-outer-wrapper\">\r\n\r\n\t            \r\n\t            \r\n                <div class=\"image-wrapper\">\r\n                    <a class=\"rivax-position-cover\" href=\"http:\/\/cyklista.com.pl\/index.php\/2025\/10\/07\/rajd-nocny\/\" aria-label=\"Item Link\"><\/a>\r\n                    <img decoding=\"async\" width=\"150\" height=\"150\" src=\"http:\/\/cyklista.com.pl\/wp-content\/uploads\/2026\/04\/kolejny-wieczor-grill-900x444-1-150x150.jpeg\" class=\"attachment-thumbnail size-thumbnail wp-post-image\" alt=\"\" title=\"RAJD NOCNY\" srcset=\"http:\/\/cyklista.com.pl\/wp-content\/uploads\/2026\/04\/kolejny-wieczor-grill-900x444-1-150x150.jpeg 150w, http:\/\/cyklista.com.pl\/wp-content\/uploads\/2026\/04\/kolejny-wieczor-grill-900x444-1-340x340.jpeg 340w\" sizes=\"(max-width: 150px) 100vw, 150px\" \/>\r\n\t\t            \t\t                            <\/div>\r\n\r\n            <\/div>\r\n        \r\n        <div class=\"content-wrapper\">\r\n\t                            <h4 class=\"post-title\">\r\n                <a href=\"http:\/\/cyklista.com.pl\/index.php\/2025\/10\/07\/rajd-nocny\/\" class=\"title-animation-default\" title=\"RAJD NOCNY\">\r\n            RAJD NOCNY        <\/a>\r\n        <\/h4>\r\n                    <div class=\"meta-wrapper\">\r\n                        <div class=\"post-author-wrapper\">\r\n\t\t\t            <div class=\"author-wrapper\">\r\n                <div class=\"author-meta\">\r\n\t\t                                <a href=\"http:\/\/cyklista.com.pl\/index.php\/author\/administrator\/\">\r\n\t\t\t            administrator                    <\/a>\r\n                <\/div>\r\n                            <\/div>\r\n        <\/div>\r\n\t\t                        <div class=\"date-wrapper date-inline\">\r\n                        <span class=\"date\">\r\n                2025-10-07            <\/span>\r\n        <\/div>\r\n                                                                    <\/div>\r\n                                <\/div>\r\n    <\/article>\r\n<\/div><div class=\"post-item\">\r\n    <article class=\"post-wrapper\">\r\n        \t    \r\n\t    \r\n                    <div class=\"image-outer-wrapper\">\r\n\r\n\t            \r\n\t            \r\n                <div class=\"image-wrapper\">\r\n                    <a class=\"rivax-position-cover\" href=\"http:\/\/cyklista.com.pl\/index.php\/2025\/10\/07\/piec-dni-na-roztoczu\/\" aria-label=\"Item Link\"><\/a>\r\n                    <img decoding=\"async\" width=\"150\" height=\"150\" src=\"http:\/\/cyklista.com.pl\/wp-content\/uploads\/2026\/04\/20250823_113502-1536x692-1-150x150.jpg\" class=\"attachment-thumbnail size-thumbnail wp-post-image\" alt=\"\" title=\"Pi\u0119\u0107 dni na Roztoczu\" srcset=\"http:\/\/cyklista.com.pl\/wp-content\/uploads\/2026\/04\/20250823_113502-1536x692-1-150x150.jpg 150w, http:\/\/cyklista.com.pl\/wp-content\/uploads\/2026\/04\/20250823_113502-1536x692-1-340x340.jpg 340w, http:\/\/cyklista.com.pl\/wp-content\/uploads\/2026\/04\/20250823_113502-1536x692-1-450x450.jpg 450w, http:\/\/cyklista.com.pl\/wp-content\/uploads\/2026\/04\/20250823_113502-1536x692-1-650x650.jpg 650w\" sizes=\"(max-width: 150px) 100vw, 150px\" \/>\r\n\t\t            \t\t                            <\/div>\r\n\r\n            <\/div>\r\n        \r\n        <div class=\"content-wrapper\">\r\n\t                            <h4 class=\"post-title\">\r\n                <a href=\"http:\/\/cyklista.com.pl\/index.php\/2025\/10\/07\/piec-dni-na-roztoczu\/\" class=\"title-animation-default\" title=\"Pi\u0119\u0107 dni na Roztoczu\">\r\n            Pi\u0119\u0107 dni na Roztoczu        <\/a>\r\n        <\/h4>\r\n                    <div class=\"meta-wrapper\">\r\n                        <div class=\"post-author-wrapper\">\r\n\t\t\t            <div class=\"author-wrapper\">\r\n                <div class=\"author-meta\">\r\n\t\t                                <a href=\"http:\/\/cyklista.com.pl\/index.php\/author\/administrator\/\">\r\n\t\t\t            administrator                    <\/a>\r\n                <\/div>\r\n                            <\/div>\r\n        <\/div>\r\n\t\t                        <div class=\"date-wrapper date-inline\">\r\n                        <span class=\"date\">\r\n                2025-10-07            <\/span>\r\n        <\/div>\r\n                                                                    <\/div>\r\n                                <\/div>\r\n    <\/article>\r\n<\/div><div class=\"post-item\">\r\n    <article class=\"post-wrapper\">\r\n        \t    \r\n\t    \r\n                    <div class=\"image-outer-wrapper\">\r\n\r\n\t            \r\n\t            \r\n                <div class=\"image-wrapper\">\r\n                    <a class=\"rivax-position-cover\" href=\"http:\/\/cyklista.com.pl\/index.php\/2025\/10\/07\/zniwa-karpiowe\/\" aria-label=\"Item Link\"><\/a>\r\n                    <img decoding=\"async\" width=\"150\" height=\"150\" src=\"http:\/\/cyklista.com.pl\/wp-content\/uploads\/2026\/04\/20250921_125649-1536x692-1-150x150.jpg\" class=\"attachment-thumbnail size-thumbnail wp-post-image\" alt=\"\" title=\"\u017bniwa karpiowe\" srcset=\"http:\/\/cyklista.com.pl\/wp-content\/uploads\/2026\/04\/20250921_125649-1536x692-1-150x150.jpg 150w, http:\/\/cyklista.com.pl\/wp-content\/uploads\/2026\/04\/20250921_125649-1536x692-1-340x340.jpg 340w, http:\/\/cyklista.com.pl\/wp-content\/uploads\/2026\/04\/20250921_125649-1536x692-1-450x450.jpg 450w, http:\/\/cyklista.com.pl\/wp-content\/uploads\/2026\/04\/20250921_125649-1536x692-1-650x650.jpg 650w\" sizes=\"(max-width: 150px) 100vw, 150px\" \/>\r\n\t\t            \t\t                            <\/div>\r\n\r\n            <\/div>\r\n        \r\n        <div class=\"content-wrapper\">\r\n\t                            <h4 class=\"post-title\">\r\n                <a href=\"http:\/\/cyklista.com.pl\/index.php\/2025\/10\/07\/zniwa-karpiowe\/\" class=\"title-animation-default\" title=\"\u017bniwa karpiowe\">\r\n            \u017bniwa karpiowe        <\/a>\r\n        <\/h4>\r\n                    <div class=\"meta-wrapper\">\r\n                        <div class=\"post-author-wrapper\">\r\n\t\t\t            <div class=\"author-wrapper\">\r\n                <div class=\"author-meta\">\r\n\t\t                                <a href=\"http:\/\/cyklista.com.pl\/index.php\/author\/administrator\/\">\r\n\t\t\t            administrator                    <\/a>\r\n                <\/div>\r\n                            <\/div>\r\n        <\/div>\r\n\t\t                        <div class=\"date-wrapper date-inline\">\r\n                        <span class=\"date\">\r\n                2025-10-07            <\/span>\r\n        <\/div>\r\n                                                                    <\/div>\r\n                                <\/div>\r\n    <\/article>\r\n<\/div><div class=\"post-item\">\r\n    <article class=\"post-wrapper\">\r\n        \t    \r\n\t    \r\n                    <div class=\"image-outer-wrapper\">\r\n\r\n\t            \r\n\t            \r\n                <div class=\"image-wrapper\">\r\n                    <a class=\"rivax-position-cover\" href=\"http:\/\/cyklista.com.pl\/index.php\/2025\/07\/31\/rajd-kety\/\" aria-label=\"Item Link\"><\/a>\r\n                    <img loading=\"lazy\" decoding=\"async\" width=\"150\" height=\"150\" src=\"http:\/\/cyklista.com.pl\/wp-content\/uploads\/2026\/04\/kolejny-wieczor-grill-900x444-2-150x150.jpeg\" class=\"attachment-thumbnail size-thumbnail wp-post-image\" alt=\"\" title=\"Rajd K\u0119ty\" srcset=\"http:\/\/cyklista.com.pl\/wp-content\/uploads\/2026\/04\/kolejny-wieczor-grill-900x444-2-150x150.jpeg 150w, http:\/\/cyklista.com.pl\/wp-content\/uploads\/2026\/04\/kolejny-wieczor-grill-900x444-2-340x340.jpeg 340w, http:\/\/cyklista.com.pl\/wp-content\/uploads\/2026\/04\/kolejny-wieczor-grill-900x444-2-450x450.jpeg 450w, http:\/\/cyklista.com.pl\/wp-content\/uploads\/2026\/04\/kolejny-wieczor-grill-900x444-2-650x650.jpeg 650w\" sizes=\"(max-width: 150px) 100vw, 150px\" \/>\r\n\t\t            \t\t                            <\/div>\r\n\r\n            <\/div>\r\n        \r\n        <div class=\"content-wrapper\">\r\n\t                            <h4 class=\"post-title\">\r\n                <a href=\"http:\/\/cyklista.com.pl\/index.php\/2025\/07\/31\/rajd-kety\/\" class=\"title-animation-default\" title=\"Rajd K\u0119ty\">\r\n            Rajd K\u0119ty        <\/a>\r\n        <\/h4>\r\n                    <div class=\"meta-wrapper\">\r\n                        <div class=\"post-author-wrapper\">\r\n\t\t\t            <div class=\"author-wrapper\">\r\n                <div class=\"author-meta\">\r\n\t\t                                <a href=\"http:\/\/cyklista.com.pl\/index.php\/author\/administrator\/\">\r\n\t\t\t            administrator                    <\/a>\r\n                <\/div>\r\n                            <\/div>\r\n        <\/div>\r\n\t\t                        <div class=\"date-wrapper date-inline\">\r\n                        <span class=\"date\">\r\n                2025-07-31            <\/span>\r\n        <\/div>\r\n                                                                    <\/div>\r\n                                <\/div>\r\n    <\/article>\r\n<\/div><div class=\"post-item\">\r\n    <article class=\"post-wrapper\">\r\n        \t    \r\n\t    \r\n                    <div class=\"image-outer-wrapper\">\r\n\r\n\t            \r\n\t            \r\n                <div class=\"image-wrapper\">\r\n                    <a class=\"rivax-position-cover\" href=\"http:\/\/cyklista.com.pl\/index.php\/2025\/07\/31\/rajd-grunwald\/\" aria-label=\"Item Link\"><\/a>\r\n                    <img loading=\"lazy\" decoding=\"async\" width=\"150\" height=\"150\" src=\"http:\/\/cyklista.com.pl\/wp-content\/uploads\/2026\/04\/20250713_124444-1536x692-1-150x150.jpg\" class=\"attachment-thumbnail size-thumbnail wp-post-image\" alt=\"\" title=\"Rajd Grunwald\" srcset=\"http:\/\/cyklista.com.pl\/wp-content\/uploads\/2026\/04\/20250713_124444-1536x692-1-150x150.jpg 150w, http:\/\/cyklista.com.pl\/wp-content\/uploads\/2026\/04\/20250713_124444-1536x692-1-340x340.jpg 340w, http:\/\/cyklista.com.pl\/wp-content\/uploads\/2026\/04\/20250713_124444-1536x692-1-450x450.jpg 450w, http:\/\/cyklista.com.pl\/wp-content\/uploads\/2026\/04\/20250713_124444-1536x692-1-650x650.jpg 650w\" sizes=\"(max-width: 150px) 100vw, 150px\" \/>\r\n\t\t            \t\t                            <\/div>\r\n\r\n            <\/div>\r\n        \r\n        <div class=\"content-wrapper\">\r\n\t                            <h4 class=\"post-title\">\r\n                <a href=\"http:\/\/cyklista.com.pl\/index.php\/2025\/07\/31\/rajd-grunwald\/\" class=\"title-animation-default\" title=\"Rajd Grunwald\">\r\n            Rajd Grunwald        <\/a>\r\n        <\/h4>\r\n                    <div class=\"meta-wrapper\">\r\n                        <div class=\"post-author-wrapper\">\r\n\t\t\t            <div class=\"author-wrapper\">\r\n                <div class=\"author-meta\">\r\n\t\t                                <a href=\"http:\/\/cyklista.com.pl\/index.php\/author\/administrator\/\">\r\n\t\t\t            administrator                    <\/a>\r\n                <\/div>\r\n                            <\/div>\r\n        <\/div>\r\n\t\t                        <div class=\"date-wrapper date-inline\">\r\n                        <span class=\"date\">\r\n                2025-07-31            <\/span>\r\n        <\/div>\r\n                                                                    <\/div>\r\n                                <\/div>\r\n    <\/article>\r\n<\/div><div class=\"post-item\">\r\n    <article class=\"post-wrapper\">\r\n        \t    \r\n\t    \r\n                    <div class=\"image-outer-wrapper\">\r\n\r\n\t            \r\n\t            \r\n                <div class=\"image-wrapper\">\r\n                    <a class=\"rivax-position-cover\" href=\"http:\/\/cyklista.com.pl\/index.php\/2025\/07\/03\/rowerem-przez-pokolenia-rodzinny-rajd-rowerowy-w-przeciszowie-21-czerwiec-2025\/\" aria-label=\"Item Link\"><\/a>\r\n                    <img loading=\"lazy\" decoding=\"async\" width=\"150\" height=\"150\" src=\"http:\/\/cyklista.com.pl\/wp-content\/uploads\/2026\/04\/DSC_0206_Easy-Resize.com_-900x444-1-150x150.jpg\" class=\"attachment-thumbnail size-thumbnail wp-post-image\" alt=\"\" title=\"Rowerem przez pokolenia \u2013 Rodzinny Rajd Rowerowy w Przeciszowie \u2013 21 czerwiec 2025\" srcset=\"http:\/\/cyklista.com.pl\/wp-content\/uploads\/2026\/04\/DSC_0206_Easy-Resize.com_-900x444-1-150x150.jpg 150w, http:\/\/cyklista.com.pl\/wp-content\/uploads\/2026\/04\/DSC_0206_Easy-Resize.com_-900x444-1-340x340.jpg 340w\" sizes=\"(max-width: 150px) 100vw, 150px\" \/>\r\n\t\t            \t\t                            <\/div>\r\n\r\n            <\/div>\r\n        \r\n        <div class=\"content-wrapper\">\r\n\t                            <h4 class=\"post-title\">\r\n                <a href=\"http:\/\/cyklista.com.pl\/index.php\/2025\/07\/03\/rowerem-przez-pokolenia-rodzinny-rajd-rowerowy-w-przeciszowie-21-czerwiec-2025\/\" class=\"title-animation-default\" title=\"Rowerem przez pokolenia \u2013 Rodzinny Rajd Rowerowy w Przeciszowie \u2013 21 czerwiec 2025\">\r\n            Rowerem przez pokolenia \u2013 Rodzinny Rajd Rowerowy w Przeciszowie \u2013 21 czerwiec 2025        <\/a>\r\n        <\/h4>\r\n                    <div class=\"meta-wrapper\">\r\n                        <div class=\"post-author-wrapper\">\r\n\t\t\t            <div class=\"author-wrapper\">\r\n                <div class=\"author-meta\">\r\n\t\t                                <a href=\"http:\/\/cyklista.com.pl\/index.php\/author\/administrator\/\">\r\n\t\t\t            administrator                    <\/a>\r\n                <\/div>\r\n                            <\/div>\r\n        <\/div>\r\n\t\t                        <div class=\"date-wrapper date-inline\">\r\n                        <span class=\"date\">\r\n                2025-07-03            <\/span>\r\n        <\/div>\r\n                                                                    <\/div>\r\n                                <\/div>\r\n    <\/article>\r\n<\/div><div class=\"post-item\">\r\n    <article class=\"post-wrapper\">\r\n        \t    \r\n\t    \r\n                    <div class=\"image-outer-wrapper\">\r\n\r\n\t            \r\n\t            \r\n                <div class=\"image-wrapper\">\r\n                    <a class=\"rivax-position-cover\" href=\"http:\/\/cyklista.com.pl\/index.php\/2025\/07\/01\/kaszuby-2025\/\" aria-label=\"Item Link\"><\/a>\r\n                    <img loading=\"lazy\" decoding=\"async\" width=\"150\" height=\"150\" src=\"http:\/\/cyklista.com.pl\/wp-content\/uploads\/2026\/04\/Wdzydze-Park-Krajobrazowy-900x444-1-150x150.jpeg\" class=\"attachment-thumbnail size-thumbnail wp-post-image\" alt=\"\" title=\"Kaszuby 2025\" srcset=\"http:\/\/cyklista.com.pl\/wp-content\/uploads\/2026\/04\/Wdzydze-Park-Krajobrazowy-900x444-1-150x150.jpeg 150w, http:\/\/cyklista.com.pl\/wp-content\/uploads\/2026\/04\/Wdzydze-Park-Krajobrazowy-900x444-1-340x340.jpeg 340w\" sizes=\"(max-width: 150px) 100vw, 150px\" \/>\r\n\t\t            \t\t                            <\/div>\r\n\r\n            <\/div>\r\n        \r\n        <div class=\"content-wrapper\">\r\n\t                            <h4 class=\"post-title\">\r\n                <a href=\"http:\/\/cyklista.com.pl\/index.php\/2025\/07\/01\/kaszuby-2025\/\" class=\"title-animation-default\" title=\"Kaszuby 2025\">\r\n            Kaszuby 2025        <\/a>\r\n        <\/h4>\r\n                    <div class=\"meta-wrapper\">\r\n                        <div class=\"post-author-wrapper\">\r\n\t\t\t            <div class=\"author-wrapper\">\r\n                <div class=\"author-meta\">\r\n\t\t                                <a href=\"http:\/\/cyklista.com.pl\/index.php\/author\/administrator\/\">\r\n\t\t\t            administrator                    <\/a>\r\n                <\/div>\r\n                            <\/div>\r\n        <\/div>\r\n\t\t                        <div class=\"date-wrapper date-inline\">\r\n                        <span class=\"date\">\r\n                2025-07-01            <\/span>\r\n        <\/div>\r\n                                                                    <\/div>\r\n                                <\/div>\r\n    <\/article>\r\n<\/div><div class=\"post-item\">\r\n    <article class=\"post-wrapper\">\r\n        \t    \r\n\t    \r\n        \r\n        <div class=\"content-wrapper\">\r\n\t                            <h4 class=\"post-title\">\r\n                <a href=\"http:\/\/cyklista.com.pl\/index.php\/2025\/05\/14\/walne-zgromadzenie-czlonkow\/\" class=\"title-animation-default\" title=\"Walne Zgromadzenie Cz\u0142onk\u00f3w\">\r\n            Walne Zgromadzenie Cz\u0142onk\u00f3w        <\/a>\r\n        <\/h4>\r\n                    <div class=\"meta-wrapper\">\r\n                        <div class=\"post-author-wrapper\">\r\n\t\t\t            <div class=\"author-wrapper\">\r\n                <div class=\"author-meta\">\r\n\t\t                                <a href=\"http:\/\/cyklista.com.pl\/index.php\/author\/administrator\/\">\r\n\t\t\t            administrator                    <\/a>\r\n                <\/div>\r\n                            <\/div>\r\n        <\/div>\r\n\t\t                        <div class=\"date-wrapper date-inline\">\r\n                        <span class=\"date\">\r\n                2025-05-14            <\/span>\r\n        <\/div>\r\n                                                                    <\/div>\r\n                                <\/div>\r\n    <\/article>\r\n<\/div><div class=\"post-item\">\r\n    <article class=\"post-wrapper\">\r\n        \t    \r\n\t    \r\n                    <div class=\"image-outer-wrapper\">\r\n\r\n\t            \r\n\t            \r\n                <div class=\"image-wrapper\">\r\n                    <a class=\"rivax-position-cover\" href=\"http:\/\/cyklista.com.pl\/index.php\/2025\/05\/13\/rodzinny-rajd-rowerowy-w-przeciszowie\/\" aria-label=\"Item Link\"><\/a>\r\n                    <img loading=\"lazy\" decoding=\"async\" width=\"150\" height=\"150\" src=\"http:\/\/cyklista.com.pl\/wp-content\/uploads\/2026\/04\/rpr_plakat2025-scaled-900x444-1-150x150.jpg\" class=\"attachment-thumbnail size-thumbnail wp-post-image\" alt=\"\" title=\"Rodzinny Rajd Rowerowy w Przeciszowie\" srcset=\"http:\/\/cyklista.com.pl\/wp-content\/uploads\/2026\/04\/rpr_plakat2025-scaled-900x444-1-150x150.jpg 150w, http:\/\/cyklista.com.pl\/wp-content\/uploads\/2026\/04\/rpr_plakat2025-scaled-900x444-1-340x340.jpg 340w\" sizes=\"(max-width: 150px) 100vw, 150px\" \/>\r\n\t\t            \t\t                            <\/div>\r\n\r\n            <\/div>\r\n        \r\n        <div class=\"content-wrapper\">\r\n\t                            <h4 class=\"post-title\">\r\n                <a href=\"http:\/\/cyklista.com.pl\/index.php\/2025\/05\/13\/rodzinny-rajd-rowerowy-w-przeciszowie\/\" class=\"title-animation-default\" title=\"Rodzinny Rajd Rowerowy w Przeciszowie\">\r\n            Rodzinny Rajd Rowerowy w Przeciszowie        <\/a>\r\n        <\/h4>\r\n                    <div class=\"meta-wrapper\">\r\n                        <div class=\"post-author-wrapper\">\r\n\t\t\t            <div class=\"author-wrapper\">\r\n                <div class=\"author-meta\">\r\n\t\t                                <a href=\"http:\/\/cyklista.com.pl\/index.php\/author\/administrator\/\">\r\n\t\t\t            administrator                    <\/a>\r\n                <\/div>\r\n                            <\/div>\r\n        <\/div>\r\n\t\t                        <div class=\"date-wrapper date-inline\">\r\n                        <span class=\"date\">\r\n                2025-05-13            <\/span>\r\n        <\/div>\r\n                                                                    <\/div>\r\n                                <\/div>\r\n    <\/article>\r\n<\/div><div class=\"post-item\">\r\n    <article class=\"post-wrapper\">\r\n        \t    \r\n\t    \r\n                    <div class=\"image-outer-wrapper\">\r\n\r\n\t            \r\n\t            \r\n                <div class=\"image-wrapper\">\r\n                    <a class=\"rivax-position-cover\" href=\"http:\/\/cyklista.com.pl\/index.php\/2025\/05\/06\/majowy-weekend-2025\/\" aria-label=\"Item Link\"><\/a>\r\n                    <img loading=\"lazy\" decoding=\"async\" width=\"150\" height=\"150\" src=\"http:\/\/cyklista.com.pl\/wp-content\/uploads\/2026\/04\/obraz_2025-05-04_120640916-900x444-1-150x150.png\" class=\"attachment-thumbnail size-thumbnail wp-post-image\" alt=\"\" title=\"Majowy weekend 2025\" srcset=\"http:\/\/cyklista.com.pl\/wp-content\/uploads\/2026\/04\/obraz_2025-05-04_120640916-900x444-1-150x150.png 150w, http:\/\/cyklista.com.pl\/wp-content\/uploads\/2026\/04\/obraz_2025-05-04_120640916-900x444-1-340x340.png 340w\" sizes=\"(max-width: 150px) 100vw, 150px\" \/>\r\n\t\t            \t\t                            <\/div>\r\n\r\n            <\/div>\r\n        \r\n        <div class=\"content-wrapper\">\r\n\t                            <h4 class=\"post-title\">\r\n                <a href=\"http:\/\/cyklista.com.pl\/index.php\/2025\/05\/06\/majowy-weekend-2025\/\" class=\"title-animation-default\" title=\"Majowy weekend 2025\">\r\n            Majowy weekend 2025        <\/a>\r\n        <\/h4>\r\n                    <div class=\"meta-wrapper\">\r\n                        <div class=\"post-author-wrapper\">\r\n\t\t\t            <div class=\"author-wrapper\">\r\n                <div class=\"author-meta\">\r\n\t\t                                <a href=\"http:\/\/cyklista.com.pl\/index.php\/author\/administrator\/\">\r\n\t\t\t            administrator                    <\/a>\r\n                <\/div>\r\n                            <\/div>\r\n        <\/div>\r\n\t\t                        <div class=\"date-wrapper date-inline\">\r\n                        <span class=\"date\">\r\n                2025-05-06            <\/span>\r\n        <\/div>\r\n                                                                    <\/div>\r\n                                <\/div>\r\n    <\/article>\r\n<\/div><div class=\"post-item\">\r\n    <article class=\"post-wrapper\">\r\n        \t    \r\n\t    \r\n                    <div class=\"image-outer-wrapper\">\r\n\r\n\t            \r\n\t            \r\n                <div class=\"image-wrapper\">\r\n                    <a class=\"rivax-position-cover\" href=\"http:\/\/cyklista.com.pl\/index.php\/2025\/04\/15\/rajd-wielkanocny\/\" aria-label=\"Item Link\"><\/a>\r\n                    <img loading=\"lazy\" decoding=\"async\" width=\"150\" height=\"150\" src=\"http:\/\/cyklista.com.pl\/wp-content\/uploads\/2026\/04\/Rajd-W.-1536x864-1-150x150.jpeg\" class=\"attachment-thumbnail size-thumbnail wp-post-image\" alt=\"\" title=\"Rajd Wielkanocny\" srcset=\"http:\/\/cyklista.com.pl\/wp-content\/uploads\/2026\/04\/Rajd-W.-1536x864-1-150x150.jpeg 150w, http:\/\/cyklista.com.pl\/wp-content\/uploads\/2026\/04\/Rajd-W.-1536x864-1-340x340.jpeg 340w, http:\/\/cyklista.com.pl\/wp-content\/uploads\/2026\/04\/Rajd-W.-1536x864-1-450x450.jpeg 450w, http:\/\/cyklista.com.pl\/wp-content\/uploads\/2026\/04\/Rajd-W.-1536x864-1-650x650.jpeg 650w\" sizes=\"(max-width: 150px) 100vw, 150px\" \/>\r\n\t\t            \t\t                            <\/div>\r\n\r\n            <\/div>\r\n        \r\n        <div class=\"content-wrapper\">\r\n\t                            <h4 class=\"post-title\">\r\n                <a href=\"http:\/\/cyklista.com.pl\/index.php\/2025\/04\/15\/rajd-wielkanocny\/\" class=\"title-animation-default\" title=\"Rajd Wielkanocny\">\r\n            Rajd Wielkanocny        <\/a>\r\n        <\/h4>\r\n                    <div class=\"meta-wrapper\">\r\n                        <div class=\"post-author-wrapper\">\r\n\t\t\t            <div class=\"author-wrapper\">\r\n                <div class=\"author-meta\">\r\n\t\t                                <a href=\"http:\/\/cyklista.com.pl\/index.php\/author\/administrator\/\">\r\n\t\t\t            administrator                    <\/a>\r\n                <\/div>\r\n                            <\/div>\r\n        <\/div>\r\n\t\t                        <div class=\"date-wrapper date-inline\">\r\n                        <span class=\"date\">\r\n                2025-04-15            <\/span>\r\n        <\/div>\r\n                                                                    <\/div>\r\n                                <\/div>\r\n    <\/article>\r\n<\/div><div class=\"post-item\">\r\n    <article class=\"post-wrapper\">\r\n        \t    \r\n\t    \r\n                    <div class=\"image-outer-wrapper\">\r\n\r\n\t            \r\n\t            \r\n                <div class=\"image-wrapper\">\r\n                    <a class=\"rivax-position-cover\" href=\"http:\/\/cyklista.com.pl\/index.php\/2025\/03\/31\/koszulki-rowerowe\/\" aria-label=\"Item Link\"><\/a>\r\n                    <img loading=\"lazy\" decoding=\"async\" width=\"150\" height=\"150\" src=\"http:\/\/cyklista.com.pl\/wp-content\/uploads\/2026\/04\/koszulka_coolmax-1-150x150.jpg\" class=\"attachment-thumbnail size-thumbnail wp-post-image\" alt=\"\" title=\"Koszulki rowerowe\" srcset=\"http:\/\/cyklista.com.pl\/wp-content\/uploads\/2026\/04\/koszulka_coolmax-1-150x150.jpg 150w, http:\/\/cyklista.com.pl\/wp-content\/uploads\/2026\/04\/koszulka_coolmax-1-340x340.jpg 340w\" sizes=\"(max-width: 150px) 100vw, 150px\" \/>\r\n\t\t            \t\t                            <\/div>\r\n\r\n            <\/div>\r\n        \r\n        <div class=\"content-wrapper\">\r\n\t                            <h4 class=\"post-title\">\r\n                <a href=\"http:\/\/cyklista.com.pl\/index.php\/2025\/03\/31\/koszulki-rowerowe\/\" class=\"title-animation-default\" title=\"Koszulki rowerowe\">\r\n            Koszulki rowerowe        <\/a>\r\n        <\/h4>\r\n                    <div class=\"meta-wrapper\">\r\n                        <div class=\"post-author-wrapper\">\r\n\t\t\t            <div class=\"author-wrapper\">\r\n                <div class=\"author-meta\">\r\n\t\t                                <a href=\"http:\/\/cyklista.com.pl\/index.php\/author\/administrator\/\">\r\n\t\t\t            administrator                    <\/a>\r\n                <\/div>\r\n                            <\/div>\r\n        <\/div>\r\n\t\t                        <div class=\"date-wrapper date-inline\">\r\n                        <span class=\"date\">\r\n                2025-03-31            <\/span>\r\n        <\/div>\r\n                                                                    <\/div>\r\n                                <\/div>\r\n    <\/article>\r\n<\/div><div class=\"post-item\">\r\n    <article class=\"post-wrapper\">\r\n        \t    \r\n\t    \r\n                    <div class=\"image-outer-wrapper\">\r\n\r\n\t            \r\n\t            \r\n                <div class=\"image-wrapper\">\r\n                    <a class=\"rivax-position-cover\" href=\"http:\/\/cyklista.com.pl\/index.php\/2025\/03\/25\/co-slychac-u-cyklistow\/\" aria-label=\"Item Link\"><\/a>\r\n                    <img loading=\"lazy\" decoding=\"async\" width=\"150\" height=\"150\" src=\"http:\/\/cyklista.com.pl\/wp-content\/uploads\/2026\/04\/20250823_113401-scaled-900x444-1-150x150.jpg\" class=\"attachment-thumbnail size-thumbnail wp-post-image\" alt=\"\" title=\"Co s\u0142ycha\u0107 u Cyklist\u00f3w\" srcset=\"http:\/\/cyklista.com.pl\/wp-content\/uploads\/2026\/04\/20250823_113401-scaled-900x444-1-150x150.jpg 150w, http:\/\/cyklista.com.pl\/wp-content\/uploads\/2026\/04\/20250823_113401-scaled-900x444-1-340x340.jpg 340w\" sizes=\"(max-width: 150px) 100vw, 150px\" \/>\r\n\t\t            \t\t                            <\/div>\r\n\r\n            <\/div>\r\n        \r\n        <div class=\"content-wrapper\">\r\n\t                            <h4 class=\"post-title\">\r\n                <a href=\"http:\/\/cyklista.com.pl\/index.php\/2025\/03\/25\/co-slychac-u-cyklistow\/\" class=\"title-animation-default\" title=\"Co s\u0142ycha\u0107 u Cyklist\u00f3w\">\r\n            Co s\u0142ycha\u0107 u Cyklist\u00f3w        <\/a>\r\n        <\/h4>\r\n                    <div class=\"meta-wrapper\">\r\n                        <div class=\"post-author-wrapper\">\r\n\t\t\t            <div class=\"author-wrapper\">\r\n                <div class=\"author-meta\">\r\n\t\t                                <a href=\"http:\/\/cyklista.com.pl\/index.php\/author\/administrator\/\">\r\n\t\t\t            administrator                    <\/a>\r\n                <\/div>\r\n                            <\/div>\r\n        <\/div>\r\n\t\t                        <div class=\"date-wrapper date-inline\">\r\n                        <span class=\"date\">\r\n                2025-03-25            <\/span>\r\n        <\/div>\r\n                                                                    <\/div>\r\n                                <\/div>\r\n    <\/article>\r\n<\/div><div class=\"post-item\">\r\n    <article class=\"post-wrapper\">\r\n        \t    \r\n\t    \r\n                    <div class=\"image-outer-wrapper\">\r\n\r\n\t            \r\n\t            \r\n                <div class=\"image-wrapper\">\r\n                    <a class=\"rivax-position-cover\" href=\"http:\/\/cyklista.com.pl\/index.php\/2025\/03\/12\/harmonogram-2025\/\" aria-label=\"Item Link\"><\/a>\r\n                    <img loading=\"lazy\" decoding=\"async\" width=\"150\" height=\"150\" src=\"http:\/\/cyklista.com.pl\/wp-content\/uploads\/2026\/04\/book-1750740_640-150x150.jpg\" class=\"attachment-thumbnail size-thumbnail wp-post-image\" alt=\"\" title=\"Harmonogram 2025\" srcset=\"http:\/\/cyklista.com.pl\/wp-content\/uploads\/2026\/04\/book-1750740_640-150x150.jpg 150w, http:\/\/cyklista.com.pl\/wp-content\/uploads\/2026\/04\/book-1750740_640-340x340.jpg 340w, http:\/\/cyklista.com.pl\/wp-content\/uploads\/2026\/04\/book-1750740_640-450x450.jpg 450w\" sizes=\"(max-width: 150px) 100vw, 150px\" \/>\r\n\t\t            \t\t                            <\/div>\r\n\r\n            <\/div>\r\n        \r\n        <div class=\"content-wrapper\">\r\n\t                            <h4 class=\"post-title\">\r\n                <a href=\"http:\/\/cyklista.com.pl\/index.php\/2025\/03\/12\/harmonogram-2025\/\" class=\"title-animation-default\" title=\"Harmonogram 2025\">\r\n            Harmonogram 2025        <\/a>\r\n        <\/h4>\r\n                    <div class=\"meta-wrapper\">\r\n                        <div class=\"post-author-wrapper\">\r\n\t\t\t            <div class=\"author-wrapper\">\r\n                <div class=\"author-meta\">\r\n\t\t                                <a href=\"http:\/\/cyklista.com.pl\/index.php\/author\/administrator\/\">\r\n\t\t\t            administrator                    <\/a>\r\n                <\/div>\r\n                            <\/div>\r\n        <\/div>\r\n\t\t                        <div class=\"date-wrapper date-inline\">\r\n                        <span class=\"date\">\r\n                2025-03-12            <\/span>\r\n        <\/div>\r\n                                                                    <\/div>\r\n                                <\/div>\r\n    <\/article>\r\n<\/div><div class=\"post-item\">\r\n    <article class=\"post-wrapper\">\r\n        \t    \r\n\t    \r\n                    <div class=\"image-outer-wrapper\">\r\n\r\n\t            \r\n\t            \r\n                <div class=\"image-wrapper\">\r\n                    <a class=\"rivax-position-cover\" href=\"http:\/\/cyklista.com.pl\/index.php\/2025\/03\/10\/czwartkowe-spotkania\/\" aria-label=\"Item Link\"><\/a>\r\n                    <img loading=\"lazy\" decoding=\"async\" width=\"150\" height=\"150\" src=\"http:\/\/cyklista.com.pl\/wp-content\/uploads\/2026\/04\/a493efaf-54dc-4b82-906e-cf25dad7a4bb-900x444-1-150x150.jpeg\" class=\"attachment-thumbnail size-thumbnail wp-post-image\" alt=\"\" title=\"CZWARTKOWE SPOTKANIA\" srcset=\"http:\/\/cyklista.com.pl\/wp-content\/uploads\/2026\/04\/a493efaf-54dc-4b82-906e-cf25dad7a4bb-900x444-1-150x150.jpeg 150w, http:\/\/cyklista.com.pl\/wp-content\/uploads\/2026\/04\/a493efaf-54dc-4b82-906e-cf25dad7a4bb-900x444-1-340x340.jpeg 340w\" sizes=\"(max-width: 150px) 100vw, 150px\" \/>\r\n\t\t            \t\t                            <\/div>\r\n\r\n            <\/div>\r\n        \r\n        <div class=\"content-wrapper\">\r\n\t                            <h4 class=\"post-title\">\r\n                <a href=\"http:\/\/cyklista.com.pl\/index.php\/2025\/03\/10\/czwartkowe-spotkania\/\" class=\"title-animation-default\" title=\"CZWARTKOWE SPOTKANIA\">\r\n            CZWARTKOWE SPOTKANIA        <\/a>\r\n        <\/h4>\r\n                    <div class=\"meta-wrapper\">\r\n                        <div class=\"post-author-wrapper\">\r\n\t\t\t            <div class=\"author-wrapper\">\r\n                <div class=\"author-meta\">\r\n\t\t                                <a href=\"http:\/\/cyklista.com.pl\/index.php\/author\/administrator\/\">\r\n\t\t\t            administrator                    <\/a>\r\n                <\/div>\r\n                            <\/div>\r\n        <\/div>\r\n\t\t                        <div class=\"date-wrapper date-inline\">\r\n                        <span class=\"date\">\r\n                2025-03-10            <\/span>\r\n        <\/div>\r\n                                                                    <\/div>\r\n                                <\/div>\r\n    <\/article>\r\n<\/div><div class=\"post-item\">\r\n    <article class=\"post-wrapper\">\r\n        \t    \r\n\t    \r\n                    <div class=\"image-outer-wrapper\">\r\n\r\n\t            \r\n\t            \r\n                <div class=\"image-wrapper\">\r\n                    <a class=\"rivax-position-cover\" href=\"http:\/\/cyklista.com.pl\/index.php\/2025\/02\/21\/1-5\/\" aria-label=\"Item Link\"><\/a>\r\n                    <img loading=\"lazy\" decoding=\"async\" width=\"150\" height=\"150\" src=\"http:\/\/cyklista.com.pl\/wp-content\/uploads\/2026\/04\/start-1536x692-1-150x150.jpeg\" class=\"attachment-thumbnail size-thumbnail wp-post-image\" alt=\"\" title=\"1.5%\" srcset=\"http:\/\/cyklista.com.pl\/wp-content\/uploads\/2026\/04\/start-1536x692-1-150x150.jpeg 150w, http:\/\/cyklista.com.pl\/wp-content\/uploads\/2026\/04\/start-1536x692-1-340x340.jpeg 340w, http:\/\/cyklista.com.pl\/wp-content\/uploads\/2026\/04\/start-1536x692-1-450x450.jpeg 450w, http:\/\/cyklista.com.pl\/wp-content\/uploads\/2026\/04\/start-1536x692-1-650x650.jpeg 650w\" sizes=\"(max-width: 150px) 100vw, 150px\" \/>\r\n\t\t            \t\t                            <\/div>\r\n\r\n            <\/div>\r\n        \r\n        <div class=\"content-wrapper\">\r\n\t                            <h4 class=\"post-title\">\r\n                <a href=\"http:\/\/cyklista.com.pl\/index.php\/2025\/02\/21\/1-5\/\" class=\"title-animation-default\" title=\"1.5%\">\r\n            1.5%        <\/a>\r\n        <\/h4>\r\n                    <div class=\"meta-wrapper\">\r\n                        <div class=\"post-author-wrapper\">\r\n\t\t\t            <div class=\"author-wrapper\">\r\n                <div class=\"author-meta\">\r\n\t\t                                <a href=\"http:\/\/cyklista.com.pl\/index.php\/author\/administrator\/\">\r\n\t\t\t            administrator                    <\/a>\r\n                <\/div>\r\n                            <\/div>\r\n        <\/div>\r\n\t\t                        <div class=\"date-wrapper date-inline\">\r\n                        <span class=\"date\">\r\n                2025-02-21            <\/span>\r\n        <\/div>\r\n                                                                    <\/div>\r\n                                <\/div>\r\n    <\/article>\r\n<\/div><div class=\"post-item\">\r\n    <article class=\"post-wrapper\">\r\n        \t    \r\n\t    \r\n                    <div class=\"image-outer-wrapper\">\r\n\r\n\t            \r\n\t            \r\n                <div class=\"image-wrapper\">\r\n                    <a class=\"rivax-position-cover\" href=\"http:\/\/cyklista.com.pl\/index.php\/2025\/02\/19\/walentynkowy-kulig\/\" aria-label=\"Item Link\"><\/a>\r\n                    <img loading=\"lazy\" decoding=\"async\" width=\"150\" height=\"150\" src=\"http:\/\/cyklista.com.pl\/wp-content\/uploads\/2026\/04\/WhatsApp-Image-2025-02-19-at-16.20.27-1-900x444-1-150x150.jpeg\" class=\"attachment-thumbnail size-thumbnail wp-post-image\" alt=\"\" title=\"Walentynkowy Kulig\" srcset=\"http:\/\/cyklista.com.pl\/wp-content\/uploads\/2026\/04\/WhatsApp-Image-2025-02-19-at-16.20.27-1-900x444-1-150x150.jpeg 150w, http:\/\/cyklista.com.pl\/wp-content\/uploads\/2026\/04\/WhatsApp-Image-2025-02-19-at-16.20.27-1-900x444-1-340x340.jpeg 340w\" sizes=\"(max-width: 150px) 100vw, 150px\" \/>\r\n\t\t            \t\t                            <\/div>\r\n\r\n            <\/div>\r\n        \r\n        <div class=\"content-wrapper\">\r\n\t                            <h4 class=\"post-title\">\r\n                <a href=\"http:\/\/cyklista.com.pl\/index.php\/2025\/02\/19\/walentynkowy-kulig\/\" class=\"title-animation-default\" title=\"Walentynkowy Kulig\">\r\n            Walentynkowy Kulig        <\/a>\r\n        <\/h4>\r\n                    <div class=\"meta-wrapper\">\r\n                        <div class=\"post-author-wrapper\">\r\n\t\t\t            <div class=\"author-wrapper\">\r\n                <div class=\"author-meta\">\r\n\t\t                                <a href=\"http:\/\/cyklista.com.pl\/index.php\/author\/administrator\/\">\r\n\t\t\t            administrator                    <\/a>\r\n                <\/div>\r\n                            <\/div>\r\n        <\/div>\r\n\t\t                        <div class=\"date-wrapper date-inline\">\r\n                        <span class=\"date\">\r\n                2025-02-19            <\/span>\r\n        <\/div>\r\n                                                                    <\/div>\r\n                                <\/div>\r\n    <\/article>\r\n<\/div><div class=\"post-item\">\r\n    <article class=\"post-wrapper\">\r\n        \t    \r\n\t    \r\n                    <div class=\"image-outer-wrapper\">\r\n\r\n\t            \r\n\t            \r\n                <div class=\"image-wrapper\">\r\n                    <a class=\"rivax-position-cover\" href=\"http:\/\/cyklista.com.pl\/index.php\/2020\/04\/04\/2556\/\" aria-label=\"Item Link\"><\/a>\r\n                    <img loading=\"lazy\" decoding=\"async\" width=\"150\" height=\"150\" src=\"http:\/\/cyklista.com.pl\/wp-content\/uploads\/2026\/03\/CYKLISTA-2-150x150.png\" class=\"attachment-thumbnail size-thumbnail wp-post-image\" alt=\"\" title=\"\" srcset=\"http:\/\/cyklista.com.pl\/wp-content\/uploads\/2026\/03\/CYKLISTA-2-150x150.png 150w, http:\/\/cyklista.com.pl\/wp-content\/uploads\/2026\/03\/CYKLISTA-2-340x340.png 340w, http:\/\/cyklista.com.pl\/wp-content\/uploads\/2026\/03\/CYKLISTA-2-450x450.png 450w\" sizes=\"(max-width: 150px) 100vw, 150px\" \/>\r\n\t\t            \t\t                            <\/div>\r\n\r\n            <\/div>\r\n        \r\n        <div class=\"content-wrapper\">\r\n\t                            <h4 class=\"post-title\">\r\n                <a href=\"http:\/\/cyklista.com.pl\/index.php\/2020\/04\/04\/2556\/\" class=\"title-animation-default\" title=\"\">\r\n                    <\/a>\r\n        <\/h4>\r\n                    <div class=\"meta-wrapper\">\r\n                        <div class=\"post-author-wrapper\">\r\n\t\t\t            <div class=\"author-wrapper\">\r\n                <div class=\"author-meta\">\r\n\t\t                                <a href=\"http:\/\/cyklista.com.pl\/index.php\/author\/administrator\/\">\r\n\t\t\t            administrator                    <\/a>\r\n                <\/div>\r\n                            <\/div>\r\n        <\/div>\r\n\t\t                        <div class=\"date-wrapper date-inline\">\r\n                        <span class=\"date\">\r\n                2020-04-04            <\/span>\r\n        <\/div>\r\n                                                                    <\/div>\r\n                                <\/div>\r\n    <\/article>\r\n<\/div><div class=\"post-item\">\r\n    <article class=\"post-wrapper\">\r\n        \t    \r\n\t    \r\n                    <div class=\"image-outer-wrapper\">\r\n\r\n\t            \r\n\t            \r\n                <div class=\"image-wrapper\">\r\n                    <a class=\"rivax-position-cover\" href=\"http:\/\/cyklista.com.pl\/index.php\/2020\/04\/04\/2554\/\" aria-label=\"Item Link\"><\/a>\r\n                    <img loading=\"lazy\" decoding=\"async\" width=\"150\" height=\"150\" src=\"http:\/\/cyklista.com.pl\/wp-content\/uploads\/2026\/03\/CYKLISTA-3-150x150.png\" class=\"attachment-thumbnail size-thumbnail wp-post-image\" alt=\"\" title=\"\" srcset=\"http:\/\/cyklista.com.pl\/wp-content\/uploads\/2026\/03\/CYKLISTA-3-150x150.png 150w, http:\/\/cyklista.com.pl\/wp-content\/uploads\/2026\/03\/CYKLISTA-3-340x340.png 340w, http:\/\/cyklista.com.pl\/wp-content\/uploads\/2026\/03\/CYKLISTA-3-450x450.png 450w\" sizes=\"(max-width: 150px) 100vw, 150px\" \/>\r\n\t\t            \t\t                            <\/div>\r\n\r\n            <\/div>\r\n        \r\n        <div class=\"content-wrapper\">\r\n\t                            <h4 class=\"post-title\">\r\n                <a href=\"http:\/\/cyklista.com.pl\/index.php\/2020\/04\/04\/2554\/\" class=\"title-animation-default\" title=\"\">\r\n                    <\/a>\r\n        <\/h4>\r\n                    <div class=\"meta-wrapper\">\r\n                        <div class=\"post-author-wrapper\">\r\n\t\t\t            <div class=\"author-wrapper\">\r\n                <div class=\"author-meta\">\r\n\t\t                                <a href=\"http:\/\/cyklista.com.pl\/index.php\/author\/administrator\/\">\r\n\t\t\t            administrator                    <\/a>\r\n                <\/div>\r\n                            <\/div>\r\n        <\/div>\r\n\t\t                        <div class=\"date-wrapper date-inline\">\r\n                        <span class=\"date\">\r\n                2020-04-04            <\/span>\r\n        <\/div>\r\n                                                                    <\/div>\r\n                                <\/div>\r\n    <\/article>\r\n<\/div><div class=\"post-item\">\r\n    <article class=\"post-wrapper\">\r\n        \t    \r\n\t    \r\n                    <div class=\"image-outer-wrapper\">\r\n\r\n\t            \r\n\t            \r\n                <div class=\"image-wrapper\">\r\n                    <a class=\"rivax-position-cover\" href=\"http:\/\/cyklista.com.pl\/index.php\/2020\/04\/04\/2552\/\" aria-label=\"Item Link\"><\/a>\r\n                    <img loading=\"lazy\" decoding=\"async\" width=\"150\" height=\"150\" src=\"http:\/\/cyklista.com.pl\/wp-content\/uploads\/2026\/03\/CYKLISTA-4-150x150.png\" class=\"attachment-thumbnail size-thumbnail wp-post-image\" alt=\"\" title=\"\" srcset=\"http:\/\/cyklista.com.pl\/wp-content\/uploads\/2026\/03\/CYKLISTA-4-150x150.png 150w, http:\/\/cyklista.com.pl\/wp-content\/uploads\/2026\/03\/CYKLISTA-4-340x340.png 340w, http:\/\/cyklista.com.pl\/wp-content\/uploads\/2026\/03\/CYKLISTA-4-450x450.png 450w\" sizes=\"(max-width: 150px) 100vw, 150px\" \/>\r\n\t\t            \t\t                            <\/div>\r\n\r\n            <\/div>\r\n        \r\n        <div class=\"content-wrapper\">\r\n\t                            <h4 class=\"post-title\">\r\n                <a href=\"http:\/\/cyklista.com.pl\/index.php\/2020\/04\/04\/2552\/\" class=\"title-animation-default\" title=\"\">\r\n                    <\/a>\r\n        <\/h4>\r\n                    <div class=\"meta-wrapper\">\r\n                        <div class=\"post-author-wrapper\">\r\n\t\t\t            <div class=\"author-wrapper\">\r\n                <div class=\"author-meta\">\r\n\t\t                                <a href=\"http:\/\/cyklista.com.pl\/index.php\/author\/administrator\/\">\r\n\t\t\t            administrator                    <\/a>\r\n                <\/div>\r\n                            <\/div>\r\n        <\/div>\r\n\t\t                        <div class=\"date-wrapper date-inline\">\r\n                        <span class=\"date\">\r\n                2020-04-04            <\/span>\r\n        <\/div>\r\n                                                                    <\/div>\r\n                                <\/div>\r\n    <\/article>\r\n<\/div><div class=\"post-item\">\r\n    <article class=\"post-wrapper\">\r\n        \t    \r\n\t    \r\n                    <div class=\"image-outer-wrapper\">\r\n\r\n\t            \r\n\t            \r\n                <div class=\"image-wrapper\">\r\n                    <a class=\"rivax-position-cover\" href=\"http:\/\/cyklista.com.pl\/index.php\/2020\/03\/31\/witaj-swiecie\/\" aria-label=\"Item Link\"><\/a>\r\n                    <img loading=\"lazy\" decoding=\"async\" width=\"150\" height=\"150\" src=\"http:\/\/cyklista.com.pl\/wp-content\/uploads\/2026\/03\/CYKLISTA-150x150.png\" class=\"attachment-thumbnail size-thumbnail wp-post-image\" alt=\"\" title=\"\" srcset=\"http:\/\/cyklista.com.pl\/wp-content\/uploads\/2026\/03\/CYKLISTA-150x150.png 150w, http:\/\/cyklista.com.pl\/wp-content\/uploads\/2026\/03\/CYKLISTA-340x340.png 340w, http:\/\/cyklista.com.pl\/wp-content\/uploads\/2026\/03\/CYKLISTA-450x450.png 450w\" sizes=\"(max-width: 150px) 100vw, 150px\" \/>\r\n\t\t            \t\t                            <\/div>\r\n\r\n            <\/div>\r\n        \r\n        <div class=\"content-wrapper\">\r\n\t                            <h4 class=\"post-title\">\r\n                <a href=\"http:\/\/cyklista.com.pl\/index.php\/2020\/03\/31\/witaj-swiecie\/\" class=\"title-animation-default\" title=\"\">\r\n                    <\/a>\r\n        <\/h4>\r\n                    <div class=\"meta-wrapper\">\r\n                        <div class=\"post-author-wrapper\">\r\n\t\t\t            <div class=\"author-wrapper\">\r\n                <div class=\"author-meta\">\r\n\t\t                                <a href=\"http:\/\/cyklista.com.pl\/index.php\/author\/administrator\/\">\r\n\t\t\t            administrator                    <\/a>\r\n                <\/div>\r\n                            <\/div>\r\n        <\/div>\r\n\t\t                        <div class=\"date-wrapper date-inline\">\r\n                        <span class=\"date\">\r\n                2020-03-31            <\/span>\r\n        <\/div>\r\n                                                                    <\/div>\r\n                                <\/div>\r\n    <\/article>\r\n<\/div>            <\/div>\r\n    <\/div>\r\n\t\t\t\t<\/div>\n\t\t\t\t<\/div>\n\t\t\t\t\t<\/div>\n\t\t\t\t<\/div>\n\t\t\t\t<\/div>\n\t\t","protected":false},"excerpt":{"rendered":"<p>Test administrator 2026-04-04 administrator 2026-04-04 administrator 2026-04-04 administrator 2026-04-04 administrator 2026-03-31<\/p>\n","protected":false},"author":1,"featured_media":0,"parent":0,"menu_order":0,"comment_status":"closed","ping_status":"closed","template":"","meta":{"footnotes":""},"class_list":["post-2736","page","type-page","status-publish","hentry"],"_links":{"self":[{"href":"http:\/\/cyklista.com.pl\/index.php\/wp-json\/wp\/v2\/pages\/2736","targetHints":{"allow":["GET"]}}],"collection":[{"href":"http:\/\/cyklista.com.pl\/index.php\/wp-json\/wp\/v2\/pages"}],"about":[{"href":"http:\/\/cyklista.com.pl\/index.php\/wp-json\/wp\/v2\/types\/page"}],"author":[{"embeddable":true,"href":"http:\/\/cyklista.com.pl\/index.php\/wp-json\/wp\/v2\/users\/1"}],"replies":[{"embeddable":true,"href":"http:\/\/cyklista.com.pl\/index.php\/wp-json\/wp\/v2\/comments?post=2736"}],"version-history":[{"count":8,"href":"http:\/\/cyklista.com.pl\/index.php\/wp-json\/wp\/v2\/pages\/2736\/revisions"}],"predecessor-version":[{"id":2747,"href":"http:\/\/cyklista.com.pl\/index.php\/wp-json\/wp\/v2\/pages\/2736\/revisions\/2747"}],"wp:attachment":[{"href":"http:\/\/cyklista.com.pl\/index.php\/wp-json\/wp\/v2\/media?parent=2736"}],"curies":[{"name":"wp","href":"https:\/\/api.w.org\/{rel}","templated":true}]}}