{"id":373,"date":"2024-07-20T15:19:14","date_gmt":"2024-07-20T15:19:14","guid":{"rendered":"http:\/\/localhost\/seomag2\/?page_id=373"},"modified":"2026-04-04T19:46:15","modified_gmt":"2026-04-04T17:46:15","slug":"o-nas","status":"publish","type":"page","link":"http:\/\/cyklista.com.pl\/index.php\/o-nas\/","title":{"rendered":"O Nas"},"content":{"rendered":"\t\t<div data-elementor-type=\"wp-page\" data-elementor-id=\"373\" class=\"elementor elementor-373\">\n\t\t\t\t<div class=\"elementor-element elementor-element-1f229d2 e-flex e-con-boxed e-con e-parent\" data-id=\"1f229d2\" data-element_type=\"container\" data-e-type=\"container\">\n\t\t\t\t\t<div class=\"e-con-inner\">\n\t\t<div class=\"elementor-element elementor-element-981c2f8 e-flex e-con-boxed e-con e-child\" data-id=\"981c2f8\" data-element_type=\"container\" data-e-type=\"container\">\n\t\t\t\t\t<div class=\"e-con-inner\">\n\t\t\t\t<div class=\"elementor-element elementor-element-bae6a06 rivax-align-center elementor-widget__width-initial elementor-widget rivax-advanced-heading-widget\" data-id=\"bae6a06\" data-element_type=\"widget\" data-e-type=\"widget\" data-widget_type=\"rivax-advanced-heading.default\">\n\t\t\t\t<div class=\"elementor-widget-container\">\n\t\t\t\t\t\r\n<h2 class=\"rivax-advanced-heading-tag\">\r\n<span class=\"rivax-advanced-heading-wrap\" data-background-text=\"\">\r\n        <span class=\"rivax-advanced-heading-one\">Kilka s\u0142\u00f3w o nas<\/span>\r\n                <span class=\"rivax-advanced-heading-border\"><\/span>\r\n<\/span>\r\n<\/h2>\t\t\t\t<\/div>\n\t\t\t\t<\/div>\n\t\t\t\t<div class=\"elementor-element elementor-element-5ccd05c elementor-widget__width-initial elementor-widget elementor-widget-text-editor\" data-id=\"5ccd05c\" data-element_type=\"widget\" data-e-type=\"widget\" data-widget_type=\"text-editor.default\">\n\t\t\t\t\t\t\t\t\t<p>Jeste\u015bmy grup\u0105 ludzi w r\u00f3\u017cnym wieku, kt\u00f3rych \u0142\u0105czy wsp\u00f3lna pasja &#8211; jazda na rowerze. Naszym celem jest krzewienie zdrowego stylu \u017cycia, propagowanie aktywnego sp\u0119dzania czasu wolnego, turystyki i krajoznawstwa. Chcieliby\u015bmy zarazi\u0107 wszystkich cudownym sp\u0119dzeniem wolnego czasu jakim jest jazda na rowerze. Pokaza\u0107, \u017ce ka\u017cdy kilometr drogi pokonanej rowerem ma sw\u00f3j kolor, zapach i ci\u0119\u017car, \u017ce ka\u017cdy przejechany kilometr pozostawia po sobie niezatarty \u015blad. W czasach, kiedy tak wielu z nas przyzwyczai\u0142o si\u0119 do samochodu, chcemy pokaza\u0107, \u017ce mo\u017cna inaczej, z korzy\u015bci\u0105 dla naszego zdrowia, kondycji fizycznej i psychicznej, dla w\u0142asnej satysfakcji i prze\u017cycia prawdziwej przygody. Tych, kt\u00f3rzy s\u0105 niezdecydowani chcemy przekona\u0107 do tego, \u017ce rower to \u015bwietny wyb\u00f3r niezale\u017cnie od p\u0142ci, wieku, zajmowanego stanowiska czy zawarto\u015bci portfela. Tych, kt\u00f3rzy ju\u017c je\u017cd\u017c\u0105 chcemy zintegrowa\u0107 i pokaza\u0107, \u017ce w grupie os\u00f3b o podobnej pasji zawsze je\u017adzi si\u0119 ra\u017aniej, bezpieczniej i rodzi si\u0119 wi\u0119cej pomys\u0142\u00f3w. Na rowerze mo\u017cna je\u017adzi\u0107 w r\u00f3\u017cny spos\u00f3b. Na wycieczki jednodniowe, rodzinnie, na kilkudniowe rajdy, na wielodniowe wyprawy z pe\u0142nym ekwipunkiem na rowerowym baga\u017cniku. Mo\u017cna tak\u017ce je\u017adzi\u0107 sportowo, \u015bcigaj\u0105c si\u0119 z innymi, rzucaj\u0105c wyzwanie sobie i rywalom&#8230; Dlatego te\u017c spotykaj\u0105c innych ludzi o podobnym stylu jazdy rowerem mo\u017cna organizowa\u0107 si\u0119 w grupy aby wsp\u00f3lnie organizowa\u0107 aktywno\u015bci wed\u0142ug w\u0142asnych zainteresowa\u0144. Jeste\u015bmy tak\u017ce otwarci na propozycje wycieczek, wypraw czy imprez kt\u00f3re sprawi\u0105 \u017ce nasza spo\u0142ecznos\u0107 cyklist\u00f3w b\u0119dzie dawa\u0107 nam coraz wi\u0119cej satysfakcji<\/p>\t\t\t\t\t\t\t\t<\/div>\n\t\t\t\t<div class=\"elementor-element elementor-element-85b9d2f elementor-widget elementor-widget-image\" data-id=\"85b9d2f\" data-element_type=\"widget\" data-e-type=\"widget\" data-widget_type=\"image.default\">\n\t\t\t\t\t\t\t\t\t\t\t\t\t\t\t<img fetchpriority=\"high\" decoding=\"async\" width=\"1162\" height=\"600\" src=\"http:\/\/cyklista.com.pl\/wp-content\/uploads\/2026\/04\/20180715_130528.jpg\" class=\"attachment-full size-full wp-image-2570\" alt=\"\" srcset=\"http:\/\/cyklista.com.pl\/wp-content\/uploads\/2026\/04\/20180715_130528.jpg 1162w, http:\/\/cyklista.com.pl\/wp-content\/uploads\/2026\/04\/20180715_130528-300x155.jpg 300w, http:\/\/cyklista.com.pl\/wp-content\/uploads\/2026\/04\/20180715_130528-1024x529.jpg 1024w, http:\/\/cyklista.com.pl\/wp-content\/uploads\/2026\/04\/20180715_130528-768x397.jpg 768w, http:\/\/cyklista.com.pl\/wp-content\/uploads\/2026\/04\/20180715_130528-340x176.jpg 340w, http:\/\/cyklista.com.pl\/wp-content\/uploads\/2026\/04\/20180715_130528-450x232.jpg 450w\" sizes=\"(max-width: 1162px) 100vw, 1162px\" \/>\t\t\t\t\t\t\t\t\t\t\t\t\t\t\t<\/div>\n\t\t\t\t\t<\/div>\n\t\t\t\t<\/div>\n\t\t\t\t\t<\/div>\n\t\t\t\t<\/div>\n\t\t<div class=\"elementor-element elementor-element-9d3804f e-flex e-con-boxed e-con e-parent\" data-id=\"9d3804f\" data-element_type=\"container\" data-e-type=\"container\" data-settings=\"{&quot;background_background&quot;:&quot;classic&quot;}\">\n\t\t\t\t\t<div class=\"e-con-inner\">\n\t\t<div class=\"elementor-element elementor-element-6351036 e-con-full e-flex e-con e-child\" data-id=\"6351036\" data-element_type=\"container\" data-e-type=\"container\">\n\t\t\t\t<div class=\"elementor-element elementor-element-70b771e elementor-widget elementor-widget-heading\" data-id=\"70b771e\" data-element_type=\"widget\" data-e-type=\"widget\" data-widget_type=\"heading.default\">\n\t\t\t\t\t<h2 class=\"elementor-heading-title elementor-size-default\">Lato z rowerem<\/h2>\t\t\t\t<\/div>\n\t\t\t\t<div class=\"elementor-element elementor-element-84cffb3 elementor-widget__width-initial elementor-widget elementor-widget-text-editor\" data-id=\"84cffb3\" data-element_type=\"widget\" data-e-type=\"widget\" data-widget_type=\"text-editor.default\">\n\t\t\t\t\t\t\t\t\t<p>Najbardziej znan\u0105 akcj\u0105 jest &#8220;Lato z Rowerem&#8221; . S\u0105 to regularnie organizowane wycieczki w weekendy oraz dni wolne od pracy na dystansie \u015brednio od 30 do 80km. Ich celem jest przejazd spokojnym tempem w gronie ludzi kochaj\u0105cych jazd\u0119 rowerem po najciekawszysch zak\u0105tkach naszego regionu. W ten spos\u00f3b propagujemy zdrowy i aktywny tryb \u017cycia i zach\u0119camy wszystkich do jazdy na rowerze. Naszym celem jest pokazywa\u0107, i\u017c w niewielkiej odleg\u0142o\u015bci od naszego domu mo\u017cemy zobaczy\u0107 wiele ciekawych miejsc.<\/p>\t\t\t\t\t\t\t\t<\/div>\n\t\t\t\t<\/div>\n\t\t<div class=\"elementor-element elementor-element-4f71c68 e-con-full e-flex e-con e-child\" data-id=\"4f71c68\" data-element_type=\"container\" data-e-type=\"container\">\n\t\t\t\t\t\t\t\n\t\t<img class=\"e-image-base \" \n\t\t\t\t\tdata-interaction-id=\"c6d4c17\" \n\t\t \n\t\t \n\t\t\t\t\t\t\t\t\tid=\"2692\"\n\t\t\t\t\t\t\t\t\t\t\t\tsrc=\"http:\/\/cyklista.com.pl\/wp-content\/uploads\/2025\/12\/20220605_094654.jpg\"\n\t\t\t\t\t\t\t\t\t\t\t\twidth=\"1800\"\n\t\t\t\t\t\t\t\t\t\t\t\theight=\"1013\"\n\t\t\t\t\t\t\t\t\t\t\t\tsrcset=\"http:\/\/cyklista.com.pl\/wp-content\/uploads\/2025\/12\/20220605_094654.jpg 1800w, http:\/\/cyklista.com.pl\/wp-content\/uploads\/2025\/12\/20220605_094654-300x169.jpg 300w, http:\/\/cyklista.com.pl\/wp-content\/uploads\/2025\/12\/20220605_094654-1024x576.jpg 1024w, http:\/\/cyklista.com.pl\/wp-content\/uploads\/2025\/12\/20220605_094654-768x432.jpg 768w, http:\/\/cyklista.com.pl\/wp-content\/uploads\/2025\/12\/20220605_094654-1536x864.jpg 1536w, http:\/\/cyklista.com.pl\/wp-content\/uploads\/2025\/12\/20220605_094654-340x191.jpg 340w, http:\/\/cyklista.com.pl\/wp-content\/uploads\/2025\/12\/20220605_094654-450x253.jpg 450w\"\n\t\t\t\t\t\t\t\t\t\t\t\talt=\"\"\n\t\t\t\t\t\t\/>\n\t\t\t\t\t<\/div>\n\t\t\t\t\t<\/div>\n\t\t\t\t<\/div>\n\t\t<div class=\"elementor-element elementor-element-0989051 e-flex e-con-boxed e-con e-parent\" data-id=\"0989051\" data-element_type=\"container\" data-e-type=\"container\" data-settings=\"{&quot;background_background&quot;:&quot;classic&quot;}\">\n\t\t\t\t\t<div class=\"e-con-inner\">\n\t\t<div class=\"elementor-element elementor-element-95c4aa2 e-con-full e-flex e-con e-child\" data-id=\"95c4aa2\" data-element_type=\"container\" data-e-type=\"container\">\n\t\t\t\t<div class=\"elementor-element elementor-element-dcecb82 elementor-widget elementor-widget-heading\" data-id=\"dcecb82\" data-element_type=\"widget\" data-e-type=\"widget\" data-widget_type=\"heading.default\">\n\t\t\t\t\t<h2 class=\"elementor-heading-title elementor-size-default\">Wycieczki i wyprawy<\/h2>\t\t\t\t<\/div>\n\t\t\t\t<div class=\"elementor-element elementor-element-7205583 elementor-widget__width-initial elementor-widget elementor-widget-text-editor\" data-id=\"7205583\" data-element_type=\"widget\" data-e-type=\"widget\" data-widget_type=\"text-editor.default\">\n\t\t\t\t\t\t\t\t\t<p>Co roku systematycznie organizujemy kilku lub wielodniowe wyprawy rowerowe w r\u00f3\u017cne zak\u0105tki Polski i Europy. Na wyprawy z nami mo\u017ce pojecha\u0107 ka\u017cdy bez wzgl\u0119du na to czy jest cz\u0142onkim TTR Cyklista czy nie. Nasze wyprawy s\u0105 zr\u00f3\u017cnicowane, s\u0105 tak skonstruowane, aby ka\u017cdy m\u00f3g\u0142 wybra\u0107 co\u015b dla siebie. Organizujemy rajdy wielodniowe. Byli\u015bmy w Rzymie i Brukseli. Zorganizowali\u015bmy rajdy do polskich miast partnerskich w Europie: na Litw\u0119 (Poniewie\u017c), na Ukrain\u0119 (Sambor), na W\u0119gry (Berekfurdo). Do najbardziej udanych nale\u017ca\u0142y wyprawy na W\u0119gry, Bornholm, Litw\u0119, Ukrain\u0119, do Rzymu, do Brukseli. W latach poprzednich byli\u015bmy w Niemczech, Austrii, Czechach i Rumunii. W sezonie 2008 brali\u015bmy udzia\u0142 w ponad siedemdziesi\u0119ciu imprezach rowerowych, z czego po\u0142ow\u0119 zorganizowali\u015bmy samodzielnie, a w 2009 roku byli\u015bmy w Norwegii (fiordy) i na Bia\u0142orusi.<\/p>\t\t\t\t\t\t\t\t<\/div>\n\t\t\t\t<\/div>\n\t\t<div class=\"elementor-element elementor-element-e4645e9 e-con-full e-flex e-con e-child\" data-id=\"e4645e9\" data-element_type=\"container\" data-e-type=\"container\">\n\t\t\t\t\t\t\t\n\t\t<img class=\"e-image-base \" \n\t\t\t\t\tdata-interaction-id=\"4f3e994\" \n\t\t \n\t\t \n\t\t\t\t\t\t\t\t\tid=\"2710\"\n\t\t\t\t\t\t\t\t\t\t\t\tsrc=\"http:\/\/cyklista.com.pl\/wp-content\/uploads\/2025\/12\/20220502_155405.jpg\"\n\t\t\t\t\t\t\t\t\t\t\t\twidth=\"1600\"\n\t\t\t\t\t\t\t\t\t\t\t\theight=\"1200\"\n\t\t\t\t\t\t\t\t\t\t\t\tsrcset=\"http:\/\/cyklista.com.pl\/wp-content\/uploads\/2025\/12\/20220502_155405.jpg 1600w, http:\/\/cyklista.com.pl\/wp-content\/uploads\/2025\/12\/20220502_155405-300x225.jpg 300w, http:\/\/cyklista.com.pl\/wp-content\/uploads\/2025\/12\/20220502_155405-1024x768.jpg 1024w, http:\/\/cyklista.com.pl\/wp-content\/uploads\/2025\/12\/20220502_155405-768x576.jpg 768w, http:\/\/cyklista.com.pl\/wp-content\/uploads\/2025\/12\/20220502_155405-1536x1152.jpg 1536w, http:\/\/cyklista.com.pl\/wp-content\/uploads\/2025\/12\/20220502_155405-340x255.jpg 340w, http:\/\/cyklista.com.pl\/wp-content\/uploads\/2025\/12\/20220502_155405-450x338.jpg 450w\"\n\t\t\t\t\t\t\t\t\t\t\t\talt=\"\"\n\t\t\t\t\t\t\/>\n\t\t\t\t\t<\/div>\n\t\t\t\t\t<\/div>\n\t\t\t\t<\/div>\n\t\t<div class=\"elementor-element elementor-element-ed5f740 e-flex e-con-boxed e-con e-parent\" data-id=\"ed5f740\" data-element_type=\"container\" data-e-type=\"container\" data-settings=\"{&quot;background_background&quot;:&quot;classic&quot;}\">\n\t\t\t\t\t<div class=\"e-con-inner\">\n\t\t<div class=\"elementor-element elementor-element-3a65769 e-con-full e-flex e-con e-child\" data-id=\"3a65769\" data-element_type=\"container\" data-e-type=\"container\">\n\t\t\t\t<div class=\"elementor-element elementor-element-79d969f elementor-widget elementor-widget-heading\" data-id=\"79d969f\" data-element_type=\"widget\" data-e-type=\"widget\" data-widget_type=\"heading.default\">\n\t\t\t\t\t<h2 class=\"elementor-heading-title elementor-size-default\">Rodzinne Rajdy Rowerowe<\/h2>\t\t\t\t<\/div>\n\t\t\t\t<div class=\"elementor-element elementor-element-f78cc15 elementor-widget__width-initial elementor-widget elementor-widget-text-editor\" data-id=\"f78cc15\" data-element_type=\"widget\" data-e-type=\"widget\" data-widget_type=\"text-editor.default\">\n\t\t\t\t\t\t\t\t\t<p>Du\u017c\u0105 popularno\u015bci\u0105 ciesz\u0105 si\u0119\u00a0Rodzinne Rajdy Rowerowe organizowane w miastach Podbeskidzia. Bierzemy udzia\u0142 w wielu takich rajdach w miastach i wsiach naszego regionu, a tak\u017ce jeste\u015bmy organizatorem Rajdu Doliny Karpia Nie wa\u017cne, czy je\u017adzisz tylko weekendami, czy intensywnie eksplorujesz nasze okolice &#8211; ta strona jest w\u0142a\u015bnie dla Ciebie. Chcesz zosta\u0107 cz\u0119\u015bci\u0105 naszej rowerowej spo\u0142eczno\u015bci, wyruszy\u0107 z nami na rowerow\u0105 wycieczk\u0119, zapyta\u0107 o cokolwiek, przekaza\u0107 swoje opinie i uwagi czy zwyczajnie pogada\u0107 czekamy na telefon lub maila.<\/p>\t\t\t\t\t\t\t\t<\/div>\n\t\t\t\t<\/div>\n\t\t<div class=\"elementor-element elementor-element-93771d3 e-con-full e-flex e-con e-child\" data-id=\"93771d3\" data-element_type=\"container\" data-e-type=\"container\">\n\t\t\t\t\t\t\t\n\t\t<img class=\"e-image-base \" \n\t\t\t\t\tdata-interaction-id=\"b2c1cca\" \n\t\t \n\t\t \n\t\t\t\t\t\t\t\t\tid=\"2699\"\n\t\t\t\t\t\t\t\t\t\t\t\tsrc=\"http:\/\/cyklista.com.pl\/wp-content\/uploads\/2025\/12\/DSC_0023.jpg\"\n\t\t\t\t\t\t\t\t\t\t\t\twidth=\"1500\"\n\t\t\t\t\t\t\t\t\t\t\t\theight=\"1000\"\n\t\t\t\t\t\t\t\t\t\t\t\tsrcset=\"http:\/\/cyklista.com.pl\/wp-content\/uploads\/2025\/12\/DSC_0023.jpg 1500w, http:\/\/cyklista.com.pl\/wp-content\/uploads\/2025\/12\/DSC_0023-300x200.jpg 300w, http:\/\/cyklista.com.pl\/wp-content\/uploads\/2025\/12\/DSC_0023-1024x683.jpg 1024w, http:\/\/cyklista.com.pl\/wp-content\/uploads\/2025\/12\/DSC_0023-768x512.jpg 768w, http:\/\/cyklista.com.pl\/wp-content\/uploads\/2025\/12\/DSC_0023-340x227.jpg 340w, http:\/\/cyklista.com.pl\/wp-content\/uploads\/2025\/12\/DSC_0023-450x300.jpg 450w\"\n\t\t\t\t\t\t\t\t\t\t\t\talt=\"\"\n\t\t\t\t\t\t\/>\n\t\t\t\t\t<\/div>\n\t\t\t\t\t<\/div>\n\t\t\t\t<\/div>\n\t\t\t\t<div class=\"elementor-element elementor-element-b6206e4 e-con e-atomic-element e-flexbox-base\" data-id=\"b6206e4\" data-element_type=\"e-flexbox\" data-e-type=\"e-flexbox\" data-interaction-id=\"b6206e4\">\n\t\t\t\t<\/div>\n\t\t\t\t<\/div>\n\t\t","protected":false},"excerpt":{"rendered":"<p>Kilka s\u0142\u00f3w o nas Jeste\u015bmy grup\u0105 ludzi w r\u00f3\u017cnym wieku, kt\u00f3rych \u0142\u0105czy wsp\u00f3lna pasja &#8211; jazda na rowerze. Naszym celem jest krzewienie zdrowego stylu \u017cycia, propagowanie aktywnego sp\u0119dzania czasu wolnego, turystyki i krajoznawstwa. Chcieliby\u015bmy zarazi\u0107 wszystkich cudownym sp\u0119dzeniem wolnego czasu jakim jest jazda na rowerze. Pokaza\u0107, \u017ce ka\u017cdy kilometr drogi pokonanej rowerem ma sw\u00f3j kolor, [&hellip;]<\/p>\n","protected":false},"author":1,"featured_media":0,"parent":0,"menu_order":0,"comment_status":"closed","ping_status":"closed","template":"","meta":{"footnotes":""},"class_list":["post-373","page","type-page","status-publish","hentry"],"_links":{"self":[{"href":"http:\/\/cyklista.com.pl\/index.php\/wp-json\/wp\/v2\/pages\/373","targetHints":{"allow":["GET"]}}],"collection":[{"href":"http:\/\/cyklista.com.pl\/index.php\/wp-json\/wp\/v2\/pages"}],"about":[{"href":"http:\/\/cyklista.com.pl\/index.php\/wp-json\/wp\/v2\/types\/page"}],"author":[{"embeddable":true,"href":"http:\/\/cyklista.com.pl\/index.php\/wp-json\/wp\/v2\/users\/1"}],"replies":[{"embeddable":true,"href":"http:\/\/cyklista.com.pl\/index.php\/wp-json\/wp\/v2\/comments?post=373"}],"version-history":[{"count":9,"href":"http:\/\/cyklista.com.pl\/index.php\/wp-json\/wp\/v2\/pages\/373\/revisions"}],"predecessor-version":[{"id":2716,"href":"http:\/\/cyklista.com.pl\/index.php\/wp-json\/wp\/v2\/pages\/373\/revisions\/2716"}],"wp:attachment":[{"href":"http:\/\/cyklista.com.pl\/index.php\/wp-json\/wp\/v2\/media?parent=373"}],"curies":[{"name":"wp","href":"https:\/\/api.w.org\/{rel}","templated":true}]}}