{"id":816,"date":"2025-08-13T14:46:36","date_gmt":"2025-08-13T14:46:36","guid":{"rendered":"https:\/\/demo.rivaxstudio.com\/newsfy\/digimag\/?page_id=816"},"modified":"2026-03-31T21:29:26","modified_gmt":"2026-03-31T19:29:26","slug":"home-01-2","status":"publish","type":"page","link":"http:\/\/cyklista.com.pl\/index.php\/home-01-2\/","title":{"rendered":"Home 01"},"content":{"rendered":"\t\t<div data-elementor-type=\"wp-page\" data-elementor-id=\"816\" class=\"elementor elementor-816\">\n\t\t\t\t<div class=\"elementor-element elementor-element-2188d0c e-flex e-con-boxed e-con e-parent\" data-id=\"2188d0c\" data-element_type=\"container\" data-e-type=\"container\">\n\t\t\t\t\t<div class=\"e-con-inner\">\n\t\t<div class=\"elementor-element elementor-element-2672762 e-con-full e-flex e-con e-child\" data-id=\"2672762\" data-element_type=\"container\" data-e-type=\"container\">\n\t\t\t\t<div class=\"elementor-element elementor-element-98feb0c elementor-widget elementor-widget-heading\" data-id=\"98feb0c\" data-element_type=\"widget\" data-e-type=\"widget\" data-widget_type=\"heading.default\">\n\t\t\t\t\t<span class=\"elementor-heading-title elementor-size-default\">Breaking News<\/span>\t\t\t\t<\/div>\n\t\t\t\t<div class=\"elementor-element elementor-element-c862ba4 elementor-widget rivax-post-elastic-widget\" data-id=\"c862ba4\" data-element_type=\"widget\" data-e-type=\"widget\" data-widget_type=\"rivax-post-elastic.default\">\n\t\t\t\t<div class=\"elementor-widget-container\">\n\t\t\t\t\t<div class=\"rivax-posts-container\">\r\n    <div class=\"rivax-posts-wrapper layout-grid\">\r\n                <div class=\"post-item\">\r\n    <article class=\"post-wrapper\">\r\n        \t    \r\n\t    \r\n        \r\n        <div class=\"content-wrapper\">\r\n\t                            <h6 class=\"post-title\">\r\n                <a href=\"http:\/\/cyklista.com.pl\/index.php\/2025\/05\/14\/walne-zgromadzenie-czlonkow\/\" class=\"title-animation-underline-fix\" title=\"Walne Zgromadzenie Cz\u0142onk\u00f3w\">\r\n            Walne Zgromadzenie Cz\u0142onk\u00f3w        <\/a>\r\n        <\/h6>\r\n                    <div class=\"meta-wrapper\">\r\n                        <div class=\"post-author-wrapper\">\r\n\t\t\t            <div class=\"author-wrapper\">\r\n                <div class=\"author-meta\">\r\n\t\t                                    <span class=\"by\">By<\/span>\r\n\t\t\t                                <a href=\"http:\/\/cyklista.com.pl\/index.php\/author\/administrator\/\">\r\n\t\t\t            administrator                    <\/a>\r\n                <\/div>\r\n                            <\/div>\r\n        <\/div>\r\n\t\t                                                                            <\/div>\r\n                                <\/div>\r\n    <\/article>\r\n<\/div><div class=\"post-item\">\r\n    <article class=\"post-wrapper\">\r\n        \t    \r\n\t    \r\n                    <div class=\"image-outer-wrapper\">\r\n\r\n\t                                <div class=\"post-counter-wrap counter-inside-image rivax-position-top-right\">\r\n                        <span class=\"post-counter\"><\/span>\r\n                    <\/div>\r\n\t            \r\n\t            \r\n                <div class=\"image-wrapper\">\r\n                    <a class=\"rivax-position-cover\" href=\"http:\/\/cyklista.com.pl\/index.php\/2025\/05\/13\/rodzinny-rajd-rowerowy-w-przeciszowie\/\" aria-label=\"Item Link\"><\/a>\r\n                    <img decoding=\"async\" width=\"150\" height=\"150\" src=\"http:\/\/cyklista.com.pl\/wp-content\/uploads\/2026\/04\/rpr_plakat2025-scaled-900x444-1-150x150.jpg\" class=\"attachment-thumbnail size-thumbnail wp-post-image\" alt=\"\" title=\"Rodzinny Rajd Rowerowy w Przeciszowie\" srcset=\"http:\/\/cyklista.com.pl\/wp-content\/uploads\/2026\/04\/rpr_plakat2025-scaled-900x444-1-150x150.jpg 150w, http:\/\/cyklista.com.pl\/wp-content\/uploads\/2026\/04\/rpr_plakat2025-scaled-900x444-1-340x340.jpg 340w\" sizes=\"(max-width: 150px) 100vw, 150px\" \/>\r\n\t\t            \t\t                            <\/div>\r\n\r\n            <\/div>\r\n        \r\n        <div class=\"content-wrapper\">\r\n\t                            <h6 class=\"post-title\">\r\n                <a href=\"http:\/\/cyklista.com.pl\/index.php\/2025\/05\/13\/rodzinny-rajd-rowerowy-w-przeciszowie\/\" class=\"title-animation-underline-fix\" title=\"Rodzinny Rajd Rowerowy w Przeciszowie\">\r\n            Rodzinny Rajd Rowerowy w Przeciszowie        <\/a>\r\n        <\/h6>\r\n                    <div class=\"meta-wrapper\">\r\n                        <div class=\"post-author-wrapper\">\r\n\t\t\t            <div class=\"author-wrapper\">\r\n                <div class=\"author-meta\">\r\n\t\t                                    <span class=\"by\">By<\/span>\r\n\t\t\t                                <a href=\"http:\/\/cyklista.com.pl\/index.php\/author\/administrator\/\">\r\n\t\t\t            administrator                    <\/a>\r\n                <\/div>\r\n                            <\/div>\r\n        <\/div>\r\n\t\t                                                                            <\/div>\r\n                                <\/div>\r\n    <\/article>\r\n<\/div><div class=\"post-item\">\r\n    <article class=\"post-wrapper\">\r\n        \t    \r\n\t    \r\n                    <div class=\"image-outer-wrapper\">\r\n\r\n\t                                <div class=\"post-counter-wrap counter-inside-image rivax-position-top-right\">\r\n                        <span class=\"post-counter\"><\/span>\r\n                    <\/div>\r\n\t            \r\n\t            \r\n                <div class=\"image-wrapper\">\r\n                    <a class=\"rivax-position-cover\" href=\"http:\/\/cyklista.com.pl\/index.php\/2025\/05\/06\/majowy-weekend-2025\/\" aria-label=\"Item Link\"><\/a>\r\n                    <img decoding=\"async\" width=\"150\" height=\"150\" src=\"http:\/\/cyklista.com.pl\/wp-content\/uploads\/2026\/04\/obraz_2025-05-04_120640916-900x444-1-150x150.png\" class=\"attachment-thumbnail size-thumbnail wp-post-image\" alt=\"\" title=\"Majowy weekend 2025\" srcset=\"http:\/\/cyklista.com.pl\/wp-content\/uploads\/2026\/04\/obraz_2025-05-04_120640916-900x444-1-150x150.png 150w, http:\/\/cyklista.com.pl\/wp-content\/uploads\/2026\/04\/obraz_2025-05-04_120640916-900x444-1-340x340.png 340w\" sizes=\"(max-width: 150px) 100vw, 150px\" \/>\r\n\t\t            \t\t                            <\/div>\r\n\r\n            <\/div>\r\n        \r\n        <div class=\"content-wrapper\">\r\n\t                            <h6 class=\"post-title\">\r\n                <a href=\"http:\/\/cyklista.com.pl\/index.php\/2025\/05\/06\/majowy-weekend-2025\/\" class=\"title-animation-underline-fix\" title=\"Majowy weekend 2025\">\r\n            Majowy weekend 2025        <\/a>\r\n        <\/h6>\r\n                    <div class=\"meta-wrapper\">\r\n                        <div class=\"post-author-wrapper\">\r\n\t\t\t            <div class=\"author-wrapper\">\r\n                <div class=\"author-meta\">\r\n\t\t                                    <span class=\"by\">By<\/span>\r\n\t\t\t                                <a href=\"http:\/\/cyklista.com.pl\/index.php\/author\/administrator\/\">\r\n\t\t\t            administrator                    <\/a>\r\n                <\/div>\r\n                            <\/div>\r\n        <\/div>\r\n\t\t                                                                            <\/div>\r\n                                <\/div>\r\n    <\/article>\r\n<\/div><div class=\"post-item\">\r\n    <article class=\"post-wrapper\">\r\n        \t    \r\n\t    \r\n                    <div class=\"image-outer-wrapper\">\r\n\r\n\t                                <div class=\"post-counter-wrap counter-inside-image rivax-position-top-right\">\r\n                        <span class=\"post-counter\"><\/span>\r\n                    <\/div>\r\n\t            \r\n\t            \r\n                <div class=\"image-wrapper\">\r\n                    <a class=\"rivax-position-cover\" href=\"http:\/\/cyklista.com.pl\/index.php\/2025\/04\/15\/rajd-wielkanocny\/\" aria-label=\"Item Link\"><\/a>\r\n                    <img decoding=\"async\" width=\"150\" height=\"150\" src=\"http:\/\/cyklista.com.pl\/wp-content\/uploads\/2026\/04\/Rajd-W.-1536x864-1-150x150.jpeg\" class=\"attachment-thumbnail size-thumbnail wp-post-image\" alt=\"\" title=\"Rajd Wielkanocny\" srcset=\"http:\/\/cyklista.com.pl\/wp-content\/uploads\/2026\/04\/Rajd-W.-1536x864-1-150x150.jpeg 150w, http:\/\/cyklista.com.pl\/wp-content\/uploads\/2026\/04\/Rajd-W.-1536x864-1-340x340.jpeg 340w, http:\/\/cyklista.com.pl\/wp-content\/uploads\/2026\/04\/Rajd-W.-1536x864-1-450x450.jpeg 450w, http:\/\/cyklista.com.pl\/wp-content\/uploads\/2026\/04\/Rajd-W.-1536x864-1-650x650.jpeg 650w\" sizes=\"(max-width: 150px) 100vw, 150px\" \/>\r\n\t\t            \t\t                            <\/div>\r\n\r\n            <\/div>\r\n        \r\n        <div class=\"content-wrapper\">\r\n\t                            <h6 class=\"post-title\">\r\n                <a href=\"http:\/\/cyklista.com.pl\/index.php\/2025\/04\/15\/rajd-wielkanocny\/\" class=\"title-animation-underline-fix\" title=\"Rajd Wielkanocny\">\r\n            Rajd Wielkanocny        <\/a>\r\n        <\/h6>\r\n                    <div class=\"meta-wrapper\">\r\n                        <div class=\"post-author-wrapper\">\r\n\t\t\t            <div class=\"author-wrapper\">\r\n                <div class=\"author-meta\">\r\n\t\t                                    <span class=\"by\">By<\/span>\r\n\t\t\t                                <a href=\"http:\/\/cyklista.com.pl\/index.php\/author\/administrator\/\">\r\n\t\t\t            administrator                    <\/a>\r\n                <\/div>\r\n                            <\/div>\r\n        <\/div>\r\n\t\t                                                                            <\/div>\r\n                                <\/div>\r\n    <\/article>\r\n<\/div>            <\/div>\r\n    <\/div>\r\n\t\t\t\t<\/div>\n\t\t\t\t<\/div>\n\t\t\t\t<div class=\"elementor-element elementor-element-4063cf2 elementor-widget rivax-notch-slider-widget\" data-id=\"4063cf2\" data-element_type=\"widget\" data-e-type=\"widget\" data-widget_type=\"rivax-notch-slider.default\">\n\t\t\t\t<div class=\"elementor-widget-container\">\n\t\t\t\t\t<div class=\"notch-slider\">\r\n    <div class=\"rivax-posts-wrapper\">\r\n            <div id=\"rivax-slider-4063cf2\" class=\"rivax-posts-carousel-wrapper\" data-settings=\"{&quot;autoplay&quot;:{&quot;delay&quot;:5000},&quot;loop&quot;:true,&quot;speed&quot;:1000,&quot;parallax&quot;:true,&quot;loopedSlides&quot;:2,&quot;navigation&quot;:{&quot;nextEl&quot;:&quot;#rivax-slider-4063cf2 .carousel-nav-next&quot;,&quot;prevEl&quot;:&quot;#rivax-slider-4063cf2 .carousel-nav-prev&quot;},&quot;pagination&quot;:{&quot;el&quot;:&quot;#rivax-slider-4063cf2 .carousel-pagination&quot;,&quot;type&quot;:&quot;&quot;,&quot;clickable&quot;:&quot;true&quot;,&quot;dynamicBullets&quot;:false},&quot;a11y&quot;:{&quot;enabled&quot;:&quot;false&quot;}}\">\r\n            <div class=\"swiper main-slider\">\r\n                <div class=\"swiper-wrapper\">\r\n                <div class=\"post-item swiper-slide\">\r\n    <article class=\"post-wrapper\">\r\n        <div class=\"image-wrapper\" data-swiper-parallax=\"60%\" data-swiper-parallax-scale=\"1\">\r\n            <img loading=\"lazy\" decoding=\"async\" width=\"900\" height=\"444\" src=\"http:\/\/cyklista.com.pl\/wp-content\/uploads\/2026\/04\/kolejny-wieczor-grill-900x444-1.jpeg\" class=\"attachment-rivax-wide size-rivax-wide wp-post-image\" alt=\"\" title=\"RAJD NOCNY\" srcset=\"http:\/\/cyklista.com.pl\/wp-content\/uploads\/2026\/04\/kolejny-wieczor-grill-900x444-1.jpeg 900w, http:\/\/cyklista.com.pl\/wp-content\/uploads\/2026\/04\/kolejny-wieczor-grill-900x444-1-300x148.jpeg 300w, http:\/\/cyklista.com.pl\/wp-content\/uploads\/2026\/04\/kolejny-wieczor-grill-900x444-1-768x379.jpeg 768w, http:\/\/cyklista.com.pl\/wp-content\/uploads\/2026\/04\/kolejny-wieczor-grill-900x444-1-340x168.jpeg 340w, http:\/\/cyklista.com.pl\/wp-content\/uploads\/2026\/04\/kolejny-wieczor-grill-900x444-1-450x222.jpeg 450w\" sizes=\"(max-width: 900px) 100vw, 900px\" \/>        <\/div>\r\n        <div class=\"content-wrapper rivax-position-center-left\">\r\n            <div class=\"content-wrapper-inner\" data-swiper-parallax=\"95%\">\r\n                <div class=\"terms-wrapper  term-shape\"><a class=\"term-item term-id-51\" href=\"http:\/\/cyklista.com.pl\/index.php\/category\/aktualnosci\/\"><span>Aktualno\u015bci<\/span><\/a><\/div>                        <h2 class=\"post-title\">\r\n                <a href=\"http:\/\/cyklista.com.pl\/index.php\/2025\/10\/07\/rajd-nocny\/\" class=\"title-animation-underline-break\" title=\"RAJD NOCNY\">\r\n            RAJD NOCNY        <\/a>\r\n        <\/h2>\r\n                        <div class=\"meta-wrapper\">\r\n                                                <div class=\"date-wrapper date-inline\">\r\n                            <i class=\"ri-calendar\"><\/i>\r\n                        <span class=\"date\">\r\n                2025-10-07            <\/span>\r\n        <\/div>\r\n                                    <div class=\"comments-wrapper\">\r\n\t\t\t                <i class=\"ri-chat\"><\/i>\r\n\t\t\t            <span class=\"comments\">\r\n                No Comment            <\/span>\r\n        <\/div>\r\n\t\t                            <div class=\"views-wrapper\">\r\n\t\t\t                <i class=\"ri-fire\"><\/i>\r\n\t\t\t            <span class=\"views\">\r\n                117 Views            <\/span>\r\n        <\/div>\r\n\t\t                                    <\/div>\r\n                                            <\/div>\r\n        <\/div>\r\n    <\/article>\r\n<\/div><div class=\"post-item swiper-slide\">\r\n    <article class=\"post-wrapper\">\r\n        <div class=\"image-wrapper\" data-swiper-parallax=\"60%\" data-swiper-parallax-scale=\"1\">\r\n            <img loading=\"lazy\" decoding=\"async\" width=\"1300\" height=\"600\" src=\"http:\/\/cyklista.com.pl\/wp-content\/uploads\/2026\/04\/20250823_113502-1536x692-1-1300x600.jpg\" class=\"attachment-rivax-wide size-rivax-wide wp-post-image\" alt=\"\" title=\"Pi\u0119\u0107 dni na Roztoczu\" \/>        <\/div>\r\n        <div class=\"content-wrapper rivax-position-center-left\">\r\n            <div class=\"content-wrapper-inner\" data-swiper-parallax=\"95%\">\r\n                <div class=\"terms-wrapper  term-shape\"><a class=\"term-item term-id-51\" href=\"http:\/\/cyklista.com.pl\/index.php\/category\/aktualnosci\/\"><span>Aktualno\u015bci<\/span><\/a><\/div>                        <h2 class=\"post-title\">\r\n                <a href=\"http:\/\/cyklista.com.pl\/index.php\/2025\/10\/07\/piec-dni-na-roztoczu\/\" class=\"title-animation-underline-break\" title=\"Pi\u0119\u0107 dni na Roztoczu\">\r\n            Pi\u0119\u0107 dni na Roztoczu        <\/a>\r\n        <\/h2>\r\n                        <div class=\"meta-wrapper\">\r\n                                                <div class=\"date-wrapper date-inline\">\r\n                            <i class=\"ri-calendar\"><\/i>\r\n                        <span class=\"date\">\r\n                2025-10-07            <\/span>\r\n        <\/div>\r\n                                    <div class=\"comments-wrapper\">\r\n\t\t\t                <i class=\"ri-chat\"><\/i>\r\n\t\t\t            <span class=\"comments\">\r\n                No Comment            <\/span>\r\n        <\/div>\r\n\t\t                            <div class=\"views-wrapper\">\r\n\t\t\t                <i class=\"ri-fire\"><\/i>\r\n\t\t\t            <span class=\"views\">\r\n                188 Views            <\/span>\r\n        <\/div>\r\n\t\t                                    <\/div>\r\n                                            <\/div>\r\n        <\/div>\r\n    <\/article>\r\n<\/div><div class=\"post-item swiper-slide\">\r\n    <article class=\"post-wrapper\">\r\n        <div class=\"image-wrapper\" data-swiper-parallax=\"60%\" data-swiper-parallax-scale=\"1\">\r\n            <img loading=\"lazy\" decoding=\"async\" width=\"1300\" height=\"600\" src=\"http:\/\/cyklista.com.pl\/wp-content\/uploads\/2026\/04\/20250921_125649-1536x692-1-1300x600.jpg\" class=\"attachment-rivax-wide size-rivax-wide wp-post-image\" alt=\"\" title=\"\u017bniwa karpiowe\" \/>        <\/div>\r\n        <div class=\"content-wrapper rivax-position-center-left\">\r\n            <div class=\"content-wrapper-inner\" data-swiper-parallax=\"95%\">\r\n                <div class=\"terms-wrapper  term-shape\"><a class=\"term-item term-id-51\" href=\"http:\/\/cyklista.com.pl\/index.php\/category\/aktualnosci\/\"><span>Aktualno\u015bci<\/span><\/a><\/div>                        <h2 class=\"post-title\">\r\n                <a href=\"http:\/\/cyklista.com.pl\/index.php\/2025\/10\/07\/zniwa-karpiowe\/\" class=\"title-animation-underline-break\" title=\"\u017bniwa karpiowe\">\r\n            \u017bniwa karpiowe        <\/a>\r\n        <\/h2>\r\n                        <div class=\"meta-wrapper\">\r\n                                                <div class=\"date-wrapper date-inline\">\r\n                            <i class=\"ri-calendar\"><\/i>\r\n                        <span class=\"date\">\r\n                2025-10-07            <\/span>\r\n        <\/div>\r\n                                    <div class=\"comments-wrapper\">\r\n\t\t\t                <i class=\"ri-chat\"><\/i>\r\n\t\t\t            <span class=\"comments\">\r\n                No Comment            <\/span>\r\n        <\/div>\r\n\t\t                            <div class=\"views-wrapper\">\r\n\t\t\t                <i class=\"ri-fire\"><\/i>\r\n\t\t\t            <span class=\"views\">\r\n                166 Views            <\/span>\r\n        <\/div>\r\n\t\t                                    <\/div>\r\n                                            <\/div>\r\n        <\/div>\r\n    <\/article>\r\n<\/div>                    <\/div> <!-- .swiper-wrapper -->\r\n        <\/div><!-- .swiper -->\r\n                <\/div><!-- .rivax-posts-carousel-wrapper -->\r\n    \r\n                <div id=\"rivax-thumbs-4063cf2\" class=\"thumbs-slider-wrapper\" data-settings=\"{&quot;loop&quot;:true,&quot;speed&quot;:1000,&quot;slideToClickedSlide&quot;:true,&quot;touchRatio&quot;:0.20000000000000001,&quot;spaceBetween&quot;:60,&quot;loopedSlides&quot;:2,&quot;slidesPerView&quot;:2}\">\r\n            <div class=\"swiper thumbs-slider\">\r\n                <div class=\"swiper-wrapper\">\r\n                                                <div class=\"thumb-wrapper swiper-slide\">\r\n                                <div class=\"image-wrapper\">\r\n                                    <img loading=\"lazy\" decoding=\"async\" width=\"900\" height=\"444\" src=\"http:\/\/cyklista.com.pl\/wp-content\/uploads\/2026\/04\/kolejny-wieczor-grill-900x444-1.jpeg\" class=\"attachment-rivax-wide size-rivax-wide wp-post-image\" alt=\"\" title=\"RAJD NOCNY\" srcset=\"http:\/\/cyklista.com.pl\/wp-content\/uploads\/2026\/04\/kolejny-wieczor-grill-900x444-1.jpeg 900w, http:\/\/cyklista.com.pl\/wp-content\/uploads\/2026\/04\/kolejny-wieczor-grill-900x444-1-300x148.jpeg 300w, http:\/\/cyklista.com.pl\/wp-content\/uploads\/2026\/04\/kolejny-wieczor-grill-900x444-1-768x379.jpeg 768w, http:\/\/cyklista.com.pl\/wp-content\/uploads\/2026\/04\/kolejny-wieczor-grill-900x444-1-340x168.jpeg 340w, http:\/\/cyklista.com.pl\/wp-content\/uploads\/2026\/04\/kolejny-wieczor-grill-900x444-1-450x222.jpeg 450w\" sizes=\"(max-width: 900px) 100vw, 900px\" \/>                                <\/div>\r\n                            <\/div>\r\n                                                    <div class=\"thumb-wrapper swiper-slide\">\r\n                                <div class=\"image-wrapper\">\r\n                                    <img loading=\"lazy\" decoding=\"async\" width=\"1300\" height=\"600\" src=\"http:\/\/cyklista.com.pl\/wp-content\/uploads\/2026\/04\/20250823_113502-1536x692-1-1300x600.jpg\" class=\"attachment-rivax-wide size-rivax-wide wp-post-image\" alt=\"\" title=\"Pi\u0119\u0107 dni na Roztoczu\" \/>                                <\/div>\r\n                            <\/div>\r\n                                                    <div class=\"thumb-wrapper swiper-slide\">\r\n                                <div class=\"image-wrapper\">\r\n                                    <img loading=\"lazy\" decoding=\"async\" width=\"1300\" height=\"600\" src=\"http:\/\/cyklista.com.pl\/wp-content\/uploads\/2026\/04\/20250921_125649-1536x692-1-1300x600.jpg\" class=\"attachment-rivax-wide size-rivax-wide wp-post-image\" alt=\"\" title=\"\u017bniwa karpiowe\" \/>                                <\/div>\r\n                            <\/div>\r\n                                        <\/div>\r\n            <\/div>\r\n        <\/div>\r\n    <\/div>\r\n<\/div>\r\n\t\t\t\t<\/div>\n\t\t\t\t<\/div>\n\t\t\t\t<\/div>\n\t\t\t\t\t<\/div>\n\t\t\t\t<\/div>\n\t\t<div class=\"elementor-element elementor-element-990d6a5 e-flex e-con-boxed e-con e-parent\" data-id=\"990d6a5\" data-element_type=\"container\" data-e-type=\"container\">\n\t\t\t\t\t<div class=\"e-con-inner\">\n\t\t<div class=\"elementor-element elementor-element-792fd75 e-con-full e-flex e-con e-child\" data-id=\"792fd75\" data-element_type=\"container\" data-e-type=\"container\">\n\t\t\t\t<div class=\"elementor-element elementor-element-7a4a243 rivax-align-center elementor-widget rivax-divider-heading-widget\" data-id=\"7a4a243\" data-element_type=\"widget\" data-e-type=\"widget\" data-widget_type=\"rivax-divider-heading.default\">\n\t\t\t\t<div class=\"elementor-widget-container\">\n\t\t\t\t\t<div class=\"rivax-divider-heading-wrap\">\r\n    <div class=\"rivax-divider-heading divider-style-6 \">\r\n        <div class=\"divider divider-1\"><\/div>\r\n        <div class=\"divider divider-2\"><\/div>\r\n        <h3 class=\"title\">\r\n                <span class=\"title-inner\">\r\n            <span class=\"title-text\">\r\n                                Discover            <\/span>\r\n            <span class=\"subtitle-text-wrap\"><span class=\"subtitle-text\">Categories<\/span><\/span>        <\/span>\r\n                <\/h3>\r\n        <div class=\"divider divider-3\"><\/div>\r\n        <div class=\"divider divider-4\"><\/div>\r\n    <\/div>\r\n<\/div>\t\t\t\t<\/div>\n\t\t\t\t<\/div>\n\t\t\t\t<div class=\"elementor-element elementor-element-35396d2 elementor-widget rivax-category-spot-widget\" data-id=\"35396d2\" data-element_type=\"widget\" data-e-type=\"widget\" data-widget_type=\"rivax-category-spot.default\">\n\t\t\t\t<div class=\"elementor-widget-container\">\n\t\t\t\t\t<div class=\"rivax-category-spot\">\r\n<\/div>\r\n\t\t\t\t<\/div>\n\t\t\t\t<\/div>\n\t\t\t\t<\/div>\n\t\t\t\t\t<\/div>\n\t\t\t\t<\/div>\n\t\t<div class=\"elementor-element elementor-element-2d047e5 e-flex e-con-boxed e-con e-parent\" data-id=\"2d047e5\" data-element_type=\"container\" data-e-type=\"container\">\n\t\t\t\t\t<div class=\"e-con-inner\">\n\t\t<div class=\"rivax-sticky-column elementor-element elementor-element-92b67fa e-con-full e-flex e-con e-child\" data-id=\"92b67fa\" data-element_type=\"container\" data-e-type=\"container\">\n\t\t\t\t<div class=\"elementor-element elementor-element-0729ef8 official-icon-hover-color-yes social-icon-left social-subtitle-right social-layout-grid social-move-up-item elementor-widget rivax-social-icons-widget\" data-id=\"0729ef8\" data-element_type=\"widget\" data-e-type=\"widget\" data-widget_type=\"rivax-social-icons.default\">\n\t\t\t\t<div class=\"elementor-widget-container\">\n\t\t\t\t\t<div class=\"rivax-social-icons\">\r\n    <div class=\"social-item elementor-repeater-item-1291e96 x-fab-fa-facebook\">\r\n        <div class=\"social-icon\">\r\n            <span class=\"icon\"><svg class=\"e-font-icon-svg e-fab-facebook\" viewBox=\"0 0 512 512\" xmlns=\"http:\/\/www.w3.org\/2000\/svg\"><path d=\"M504 256C504 119 393 8 256 8S8 119 8 256c0 123.78 90.69 226.38 209.25 245V327.69h-63V256h63v-54.64c0-62.15 37-96.48 93.67-96.48 27.14 0 55.52 4.84 55.52 4.84v61h-31.28c-30.8 0-40.41 19.12-40.41 38.73V256h68.78l-11 71.69h-57.78V501C413.31 482.38 504 379.78 504 256z\"><\/path><\/svg><\/span>\r\n        <\/div>\r\n                <div class=\"social-content\">\r\n\t\t    \t\t\t            <div class=\"social-subtitle\"><span class=\"subtitle\">156k<\/span><\/div>\r\n\t\t\t        <\/div>\r\n                <a class=\"rivax-position-cover\" href=\"#\" title=\"\" target=\"_blank\" aria-label=\"Social Media\"><\/a>\r\n    <\/div>\r\n        <div class=\"social-item elementor-repeater-item-38afd50 x-fab-fa-youtube\">\r\n        <div class=\"social-icon\">\r\n            <span class=\"icon\"><svg class=\"e-font-icon-svg e-fab-youtube\" viewBox=\"0 0 576 512\" xmlns=\"http:\/\/www.w3.org\/2000\/svg\"><path d=\"M549.655 124.083c-6.281-23.65-24.787-42.276-48.284-48.597C458.781 64 288 64 288 64S117.22 64 74.629 75.486c-23.497 6.322-42.003 24.947-48.284 48.597-11.412 42.867-11.412 132.305-11.412 132.305s0 89.438 11.412 132.305c6.281 23.65 24.787 41.5 48.284 47.821C117.22 448 288 448 288 448s170.78 0 213.371-11.486c23.497-6.321 42.003-24.171 48.284-47.821 11.412-42.867 11.412-132.305 11.412-132.305s0-89.438-11.412-132.305zm-317.51 213.508V175.185l142.739 81.205-142.739 81.201z\"><\/path><\/svg><\/span>\r\n        <\/div>\r\n                <div class=\"social-content\">\r\n\t\t    \t\t\t            <div class=\"social-subtitle\"><span class=\"subtitle\">2.2k<\/span><\/div>\r\n\t\t\t        <\/div>\r\n                <a class=\"rivax-position-cover\" href=\"#\" title=\"\" target=\"_blank\" aria-label=\"Social Media\"><\/a>\r\n    <\/div>\r\n        <div class=\"social-item elementor-repeater-item-ce338b6 x-fab-fa-whatsapp\">\r\n        <div class=\"social-icon\">\r\n            <span class=\"icon\"><svg class=\"e-font-icon-svg e-fab-whatsapp\" viewBox=\"0 0 448 512\" xmlns=\"http:\/\/www.w3.org\/2000\/svg\"><path d=\"M380.9 97.1C339 55.1 283.2 32 223.9 32c-122.4 0-222 99.6-222 222 0 39.1 10.2 77.3 29.6 111L0 480l117.7-30.9c32.4 17.7 68.9 27 106.1 27h.1c122.3 0 224.1-99.6 224.1-222 0-59.3-25.2-115-67.1-157zm-157 341.6c-33.2 0-65.7-8.9-94-25.7l-6.7-4-69.8 18.3L72 359.2l-4.4-7c-18.5-29.4-28.2-63.3-28.2-98.2 0-101.7 82.8-184.5 184.6-184.5 49.3 0 95.6 19.2 130.4 54.1 34.8 34.9 56.2 81.2 56.1 130.5 0 101.8-84.9 184.6-186.6 184.6zm101.2-138.2c-5.5-2.8-32.8-16.2-37.9-18-5.1-1.9-8.8-2.8-12.5 2.8-3.7 5.6-14.3 18-17.6 21.8-3.2 3.7-6.5 4.2-12 1.4-32.6-16.3-54-29.1-75.5-66-5.7-9.8 5.7-9.1 16.3-30.3 1.8-3.7.9-6.9-.5-9.7-1.4-2.8-12.5-30.1-17.1-41.2-4.5-10.8-9.1-9.3-12.5-9.5-3.2-.2-6.9-.2-10.6-.2-3.7 0-9.7 1.4-14.8 6.9-5.1 5.6-19.4 19-19.4 46.3 0 27.3 19.9 53.7 22.6 57.4 2.8 3.7 39.1 59.7 94.8 83.8 35.2 15.2 49 16.5 66.6 13.9 10.7-1.6 32.8-13.4 37.4-26.4 4.6-13 4.6-24.1 3.2-26.4-1.3-2.5-5-3.9-10.5-6.6z\"><\/path><\/svg><\/span>\r\n        <\/div>\r\n                <div class=\"social-content\">\r\n\t\t    \t\t\t            <div class=\"social-subtitle\"><span class=\"subtitle\">7.65<\/span><\/div>\r\n\t\t\t        <\/div>\r\n                <a class=\"rivax-position-cover\" href=\"#\" title=\"\" target=\"_blank\" aria-label=\"Social Media\"><\/a>\r\n    <\/div>\r\n        <div class=\"social-item elementor-repeater-item-d4f165f x-fab-fa-x-twitter\">\r\n        <div class=\"social-icon\">\r\n            <span class=\"icon\"><svg class=\"e-font-icon-svg e-fab-x-twitter\" viewBox=\"0 0 512 512\" xmlns=\"http:\/\/www.w3.org\/2000\/svg\"><path d=\"M389.2 48h70.6L305.6 224.2 487 464H345L233.7 318.6 106.5 464H35.8L200.7 275.5 26.8 48H172.4L272.9 180.9 389.2 48zM364.4 421.8h39.1L151.1 88h-42L364.4 421.8z\"><\/path><\/svg><\/span>\r\n        <\/div>\r\n                <div class=\"social-content\">\r\n\t\t    \t\t\t            <div class=\"social-subtitle\"><span class=\"subtitle\">285<\/span><\/div>\r\n\t\t\t        <\/div>\r\n                <a class=\"rivax-position-cover\" href=\"#\" title=\"\" target=\"_blank\" aria-label=\"Social Media\"><\/a>\r\n    <\/div>\r\n        <div class=\"social-item elementor-repeater-item-18ad35c x-fab-fa-instagram\">\r\n        <div class=\"social-icon\">\r\n            <span class=\"icon\"><svg class=\"e-font-icon-svg e-fab-instagram\" viewBox=\"0 0 448 512\" xmlns=\"http:\/\/www.w3.org\/2000\/svg\"><path d=\"M224.1 141c-63.6 0-114.9 51.3-114.9 114.9s51.3 114.9 114.9 114.9S339 319.5 339 255.9 287.7 141 224.1 141zm0 189.6c-41.1 0-74.7-33.5-74.7-74.7s33.5-74.7 74.7-74.7 74.7 33.5 74.7 74.7-33.6 74.7-74.7 74.7zm146.4-194.3c0 14.9-12 26.8-26.8 26.8-14.9 0-26.8-12-26.8-26.8s12-26.8 26.8-26.8 26.8 12 26.8 26.8zm76.1 27.2c-1.7-35.9-9.9-67.7-36.2-93.9-26.2-26.2-58-34.4-93.9-36.2-37-2.1-147.9-2.1-184.9 0-35.8 1.7-67.6 9.9-93.9 36.1s-34.4 58-36.2 93.9c-2.1 37-2.1 147.9 0 184.9 1.7 35.9 9.9 67.7 36.2 93.9s58 34.4 93.9 36.2c37 2.1 147.9 2.1 184.9 0 35.9-1.7 67.7-9.9 93.9-36.2 26.2-26.2 34.4-58 36.2-93.9 2.1-37 2.1-147.8 0-184.8zM398.8 388c-7.8 19.6-22.9 34.7-42.6 42.6-29.5 11.7-99.5 9-132.1 9s-102.7 2.6-132.1-9c-19.6-7.8-34.7-22.9-42.6-42.6-11.7-29.5-9-99.5-9-132.1s-2.6-102.7 9-132.1c7.8-19.6 22.9-34.7 42.6-42.6 29.5-11.7 99.5-9 132.1-9s102.7-2.6 132.1 9c19.6 7.8 34.7 22.9 42.6 42.6 11.7 29.5 9 99.5 9 132.1s2.7 102.7-9 132.1z\"><\/path><\/svg><\/span>\r\n        <\/div>\r\n                <div class=\"social-content\">\r\n\t\t    \t\t\t            <div class=\"social-subtitle\"><span class=\"subtitle\">3m<\/span><\/div>\r\n\t\t\t        <\/div>\r\n                <a class=\"rivax-position-cover\" href=\"#\" title=\"\" target=\"_blank\" aria-label=\"Social Media\"><\/a>\r\n    <\/div>\r\n        <div class=\"social-item elementor-repeater-item-6f6e8d5 x-fab-fa-behance\">\r\n        <div class=\"social-icon\">\r\n            <span class=\"icon\"><svg class=\"e-font-icon-svg e-fab-behance\" viewBox=\"0 0 576 512\" xmlns=\"http:\/\/www.w3.org\/2000\/svg\"><path d=\"M232 237.2c31.8-15.2 48.4-38.2 48.4-74 0-70.6-52.6-87.8-113.3-87.8H0v354.4h171.8c64.4 0 124.9-30.9 124.9-102.9 0-44.5-21.1-77.4-64.7-89.7zM77.9 135.9H151c28.1 0 53.4 7.9 53.4 40.5 0 30.1-19.7 42.2-47.5 42.2h-79v-82.7zm83.3 233.7H77.9V272h84.9c34.3 0 56 14.3 56 50.6 0 35.8-25.9 47-57.6 47zm358.5-240.7H376V94h143.7v34.9zM576 305.2c0-75.9-44.4-139.2-124.9-139.2-78.2 0-131.3 58.8-131.3 135.8 0 79.9 50.3 134.7 131.3 134.7 61.3 0 101-27.6 120.1-86.3H509c-6.7 21.9-34.3 33.5-55.7 33.5-41.3 0-63-24.2-63-65.3h185.1c.3-4.2.6-8.7.6-13.2zM390.4 274c2.3-33.7 24.7-54.8 58.5-54.8 35.4 0 53.2 20.8 56.2 54.8H390.4z\"><\/path><\/svg><\/span>\r\n        <\/div>\r\n                <div class=\"social-content\">\r\n\t\t    \t\t\t            <div class=\"social-subtitle\"><span class=\"subtitle\">87.1<\/span><\/div>\r\n\t\t\t        <\/div>\r\n                <a class=\"rivax-position-cover\" href=\"#\" title=\"\" target=\"_blank\" aria-label=\"Social Media\"><\/a>\r\n    <\/div>\r\n    <\/div>\t\t\t\t<\/div>\n\t\t\t\t<\/div>\n\t\t\t\t<div class=\"elementor-element elementor-element-9d46d23 rivax-align-left elementor-widget rivax-divider-heading-widget\" data-id=\"9d46d23\" data-element_type=\"widget\" data-e-type=\"widget\" data-widget_type=\"rivax-divider-heading.default\">\n\t\t\t\t<div class=\"elementor-widget-container\">\n\t\t\t\t\t<div class=\"rivax-divider-heading-wrap\">\r\n    <div class=\"rivax-divider-heading divider-style-9 \">\r\n        <div class=\"divider divider-1\"><\/div>\r\n        <div class=\"divider divider-2\"><\/div>\r\n        <h5 class=\"title\">\r\n                <span class=\"title-inner\">\r\n            <span class=\"title-text\">\r\n                                Popular            <\/span>\r\n                    <\/span>\r\n                <\/h5>\r\n        <div class=\"divider divider-3\"><\/div>\r\n        <div class=\"divider divider-4\"><\/div>\r\n    <\/div>\r\n<\/div>\t\t\t\t<\/div>\n\t\t\t\t<\/div>\n\t\t\t\t<div class=\"elementor-element elementor-element-022e29f elementor-widget rivax-post-modern-widget\" data-id=\"022e29f\" data-element_type=\"widget\" data-e-type=\"widget\" data-widget_type=\"rivax-post-modern.default\">\n\t\t\t\t<div class=\"elementor-widget-container\">\n\t\t\t\t\t<div class=\"rivax-posts-container\">\r\n    <div class=\"rivax-posts-wrapper layout-grid\">\r\n                <div class=\"post-item\">\r\n    <article class=\"post-wrapper\">\r\n\t                    <div class=\"image-outer-wrapper\">\r\n            <div class=\"image-wrapper\">\r\n                <img loading=\"lazy\" decoding=\"async\" width=\"340\" height=\"340\" src=\"http:\/\/cyklista.com.pl\/wp-content\/uploads\/2026\/04\/rpr_plakat2025-scaled-900x444-1-340x340.jpg\" class=\"attachment-rivax-small-square size-rivax-small-square wp-post-image\" alt=\"\" title=\"Rodzinny Rajd Rowerowy w Przeciszowie\" srcset=\"http:\/\/cyklista.com.pl\/wp-content\/uploads\/2026\/04\/rpr_plakat2025-scaled-900x444-1-340x340.jpg 340w, http:\/\/cyklista.com.pl\/wp-content\/uploads\/2026\/04\/rpr_plakat2025-scaled-900x444-1-150x150.jpg 150w\" sizes=\"(max-width: 340px) 100vw, 340px\" \/>\t\t        <a class=\"image-link rivax-position-cover\" aria-label=\"Item Link\" href=\"http:\/\/cyklista.com.pl\/index.php\/2025\/05\/13\/rodzinny-rajd-rowerowy-w-przeciszowie\/\"><\/a>                \t\t                <div class=\"top-content\">\r\n                        <span class=\"top-comments\" title=\"Comments\"><i class=\"ri-chat\"><\/i>0<\/span>\r\n            \r\n                            <span class=\"top-views\" title=\"Views\"><i class=\"ri-fire\"><\/i>37<\/span>\r\n            \r\n                            <span class=\"top-reading-time\" title=\"Reading Time\"><i class=\"ri-clock\"><\/i>1<\/span>\r\n                    <\/div>\r\n        \t\t        \r\n\t\t        \r\n\t\t        \r\n                \r\n            <\/div>\r\n            \r\n\t        \r\n        <\/div>\r\n                <div class=\"content-wrapper\">\r\n\t                                        <h5 class=\"post-title\">\r\n                <a href=\"http:\/\/cyklista.com.pl\/index.php\/2025\/05\/13\/rodzinny-rajd-rowerowy-w-przeciszowie\/\" class=\"title-animation-underline-break\" title=\"Rodzinny Rajd Rowerowy w Przeciszowie\">\r\n            Rodzinny Rajd Rowerowy w Przeciszowie        <\/a>\r\n        <\/h5>\r\n                                <div class=\"meta-wrapper\">\r\n\t                    <div class=\"post-author-wrapper\">\r\n\t\t\t            <div class=\"author-wrapper\">\r\n                <div class=\"author-meta\">\r\n\t\t                                    <span class=\"by\">By<\/span>\r\n\t\t\t                                <a href=\"http:\/\/cyklista.com.pl\/index.php\/author\/administrator\/\">\r\n\t\t\t            administrator                    <\/a>\r\n                <\/div>\r\n                            <\/div>\r\n        <\/div>\r\n\t\t                                                                            <\/div>\r\n                                            <\/div>\r\n    <\/article>\r\n<\/div><div class=\"post-item\">\r\n    <article class=\"post-wrapper\">\r\n\t                    <div class=\"image-outer-wrapper\">\r\n            <div class=\"image-wrapper\">\r\n                <img loading=\"lazy\" decoding=\"async\" width=\"340\" height=\"340\" src=\"http:\/\/cyklista.com.pl\/wp-content\/uploads\/2026\/04\/obraz_2025-05-04_120640916-900x444-1-340x340.png\" class=\"attachment-rivax-small-square size-rivax-small-square wp-post-image\" alt=\"\" title=\"Majowy weekend 2025\" srcset=\"http:\/\/cyklista.com.pl\/wp-content\/uploads\/2026\/04\/obraz_2025-05-04_120640916-900x444-1-340x340.png 340w, http:\/\/cyklista.com.pl\/wp-content\/uploads\/2026\/04\/obraz_2025-05-04_120640916-900x444-1-150x150.png 150w\" sizes=\"(max-width: 340px) 100vw, 340px\" \/>\t\t        <a class=\"image-link rivax-position-cover\" aria-label=\"Item Link\" href=\"http:\/\/cyklista.com.pl\/index.php\/2025\/05\/06\/majowy-weekend-2025\/\"><\/a>                \t\t                <div class=\"top-content\">\r\n                        <span class=\"top-comments\" title=\"Comments\"><i class=\"ri-chat\"><\/i>0<\/span>\r\n            \r\n                            <span class=\"top-views\" title=\"Views\"><i class=\"ri-fire\"><\/i>28<\/span>\r\n            \r\n                            <span class=\"top-reading-time\" title=\"Reading Time\"><i class=\"ri-clock\"><\/i>2<\/span>\r\n                    <\/div>\r\n        \t\t        \r\n\t\t        \r\n\t\t        \r\n                \r\n            <\/div>\r\n            \r\n\t        \r\n        <\/div>\r\n                <div class=\"content-wrapper\">\r\n\t                                        <h5 class=\"post-title\">\r\n                <a href=\"http:\/\/cyklista.com.pl\/index.php\/2025\/05\/06\/majowy-weekend-2025\/\" class=\"title-animation-underline-break\" title=\"Majowy weekend 2025\">\r\n            Majowy weekend 2025        <\/a>\r\n        <\/h5>\r\n                                <div class=\"meta-wrapper\">\r\n\t                    <div class=\"post-author-wrapper\">\r\n\t\t\t            <div class=\"author-wrapper\">\r\n                <div class=\"author-meta\">\r\n\t\t                                    <span class=\"by\">By<\/span>\r\n\t\t\t                                <a href=\"http:\/\/cyklista.com.pl\/index.php\/author\/administrator\/\">\r\n\t\t\t            administrator                    <\/a>\r\n                <\/div>\r\n                            <\/div>\r\n        <\/div>\r\n\t\t                                                                            <\/div>\r\n                                            <\/div>\r\n    <\/article>\r\n<\/div>            <\/div>\r\n    <\/div>\r\n\t\t\t\t<\/div>\n\t\t\t\t<\/div>\n\t\t\t\t<\/div>\n\t\t<div class=\"elementor-element elementor-element-4903878 e-con-full e-flex e-con e-child\" data-id=\"4903878\" data-element_type=\"container\" data-e-type=\"container\">\n\t\t\t\t<div class=\"elementor-element elementor-element-3c9d8eb elementor-widget rivax-spot-slider-widget\" data-id=\"3c9d8eb\" data-element_type=\"widget\" data-e-type=\"widget\" data-widget_type=\"rivax-spot-slider.default\">\n\t\t\t\t<div class=\"elementor-widget-container\">\n\t\t\t\t\t<div class=\"spot-slider horizontal\">\r\n    <div class=\"rivax-posts-wrapper\">\r\n                <div id=\"rivax-slider-3c9d8eb\" class=\"rivax-posts-carousel-wrapper\" data-settings=\"{&quot;autoplay&quot;:{&quot;delay&quot;:5000},&quot;loop&quot;:true,&quot;speed&quot;:1000,&quot;effect&quot;:&quot;fade&quot;,&quot;parallax&quot;:true,&quot;loopedSlides&quot;:6,&quot;touchRatio&quot;:0.20000000000000001,&quot;navigation&quot;:{&quot;nextEl&quot;:&quot;#rivax-slider-3c9d8eb .carousel-nav-next&quot;,&quot;prevEl&quot;:&quot;#rivax-slider-3c9d8eb .carousel-nav-prev&quot;},&quot;pagination&quot;:{&quot;el&quot;:&quot;#rivax-slider-3c9d8eb .carousel-pagination&quot;,&quot;type&quot;:&quot;&quot;,&quot;clickable&quot;:&quot;true&quot;,&quot;dynamicBullets&quot;:false},&quot;a11y&quot;:{&quot;enabled&quot;:&quot;false&quot;},&quot;fadeEffect&quot;:{&quot;crossFade&quot;:true}}\">\r\n        <div class=\"swiper main-slider\">\r\n        <div class=\"swiper-wrapper\">\r\n                <div class=\"post-item swiper-slide\">\r\n    <article class=\"post-wrapper\">\r\n        <div class=\"image-wrapper\" data-swiper-parallax=\"\" data-swiper-parallax-scale=\"1\">\r\n            <img loading=\"lazy\" decoding=\"async\" width=\"900\" height=\"444\" src=\"http:\/\/cyklista.com.pl\/wp-content\/uploads\/2026\/04\/Wdzydze-Park-Krajobrazowy-900x444-1.jpeg\" class=\"attachment-rivax-large size-rivax-large wp-post-image\" alt=\"\" title=\"Kaszuby 2025\" srcset=\"http:\/\/cyklista.com.pl\/wp-content\/uploads\/2026\/04\/Wdzydze-Park-Krajobrazowy-900x444-1.jpeg 900w, http:\/\/cyklista.com.pl\/wp-content\/uploads\/2026\/04\/Wdzydze-Park-Krajobrazowy-900x444-1-300x148.jpeg 300w, http:\/\/cyklista.com.pl\/wp-content\/uploads\/2026\/04\/Wdzydze-Park-Krajobrazowy-900x444-1-768x379.jpeg 768w, http:\/\/cyklista.com.pl\/wp-content\/uploads\/2026\/04\/Wdzydze-Park-Krajobrazowy-900x444-1-340x168.jpeg 340w, http:\/\/cyklista.com.pl\/wp-content\/uploads\/2026\/04\/Wdzydze-Park-Krajobrazowy-900x444-1-450x222.jpeg 450w\" sizes=\"(max-width: 900px) 100vw, 900px\" \/>        <\/div>\r\n        <div class=\"content-wrapper-outer\" data-swiper-parallax=\"5%\">\r\n            <div class=\"content-wrapper\">\r\n                <div class=\"content-wrapper-inner rivax-position-top-left\" >\r\n                    <div class=\"terms-wrapper  term-shape\"><a class=\"term-item term-id-51\" href=\"http:\/\/cyklista.com.pl\/index.php\/category\/aktualnosci\/\"><span>Aktualno\u015bci<\/span><\/a><span class=\"date-after-terms\">2025-07-01<\/span><\/div>                            <h2 class=\"post-title\">\r\n                <a href=\"http:\/\/cyklista.com.pl\/index.php\/2025\/07\/01\/kaszuby-2025\/\" class=\"title-animation-underline-break\" title=\"Kaszuby 2025\">\r\n            Kaszuby 2025        <\/a>\r\n        <\/h2>\r\n                            <div class=\"meta-wrapper\">\r\n                                                                                                                                            <\/div>\r\n                                                        <\/div>\r\n            <\/div>\r\n        <\/div>\r\n    <\/article>\r\n<\/div><div class=\"post-item swiper-slide\">\r\n    <article class=\"post-wrapper\">\r\n        <div class=\"image-wrapper\" data-swiper-parallax=\"\" data-swiper-parallax-scale=\"1\">\r\n                    <\/div>\r\n        <div class=\"content-wrapper-outer\" data-swiper-parallax=\"5%\">\r\n            <div class=\"content-wrapper\">\r\n                <div class=\"content-wrapper-inner rivax-position-top-left\" >\r\n                    <div class=\"terms-wrapper  term-shape\"><a class=\"term-item term-id-51\" href=\"http:\/\/cyklista.com.pl\/index.php\/category\/aktualnosci\/\"><span>Aktualno\u015bci<\/span><\/a><span class=\"date-after-terms\">2025-05-14<\/span><\/div>                            <h2 class=\"post-title\">\r\n                <a href=\"http:\/\/cyklista.com.pl\/index.php\/2025\/05\/14\/walne-zgromadzenie-czlonkow\/\" class=\"title-animation-underline-break\" title=\"Walne Zgromadzenie Cz\u0142onk\u00f3w\">\r\n            Walne Zgromadzenie Cz\u0142onk\u00f3w        <\/a>\r\n        <\/h2>\r\n                            <div class=\"meta-wrapper\">\r\n                                                                                                                                            <\/div>\r\n                                                        <\/div>\r\n            <\/div>\r\n        <\/div>\r\n    <\/article>\r\n<\/div><div class=\"post-item swiper-slide\">\r\n    <article class=\"post-wrapper\">\r\n        <div class=\"image-wrapper\" data-swiper-parallax=\"\" data-swiper-parallax-scale=\"1\">\r\n            <img loading=\"lazy\" decoding=\"async\" width=\"900\" height=\"444\" src=\"http:\/\/cyklista.com.pl\/wp-content\/uploads\/2026\/04\/rpr_plakat2025-scaled-900x444-1.jpg\" class=\"attachment-rivax-large size-rivax-large wp-post-image\" alt=\"\" title=\"Rodzinny Rajd Rowerowy w Przeciszowie\" srcset=\"http:\/\/cyklista.com.pl\/wp-content\/uploads\/2026\/04\/rpr_plakat2025-scaled-900x444-1.jpg 900w, http:\/\/cyklista.com.pl\/wp-content\/uploads\/2026\/04\/rpr_plakat2025-scaled-900x444-1-300x148.jpg 300w, http:\/\/cyklista.com.pl\/wp-content\/uploads\/2026\/04\/rpr_plakat2025-scaled-900x444-1-768x379.jpg 768w, http:\/\/cyklista.com.pl\/wp-content\/uploads\/2026\/04\/rpr_plakat2025-scaled-900x444-1-340x168.jpg 340w, http:\/\/cyklista.com.pl\/wp-content\/uploads\/2026\/04\/rpr_plakat2025-scaled-900x444-1-450x222.jpg 450w\" sizes=\"(max-width: 900px) 100vw, 900px\" \/>        <\/div>\r\n        <div class=\"content-wrapper-outer\" data-swiper-parallax=\"5%\">\r\n            <div class=\"content-wrapper\">\r\n                <div class=\"content-wrapper-inner rivax-position-top-left\" >\r\n                    <div class=\"terms-wrapper  term-shape\"><a class=\"term-item term-id-51\" href=\"http:\/\/cyklista.com.pl\/index.php\/category\/aktualnosci\/\"><span>Aktualno\u015bci<\/span><\/a><span class=\"date-after-terms\">2025-05-13<\/span><\/div>                            <h2 class=\"post-title\">\r\n                <a href=\"http:\/\/cyklista.com.pl\/index.php\/2025\/05\/13\/rodzinny-rajd-rowerowy-w-przeciszowie\/\" class=\"title-animation-underline-break\" title=\"Rodzinny Rajd Rowerowy w Przeciszowie\">\r\n            Rodzinny Rajd Rowerowy w Przeciszowie        <\/a>\r\n        <\/h2>\r\n                            <div class=\"meta-wrapper\">\r\n                                                                                                                                            <\/div>\r\n                                                        <\/div>\r\n            <\/div>\r\n        <\/div>\r\n    <\/article>\r\n<\/div>                    <\/div> <!-- .swiper-wrapper -->\r\n        <\/div><!-- .swiper -->\r\n                <\/div><!-- .rivax-posts-carousel-wrapper -->\r\n    \r\n                <div id=\"rivax-thumbs-3c9d8eb\" class=\"thumbs-slider-wrapper\" data-settings=\"{&quot;loop&quot;:true,&quot;speed&quot;:1000,&quot;slideToClickedSlide&quot;:true,&quot;direction&quot;:&quot;horizontal&quot;,&quot;touchRatio&quot;:0.20000000000000001,&quot;spaceBetween&quot;:15,&quot;loopedSlides&quot;:6,&quot;slidesPerView&quot;:1.5,&quot;breakpoints&quot;:{&quot;768&quot;:{&quot;slidesPerView&quot;:&quot;2&quot;,&quot;direction&quot;:&quot;horizontal&quot;},&quot;1025&quot;:{&quot;slidesPerView&quot;:2,&quot;direction&quot;:&quot;horizontal&quot;}}}\" style=\"--bar-time: 5000ms;\">\r\n            <div class=\"thumbs-slider-inner\">\r\n                <div class=\"swiper thumbs-slider layout-content\">\r\n                    <div class=\"swiper-wrapper\">\r\n                                                        <div class=\"thumb-wrapper swiper-slide\">\r\n                                                                                                                <div class=\"thumb-content\">\r\n                                            <h6 class=\"thumb-title\">Kaszuby 2025<\/h6>\r\n                                                                                            <span class=\"thumb-date\">2025-07-01<\/span>\r\n                                                                                    <\/div>\r\n                                                                    <\/div>\r\n                                                            <div class=\"thumb-wrapper swiper-slide\">\r\n                                                                                                                <div class=\"thumb-content\">\r\n                                            <h6 class=\"thumb-title\">Walne Zgromadzenie Cz\u0142onk\u00f3w<\/h6>\r\n                                                                                            <span class=\"thumb-date\">2025-05-14<\/span>\r\n                                                                                    <\/div>\r\n                                                                    <\/div>\r\n                                                            <div class=\"thumb-wrapper swiper-slide\">\r\n                                                                                                                <div class=\"thumb-content\">\r\n                                            <h6 class=\"thumb-title\">Rodzinny Rajd Rowerowy w Przeciszowie<\/h6>\r\n                                                                                            <span class=\"thumb-date\">2025-05-13<\/span>\r\n                                                                                    <\/div>\r\n                                                                    <\/div>\r\n                                                <\/div>\r\n                <\/div>\r\n            <\/div>\r\n        <\/div>\r\n    <\/div>\r\n<\/div>\r\n\t\t\t\t<\/div>\n\t\t\t\t<\/div>\n\t\t\t\t<div class=\"elementor-element elementor-element-17eaffb rivax-align-center elementor-widget rivax-divider-heading-widget\" data-id=\"17eaffb\" data-element_type=\"widget\" data-e-type=\"widget\" data-widget_type=\"rivax-divider-heading.default\">\n\t\t\t\t<div class=\"elementor-widget-container\">\n\t\t\t\t\t<div class=\"rivax-divider-heading-wrap\">\r\n    <div class=\"rivax-divider-heading divider-style-6 \">\r\n        <div class=\"divider divider-1\"><\/div>\r\n        <div class=\"divider divider-2\"><\/div>\r\n        <h4 class=\"title\">\r\n                <span class=\"title-inner\">\r\n            <span class=\"title-text\">\r\n                                Featured            <\/span>\r\n            <span class=\"subtitle-text-wrap\"><span class=\"subtitle-text\">News<\/span><\/span>        <\/span>\r\n                <\/h4>\r\n        <div class=\"divider divider-3\"><\/div>\r\n        <div class=\"divider divider-4\"><\/div>\r\n    <\/div>\r\n<\/div>\t\t\t\t<\/div>\n\t\t\t\t<\/div>\n\t\t\t\t<div class=\"elementor-element elementor-element-37e8a75 e-n-tabs-none elementor-widget elementor-widget-n-tabs\" data-id=\"37e8a75\" data-element_type=\"widget\" data-e-type=\"widget\" data-settings=\"{&quot;tabs_justify_horizontal&quot;:&quot;end&quot;,&quot;horizontal_scroll_mobile&quot;:&quot;disable&quot;,&quot;horizontal_scroll&quot;:&quot;disable&quot;}\" data-widget_type=\"nested-tabs.default\">\n\t\t\t\t\t\t\t<div class=\"e-n-tabs\" data-widget-number=\"58624629\" aria-label=\"Karty. Otwieraj elementy za pomoc\u0105 Enter lub Spacji, zamykaj za pomoc\u0105 Escape i nawiguj za pomoc\u0105 klawiszy strza\u0142ek.\">\n\t\t\t<div class=\"e-n-tabs-heading\" role=\"tablist\">\n\t\t\t\t\t<button id=\"e-n-tab-title-586246291\" data-tab-title-id=\"e-n-tab-title-586246291\" class=\"e-n-tab-title\" aria-selected=\"true\" data-tab-index=\"1\" role=\"tab\" tabindex=\"0\" aria-controls=\"e-n-tab-content-586246291\" style=\"--n-tabs-title-order: 1;\">\n\t\t\t\t\t\t<span class=\"e-n-tab-title-text\">\n\t\t\t\tScience\t\t\t<\/span>\n\t\t<\/button>\n\t\t\t\t<button id=\"e-n-tab-title-586246292\" data-tab-title-id=\"e-n-tab-title-586246292\" class=\"e-n-tab-title\" aria-selected=\"false\" data-tab-index=\"2\" role=\"tab\" tabindex=\"-1\" aria-controls=\"e-n-tab-content-586246292\" style=\"--n-tabs-title-order: 2;\">\n\t\t\t\t\t\t<span class=\"e-n-tab-title-text\">\n\t\t\t\tFashion\t\t\t<\/span>\n\t\t<\/button>\n\t\t\t\t<button id=\"e-n-tab-title-586246293\" data-tab-title-id=\"e-n-tab-title-586246293\" class=\"e-n-tab-title\" aria-selected=\"false\" data-tab-index=\"3\" role=\"tab\" tabindex=\"-1\" aria-controls=\"e-n-tab-content-586246293\" style=\"--n-tabs-title-order: 3;\">\n\t\t\t\t\t\t<span class=\"e-n-tab-title-text\">\n\t\t\t\tSports\t\t\t<\/span>\n\t\t<\/button>\n\t\t\t\t\t<\/div>\n\t\t\t<div class=\"e-n-tabs-content\">\n\t\t\t\t<div id=\"e-n-tab-content-586246291\" role=\"tabpanel\" aria-labelledby=\"e-n-tab-title-586246291\" data-tab-index=\"1\" style=\"--n-tabs-title-order: 1;\" class=\"e-active elementor-element elementor-element-ffe381b e-con-full e-flex e-con e-child\" data-id=\"ffe381b\" data-element_type=\"container\" data-e-type=\"container\" data-settings=\"{&quot;background_background&quot;:&quot;classic&quot;}\">\n\t\t\t\t<div class=\"elementor-element elementor-element-ab84902 elementor-widget rivax-post-elastic-widget\" data-id=\"ab84902\" data-element_type=\"widget\" data-e-type=\"widget\" data-widget_type=\"rivax-post-elastic.default\">\n\t\t\t\t<div class=\"elementor-widget-container\">\n\t\t\t\t\t<div class=\"rivax-posts-container\">\r\n    <div class=\"rivax-posts-wrapper layout-grid\">\r\n                <div class=\"post-item\">\r\n    <article class=\"post-wrapper\">\r\n        \t    \r\n\t    \r\n                    <div class=\"image-outer-wrapper\">\r\n\r\n\t            \r\n\t            \r\n                <div class=\"image-wrapper\">\r\n                    <a class=\"rivax-position-cover\" href=\"http:\/\/cyklista.com.pl\/index.php\/2025\/03\/25\/co-slychac-u-cyklistow\/\" aria-label=\"Item Link\"><\/a>\r\n                    <img loading=\"lazy\" decoding=\"async\" width=\"340\" height=\"220\" src=\"http:\/\/cyklista.com.pl\/wp-content\/uploads\/2026\/04\/20250823_113401-scaled-900x444-1-340x220.jpg\" class=\"attachment-rivax-small size-rivax-small wp-post-image\" alt=\"\" title=\"Co s\u0142ycha\u0107 u Cyklist\u00f3w\" srcset=\"http:\/\/cyklista.com.pl\/wp-content\/uploads\/2026\/04\/20250823_113401-scaled-900x444-1-340x220.jpg 340w, http:\/\/cyklista.com.pl\/wp-content\/uploads\/2026\/04\/20250823_113401-scaled-900x444-1-450x290.jpg 450w\" sizes=\"(max-width: 340px) 100vw, 340px\" \/>\r\n\t\t            \t\t                            <\/div>\r\n\r\n            <\/div>\r\n        \r\n        <div class=\"content-wrapper\">\r\n\t        <div class=\"terms-wrapper  term-shape\"><a class=\"term-item term-id-51\" href=\"http:\/\/cyklista.com.pl\/index.php\/category\/aktualnosci\/\"><span>Aktualno\u015bci<\/span><\/a><\/div>                    <h4 class=\"post-title\">\r\n                <a href=\"http:\/\/cyklista.com.pl\/index.php\/2025\/03\/25\/co-slychac-u-cyklistow\/\" class=\"title-animation-underline-break\" title=\"Co s\u0142ycha\u0107 u Cyklist\u00f3w\">\r\n            Co s\u0142ycha\u0107 u Cyklist\u00f3w        <\/a>\r\n        <\/h4>\r\n                    <div class=\"meta-wrapper\">\r\n                        <div class=\"post-author-wrapper\">\r\n\t\t\t            <div class=\"author-wrapper\">\r\n                <div class=\"author-meta\">\r\n\t\t                                <a href=\"http:\/\/cyklista.com.pl\/index.php\/author\/administrator\/\">\r\n\t\t\t            administrator                    <\/a>\r\n                <\/div>\r\n                            <\/div>\r\n        <\/div>\r\n\t\t                        <div class=\"date-wrapper date-inline\">\r\n                        <span class=\"date\">\r\n                2025-03-25            <\/span>\r\n        <\/div>\r\n                                                                    <\/div>\r\n                                <\/div>\r\n    <\/article>\r\n<\/div>            <\/div>\r\n    <\/div>\r\n\t\t\t\t<\/div>\n\t\t\t\t<\/div>\n\t\t\t\t<div class=\"elementor-element elementor-element-644ea15 elementor-widget rivax-post-elastic-widget\" data-id=\"644ea15\" data-element_type=\"widget\" data-e-type=\"widget\" data-widget_type=\"rivax-post-elastic.default\">\n\t\t\t\t<div class=\"elementor-widget-container\">\n\t\t\t\t\t<div class=\"rivax-posts-container\">\r\n    <div class=\"rivax-posts-wrapper layout-grid\">\r\n                <div class=\"post-item\">\r\n    <article class=\"post-wrapper\">\r\n        \t    \r\n\t    \r\n        \r\n        <div class=\"content-wrapper\">\r\n\t                            <h6 class=\"post-title\">\r\n                <a href=\"http:\/\/cyklista.com.pl\/index.php\/2025\/05\/14\/walne-zgromadzenie-czlonkow\/\" class=\"title-animation-underline-break\" title=\"Walne Zgromadzenie Cz\u0142onk\u00f3w\">\r\n            Walne Zgromadzenie Cz\u0142onk\u00f3w        <\/a>\r\n        <\/h6>\r\n                    <div class=\"meta-wrapper\">\r\n                                        <div class=\"date-wrapper date-inline\">\r\n                        <span class=\"date\">\r\n                2025-05-14            <\/span>\r\n        <\/div>\r\n                                                                    <\/div>\r\n                                <\/div>\r\n    <\/article>\r\n<\/div><div class=\"post-item\">\r\n    <article class=\"post-wrapper\">\r\n        \t    \r\n\t    \r\n                    <div class=\"image-outer-wrapper\">\r\n\r\n\t            \r\n\t            \r\n                <div class=\"image-wrapper\">\r\n                    <a class=\"rivax-position-cover\" href=\"http:\/\/cyklista.com.pl\/index.php\/2025\/05\/13\/rodzinny-rajd-rowerowy-w-przeciszowie\/\" aria-label=\"Item Link\"><\/a>\r\n                    <img decoding=\"async\" width=\"150\" height=\"150\" src=\"http:\/\/cyklista.com.pl\/wp-content\/uploads\/2026\/04\/rpr_plakat2025-scaled-900x444-1-150x150.jpg\" class=\"attachment-thumbnail size-thumbnail wp-post-image\" alt=\"\" title=\"Rodzinny Rajd Rowerowy w Przeciszowie\" srcset=\"http:\/\/cyklista.com.pl\/wp-content\/uploads\/2026\/04\/rpr_plakat2025-scaled-900x444-1-150x150.jpg 150w, http:\/\/cyklista.com.pl\/wp-content\/uploads\/2026\/04\/rpr_plakat2025-scaled-900x444-1-340x340.jpg 340w\" sizes=\"(max-width: 150px) 100vw, 150px\" \/>\r\n\t\t            \t\t                            <\/div>\r\n\r\n            <\/div>\r\n        \r\n        <div class=\"content-wrapper\">\r\n\t                            <h6 class=\"post-title\">\r\n                <a href=\"http:\/\/cyklista.com.pl\/index.php\/2025\/05\/13\/rodzinny-rajd-rowerowy-w-przeciszowie\/\" class=\"title-animation-underline-break\" title=\"Rodzinny Rajd Rowerowy w Przeciszowie\">\r\n            Rodzinny Rajd Rowerowy w Przeciszowie        <\/a>\r\n        <\/h6>\r\n                    <div class=\"meta-wrapper\">\r\n                                        <div class=\"date-wrapper date-inline\">\r\n                        <span class=\"date\">\r\n                2025-05-13            <\/span>\r\n        <\/div>\r\n                                                                    <\/div>\r\n                                <\/div>\r\n    <\/article>\r\n<\/div><div class=\"post-item\">\r\n    <article class=\"post-wrapper\">\r\n        \t    \r\n\t    \r\n                    <div class=\"image-outer-wrapper\">\r\n\r\n\t            \r\n\t            \r\n                <div class=\"image-wrapper\">\r\n                    <a class=\"rivax-position-cover\" href=\"http:\/\/cyklista.com.pl\/index.php\/2025\/05\/06\/majowy-weekend-2025\/\" aria-label=\"Item Link\"><\/a>\r\n                    <img decoding=\"async\" width=\"150\" height=\"150\" src=\"http:\/\/cyklista.com.pl\/wp-content\/uploads\/2026\/04\/obraz_2025-05-04_120640916-900x444-1-150x150.png\" class=\"attachment-thumbnail size-thumbnail wp-post-image\" alt=\"\" title=\"Majowy weekend 2025\" srcset=\"http:\/\/cyklista.com.pl\/wp-content\/uploads\/2026\/04\/obraz_2025-05-04_120640916-900x444-1-150x150.png 150w, http:\/\/cyklista.com.pl\/wp-content\/uploads\/2026\/04\/obraz_2025-05-04_120640916-900x444-1-340x340.png 340w\" sizes=\"(max-width: 150px) 100vw, 150px\" \/>\r\n\t\t            \t\t                            <\/div>\r\n\r\n            <\/div>\r\n        \r\n        <div class=\"content-wrapper\">\r\n\t                            <h6 class=\"post-title\">\r\n                <a href=\"http:\/\/cyklista.com.pl\/index.php\/2025\/05\/06\/majowy-weekend-2025\/\" class=\"title-animation-underline-break\" title=\"Majowy weekend 2025\">\r\n            Majowy weekend 2025        <\/a>\r\n        <\/h6>\r\n                    <div class=\"meta-wrapper\">\r\n                                        <div class=\"date-wrapper date-inline\">\r\n                        <span class=\"date\">\r\n                2025-05-06            <\/span>\r\n        <\/div>\r\n                                                                    <\/div>\r\n                                <\/div>\r\n    <\/article>\r\n<\/div><div class=\"post-item\">\r\n    <article class=\"post-wrapper\">\r\n        \t    \r\n\t    \r\n                    <div class=\"image-outer-wrapper\">\r\n\r\n\t            \r\n\t            \r\n                <div class=\"image-wrapper\">\r\n                    <a class=\"rivax-position-cover\" href=\"http:\/\/cyklista.com.pl\/index.php\/2025\/04\/15\/rajd-wielkanocny\/\" aria-label=\"Item Link\"><\/a>\r\n                    <img decoding=\"async\" width=\"150\" height=\"150\" src=\"http:\/\/cyklista.com.pl\/wp-content\/uploads\/2026\/04\/Rajd-W.-1536x864-1-150x150.jpeg\" class=\"attachment-thumbnail size-thumbnail wp-post-image\" alt=\"\" title=\"Rajd Wielkanocny\" srcset=\"http:\/\/cyklista.com.pl\/wp-content\/uploads\/2026\/04\/Rajd-W.-1536x864-1-150x150.jpeg 150w, http:\/\/cyklista.com.pl\/wp-content\/uploads\/2026\/04\/Rajd-W.-1536x864-1-340x340.jpeg 340w, http:\/\/cyklista.com.pl\/wp-content\/uploads\/2026\/04\/Rajd-W.-1536x864-1-450x450.jpeg 450w, http:\/\/cyklista.com.pl\/wp-content\/uploads\/2026\/04\/Rajd-W.-1536x864-1-650x650.jpeg 650w\" sizes=\"(max-width: 150px) 100vw, 150px\" \/>\r\n\t\t            \t\t                            <\/div>\r\n\r\n            <\/div>\r\n        \r\n        <div class=\"content-wrapper\">\r\n\t                            <h6 class=\"post-title\">\r\n                <a href=\"http:\/\/cyklista.com.pl\/index.php\/2025\/04\/15\/rajd-wielkanocny\/\" class=\"title-animation-underline-break\" title=\"Rajd Wielkanocny\">\r\n            Rajd Wielkanocny        <\/a>\r\n        <\/h6>\r\n                    <div class=\"meta-wrapper\">\r\n                                        <div class=\"date-wrapper date-inline\">\r\n                        <span class=\"date\">\r\n                2025-04-15            <\/span>\r\n        <\/div>\r\n                                                                    <\/div>\r\n                                <\/div>\r\n    <\/article>\r\n<\/div>            <\/div>\r\n    <\/div>\r\n\t\t\t\t<\/div>\n\t\t\t\t<\/div>\n\t\t\t\t<\/div>\n\t\t<div id=\"e-n-tab-content-586246292\" role=\"tabpanel\" aria-labelledby=\"e-n-tab-title-586246292\" data-tab-index=\"2\" style=\"--n-tabs-title-order: 2;\" class=\" elementor-element elementor-element-c59527b e-con-full e-flex e-con e-child\" data-id=\"c59527b\" data-element_type=\"container\" data-e-type=\"container\" data-settings=\"{&quot;background_background&quot;:&quot;classic&quot;}\">\n\t\t\t\t<div class=\"elementor-element elementor-element-2c2f110 elementor-widget rivax-post-elastic-widget\" data-id=\"2c2f110\" data-element_type=\"widget\" data-e-type=\"widget\" data-widget_type=\"rivax-post-elastic.default\">\n\t\t\t\t<div class=\"elementor-widget-container\">\n\t\t\t\t\t<div class=\"rivax-posts-container\">\r\n    <div class=\"rivax-posts-wrapper layout-grid\">\r\n                <div class=\"post-item\">\r\n    <article class=\"post-wrapper\">\r\n        \t    \r\n\t    \r\n                    <div class=\"image-outer-wrapper\">\r\n\r\n\t            \r\n\t            \r\n                <div class=\"image-wrapper\">\r\n                    <a class=\"rivax-position-cover\" href=\"http:\/\/cyklista.com.pl\/index.php\/2020\/03\/31\/witaj-swiecie\/\" aria-label=\"Item Link\"><\/a>\r\n                    <img loading=\"lazy\" decoding=\"async\" width=\"340\" height=\"220\" src=\"http:\/\/cyklista.com.pl\/wp-content\/uploads\/2026\/03\/CYKLISTA-340x220.png\" class=\"attachment-rivax-small size-rivax-small wp-post-image\" alt=\"\" title=\"\" srcset=\"http:\/\/cyklista.com.pl\/wp-content\/uploads\/2026\/03\/CYKLISTA-340x220.png 340w, http:\/\/cyklista.com.pl\/wp-content\/uploads\/2026\/03\/CYKLISTA-450x290.png 450w\" sizes=\"(max-width: 340px) 100vw, 340px\" \/>\r\n\t\t            \t\t                            <\/div>\r\n\r\n            <\/div>\r\n        \r\n        <div class=\"content-wrapper\">\r\n\t        <div class=\"terms-wrapper  term-shape\"><a class=\"term-item term-id-50\" href=\"http:\/\/cyklista.com.pl\/index.php\/category\/slider\/\"><span>Slider<\/span><\/a><\/div>                    <h4 class=\"post-title\">\r\n                <a href=\"http:\/\/cyklista.com.pl\/index.php\/2020\/03\/31\/witaj-swiecie\/\" class=\"title-animation-underline-break\" title=\"\">\r\n                    <\/a>\r\n        <\/h4>\r\n                    <div class=\"meta-wrapper\">\r\n                        <div class=\"post-author-wrapper\">\r\n\t\t\t            <div class=\"author-wrapper\">\r\n                <div class=\"author-meta\">\r\n\t\t                                <a href=\"http:\/\/cyklista.com.pl\/index.php\/author\/administrator\/\">\r\n\t\t\t            administrator                    <\/a>\r\n                <\/div>\r\n                            <\/div>\r\n        <\/div>\r\n\t\t                        <div class=\"date-wrapper date-inline\">\r\n                        <span class=\"date\">\r\n                2020-03-31            <\/span>\r\n        <\/div>\r\n                                                                    <\/div>\r\n                                <\/div>\r\n    <\/article>\r\n<\/div>            <\/div>\r\n    <\/div>\r\n\t\t\t\t<\/div>\n\t\t\t\t<\/div>\n\t\t\t\t<div class=\"elementor-element elementor-element-5509054 elementor-widget rivax-post-elastic-widget\" data-id=\"5509054\" data-element_type=\"widget\" data-e-type=\"widget\" data-widget_type=\"rivax-post-elastic.default\">\n\t\t\t\t<div class=\"elementor-widget-container\">\n\t\t\t\t\t<div class=\"rivax-posts-container\">\r\n    <div class=\"rivax-posts-wrapper layout-grid\">\r\n                <div class=\"post-item\">\r\n    <article class=\"post-wrapper\">\r\n        \t    \r\n\t    \r\n        \r\n        <div class=\"content-wrapper\">\r\n\t                            <h6 class=\"post-title\">\r\n                <a href=\"http:\/\/cyklista.com.pl\/index.php\/2025\/05\/14\/walne-zgromadzenie-czlonkow\/\" class=\"title-animation-underline-break\" title=\"Walne Zgromadzenie Cz\u0142onk\u00f3w\">\r\n            Walne Zgromadzenie Cz\u0142onk\u00f3w        <\/a>\r\n        <\/h6>\r\n                    <div class=\"meta-wrapper\">\r\n                                        <div class=\"date-wrapper date-inline\">\r\n                        <span class=\"date\">\r\n                2025-05-14            <\/span>\r\n        <\/div>\r\n                                                                    <\/div>\r\n                                <\/div>\r\n    <\/article>\r\n<\/div><div class=\"post-item\">\r\n    <article class=\"post-wrapper\">\r\n        \t    \r\n\t    \r\n                    <div class=\"image-outer-wrapper\">\r\n\r\n\t            \r\n\t            \r\n                <div class=\"image-wrapper\">\r\n                    <a class=\"rivax-position-cover\" href=\"http:\/\/cyklista.com.pl\/index.php\/2025\/05\/13\/rodzinny-rajd-rowerowy-w-przeciszowie\/\" aria-label=\"Item Link\"><\/a>\r\n                    <img decoding=\"async\" width=\"150\" height=\"150\" src=\"http:\/\/cyklista.com.pl\/wp-content\/uploads\/2026\/04\/rpr_plakat2025-scaled-900x444-1-150x150.jpg\" class=\"attachment-thumbnail size-thumbnail wp-post-image\" alt=\"\" title=\"Rodzinny Rajd Rowerowy w Przeciszowie\" srcset=\"http:\/\/cyklista.com.pl\/wp-content\/uploads\/2026\/04\/rpr_plakat2025-scaled-900x444-1-150x150.jpg 150w, http:\/\/cyklista.com.pl\/wp-content\/uploads\/2026\/04\/rpr_plakat2025-scaled-900x444-1-340x340.jpg 340w\" sizes=\"(max-width: 150px) 100vw, 150px\" \/>\r\n\t\t            \t\t                            <\/div>\r\n\r\n            <\/div>\r\n        \r\n        <div class=\"content-wrapper\">\r\n\t                            <h6 class=\"post-title\">\r\n                <a href=\"http:\/\/cyklista.com.pl\/index.php\/2025\/05\/13\/rodzinny-rajd-rowerowy-w-przeciszowie\/\" class=\"title-animation-underline-break\" title=\"Rodzinny Rajd Rowerowy w Przeciszowie\">\r\n            Rodzinny Rajd Rowerowy w Przeciszowie        <\/a>\r\n        <\/h6>\r\n                    <div class=\"meta-wrapper\">\r\n                                        <div class=\"date-wrapper date-inline\">\r\n                        <span class=\"date\">\r\n                2025-05-13            <\/span>\r\n        <\/div>\r\n                                                                    <\/div>\r\n                                <\/div>\r\n    <\/article>\r\n<\/div><div class=\"post-item\">\r\n    <article class=\"post-wrapper\">\r\n        \t    \r\n\t    \r\n                    <div class=\"image-outer-wrapper\">\r\n\r\n\t            \r\n\t            \r\n                <div class=\"image-wrapper\">\r\n                    <a class=\"rivax-position-cover\" href=\"http:\/\/cyklista.com.pl\/index.php\/2025\/05\/06\/majowy-weekend-2025\/\" aria-label=\"Item Link\"><\/a>\r\n                    <img decoding=\"async\" width=\"150\" height=\"150\" src=\"http:\/\/cyklista.com.pl\/wp-content\/uploads\/2026\/04\/obraz_2025-05-04_120640916-900x444-1-150x150.png\" class=\"attachment-thumbnail size-thumbnail wp-post-image\" alt=\"\" title=\"Majowy weekend 2025\" srcset=\"http:\/\/cyklista.com.pl\/wp-content\/uploads\/2026\/04\/obraz_2025-05-04_120640916-900x444-1-150x150.png 150w, http:\/\/cyklista.com.pl\/wp-content\/uploads\/2026\/04\/obraz_2025-05-04_120640916-900x444-1-340x340.png 340w\" sizes=\"(max-width: 150px) 100vw, 150px\" \/>\r\n\t\t            \t\t                            <\/div>\r\n\r\n            <\/div>\r\n        \r\n        <div class=\"content-wrapper\">\r\n\t                            <h6 class=\"post-title\">\r\n                <a href=\"http:\/\/cyklista.com.pl\/index.php\/2025\/05\/06\/majowy-weekend-2025\/\" class=\"title-animation-underline-break\" title=\"Majowy weekend 2025\">\r\n            Majowy weekend 2025        <\/a>\r\n        <\/h6>\r\n                    <div class=\"meta-wrapper\">\r\n                                        <div class=\"date-wrapper date-inline\">\r\n                        <span class=\"date\">\r\n                2025-05-06            <\/span>\r\n        <\/div>\r\n                                                                    <\/div>\r\n                                <\/div>\r\n    <\/article>\r\n<\/div><div class=\"post-item\">\r\n    <article class=\"post-wrapper\">\r\n        \t    \r\n\t    \r\n                    <div class=\"image-outer-wrapper\">\r\n\r\n\t            \r\n\t            \r\n                <div class=\"image-wrapper\">\r\n                    <a class=\"rivax-position-cover\" href=\"http:\/\/cyklista.com.pl\/index.php\/2025\/04\/15\/rajd-wielkanocny\/\" aria-label=\"Item Link\"><\/a>\r\n                    <img decoding=\"async\" width=\"150\" height=\"150\" src=\"http:\/\/cyklista.com.pl\/wp-content\/uploads\/2026\/04\/Rajd-W.-1536x864-1-150x150.jpeg\" class=\"attachment-thumbnail size-thumbnail wp-post-image\" alt=\"\" title=\"Rajd Wielkanocny\" srcset=\"http:\/\/cyklista.com.pl\/wp-content\/uploads\/2026\/04\/Rajd-W.-1536x864-1-150x150.jpeg 150w, http:\/\/cyklista.com.pl\/wp-content\/uploads\/2026\/04\/Rajd-W.-1536x864-1-340x340.jpeg 340w, http:\/\/cyklista.com.pl\/wp-content\/uploads\/2026\/04\/Rajd-W.-1536x864-1-450x450.jpeg 450w, http:\/\/cyklista.com.pl\/wp-content\/uploads\/2026\/04\/Rajd-W.-1536x864-1-650x650.jpeg 650w\" sizes=\"(max-width: 150px) 100vw, 150px\" \/>\r\n\t\t            \t\t                            <\/div>\r\n\r\n            <\/div>\r\n        \r\n        <div class=\"content-wrapper\">\r\n\t                            <h6 class=\"post-title\">\r\n                <a href=\"http:\/\/cyklista.com.pl\/index.php\/2025\/04\/15\/rajd-wielkanocny\/\" class=\"title-animation-underline-break\" title=\"Rajd Wielkanocny\">\r\n            Rajd Wielkanocny        <\/a>\r\n        <\/h6>\r\n                    <div class=\"meta-wrapper\">\r\n                                        <div class=\"date-wrapper date-inline\">\r\n                        <span class=\"date\">\r\n                2025-04-15            <\/span>\r\n        <\/div>\r\n                                                                    <\/div>\r\n                                <\/div>\r\n    <\/article>\r\n<\/div>            <\/div>\r\n    <\/div>\r\n\t\t\t\t<\/div>\n\t\t\t\t<\/div>\n\t\t\t\t<\/div>\n\t\t<div id=\"e-n-tab-content-586246293\" role=\"tabpanel\" aria-labelledby=\"e-n-tab-title-586246293\" data-tab-index=\"3\" style=\"--n-tabs-title-order: 3;\" class=\" elementor-element elementor-element-64d3142 e-con-full e-flex e-con e-child\" data-id=\"64d3142\" data-element_type=\"container\" data-e-type=\"container\" data-settings=\"{&quot;background_background&quot;:&quot;classic&quot;}\">\n\t\t\t\t<div class=\"elementor-element elementor-element-f6d24df elementor-widget rivax-post-elastic-widget\" data-id=\"f6d24df\" data-element_type=\"widget\" data-e-type=\"widget\" data-widget_type=\"rivax-post-elastic.default\">\n\t\t\t\t<div class=\"elementor-widget-container\">\n\t\t\t\t\t<div class=\"rivax-posts-container\">\r\n    <div class=\"rivax-posts-wrapper layout-grid\">\r\n                <div class=\"post-item\">\r\n    <article class=\"post-wrapper\">\r\n        \t    \r\n\t    \r\n                    <div class=\"image-outer-wrapper\">\r\n\r\n\t            \r\n\t            \r\n                <div class=\"image-wrapper\">\r\n                    <a class=\"rivax-position-cover\" href=\"http:\/\/cyklista.com.pl\/index.php\/2020\/04\/04\/2554\/\" aria-label=\"Item Link\"><\/a>\r\n                    <img loading=\"lazy\" decoding=\"async\" width=\"340\" height=\"220\" src=\"http:\/\/cyklista.com.pl\/wp-content\/uploads\/2026\/03\/CYKLISTA-3-340x220.png\" class=\"attachment-rivax-small size-rivax-small wp-post-image\" alt=\"\" title=\"\" srcset=\"http:\/\/cyklista.com.pl\/wp-content\/uploads\/2026\/03\/CYKLISTA-3-340x220.png 340w, http:\/\/cyklista.com.pl\/wp-content\/uploads\/2026\/03\/CYKLISTA-3-450x290.png 450w\" sizes=\"(max-width: 340px) 100vw, 340px\" \/>\r\n\t\t            \t\t                            <\/div>\r\n\r\n            <\/div>\r\n        \r\n        <div class=\"content-wrapper\">\r\n\t        <div class=\"terms-wrapper  term-shape\"><a class=\"term-item term-id-50\" href=\"http:\/\/cyklista.com.pl\/index.php\/category\/slider\/\"><span>Slider<\/span><\/a><\/div>                    <h4 class=\"post-title\">\r\n                <a href=\"http:\/\/cyklista.com.pl\/index.php\/2020\/04\/04\/2554\/\" class=\"title-animation-underline-break\" title=\"\">\r\n                    <\/a>\r\n        <\/h4>\r\n                    <div class=\"meta-wrapper\">\r\n                        <div class=\"post-author-wrapper\">\r\n\t\t\t            <div class=\"author-wrapper\">\r\n                <div class=\"author-meta\">\r\n\t\t                                <a href=\"http:\/\/cyklista.com.pl\/index.php\/author\/administrator\/\">\r\n\t\t\t            administrator                    <\/a>\r\n                <\/div>\r\n                            <\/div>\r\n        <\/div>\r\n\t\t                        <div class=\"date-wrapper date-inline\">\r\n                        <span class=\"date\">\r\n                2020-04-04            <\/span>\r\n        <\/div>\r\n                                                                    <\/div>\r\n                                <\/div>\r\n    <\/article>\r\n<\/div>            <\/div>\r\n    <\/div>\r\n\t\t\t\t<\/div>\n\t\t\t\t<\/div>\n\t\t\t\t<div class=\"elementor-element elementor-element-544c075 elementor-widget rivax-post-elastic-widget\" data-id=\"544c075\" data-element_type=\"widget\" data-e-type=\"widget\" data-widget_type=\"rivax-post-elastic.default\">\n\t\t\t\t<div class=\"elementor-widget-container\">\n\t\t\t\t\t<div class=\"rivax-posts-container\">\r\n    <div class=\"rivax-posts-wrapper layout-grid\">\r\n                <div class=\"post-item\">\r\n    <article class=\"post-wrapper\">\r\n        \t    \r\n\t    \r\n                    <div class=\"image-outer-wrapper\">\r\n\r\n\t            \r\n\t            \r\n                <div class=\"image-wrapper\">\r\n                    <a class=\"rivax-position-cover\" href=\"http:\/\/cyklista.com.pl\/index.php\/2020\/04\/04\/2552\/\" aria-label=\"Item Link\"><\/a>\r\n                    <img loading=\"lazy\" decoding=\"async\" width=\"150\" height=\"150\" src=\"http:\/\/cyklista.com.pl\/wp-content\/uploads\/2026\/03\/CYKLISTA-4-150x150.png\" class=\"attachment-thumbnail size-thumbnail wp-post-image\" alt=\"\" title=\"\" srcset=\"http:\/\/cyklista.com.pl\/wp-content\/uploads\/2026\/03\/CYKLISTA-4-150x150.png 150w, http:\/\/cyklista.com.pl\/wp-content\/uploads\/2026\/03\/CYKLISTA-4-340x340.png 340w, http:\/\/cyklista.com.pl\/wp-content\/uploads\/2026\/03\/CYKLISTA-4-450x450.png 450w\" sizes=\"(max-width: 150px) 100vw, 150px\" \/>\r\n\t\t            \t\t                            <\/div>\r\n\r\n            <\/div>\r\n        \r\n        <div class=\"content-wrapper\">\r\n\t                            <h6 class=\"post-title\">\r\n                <a href=\"http:\/\/cyklista.com.pl\/index.php\/2020\/04\/04\/2552\/\" class=\"title-animation-underline-break\" title=\"\">\r\n                    <\/a>\r\n        <\/h6>\r\n                    <div class=\"meta-wrapper\">\r\n                                        <div class=\"date-wrapper date-inline\">\r\n                        <span class=\"date\">\r\n                2020-04-04            <\/span>\r\n        <\/div>\r\n                                                                    <\/div>\r\n                                <\/div>\r\n    <\/article>\r\n<\/div><div class=\"post-item\">\r\n    <article class=\"post-wrapper\">\r\n        \t    \r\n\t    \r\n                    <div class=\"image-outer-wrapper\">\r\n\r\n\t            \r\n\t            \r\n                <div class=\"image-wrapper\">\r\n                    <a class=\"rivax-position-cover\" href=\"http:\/\/cyklista.com.pl\/index.php\/2020\/03\/31\/witaj-swiecie\/\" aria-label=\"Item Link\"><\/a>\r\n                    <img loading=\"lazy\" decoding=\"async\" width=\"150\" height=\"150\" src=\"http:\/\/cyklista.com.pl\/wp-content\/uploads\/2026\/03\/CYKLISTA-150x150.png\" class=\"attachment-thumbnail size-thumbnail wp-post-image\" alt=\"\" title=\"\" srcset=\"http:\/\/cyklista.com.pl\/wp-content\/uploads\/2026\/03\/CYKLISTA-150x150.png 150w, http:\/\/cyklista.com.pl\/wp-content\/uploads\/2026\/03\/CYKLISTA-340x340.png 340w, http:\/\/cyklista.com.pl\/wp-content\/uploads\/2026\/03\/CYKLISTA-450x450.png 450w\" sizes=\"(max-width: 150px) 100vw, 150px\" \/>\r\n\t\t            \t\t                            <\/div>\r\n\r\n            <\/div>\r\n        \r\n        <div class=\"content-wrapper\">\r\n\t                            <h6 class=\"post-title\">\r\n                <a href=\"http:\/\/cyklista.com.pl\/index.php\/2020\/03\/31\/witaj-swiecie\/\" class=\"title-animation-underline-break\" title=\"\">\r\n                    <\/a>\r\n        <\/h6>\r\n                    <div class=\"meta-wrapper\">\r\n                                        <div class=\"date-wrapper date-inline\">\r\n                        <span class=\"date\">\r\n                2020-03-31            <\/span>\r\n        <\/div>\r\n                                                                    <\/div>\r\n                                <\/div>\r\n    <\/article>\r\n<\/div>            <\/div>\r\n    <\/div>\r\n\t\t\t\t<\/div>\n\t\t\t\t<\/div>\n\t\t\t\t<\/div>\n\t\t\t\t\t<\/div>\n\t\t<\/div>\n\t\t\t\t\t\t<\/div>\n\t\t\t\t<div class=\"elementor-element elementor-element-d1386c1 rivax-align-center elementor-widget rivax-divider-heading-widget\" data-id=\"d1386c1\" data-element_type=\"widget\" data-e-type=\"widget\" data-widget_type=\"rivax-divider-heading.default\">\n\t\t\t\t<div class=\"elementor-widget-container\">\n\t\t\t\t\t<div class=\"rivax-divider-heading-wrap\">\r\n    <div class=\"rivax-divider-heading divider-style-6 \">\r\n        <div class=\"divider divider-1\"><\/div>\r\n        <div class=\"divider divider-2\"><\/div>\r\n        <h4 class=\"title\">\r\n                <span class=\"title-inner\">\r\n            <span class=\"title-text\">\r\n                                Editor&#039;s            <\/span>\r\n            <span class=\"subtitle-text-wrap\"><span class=\"subtitle-text\">Choice<\/span><\/span>        <\/span>\r\n                <\/h4>\r\n        <div class=\"divider divider-3\"><\/div>\r\n        <div class=\"divider divider-4\"><\/div>\r\n    <\/div>\r\n<\/div>\t\t\t\t<\/div>\n\t\t\t\t<\/div>\n\t\t\t\t<div class=\"elementor-element elementor-element-6a75b49 elementor-widget rivax-post-elastic-widget\" data-id=\"6a75b49\" data-element_type=\"widget\" data-e-type=\"widget\" data-widget_type=\"rivax-post-elastic.default\">\n\t\t\t\t<div class=\"elementor-widget-container\">\n\t\t\t\t\t<div class=\"rivax-posts-container\">\r\n    <div class=\"rivax-posts-wrapper layout-grid\">\r\n                <div class=\"post-item\">\r\n    <article class=\"post-wrapper\">\r\n        \t    \r\n\t    \r\n                    <div class=\"image-outer-wrapper\">\r\n\r\n\t            \r\n\t            \r\n                <div class=\"image-wrapper\">\r\n                    <a class=\"rivax-position-cover\" href=\"http:\/\/cyklista.com.pl\/index.php\/2025\/02\/19\/walentynkowy-kulig\/\" aria-label=\"Item Link\"><\/a>\r\n                    <img loading=\"lazy\" decoding=\"async\" width=\"340\" height=\"220\" src=\"http:\/\/cyklista.com.pl\/wp-content\/uploads\/2026\/04\/WhatsApp-Image-2025-02-19-at-16.20.27-1-900x444-1-340x220.jpeg\" class=\"attachment-rivax-small size-rivax-small wp-post-image\" alt=\"\" title=\"Walentynkowy Kulig\" srcset=\"http:\/\/cyklista.com.pl\/wp-content\/uploads\/2026\/04\/WhatsApp-Image-2025-02-19-at-16.20.27-1-900x444-1-340x220.jpeg 340w, http:\/\/cyklista.com.pl\/wp-content\/uploads\/2026\/04\/WhatsApp-Image-2025-02-19-at-16.20.27-1-900x444-1-450x290.jpeg 450w\" sizes=\"(max-width: 340px) 100vw, 340px\" \/>\r\n\t\t            \t\t                            <\/div>\r\n\r\n            <\/div>\r\n        \r\n        <div class=\"content-wrapper\">\r\n\t        <div class=\"terms-wrapper  term-shape\"><a class=\"term-item term-id-51\" href=\"http:\/\/cyklista.com.pl\/index.php\/category\/aktualnosci\/\"><span>Aktualno\u015bci<\/span><\/a><\/div>                    <h4 class=\"post-title\">\r\n                <a href=\"http:\/\/cyklista.com.pl\/index.php\/2025\/02\/19\/walentynkowy-kulig\/\" class=\"title-animation-underline-break\" title=\"Walentynkowy Kulig\">\r\n            Walentynkowy Kulig        <\/a>\r\n        <\/h4>\r\n                    <div class=\"meta-wrapper\">\r\n                        <div class=\"post-author-wrapper\">\r\n\t\t\t<div class=\"author-image\"><img alt='' src='https:\/\/secure.gravatar.com\/avatar\/6e9d257abb087139c4a57fd62b4f5246da1ae07278ea0e7cb7b596051975afd6?s=60&#038;d=mm&#038;r=g' srcset='https:\/\/secure.gravatar.com\/avatar\/6e9d257abb087139c4a57fd62b4f5246da1ae07278ea0e7cb7b596051975afd6?s=120&#038;d=mm&#038;r=g 2x' class='avatar avatar-60 photo' height='60' width='60' \/><\/div>            <div class=\"author-wrapper\">\r\n                <div class=\"author-meta\">\r\n\t\t                                    <span class=\"by\">By<\/span>\r\n\t\t\t                                <a href=\"http:\/\/cyklista.com.pl\/index.php\/author\/administrator\/\">\r\n\t\t\t            administrator                    <\/a>\r\n                <\/div>\r\n                            <\/div>\r\n        <\/div>\r\n\t\t                        <div class=\"date-wrapper date-inline\">\r\n                        <span class=\"date\">\r\n                2025-02-19            <\/span>\r\n        <\/div>\r\n                                                                    <\/div>\r\n            <p class=\"excerpt\">W Walentynkowy wiecz\u00f3r 28 cyklist\u00f3w z TTR Cyklista zorganizowa\u0142o kulig w...<\/p>                    <\/div>\r\n    <\/article>\r\n<\/div><div class=\"post-item\">\r\n    <article class=\"post-wrapper\">\r\n        \t    \r\n\t    \r\n                    <div class=\"image-outer-wrapper\">\r\n\r\n\t            \r\n\t            \r\n                <div class=\"image-wrapper\">\r\n                    <a class=\"rivax-position-cover\" href=\"http:\/\/cyklista.com.pl\/index.php\/2020\/04\/04\/2556\/\" aria-label=\"Item Link\"><\/a>\r\n                    <img loading=\"lazy\" decoding=\"async\" width=\"340\" height=\"220\" src=\"http:\/\/cyklista.com.pl\/wp-content\/uploads\/2026\/03\/CYKLISTA-2-340x220.png\" class=\"attachment-rivax-small size-rivax-small wp-post-image\" alt=\"\" title=\"\" srcset=\"http:\/\/cyklista.com.pl\/wp-content\/uploads\/2026\/03\/CYKLISTA-2-340x220.png 340w, http:\/\/cyklista.com.pl\/wp-content\/uploads\/2026\/03\/CYKLISTA-2-450x290.png 450w\" sizes=\"(max-width: 340px) 100vw, 340px\" \/>\r\n\t\t            \t\t                            <\/div>\r\n\r\n            <\/div>\r\n        \r\n        <div class=\"content-wrapper\">\r\n\t        <div class=\"terms-wrapper  term-shape\"><a class=\"term-item term-id-50\" href=\"http:\/\/cyklista.com.pl\/index.php\/category\/slider\/\"><span>Slider<\/span><\/a><\/div>                    <h4 class=\"post-title\">\r\n                <a href=\"http:\/\/cyklista.com.pl\/index.php\/2020\/04\/04\/2556\/\" class=\"title-animation-underline-break\" title=\"\">\r\n                    <\/a>\r\n        <\/h4>\r\n                    <div class=\"meta-wrapper\">\r\n                        <div class=\"post-author-wrapper\">\r\n\t\t\t<div class=\"author-image\"><img alt='' src='https:\/\/secure.gravatar.com\/avatar\/6e9d257abb087139c4a57fd62b4f5246da1ae07278ea0e7cb7b596051975afd6?s=60&#038;d=mm&#038;r=g' srcset='https:\/\/secure.gravatar.com\/avatar\/6e9d257abb087139c4a57fd62b4f5246da1ae07278ea0e7cb7b596051975afd6?s=120&#038;d=mm&#038;r=g 2x' class='avatar avatar-60 photo' height='60' width='60' \/><\/div>            <div class=\"author-wrapper\">\r\n                <div class=\"author-meta\">\r\n\t\t                                    <span class=\"by\">By<\/span>\r\n\t\t\t                                <a href=\"http:\/\/cyklista.com.pl\/index.php\/author\/administrator\/\">\r\n\t\t\t            administrator                    <\/a>\r\n                <\/div>\r\n                            <\/div>\r\n        <\/div>\r\n\t\t                        <div class=\"date-wrapper date-inline\">\r\n                        <span class=\"date\">\r\n                2020-04-04            <\/span>\r\n        <\/div>\r\n                                                                    <\/div>\r\n                                <\/div>\r\n    <\/article>\r\n<\/div><div class=\"post-item\">\r\n    <article class=\"post-wrapper\">\r\n        \t    \r\n\t    \r\n                    <div class=\"image-outer-wrapper\">\r\n\r\n\t            \r\n\t            \r\n                <div class=\"image-wrapper\">\r\n                    <a class=\"rivax-position-cover\" href=\"http:\/\/cyklista.com.pl\/index.php\/2020\/04\/04\/2554\/\" aria-label=\"Item Link\"><\/a>\r\n                    <img loading=\"lazy\" decoding=\"async\" width=\"340\" height=\"220\" src=\"http:\/\/cyklista.com.pl\/wp-content\/uploads\/2026\/03\/CYKLISTA-3-340x220.png\" class=\"attachment-rivax-small size-rivax-small wp-post-image\" alt=\"\" title=\"\" srcset=\"http:\/\/cyklista.com.pl\/wp-content\/uploads\/2026\/03\/CYKLISTA-3-340x220.png 340w, http:\/\/cyklista.com.pl\/wp-content\/uploads\/2026\/03\/CYKLISTA-3-450x290.png 450w\" sizes=\"(max-width: 340px) 100vw, 340px\" \/>\r\n\t\t            \t\t                            <\/div>\r\n\r\n            <\/div>\r\n        \r\n        <div class=\"content-wrapper\">\r\n\t        <div class=\"terms-wrapper  term-shape\"><a class=\"term-item term-id-50\" href=\"http:\/\/cyklista.com.pl\/index.php\/category\/slider\/\"><span>Slider<\/span><\/a><\/div>                    <h4 class=\"post-title\">\r\n                <a href=\"http:\/\/cyklista.com.pl\/index.php\/2020\/04\/04\/2554\/\" class=\"title-animation-underline-break\" title=\"\">\r\n                    <\/a>\r\n        <\/h4>\r\n                    <div class=\"meta-wrapper\">\r\n                        <div class=\"post-author-wrapper\">\r\n\t\t\t<div class=\"author-image\"><img alt='' src='https:\/\/secure.gravatar.com\/avatar\/6e9d257abb087139c4a57fd62b4f5246da1ae07278ea0e7cb7b596051975afd6?s=60&#038;d=mm&#038;r=g' srcset='https:\/\/secure.gravatar.com\/avatar\/6e9d257abb087139c4a57fd62b4f5246da1ae07278ea0e7cb7b596051975afd6?s=120&#038;d=mm&#038;r=g 2x' class='avatar avatar-60 photo' height='60' width='60' \/><\/div>            <div class=\"author-wrapper\">\r\n                <div class=\"author-meta\">\r\n\t\t                                    <span class=\"by\">By<\/span>\r\n\t\t\t                                <a href=\"http:\/\/cyklista.com.pl\/index.php\/author\/administrator\/\">\r\n\t\t\t            administrator                    <\/a>\r\n                <\/div>\r\n                            <\/div>\r\n        <\/div>\r\n\t\t                        <div class=\"date-wrapper date-inline\">\r\n                        <span class=\"date\">\r\n                2020-04-04            <\/span>\r\n        <\/div>\r\n                                                                    <\/div>\r\n                                <\/div>\r\n    <\/article>\r\n<\/div>            <\/div>\r\n    <\/div>\r\n\t\t\t\t<\/div>\n\t\t\t\t<\/div>\n\t\t\t\t<div class=\"elementor-element elementor-element-44354e5 elementor-widget elementor-widget-image\" data-id=\"44354e5\" data-element_type=\"widget\" data-e-type=\"widget\" data-widget_type=\"image.default\">\n\t\t\t\t\t\t\t\t\t\t\t\t\t\t\t\t<a href=\"#\">\n\t\t\t\t\t\t\t<img loading=\"lazy\" decoding=\"async\" width=\"1000\" height=\"233\" src=\"http:\/\/cyklista.com.pl\/wp-content\/uploads\/2025\/09\/banner___1.webp\" class=\"attachment-full size-full wp-image-1394\" alt=\"\" srcset=\"http:\/\/cyklista.com.pl\/wp-content\/uploads\/2025\/09\/banner___1.webp 1000w, http:\/\/cyklista.com.pl\/wp-content\/uploads\/2025\/09\/banner___1-300x70.webp 300w, http:\/\/cyklista.com.pl\/wp-content\/uploads\/2025\/09\/banner___1-768x179.webp 768w, http:\/\/cyklista.com.pl\/wp-content\/uploads\/2025\/09\/banner___1-340x79.webp 340w, http:\/\/cyklista.com.pl\/wp-content\/uploads\/2025\/09\/banner___1-450x105.webp 450w\" sizes=\"(max-width: 1000px) 100vw, 1000px\" \/>\t\t\t\t\t\t\t\t<\/a>\n\t\t\t\t\t\t\t\t\t\t\t\t\t\t\t<\/div>\n\t\t<div class=\"elementor-element elementor-element-49b6f35 e-con-full e-flex e-con e-child\" data-id=\"49b6f35\" data-element_type=\"container\" data-e-type=\"container\" data-settings=\"{&quot;background_background&quot;:&quot;classic&quot;}\">\n\t\t\t\t<div class=\"elementor-element elementor-element-1b100e8 elementor-widget rivax-horizontal-tags-widget\" data-id=\"1b100e8\" data-element_type=\"widget\" data-e-type=\"widget\" data-widget_type=\"rivax-horizontal-tags.default\">\n\t\t\t\t<div class=\"elementor-widget-container\">\n\t\t\t\t\t<div class=\"rivax-horizontal-tags\">\r\n            <div class=\"title-wrapper\">Popular Tags:<\/div>\r\n        <div class=\"content-wrapper swiper\">\r\n        <div class=\"items-wrapper swiper-wrapper\">\r\n                                <div class=\"swiper-slide\"><a  href=\"http:\/\/cyklista.com.pl\/index.php\/tag\/health\/\">Health<\/a><\/div>\r\n                                        <div class=\"swiper-slide\"><a  href=\"http:\/\/cyklista.com.pl\/index.php\/tag\/video\/\">Video<\/a><\/div>\r\n                                        <div class=\"swiper-slide\"><a  href=\"http:\/\/cyklista.com.pl\/index.php\/tag\/trending\/\">Trending<\/a><\/div>\r\n                                        <div class=\"swiper-slide\"><a  href=\"http:\/\/cyklista.com.pl\/index.php\/tag\/tips\/\">Tips<\/a><\/div>\r\n                                        <div class=\"swiper-slide\"><a  href=\"http:\/\/cyklista.com.pl\/index.php\/tag\/popular\/\">Popular<\/a><\/div>\r\n                                        <div class=\"swiper-slide\"><a  href=\"http:\/\/cyklista.com.pl\/index.php\/tag\/news\/\">News<\/a><\/div>\r\n                                        <div class=\"swiper-slide\"><a  href=\"http:\/\/cyklista.com.pl\/index.php\/tag\/nature\/\">Nature<\/a><\/div>\r\n                                        <div class=\"swiper-slide\"><a  href=\"http:\/\/cyklista.com.pl\/index.php\/tag\/movies\/\">Movies<\/a><\/div>\r\n                                        <div class=\"swiper-slide\"><a  href=\"http:\/\/cyklista.com.pl\/index.php\/tag\/magazine\/\">Magazine<\/a><\/div>\r\n                                        <div class=\"swiper-slide\"><a  href=\"http:\/\/cyklista.com.pl\/index.php\/tag\/lifestyle\/\">LifeStyle<\/a><\/div>\r\n                                        <div class=\"swiper-slide\"><a  href=\"http:\/\/cyklista.com.pl\/index.php\/tag\/inspiration\/\">Inspiration<\/a><\/div>\r\n                                        <div class=\"swiper-slide\"><a  href=\"http:\/\/cyklista.com.pl\/index.php\/tag\/active\/\">Active<\/a><\/div>\r\n                                        <div class=\"swiper-slide\"><a  href=\"http:\/\/cyklista.com.pl\/index.php\/tag\/games\/\">Games<\/a><\/div>\r\n                                        <div class=\"swiper-slide\"><a  href=\"http:\/\/cyklista.com.pl\/index.php\/tag\/gadgets\/\">Gadgets<\/a><\/div>\r\n                                        <div class=\"swiper-slide\"><a  href=\"http:\/\/cyklista.com.pl\/index.php\/tag\/food\/\">Food<\/a><\/div>\r\n                                        <div class=\"swiper-slide\"><a  href=\"http:\/\/cyklista.com.pl\/index.php\/tag\/fitness\/\">Fitness<\/a><\/div>\r\n                                        <div class=\"swiper-slide\"><a  href=\"http:\/\/cyklista.com.pl\/index.php\/tag\/featured\/\">Featured<\/a><\/div>\r\n                                        <div class=\"swiper-slide\"><a  href=\"http:\/\/cyklista.com.pl\/index.php\/tag\/fashion\/\">Fashion<\/a><\/div>\r\n                                        <div class=\"swiper-slide\"><a  href=\"http:\/\/cyklista.com.pl\/index.php\/tag\/business\/\">Business<\/a><\/div>\r\n                                        <div class=\"swiper-slide\"><a  href=\"http:\/\/cyklista.com.pl\/index.php\/tag\/boxing\/\">Boxing<\/a><\/div>\r\n                                        <div class=\"swiper-slide\"><a  href=\"http:\/\/cyklista.com.pl\/index.php\/tag\/articles\/\">Articles<\/a><\/div>\r\n                                        <div class=\"swiper-slide\"><a  href=\"http:\/\/cyklista.com.pl\/index.php\/tag\/advertise\/\">Advertise<\/a><\/div>\r\n                            <\/div>\r\n    <\/div>\r\n    <div class=\"arrows-wrapper\">\r\n        <a href=\"\" class=\"carousel-nav-prev\">\r\n            <i class=\"ri-right-arrow-1\"><\/i>\r\n        <\/a>\r\n        <a href=\"\" class=\"carousel-nav-next\">\r\n            <i class=\"ri-right-arrow-1\"><\/i>\r\n        <\/a>\r\n    <\/div>\r\n<\/div>\r\n\t\t\t\t<\/div>\n\t\t\t\t<\/div>\n\t\t\t\t<\/div>\n\t\t\t\t<div class=\"elementor-element elementor-element-de39cdd rivax-align-center elementor-widget rivax-divider-heading-widget\" data-id=\"de39cdd\" data-element_type=\"widget\" data-e-type=\"widget\" data-widget_type=\"rivax-divider-heading.default\">\n\t\t\t\t<div class=\"elementor-widget-container\">\n\t\t\t\t\t<div class=\"rivax-divider-heading-wrap\">\r\n    <div class=\"rivax-divider-heading divider-style-6 \">\r\n        <div class=\"divider divider-1\"><\/div>\r\n        <div class=\"divider divider-2\"><\/div>\r\n        <h4 class=\"title\">\r\n                <span class=\"title-inner\">\r\n            <span class=\"title-text\">\r\n                                Recent            <\/span>\r\n            <span class=\"subtitle-text-wrap\"><span class=\"subtitle-text\">News<\/span><\/span>        <\/span>\r\n                <\/h4>\r\n        <div class=\"divider divider-3\"><\/div>\r\n        <div class=\"divider divider-4\"><\/div>\r\n    <\/div>\r\n<\/div>\t\t\t\t<\/div>\n\t\t\t\t<\/div>\n\t\t\t\t<div class=\"elementor-element elementor-element-5c80022 elementor-widget rivax-post-modern-widget\" data-id=\"5c80022\" data-element_type=\"widget\" data-e-type=\"widget\" data-widget_type=\"rivax-post-modern.default\">\n\t\t\t\t<div class=\"elementor-widget-container\">\n\t\t\t\t\t<div class=\"rivax-posts-container\">\r\n    <div class=\"rivax-posts-wrapper layout-grid\">\r\n                <div class=\"post-item\">\r\n    <article class=\"post-wrapper\">\r\n\t                    <div class=\"image-outer-wrapper\">\r\n            <div class=\"image-wrapper\">\r\n                <img loading=\"lazy\" decoding=\"async\" width=\"340\" height=\"340\" src=\"http:\/\/cyklista.com.pl\/wp-content\/uploads\/2026\/03\/CYKLISTA-4-340x340.png\" class=\"attachment-rivax-small-square size-rivax-small-square wp-post-image\" alt=\"\" title=\"\" srcset=\"http:\/\/cyklista.com.pl\/wp-content\/uploads\/2026\/03\/CYKLISTA-4-340x340.png 340w, http:\/\/cyklista.com.pl\/wp-content\/uploads\/2026\/03\/CYKLISTA-4-150x150.png 150w, http:\/\/cyklista.com.pl\/wp-content\/uploads\/2026\/03\/CYKLISTA-4-450x450.png 450w\" sizes=\"(max-width: 340px) 100vw, 340px\" \/>\t\t        <a class=\"image-link rivax-position-cover\" aria-label=\"Item Link\" href=\"http:\/\/cyklista.com.pl\/index.php\/2020\/04\/04\/2552\/\"><\/a>                \t\t        \t\t        \r\n\t\t        \r\n\t\t        \r\n                \r\n            <\/div>\r\n            \r\n\t        \r\n        <\/div>\r\n                <div class=\"content-wrapper\">\r\n\t                                        <h5 class=\"post-title\">\r\n                <a href=\"http:\/\/cyklista.com.pl\/index.php\/2020\/04\/04\/2552\/\" class=\"title-animation-underline-break\" title=\"\">\r\n                    <\/a>\r\n        <\/h5>\r\n                                <div class=\"meta-wrapper\">\r\n\t                                    <div class=\"date-wrapper date-inline\">\r\n                        <span class=\"date\">\r\n                6 lat ago            <\/span>\r\n        <\/div>\r\n                                                                    <\/div>\r\n                                            <\/div>\r\n    <\/article>\r\n<\/div><div class=\"post-item\">\r\n    <article class=\"post-wrapper\">\r\n\t                    <div class=\"image-outer-wrapper\">\r\n            <div class=\"image-wrapper\">\r\n                <img loading=\"lazy\" decoding=\"async\" width=\"340\" height=\"340\" src=\"http:\/\/cyklista.com.pl\/wp-content\/uploads\/2026\/03\/CYKLISTA-340x340.png\" class=\"attachment-rivax-small-square size-rivax-small-square wp-post-image\" alt=\"\" title=\"\" srcset=\"http:\/\/cyklista.com.pl\/wp-content\/uploads\/2026\/03\/CYKLISTA-340x340.png 340w, http:\/\/cyklista.com.pl\/wp-content\/uploads\/2026\/03\/CYKLISTA-150x150.png 150w, http:\/\/cyklista.com.pl\/wp-content\/uploads\/2026\/03\/CYKLISTA-450x450.png 450w\" sizes=\"(max-width: 340px) 100vw, 340px\" \/>\t\t        <a class=\"image-link rivax-position-cover\" aria-label=\"Item Link\" href=\"http:\/\/cyklista.com.pl\/index.php\/2020\/03\/31\/witaj-swiecie\/\"><\/a>                \t\t        \t\t        \r\n\t\t        \r\n\t\t        \r\n                \r\n            <\/div>\r\n            \r\n\t        \r\n        <\/div>\r\n                <div class=\"content-wrapper\">\r\n\t                                        <h5 class=\"post-title\">\r\n                <a href=\"http:\/\/cyklista.com.pl\/index.php\/2020\/03\/31\/witaj-swiecie\/\" class=\"title-animation-underline-break\" title=\"\">\r\n                    <\/a>\r\n        <\/h5>\r\n                                <div class=\"meta-wrapper\">\r\n\t                                    <div class=\"date-wrapper date-inline\">\r\n                        <span class=\"date\">\r\n                6 lat ago            <\/span>\r\n        <\/div>\r\n                                                                    <\/div>\r\n                                            <\/div>\r\n    <\/article>\r\n<\/div>            <\/div>\r\n    <\/div>\r\n\t\t\t\t<\/div>\n\t\t\t\t<\/div>\n\t\t\t\t<\/div>\n\t\t<div class=\"rivax-sticky-column elementor-element elementor-element-f3364bc e-con-full e-flex e-con e-child\" data-id=\"f3364bc\" data-element_type=\"container\" data-e-type=\"container\">\n\t\t\t\t<div class=\"elementor-element elementor-element-da43999 rivax-carousel-effect-slide elementor-widget rivax-post-kenzo-widget\" data-id=\"da43999\" data-element_type=\"widget\" data-e-type=\"widget\" data-widget_type=\"rivax-post-kenzo.default\">\n\t\t\t\t<div class=\"elementor-widget-container\">\n\t\t\t\t\t<div class=\"rivax-posts-container\">\r\n    <div class=\"rivax-posts-wrapper layout-carousel\">\r\n                <div id=\"rivax-carousel-da43999\" class=\"rivax-posts-carousel-wrapper\" data-settings=\"{&quot;autoplay&quot;:{&quot;delay&quot;:5000},&quot;loop&quot;:true,&quot;speed&quot;:500,&quot;slidesPerView&quot;:1,&quot;slidesPerGroup&quot;:2,&quot;spaceBetween&quot;:20,&quot;effect&quot;:&quot;slide&quot;,&quot;autoHeight&quot;:true,&quot;direction&quot;:&quot;horizontal&quot;,&quot;navigation&quot;:{&quot;nextEl&quot;:&quot;#rivax-carousel-da43999 .carousel-nav-next&quot;,&quot;prevEl&quot;:&quot;#rivax-carousel-da43999 .carousel-nav-prev&quot;},&quot;pagination&quot;:{&quot;el&quot;:&quot;#rivax-carousel-da43999 .carousel-pagination&quot;,&quot;type&quot;:&quot;&quot;,&quot;clickable&quot;:&quot;true&quot;,&quot;dynamicBullets&quot;:false},&quot;a11y&quot;:{&quot;enabled&quot;:&quot;false&quot;},&quot;fadeEffect&quot;:{&quot;crossFade&quot;:true}}\">\r\n            <div class=\"swiper\">\r\n                <div class=\"swiper-wrapper\">\r\n                <div class=\"post-item swiper-slide\">\r\n    <article class=\"post-wrapper\">\r\n        <a class=\"item-link rivax-position-cover\" aria-label=\"Item Link\" href=\"http:\/\/cyklista.com.pl\/index.php\/2025\/10\/07\/rajd-nocny\/\"><\/a>        <div class=\"image-wrapper\">\r\n            <img loading=\"lazy\" decoding=\"async\" width=\"340\" height=\"420\" src=\"http:\/\/cyklista.com.pl\/wp-content\/uploads\/2026\/04\/kolejny-wieczor-grill-900x444-1-340x420.jpeg\" class=\"attachment-rivax-small-tall size-rivax-small-tall wp-post-image\" alt=\"\" title=\"RAJD NOCNY\" \/>        <\/div>\r\n\t            <div class=\"content-wrapper rivax-position-bottom style-1\">\r\n            <div class=\"content-wrapper-inner\">\r\n\t            <div class=\"terms-wrapper  term-shape\"><a class=\"term-item term-id-51\" href=\"http:\/\/cyklista.com.pl\/index.php\/category\/aktualnosci\/\"><span>Aktualno\u015bci<\/span><\/a><\/div>                        <h4 class=\"post-title\">\r\n                <a href=\"http:\/\/cyklista.com.pl\/index.php\/2025\/10\/07\/rajd-nocny\/\" class=\"title-animation-underline-break\" title=\"RAJD NOCNY\">\r\n            RAJD NOCNY        <\/a>\r\n        <\/h4>\r\n        \t                            <div class=\"meta-wrapper\">\r\n\t                        <div class=\"post-author-wrapper\">\r\n\t\t\t            <div class=\"author-wrapper\">\r\n                <div class=\"author-meta\">\r\n\t\t                                    <span class=\"by\">By<\/span>\r\n\t\t\t                                <a href=\"http:\/\/cyklista.com.pl\/index.php\/author\/administrator\/\">\r\n\t\t\t            administrator                    <\/a>\r\n                <\/div>\r\n                            <\/div>\r\n        <\/div>\r\n\t\t                                                                                                <\/div>\r\n                            <\/div>\r\n        <\/div>\r\n                    <\/article>\r\n<\/div><div class=\"post-item swiper-slide\">\r\n    <article class=\"post-wrapper\">\r\n        <a class=\"item-link rivax-position-cover\" aria-label=\"Item Link\" href=\"http:\/\/cyklista.com.pl\/index.php\/2025\/10\/07\/piec-dni-na-roztoczu\/\"><\/a>        <div class=\"image-wrapper\">\r\n            <img loading=\"lazy\" decoding=\"async\" width=\"340\" height=\"420\" src=\"http:\/\/cyklista.com.pl\/wp-content\/uploads\/2026\/04\/20250823_113502-1536x692-1-340x420.jpg\" class=\"attachment-rivax-small-tall size-rivax-small-tall wp-post-image\" alt=\"\" title=\"Pi\u0119\u0107 dni na Roztoczu\" \/>        <\/div>\r\n\t            <div class=\"content-wrapper rivax-position-bottom style-1\">\r\n            <div class=\"content-wrapper-inner\">\r\n\t            <div class=\"terms-wrapper  term-shape\"><a class=\"term-item term-id-51\" href=\"http:\/\/cyklista.com.pl\/index.php\/category\/aktualnosci\/\"><span>Aktualno\u015bci<\/span><\/a><\/div>                        <h4 class=\"post-title\">\r\n                <a href=\"http:\/\/cyklista.com.pl\/index.php\/2025\/10\/07\/piec-dni-na-roztoczu\/\" class=\"title-animation-underline-break\" title=\"Pi\u0119\u0107 dni na Roztoczu\">\r\n            Pi\u0119\u0107 dni na Roztoczu        <\/a>\r\n        <\/h4>\r\n        \t                            <div class=\"meta-wrapper\">\r\n\t                        <div class=\"post-author-wrapper\">\r\n\t\t\t            <div class=\"author-wrapper\">\r\n                <div class=\"author-meta\">\r\n\t\t                                    <span class=\"by\">By<\/span>\r\n\t\t\t                                <a href=\"http:\/\/cyklista.com.pl\/index.php\/author\/administrator\/\">\r\n\t\t\t            administrator                    <\/a>\r\n                <\/div>\r\n                            <\/div>\r\n        <\/div>\r\n\t\t                                                                                                <\/div>\r\n                            <\/div>\r\n        <\/div>\r\n                    <\/article>\r\n<\/div><div class=\"post-item swiper-slide\">\r\n    <article class=\"post-wrapper\">\r\n        <a class=\"item-link rivax-position-cover\" aria-label=\"Item Link\" href=\"http:\/\/cyklista.com.pl\/index.php\/2025\/10\/07\/zniwa-karpiowe\/\"><\/a>        <div class=\"image-wrapper\">\r\n            <img loading=\"lazy\" decoding=\"async\" width=\"340\" height=\"420\" src=\"http:\/\/cyklista.com.pl\/wp-content\/uploads\/2026\/04\/20250921_125649-1536x692-1-340x420.jpg\" class=\"attachment-rivax-small-tall size-rivax-small-tall wp-post-image\" alt=\"\" title=\"\u017bniwa karpiowe\" \/>        <\/div>\r\n\t            <div class=\"content-wrapper rivax-position-bottom style-1\">\r\n            <div class=\"content-wrapper-inner\">\r\n\t            <div class=\"terms-wrapper  term-shape\"><a class=\"term-item term-id-51\" href=\"http:\/\/cyklista.com.pl\/index.php\/category\/aktualnosci\/\"><span>Aktualno\u015bci<\/span><\/a><\/div>                        <h4 class=\"post-title\">\r\n                <a href=\"http:\/\/cyklista.com.pl\/index.php\/2025\/10\/07\/zniwa-karpiowe\/\" class=\"title-animation-underline-break\" title=\"\u017bniwa karpiowe\">\r\n            \u017bniwa karpiowe        <\/a>\r\n        <\/h4>\r\n        \t                            <div class=\"meta-wrapper\">\r\n\t                        <div class=\"post-author-wrapper\">\r\n\t\t\t            <div class=\"author-wrapper\">\r\n                <div class=\"author-meta\">\r\n\t\t                                    <span class=\"by\">By<\/span>\r\n\t\t\t                                <a href=\"http:\/\/cyklista.com.pl\/index.php\/author\/administrator\/\">\r\n\t\t\t            administrator                    <\/a>\r\n                <\/div>\r\n                            <\/div>\r\n        <\/div>\r\n\t\t                                                                                                <\/div>\r\n                            <\/div>\r\n        <\/div>\r\n                    <\/article>\r\n<\/div><div class=\"post-item swiper-slide\">\r\n    <article class=\"post-wrapper\">\r\n        <a class=\"item-link rivax-position-cover\" aria-label=\"Item Link\" href=\"http:\/\/cyklista.com.pl\/index.php\/2025\/07\/31\/rajd-kety\/\"><\/a>        <div class=\"image-wrapper\">\r\n            <img loading=\"lazy\" decoding=\"async\" width=\"340\" height=\"420\" src=\"http:\/\/cyklista.com.pl\/wp-content\/uploads\/2026\/04\/kolejny-wieczor-grill-900x444-2-340x420.jpeg\" class=\"attachment-rivax-small-tall size-rivax-small-tall wp-post-image\" alt=\"\" title=\"Rajd K\u0119ty\" \/>        <\/div>\r\n\t            <div class=\"content-wrapper rivax-position-bottom style-1\">\r\n            <div class=\"content-wrapper-inner\">\r\n\t            <div class=\"terms-wrapper  term-shape\"><a class=\"term-item term-id-51\" href=\"http:\/\/cyklista.com.pl\/index.php\/category\/aktualnosci\/\"><span>Aktualno\u015bci<\/span><\/a><\/div>                        <h4 class=\"post-title\">\r\n                <a href=\"http:\/\/cyklista.com.pl\/index.php\/2025\/07\/31\/rajd-kety\/\" class=\"title-animation-underline-break\" title=\"Rajd K\u0119ty\">\r\n            Rajd K\u0119ty        <\/a>\r\n        <\/h4>\r\n        \t                            <div class=\"meta-wrapper\">\r\n\t                        <div class=\"post-author-wrapper\">\r\n\t\t\t            <div class=\"author-wrapper\">\r\n                <div class=\"author-meta\">\r\n\t\t                                    <span class=\"by\">By<\/span>\r\n\t\t\t                                <a href=\"http:\/\/cyklista.com.pl\/index.php\/author\/administrator\/\">\r\n\t\t\t            administrator                    <\/a>\r\n                <\/div>\r\n                            <\/div>\r\n        <\/div>\r\n\t\t                                                                                                <\/div>\r\n                            <\/div>\r\n        <\/div>\r\n                    <\/article>\r\n<\/div><div class=\"post-item swiper-slide\">\r\n    <article class=\"post-wrapper\">\r\n        <a class=\"item-link rivax-position-cover\" aria-label=\"Item Link\" href=\"http:\/\/cyklista.com.pl\/index.php\/2025\/07\/31\/rajd-grunwald\/\"><\/a>        <div class=\"image-wrapper\">\r\n            <img loading=\"lazy\" decoding=\"async\" width=\"340\" height=\"420\" src=\"http:\/\/cyklista.com.pl\/wp-content\/uploads\/2026\/04\/20250713_124444-1536x692-1-340x420.jpg\" class=\"attachment-rivax-small-tall size-rivax-small-tall wp-post-image\" alt=\"\" title=\"Rajd Grunwald\" \/>        <\/div>\r\n\t            <div class=\"content-wrapper rivax-position-bottom style-1\">\r\n            <div class=\"content-wrapper-inner\">\r\n\t            <div class=\"terms-wrapper  term-shape\"><a class=\"term-item term-id-51\" href=\"http:\/\/cyklista.com.pl\/index.php\/category\/aktualnosci\/\"><span>Aktualno\u015bci<\/span><\/a><\/div>                        <h4 class=\"post-title\">\r\n                <a href=\"http:\/\/cyklista.com.pl\/index.php\/2025\/07\/31\/rajd-grunwald\/\" class=\"title-animation-underline-break\" title=\"Rajd Grunwald\">\r\n            Rajd Grunwald        <\/a>\r\n        <\/h4>\r\n        \t                            <div class=\"meta-wrapper\">\r\n\t                        <div class=\"post-author-wrapper\">\r\n\t\t\t            <div class=\"author-wrapper\">\r\n                <div class=\"author-meta\">\r\n\t\t                                    <span class=\"by\">By<\/span>\r\n\t\t\t                                <a href=\"http:\/\/cyklista.com.pl\/index.php\/author\/administrator\/\">\r\n\t\t\t            administrator                    <\/a>\r\n                <\/div>\r\n                            <\/div>\r\n        <\/div>\r\n\t\t                                                                                                <\/div>\r\n                            <\/div>\r\n        <\/div>\r\n                    <\/article>\r\n<\/div>                    <\/div> <!-- .swiper-wrapper -->\r\n        <\/div><!-- .swiper -->\r\n                <\/div><!-- .rivax-posts-carousel-wrapper -->\r\n        <\/div>\r\n    <\/div>\r\n\t\t\t\t<\/div>\n\t\t\t\t<\/div>\n\t\t\t\t<div class=\"elementor-element elementor-element-7f7d360 rivax-align-left elementor-widget rivax-divider-heading-widget\" data-id=\"7f7d360\" data-element_type=\"widget\" data-e-type=\"widget\" data-widget_type=\"rivax-divider-heading.default\">\n\t\t\t\t<div class=\"elementor-widget-container\">\n\t\t\t\t\t<div class=\"rivax-divider-heading-wrap\">\r\n    <div class=\"rivax-divider-heading divider-style-9 \">\r\n        <div class=\"divider divider-1\"><\/div>\r\n        <div class=\"divider divider-2\"><\/div>\r\n        <h5 class=\"title\">\r\n                <span class=\"title-inner\">\r\n            <span class=\"title-text\">\r\n                                Must Read            <\/span>\r\n                    <\/span>\r\n                <\/h5>\r\n        <div class=\"divider divider-3\"><\/div>\r\n        <div class=\"divider divider-4\"><\/div>\r\n    <\/div>\r\n<\/div>\t\t\t\t<\/div>\n\t\t\t\t<\/div>\n\t\t\t\t<div class=\"elementor-element elementor-element-2275379 elementor-widget rivax-post-elastic-widget\" data-id=\"2275379\" data-element_type=\"widget\" data-e-type=\"widget\" data-widget_type=\"rivax-post-elastic.default\">\n\t\t\t\t<div class=\"elementor-widget-container\">\n\t\t\t\t\t<div class=\"rivax-posts-container\">\r\n    <div class=\"rivax-posts-wrapper layout-grid\">\r\n                <div class=\"post-item\">\r\n    <article class=\"post-wrapper\">\r\n        \t    \r\n\t    \r\n        \r\n        <div class=\"content-wrapper\">\r\n\t                            <h6 class=\"post-title\">\r\n                <a href=\"http:\/\/cyklista.com.pl\/index.php\/2025\/05\/14\/walne-zgromadzenie-czlonkow\/\" class=\"title-animation-underline-break\" title=\"Walne Zgromadzenie Cz\u0142onk\u00f3w\">\r\n            Walne Zgromadzenie Cz\u0142onk\u00f3w        <\/a>\r\n        <\/h6>\r\n                    <div class=\"meta-wrapper\">\r\n                        <div class=\"post-author-wrapper\">\r\n\t\t\t            <div class=\"author-wrapper\">\r\n                <div class=\"author-meta\">\r\n\t\t                                    <span class=\"by\">By<\/span>\r\n\t\t\t                                <a href=\"http:\/\/cyklista.com.pl\/index.php\/author\/administrator\/\">\r\n\t\t\t            administrator                    <\/a>\r\n                <\/div>\r\n                            <\/div>\r\n        <\/div>\r\n\t\t                                                                            <\/div>\r\n                                <\/div>\r\n    <\/article>\r\n<\/div><div class=\"post-item\">\r\n    <article class=\"post-wrapper\">\r\n        \t    \r\n\t    \r\n                    <div class=\"image-outer-wrapper\">\r\n\r\n\t            \r\n\t            \r\n                <div class=\"image-wrapper\">\r\n                    <a class=\"rivax-position-cover\" href=\"http:\/\/cyklista.com.pl\/index.php\/2025\/05\/13\/rodzinny-rajd-rowerowy-w-przeciszowie\/\" aria-label=\"Item Link\"><\/a>\r\n                    <img decoding=\"async\" width=\"150\" height=\"150\" src=\"http:\/\/cyklista.com.pl\/wp-content\/uploads\/2026\/04\/rpr_plakat2025-scaled-900x444-1-150x150.jpg\" class=\"attachment-thumbnail size-thumbnail wp-post-image\" alt=\"\" title=\"Rodzinny Rajd Rowerowy w Przeciszowie\" srcset=\"http:\/\/cyklista.com.pl\/wp-content\/uploads\/2026\/04\/rpr_plakat2025-scaled-900x444-1-150x150.jpg 150w, http:\/\/cyklista.com.pl\/wp-content\/uploads\/2026\/04\/rpr_plakat2025-scaled-900x444-1-340x340.jpg 340w\" sizes=\"(max-width: 150px) 100vw, 150px\" \/>\r\n\t\t            \t\t                            <\/div>\r\n\r\n            <\/div>\r\n        \r\n        <div class=\"content-wrapper\">\r\n\t                            <h6 class=\"post-title\">\r\n                <a href=\"http:\/\/cyklista.com.pl\/index.php\/2025\/05\/13\/rodzinny-rajd-rowerowy-w-przeciszowie\/\" class=\"title-animation-underline-break\" title=\"Rodzinny Rajd Rowerowy w Przeciszowie\">\r\n            Rodzinny Rajd Rowerowy w Przeciszowie        <\/a>\r\n        <\/h6>\r\n                    <div class=\"meta-wrapper\">\r\n                        <div class=\"post-author-wrapper\">\r\n\t\t\t            <div class=\"author-wrapper\">\r\n                <div class=\"author-meta\">\r\n\t\t                                    <span class=\"by\">By<\/span>\r\n\t\t\t                                <a href=\"http:\/\/cyklista.com.pl\/index.php\/author\/administrator\/\">\r\n\t\t\t            administrator                    <\/a>\r\n                <\/div>\r\n                            <\/div>\r\n        <\/div>\r\n\t\t                                                                            <\/div>\r\n                                <\/div>\r\n    <\/article>\r\n<\/div><div class=\"post-item\">\r\n    <article class=\"post-wrapper\">\r\n        \t    \r\n\t    \r\n                    <div class=\"image-outer-wrapper\">\r\n\r\n\t            \r\n\t            \r\n                <div class=\"image-wrapper\">\r\n                    <a class=\"rivax-position-cover\" href=\"http:\/\/cyklista.com.pl\/index.php\/2025\/05\/06\/majowy-weekend-2025\/\" aria-label=\"Item Link\"><\/a>\r\n                    <img decoding=\"async\" width=\"150\" height=\"150\" src=\"http:\/\/cyklista.com.pl\/wp-content\/uploads\/2026\/04\/obraz_2025-05-04_120640916-900x444-1-150x150.png\" class=\"attachment-thumbnail size-thumbnail wp-post-image\" alt=\"\" title=\"Majowy weekend 2025\" srcset=\"http:\/\/cyklista.com.pl\/wp-content\/uploads\/2026\/04\/obraz_2025-05-04_120640916-900x444-1-150x150.png 150w, http:\/\/cyklista.com.pl\/wp-content\/uploads\/2026\/04\/obraz_2025-05-04_120640916-900x444-1-340x340.png 340w\" sizes=\"(max-width: 150px) 100vw, 150px\" \/>\r\n\t\t            \t\t                            <\/div>\r\n\r\n            <\/div>\r\n        \r\n        <div class=\"content-wrapper\">\r\n\t                            <h6 class=\"post-title\">\r\n                <a href=\"http:\/\/cyklista.com.pl\/index.php\/2025\/05\/06\/majowy-weekend-2025\/\" class=\"title-animation-underline-break\" title=\"Majowy weekend 2025\">\r\n            Majowy weekend 2025        <\/a>\r\n        <\/h6>\r\n                    <div class=\"meta-wrapper\">\r\n                        <div class=\"post-author-wrapper\">\r\n\t\t\t            <div class=\"author-wrapper\">\r\n                <div class=\"author-meta\">\r\n\t\t                                    <span class=\"by\">By<\/span>\r\n\t\t\t                                <a href=\"http:\/\/cyklista.com.pl\/index.php\/author\/administrator\/\">\r\n\t\t\t            administrator                    <\/a>\r\n                <\/div>\r\n                            <\/div>\r\n        <\/div>\r\n\t\t                                                                            <\/div>\r\n                                <\/div>\r\n    <\/article>\r\n<\/div><div class=\"post-item\">\r\n    <article class=\"post-wrapper\">\r\n        \t    \r\n\t    \r\n                    <div class=\"image-outer-wrapper\">\r\n\r\n\t            \r\n\t            \r\n                <div class=\"image-wrapper\">\r\n                    <a class=\"rivax-position-cover\" href=\"http:\/\/cyklista.com.pl\/index.php\/2025\/04\/15\/rajd-wielkanocny\/\" aria-label=\"Item Link\"><\/a>\r\n                    <img decoding=\"async\" width=\"150\" height=\"150\" src=\"http:\/\/cyklista.com.pl\/wp-content\/uploads\/2026\/04\/Rajd-W.-1536x864-1-150x150.jpeg\" class=\"attachment-thumbnail size-thumbnail wp-post-image\" alt=\"\" title=\"Rajd Wielkanocny\" srcset=\"http:\/\/cyklista.com.pl\/wp-content\/uploads\/2026\/04\/Rajd-W.-1536x864-1-150x150.jpeg 150w, http:\/\/cyklista.com.pl\/wp-content\/uploads\/2026\/04\/Rajd-W.-1536x864-1-340x340.jpeg 340w, http:\/\/cyklista.com.pl\/wp-content\/uploads\/2026\/04\/Rajd-W.-1536x864-1-450x450.jpeg 450w, http:\/\/cyklista.com.pl\/wp-content\/uploads\/2026\/04\/Rajd-W.-1536x864-1-650x650.jpeg 650w\" sizes=\"(max-width: 150px) 100vw, 150px\" \/>\r\n\t\t            \t\t                            <\/div>\r\n\r\n            <\/div>\r\n        \r\n        <div class=\"content-wrapper\">\r\n\t                            <h6 class=\"post-title\">\r\n                <a href=\"http:\/\/cyklista.com.pl\/index.php\/2025\/04\/15\/rajd-wielkanocny\/\" class=\"title-animation-underline-break\" title=\"Rajd Wielkanocny\">\r\n            Rajd Wielkanocny        <\/a>\r\n        <\/h6>\r\n                    <div class=\"meta-wrapper\">\r\n                        <div class=\"post-author-wrapper\">\r\n\t\t\t            <div class=\"author-wrapper\">\r\n                <div class=\"author-meta\">\r\n\t\t                                    <span class=\"by\">By<\/span>\r\n\t\t\t                                <a href=\"http:\/\/cyklista.com.pl\/index.php\/author\/administrator\/\">\r\n\t\t\t            administrator                    <\/a>\r\n                <\/div>\r\n                            <\/div>\r\n        <\/div>\r\n\t\t                                                                            <\/div>\r\n                                <\/div>\r\n    <\/article>\r\n<\/div>            <\/div>\r\n    <\/div>\r\n\t\t\t\t<\/div>\n\t\t\t\t<\/div>\n\t\t\t\t<\/div>\n\t\t\t\t\t<\/div>\n\t\t\t\t<\/div>\n\t\t<div class=\"elementor-element elementor-element-2cc866f e-flex e-con-boxed e-con e-parent\" data-id=\"2cc866f\" data-element_type=\"container\" data-e-type=\"container\">\n\t\t\t\t\t<div class=\"e-con-inner\">\n\t\t<div class=\"elementor-element elementor-element-a1675d9 e-con-full e-flex e-con e-child\" data-id=\"a1675d9\" data-element_type=\"container\" data-e-type=\"container\">\n\t\t\t\t<div class=\"elementor-element elementor-element-738d0ff rivax-align-center elementor-widget rivax-divider-heading-widget\" data-id=\"738d0ff\" data-element_type=\"widget\" data-e-type=\"widget\" data-widget_type=\"rivax-divider-heading.default\">\n\t\t\t\t<div class=\"elementor-widget-container\">\n\t\t\t\t\t<div class=\"rivax-divider-heading-wrap\">\r\n    <div class=\"rivax-divider-heading divider-style-6 \">\r\n        <div class=\"divider divider-1\"><\/div>\r\n        <div class=\"divider divider-2\"><\/div>\r\n        <h4 class=\"title\">\r\n                <span class=\"title-inner\">\r\n            <span class=\"title-text\">\r\n                                Technology            <\/span>\r\n            <span class=\"subtitle-text-wrap\"><span class=\"subtitle-text\">News<\/span><\/span>        <\/span>\r\n                <\/h4>\r\n        <div class=\"divider divider-3\"><\/div>\r\n        <div class=\"divider divider-4\"><\/div>\r\n    <\/div>\r\n<\/div>\t\t\t\t<\/div>\n\t\t\t\t<\/div>\n\t\t\t\t<div class=\"elementor-element elementor-element-120b065 elementor-widget rivax-post-modern-widget\" data-id=\"120b065\" data-element_type=\"widget\" data-e-type=\"widget\" data-widget_type=\"rivax-post-modern.default\">\n\t\t\t\t<div class=\"elementor-widget-container\">\n\t\t\t\t\t<div class=\"rivax-posts-container\">\r\n    <div class=\"rivax-posts-wrapper layout-grid\">\r\n                <div class=\"post-item\">\r\n    <article class=\"post-wrapper\">\r\n\t                    <div class=\"image-outer-wrapper\">\r\n            <div class=\"image-wrapper\">\r\n                <img loading=\"lazy\" decoding=\"async\" width=\"340\" height=\"340\" src=\"http:\/\/cyklista.com.pl\/wp-content\/uploads\/2026\/04\/Rajd-W.-1536x864-1-340x340.jpeg\" class=\"attachment-rivax-small-square size-rivax-small-square wp-post-image\" alt=\"\" title=\"Rajd Wielkanocny\" srcset=\"http:\/\/cyklista.com.pl\/wp-content\/uploads\/2026\/04\/Rajd-W.-1536x864-1-340x340.jpeg 340w, http:\/\/cyklista.com.pl\/wp-content\/uploads\/2026\/04\/Rajd-W.-1536x864-1-150x150.jpeg 150w, http:\/\/cyklista.com.pl\/wp-content\/uploads\/2026\/04\/Rajd-W.-1536x864-1-450x450.jpeg 450w, http:\/\/cyklista.com.pl\/wp-content\/uploads\/2026\/04\/Rajd-W.-1536x864-1-650x650.jpeg 650w\" sizes=\"(max-width: 340px) 100vw, 340px\" \/>\t\t        <a class=\"image-link rivax-position-cover\" aria-label=\"Item Link\" href=\"http:\/\/cyklista.com.pl\/index.php\/2025\/04\/15\/rajd-wielkanocny\/\"><\/a>                \t\t        \t\t        \r\n\t\t        \r\n\t\t        \r\n                \r\n            <\/div>\r\n            \r\n\t                        <div class=\"post-counter-wrap counter-inside-image rivax-position-bottom-left\">\r\n                    <span class=\"post-counter\"><\/span>\r\n                <\/div>\r\n\t        \r\n        <\/div>\r\n                <div class=\"content-wrapper\">\r\n\t                                        <h5 class=\"post-title\">\r\n                <a href=\"http:\/\/cyklista.com.pl\/index.php\/2025\/04\/15\/rajd-wielkanocny\/\" class=\"title-animation-underline-break\" title=\"Rajd Wielkanocny\">\r\n            Rajd Wielkanocny        <\/a>\r\n        <\/h5>\r\n                                <div class=\"meta-wrapper\">\r\n\t                                                                                    <div class=\"reading-time-wrapper\">\r\n\t\t\t            <span class=\"reading-time\">\r\n                1 Min Read            <\/span>\r\n        <\/div>\r\n\t\t            <\/div>\r\n                                            <\/div>\r\n    <\/article>\r\n<\/div><div class=\"post-item\">\r\n    <article class=\"post-wrapper\">\r\n\t                    <div class=\"image-outer-wrapper\">\r\n            <div class=\"image-wrapper\">\r\n                <img loading=\"lazy\" decoding=\"async\" width=\"340\" height=\"340\" src=\"http:\/\/cyklista.com.pl\/wp-content\/uploads\/2026\/04\/koszulka_coolmax-1-340x340.jpg\" class=\"attachment-rivax-small-square size-rivax-small-square wp-post-image\" alt=\"\" title=\"Koszulki rowerowe\" srcset=\"http:\/\/cyklista.com.pl\/wp-content\/uploads\/2026\/04\/koszulka_coolmax-1-340x340.jpg 340w, http:\/\/cyklista.com.pl\/wp-content\/uploads\/2026\/04\/koszulka_coolmax-1-150x150.jpg 150w\" sizes=\"(max-width: 340px) 100vw, 340px\" \/>\t\t        <a class=\"image-link rivax-position-cover\" aria-label=\"Item Link\" href=\"http:\/\/cyklista.com.pl\/index.php\/2025\/03\/31\/koszulki-rowerowe\/\"><\/a>                \t\t        \t\t        \r\n\t\t        \r\n\t\t        \r\n                \r\n            <\/div>\r\n            \r\n\t                        <div class=\"post-counter-wrap counter-inside-image rivax-position-bottom-left\">\r\n                    <span class=\"post-counter\"><\/span>\r\n                <\/div>\r\n\t        \r\n        <\/div>\r\n                <div class=\"content-wrapper\">\r\n\t                                        <h5 class=\"post-title\">\r\n                <a href=\"http:\/\/cyklista.com.pl\/index.php\/2025\/03\/31\/koszulki-rowerowe\/\" class=\"title-animation-underline-break\" title=\"Koszulki rowerowe\">\r\n            Koszulki rowerowe        <\/a>\r\n        <\/h5>\r\n                                <div class=\"meta-wrapper\">\r\n\t                                                                                    <div class=\"reading-time-wrapper\">\r\n\t\t\t            <span class=\"reading-time\">\r\n                1 Min Read            <\/span>\r\n        <\/div>\r\n\t\t            <\/div>\r\n                                            <\/div>\r\n    <\/article>\r\n<\/div><div class=\"post-item\">\r\n    <article class=\"post-wrapper\">\r\n\t                    <div class=\"image-outer-wrapper\">\r\n            <div class=\"image-wrapper\">\r\n                <img loading=\"lazy\" decoding=\"async\" width=\"340\" height=\"340\" src=\"http:\/\/cyklista.com.pl\/wp-content\/uploads\/2026\/04\/20250823_113401-scaled-900x444-1-340x340.jpg\" class=\"attachment-rivax-small-square size-rivax-small-square wp-post-image\" alt=\"\" title=\"Co s\u0142ycha\u0107 u Cyklist\u00f3w\" srcset=\"http:\/\/cyklista.com.pl\/wp-content\/uploads\/2026\/04\/20250823_113401-scaled-900x444-1-340x340.jpg 340w, http:\/\/cyklista.com.pl\/wp-content\/uploads\/2026\/04\/20250823_113401-scaled-900x444-1-150x150.jpg 150w\" sizes=\"(max-width: 340px) 100vw, 340px\" \/>\t\t        <a class=\"image-link rivax-position-cover\" aria-label=\"Item Link\" href=\"http:\/\/cyklista.com.pl\/index.php\/2025\/03\/25\/co-slychac-u-cyklistow\/\"><\/a>                \t\t        \t\t        \r\n\t\t        \r\n\t\t        \r\n                \r\n            <\/div>\r\n            \r\n\t                        <div class=\"post-counter-wrap counter-inside-image rivax-position-bottom-left\">\r\n                    <span class=\"post-counter\"><\/span>\r\n                <\/div>\r\n\t        \r\n        <\/div>\r\n                <div class=\"content-wrapper\">\r\n\t                                        <h5 class=\"post-title\">\r\n                <a href=\"http:\/\/cyklista.com.pl\/index.php\/2025\/03\/25\/co-slychac-u-cyklistow\/\" class=\"title-animation-underline-break\" title=\"Co s\u0142ycha\u0107 u Cyklist\u00f3w\">\r\n            Co s\u0142ycha\u0107 u Cyklist\u00f3w        <\/a>\r\n        <\/h5>\r\n                                <div class=\"meta-wrapper\">\r\n\t                                                                                    <div class=\"reading-time-wrapper\">\r\n\t\t\t            <span class=\"reading-time\">\r\n                2 Min Read            <\/span>\r\n        <\/div>\r\n\t\t            <\/div>\r\n                                            <\/div>\r\n    <\/article>\r\n<\/div><div class=\"post-item\">\r\n    <article class=\"post-wrapper\">\r\n\t                    <div class=\"image-outer-wrapper\">\r\n            <div class=\"image-wrapper\">\r\n                <img loading=\"lazy\" decoding=\"async\" width=\"340\" height=\"340\" src=\"http:\/\/cyklista.com.pl\/wp-content\/uploads\/2026\/04\/book-1750740_640-340x340.jpg\" class=\"attachment-rivax-small-square size-rivax-small-square wp-post-image\" alt=\"\" title=\"Harmonogram 2025\" srcset=\"http:\/\/cyklista.com.pl\/wp-content\/uploads\/2026\/04\/book-1750740_640-340x340.jpg 340w, http:\/\/cyklista.com.pl\/wp-content\/uploads\/2026\/04\/book-1750740_640-150x150.jpg 150w, http:\/\/cyklista.com.pl\/wp-content\/uploads\/2026\/04\/book-1750740_640-450x450.jpg 450w\" sizes=\"(max-width: 340px) 100vw, 340px\" \/>\t\t        <a class=\"image-link rivax-position-cover\" aria-label=\"Item Link\" href=\"http:\/\/cyklista.com.pl\/index.php\/2025\/03\/12\/harmonogram-2025\/\"><\/a>                \t\t        \t\t        \r\n\t\t        \r\n\t\t        \r\n                \r\n            <\/div>\r\n            \r\n\t                        <div class=\"post-counter-wrap counter-inside-image rivax-position-bottom-left\">\r\n                    <span class=\"post-counter\"><\/span>\r\n                <\/div>\r\n\t        \r\n        <\/div>\r\n                <div class=\"content-wrapper\">\r\n\t                                        <h5 class=\"post-title\">\r\n                <a href=\"http:\/\/cyklista.com.pl\/index.php\/2025\/03\/12\/harmonogram-2025\/\" class=\"title-animation-underline-break\" title=\"Harmonogram 2025\">\r\n            Harmonogram 2025        <\/a>\r\n        <\/h5>\r\n                                <div class=\"meta-wrapper\">\r\n\t                                                                                    <div class=\"reading-time-wrapper\">\r\n\t\t\t            <span class=\"reading-time\">\r\n                3 Min Read            <\/span>\r\n        <\/div>\r\n\t\t            <\/div>\r\n                                            <\/div>\r\n    <\/article>\r\n<\/div><div class=\"post-item\">\r\n    <article class=\"post-wrapper\">\r\n\t                    <div class=\"image-outer-wrapper\">\r\n            <div class=\"image-wrapper\">\r\n                <img loading=\"lazy\" decoding=\"async\" width=\"340\" height=\"340\" src=\"http:\/\/cyklista.com.pl\/wp-content\/uploads\/2026\/04\/a493efaf-54dc-4b82-906e-cf25dad7a4bb-900x444-1-340x340.jpeg\" class=\"attachment-rivax-small-square size-rivax-small-square wp-post-image\" alt=\"\" title=\"CZWARTKOWE SPOTKANIA\" srcset=\"http:\/\/cyklista.com.pl\/wp-content\/uploads\/2026\/04\/a493efaf-54dc-4b82-906e-cf25dad7a4bb-900x444-1-340x340.jpeg 340w, http:\/\/cyklista.com.pl\/wp-content\/uploads\/2026\/04\/a493efaf-54dc-4b82-906e-cf25dad7a4bb-900x444-1-150x150.jpeg 150w\" sizes=\"(max-width: 340px) 100vw, 340px\" \/>\t\t        <a class=\"image-link rivax-position-cover\" aria-label=\"Item Link\" href=\"http:\/\/cyklista.com.pl\/index.php\/2025\/03\/10\/czwartkowe-spotkania\/\"><\/a>                \t\t        \t\t        \r\n\t\t        \r\n\t\t        \r\n                \r\n            <\/div>\r\n            \r\n\t                        <div class=\"post-counter-wrap counter-inside-image rivax-position-bottom-left\">\r\n                    <span class=\"post-counter\"><\/span>\r\n                <\/div>\r\n\t        \r\n        <\/div>\r\n                <div class=\"content-wrapper\">\r\n\t                                        <h5 class=\"post-title\">\r\n                <a href=\"http:\/\/cyklista.com.pl\/index.php\/2025\/03\/10\/czwartkowe-spotkania\/\" class=\"title-animation-underline-break\" title=\"CZWARTKOWE SPOTKANIA\">\r\n            CZWARTKOWE SPOTKANIA        <\/a>\r\n        <\/h5>\r\n                                <div class=\"meta-wrapper\">\r\n\t                                                                                    <div class=\"reading-time-wrapper\">\r\n\t\t\t            <span class=\"reading-time\">\r\n                2 Min Read            <\/span>\r\n        <\/div>\r\n\t\t            <\/div>\r\n                                            <\/div>\r\n    <\/article>\r\n<\/div>            <\/div>\r\n    <\/div>\r\n\t\t\t\t<\/div>\n\t\t\t\t<\/div>\n\t\t\t\t<\/div>\n\t\t\t\t\t<\/div>\n\t\t\t\t<\/div>\n\t\t\t\t<\/div>\n\t\t","protected":false},"excerpt":{"rendered":"<p>Breaking News Samsung Launches New 108MP Camera Sensor for Smartphones By Martina Richter Exclusive Report: Screen Time Surge, Teens Facing Mental Health Concerns By Martina Richter Ways to Play Music Using Your Amazon Echo Device By Martina Richter The Best Exciting Local Multiplayer Games You Can Play on PS5 By Martina Richter News Grab the [&hellip;]<\/p>\n","protected":false},"author":1,"featured_media":0,"parent":0,"menu_order":0,"comment_status":"closed","ping_status":"closed","template":"","meta":{"footnotes":""},"class_list":["post-816","page","type-page","status-publish","hentry"],"_links":{"self":[{"href":"http:\/\/cyklista.com.pl\/index.php\/wp-json\/wp\/v2\/pages\/816","targetHints":{"allow":["GET"]}}],"collection":[{"href":"http:\/\/cyklista.com.pl\/index.php\/wp-json\/wp\/v2\/pages"}],"about":[{"href":"http:\/\/cyklista.com.pl\/index.php\/wp-json\/wp\/v2\/types\/page"}],"author":[{"embeddable":true,"href":"http:\/\/cyklista.com.pl\/index.php\/wp-json\/wp\/v2\/users\/1"}],"replies":[{"embeddable":true,"href":"http:\/\/cyklista.com.pl\/index.php\/wp-json\/wp\/v2\/comments?post=816"}],"version-history":[{"count":1,"href":"http:\/\/cyklista.com.pl\/index.php\/wp-json\/wp\/v2\/pages\/816\/revisions"}],"predecessor-version":[{"id":1927,"href":"http:\/\/cyklista.com.pl\/index.php\/wp-json\/wp\/v2\/pages\/816\/revisions\/1927"}],"wp:attachment":[{"href":"http:\/\/cyklista.com.pl\/index.php\/wp-json\/wp\/v2\/media?parent=816"}],"curies":[{"name":"wp","href":"https:\/\/api.w.org\/{rel}","templated":true}]}}