{"id":98,"date":"2024-04-27T06:46:43","date_gmt":"2024-04-27T06:46:43","guid":{"rendered":"http:\/\/localhost\/seomag\/?page_id=98"},"modified":"2026-03-31T21:25:00","modified_gmt":"2026-03-31T19:25:00","slug":"home-03","status":"publish","type":"page","link":"http:\/\/cyklista.com.pl\/index.php\/home-03\/","title":{"rendered":"Home 03"},"content":{"rendered":"\t\t<div data-elementor-type=\"wp-page\" data-elementor-id=\"98\" class=\"elementor elementor-98\">\n\t\t\t\t<div class=\"elementor-element elementor-element-87d87a0 e-flex e-con-boxed e-con e-parent\" data-id=\"87d87a0\" data-element_type=\"container\" data-e-type=\"container\" data-settings=\"{&quot;background_background&quot;:&quot;classic&quot;}\">\n\t\t\t\t\t<div class=\"e-con-inner\">\n\t\t<div class=\"elementor-element elementor-element-74d1c82 e-con-full e-flex e-con e-child\" data-id=\"74d1c82\" data-element_type=\"container\" data-e-type=\"container\">\n\t\t\t\t<div class=\"elementor-element elementor-element-c1bbf4e elementor-widget rivax-horizontal-tags-widget\" data-id=\"c1bbf4e\" data-element_type=\"widget\" data-e-type=\"widget\" data-widget_type=\"rivax-horizontal-tags.default\">\n\t\t\t\t<div class=\"elementor-widget-container\">\n\t\t\t\t\t<div class=\"rivax-horizontal-tags\">\r\n            <div class=\"title-wrapper\">Popular Tags:<\/div>\r\n        <div class=\"content-wrapper swiper\">\r\n        <div class=\"items-wrapper swiper-wrapper\">\r\n                                <div class=\"swiper-slide\"><a  href=\"http:\/\/cyklista.com.pl\/index.php\/tag\/health\/\">Health<\/a><\/div>\r\n                                        <div class=\"swiper-slide\"><a  href=\"http:\/\/cyklista.com.pl\/index.php\/tag\/video\/\">Video<\/a><\/div>\r\n                                        <div class=\"swiper-slide\"><a  href=\"http:\/\/cyklista.com.pl\/index.php\/tag\/trending\/\">Trending<\/a><\/div>\r\n                                        <div class=\"swiper-slide\"><a  href=\"http:\/\/cyklista.com.pl\/index.php\/tag\/tips\/\">Tips<\/a><\/div>\r\n                                        <div class=\"swiper-slide\"><a  href=\"http:\/\/cyklista.com.pl\/index.php\/tag\/popular\/\">Popular<\/a><\/div>\r\n                                        <div class=\"swiper-slide\"><a  href=\"http:\/\/cyklista.com.pl\/index.php\/tag\/news\/\">News<\/a><\/div>\r\n                                        <div class=\"swiper-slide\"><a  href=\"http:\/\/cyklista.com.pl\/index.php\/tag\/nature\/\">Nature<\/a><\/div>\r\n                                        <div class=\"swiper-slide\"><a  href=\"http:\/\/cyklista.com.pl\/index.php\/tag\/movies\/\">Movies<\/a><\/div>\r\n                                        <div class=\"swiper-slide\"><a  href=\"http:\/\/cyklista.com.pl\/index.php\/tag\/magazine\/\">Magazine<\/a><\/div>\r\n                                        <div class=\"swiper-slide\"><a  href=\"http:\/\/cyklista.com.pl\/index.php\/tag\/lifestyle\/\">LifeStyle<\/a><\/div>\r\n                                        <div class=\"swiper-slide\"><a  href=\"http:\/\/cyklista.com.pl\/index.php\/tag\/inspiration\/\">Inspiration<\/a><\/div>\r\n                                        <div class=\"swiper-slide\"><a  href=\"http:\/\/cyklista.com.pl\/index.php\/tag\/active\/\">Active<\/a><\/div>\r\n                                        <div class=\"swiper-slide\"><a  href=\"http:\/\/cyklista.com.pl\/index.php\/tag\/games\/\">Games<\/a><\/div>\r\n                                        <div class=\"swiper-slide\"><a  href=\"http:\/\/cyklista.com.pl\/index.php\/tag\/gadgets\/\">Gadgets<\/a><\/div>\r\n                                        <div class=\"swiper-slide\"><a  href=\"http:\/\/cyklista.com.pl\/index.php\/tag\/food\/\">Food<\/a><\/div>\r\n                                        <div class=\"swiper-slide\"><a  href=\"http:\/\/cyklista.com.pl\/index.php\/tag\/fitness\/\">Fitness<\/a><\/div>\r\n                                        <div class=\"swiper-slide\"><a  href=\"http:\/\/cyklista.com.pl\/index.php\/tag\/featured\/\">Featured<\/a><\/div>\r\n                                        <div class=\"swiper-slide\"><a  href=\"http:\/\/cyklista.com.pl\/index.php\/tag\/fashion\/\">Fashion<\/a><\/div>\r\n                                        <div class=\"swiper-slide\"><a  href=\"http:\/\/cyklista.com.pl\/index.php\/tag\/business\/\">Business<\/a><\/div>\r\n                                        <div class=\"swiper-slide\"><a  href=\"http:\/\/cyklista.com.pl\/index.php\/tag\/boxing\/\">Boxing<\/a><\/div>\r\n                                        <div class=\"swiper-slide\"><a  href=\"http:\/\/cyklista.com.pl\/index.php\/tag\/articles\/\">Articles<\/a><\/div>\r\n                                        <div class=\"swiper-slide\"><a  href=\"http:\/\/cyklista.com.pl\/index.php\/tag\/advertise\/\">Advertise<\/a><\/div>\r\n                            <\/div>\r\n    <\/div>\r\n    <div class=\"arrows-wrapper\">\r\n        <a href=\"\" class=\"carousel-nav-prev\">\r\n            <i class=\"ri-right-arrow-1\"><\/i>\r\n        <\/a>\r\n        <a href=\"\" class=\"carousel-nav-next\">\r\n            <i class=\"ri-right-arrow-1\"><\/i>\r\n        <\/a>\r\n    <\/div>\r\n<\/div>\r\n\t\t\t\t<\/div>\n\t\t\t\t<\/div>\n\t\t\t\t<\/div>\n\t\t\t\t\t<\/div>\n\t\t\t\t<\/div>\n\t\t<div class=\"elementor-element elementor-element-98829a4 e-flex e-con-boxed e-con e-parent\" data-id=\"98829a4\" data-element_type=\"container\" data-e-type=\"container\">\n\t\t\t\t\t<div class=\"e-con-inner\">\n\t\t<div class=\"elementor-element elementor-element-2fb7c50 e-con-full e-flex e-con e-child\" data-id=\"2fb7c50\" data-element_type=\"container\" data-e-type=\"container\">\n\t\t\t\t<div class=\"elementor-element elementor-element-7b0a12f elementor-widget rivax-spot-slider-widget\" data-id=\"7b0a12f\" data-element_type=\"widget\" data-e-type=\"widget\" data-widget_type=\"rivax-spot-slider.default\">\n\t\t\t\t<div class=\"elementor-widget-container\">\n\t\t\t\t\t<div class=\"spot-slider horizontal\">\r\n    <div class=\"rivax-posts-wrapper\">\r\n                <div id=\"rivax-slider-7b0a12f\" class=\"rivax-posts-carousel-wrapper\" data-settings=\"{&quot;autoplay&quot;:{&quot;delay&quot;:5000},&quot;loop&quot;:true,&quot;speed&quot;:1000,&quot;effect&quot;:&quot;fade&quot;,&quot;parallax&quot;:true,&quot;loopedSlides&quot;:6,&quot;touchRatio&quot;:0.20000000000000001,&quot;navigation&quot;:{&quot;nextEl&quot;:&quot;#rivax-slider-7b0a12f .carousel-nav-next&quot;,&quot;prevEl&quot;:&quot;#rivax-slider-7b0a12f .carousel-nav-prev&quot;},&quot;pagination&quot;:{&quot;el&quot;:&quot;#rivax-slider-7b0a12f .carousel-pagination&quot;,&quot;type&quot;:&quot;&quot;,&quot;clickable&quot;:&quot;true&quot;,&quot;dynamicBullets&quot;:false},&quot;a11y&quot;:{&quot;enabled&quot;:&quot;false&quot;},&quot;fadeEffect&quot;:{&quot;crossFade&quot;:true}}\">\r\n        <div class=\"swiper main-slider\">\r\n        <div class=\"swiper-wrapper\">\r\n                <div class=\"post-item swiper-slide\">\r\n    <article class=\"post-wrapper\">\r\n        <div class=\"image-wrapper\" data-swiper-parallax=\"\" data-swiper-parallax-scale=\"1\">\r\n            <img fetchpriority=\"high\" decoding=\"async\" width=\"900\" height=\"444\" src=\"http:\/\/cyklista.com.pl\/wp-content\/uploads\/2026\/04\/DSC_0206_Easy-Resize.com_-900x444-1.jpg\" class=\"attachment-rivax-wide size-rivax-wide wp-post-image\" alt=\"\" title=\"Rowerem przez pokolenia \u2013 Rodzinny Rajd Rowerowy w Przeciszowie \u2013 21 czerwiec 2025\" srcset=\"http:\/\/cyklista.com.pl\/wp-content\/uploads\/2026\/04\/DSC_0206_Easy-Resize.com_-900x444-1.jpg 900w, http:\/\/cyklista.com.pl\/wp-content\/uploads\/2026\/04\/DSC_0206_Easy-Resize.com_-900x444-1-300x148.jpg 300w, http:\/\/cyklista.com.pl\/wp-content\/uploads\/2026\/04\/DSC_0206_Easy-Resize.com_-900x444-1-768x379.jpg 768w, http:\/\/cyklista.com.pl\/wp-content\/uploads\/2026\/04\/DSC_0206_Easy-Resize.com_-900x444-1-340x168.jpg 340w, http:\/\/cyklista.com.pl\/wp-content\/uploads\/2026\/04\/DSC_0206_Easy-Resize.com_-900x444-1-450x222.jpg 450w\" sizes=\"(max-width: 900px) 100vw, 900px\" \/>        <\/div>\r\n        <div class=\"content-wrapper-outer\" data-swiper-parallax=\"5%\">\r\n            <div class=\"content-wrapper\">\r\n                <div class=\"content-wrapper-inner rivax-position-center-center\" >\r\n                    <div class=\"terms-wrapper \"><a class=\"term-item term-id-51\" href=\"http:\/\/cyklista.com.pl\/index.php\/category\/aktualnosci\/\"><span>Aktualno\u015bci<\/span><\/a><span class=\"date-after-terms\">2025-07-03<\/span><\/div>                            <h2 class=\"post-title\">\r\n                <a href=\"http:\/\/cyklista.com.pl\/index.php\/2025\/07\/03\/rowerem-przez-pokolenia-rodzinny-rajd-rowerowy-w-przeciszowie-21-czerwiec-2025\/\" class=\"title-animation-underline-break\" title=\"Rowerem przez pokolenia \u2013 Rodzinny Rajd Rowerowy w Przeciszowie \u2013 21 czerwiec 2025\">\r\n            Rowerem przez pokolenia \u2013 Rodzinny Rajd Rowerowy w Przeciszowie \u2013 21 czerwiec 2025        <\/a>\r\n        <\/h2>\r\n                            <div class=\"meta-wrapper\">\r\n                                <div class=\"post-author-wrapper\">\r\n\t\t\t<div class=\"author-image\"><img alt='' src='https:\/\/secure.gravatar.com\/avatar\/6e9d257abb087139c4a57fd62b4f5246da1ae07278ea0e7cb7b596051975afd6?s=60&#038;d=mm&#038;r=g' srcset='https:\/\/secure.gravatar.com\/avatar\/6e9d257abb087139c4a57fd62b4f5246da1ae07278ea0e7cb7b596051975afd6?s=120&#038;d=mm&#038;r=g 2x' class='avatar avatar-60 photo' height='60' width='60' \/><\/div>            <div class=\"author-wrapper\">\r\n                <div class=\"author-meta\">\r\n\t\t                                    <span class=\"by\">By<\/span>\r\n\t\t\t                                <a href=\"http:\/\/cyklista.com.pl\/index.php\/author\/administrator\/\">\r\n\t\t\t            administrator                    <\/a>\r\n                <\/div>\r\n                            <\/div>\r\n        <\/div>\r\n\t\t                                                                                                        <div class=\"reading-time-wrapper\">\r\n\t\t\t                <i class=\"ri-clock\"><\/i>\r\n\t\t\t            <span class=\"reading-time\">\r\n                3 Min Read            <\/span>\r\n        <\/div>\r\n\t\t                    <\/div>\r\n                                                        <\/div>\r\n            <\/div>\r\n        <\/div>\r\n    <\/article>\r\n<\/div><div class=\"post-item swiper-slide\">\r\n    <article class=\"post-wrapper\">\r\n        <div class=\"image-wrapper\" data-swiper-parallax=\"\" data-swiper-parallax-scale=\"1\">\r\n            <img decoding=\"async\" width=\"900\" height=\"444\" src=\"http:\/\/cyklista.com.pl\/wp-content\/uploads\/2026\/04\/Wdzydze-Park-Krajobrazowy-900x444-1.jpeg\" class=\"attachment-rivax-wide size-rivax-wide wp-post-image\" alt=\"\" title=\"Kaszuby 2025\" srcset=\"http:\/\/cyklista.com.pl\/wp-content\/uploads\/2026\/04\/Wdzydze-Park-Krajobrazowy-900x444-1.jpeg 900w, http:\/\/cyklista.com.pl\/wp-content\/uploads\/2026\/04\/Wdzydze-Park-Krajobrazowy-900x444-1-300x148.jpeg 300w, http:\/\/cyklista.com.pl\/wp-content\/uploads\/2026\/04\/Wdzydze-Park-Krajobrazowy-900x444-1-768x379.jpeg 768w, http:\/\/cyklista.com.pl\/wp-content\/uploads\/2026\/04\/Wdzydze-Park-Krajobrazowy-900x444-1-340x168.jpeg 340w, http:\/\/cyklista.com.pl\/wp-content\/uploads\/2026\/04\/Wdzydze-Park-Krajobrazowy-900x444-1-450x222.jpeg 450w\" sizes=\"(max-width: 900px) 100vw, 900px\" \/>        <\/div>\r\n        <div class=\"content-wrapper-outer\" data-swiper-parallax=\"5%\">\r\n            <div class=\"content-wrapper\">\r\n                <div class=\"content-wrapper-inner rivax-position-center-center\" >\r\n                    <div class=\"terms-wrapper \"><a class=\"term-item term-id-51\" href=\"http:\/\/cyklista.com.pl\/index.php\/category\/aktualnosci\/\"><span>Aktualno\u015bci<\/span><\/a><span class=\"date-after-terms\">2025-07-01<\/span><\/div>                            <h2 class=\"post-title\">\r\n                <a href=\"http:\/\/cyklista.com.pl\/index.php\/2025\/07\/01\/kaszuby-2025\/\" class=\"title-animation-underline-break\" title=\"Kaszuby 2025\">\r\n            Kaszuby 2025        <\/a>\r\n        <\/h2>\r\n                            <div class=\"meta-wrapper\">\r\n                                <div class=\"post-author-wrapper\">\r\n\t\t\t<div class=\"author-image\"><img alt='' src='https:\/\/secure.gravatar.com\/avatar\/6e9d257abb087139c4a57fd62b4f5246da1ae07278ea0e7cb7b596051975afd6?s=60&#038;d=mm&#038;r=g' srcset='https:\/\/secure.gravatar.com\/avatar\/6e9d257abb087139c4a57fd62b4f5246da1ae07278ea0e7cb7b596051975afd6?s=120&#038;d=mm&#038;r=g 2x' class='avatar avatar-60 photo' height='60' width='60' \/><\/div>            <div class=\"author-wrapper\">\r\n                <div class=\"author-meta\">\r\n\t\t                                    <span class=\"by\">By<\/span>\r\n\t\t\t                                <a href=\"http:\/\/cyklista.com.pl\/index.php\/author\/administrator\/\">\r\n\t\t\t            administrator                    <\/a>\r\n                <\/div>\r\n                            <\/div>\r\n        <\/div>\r\n\t\t                                                                                                        <div class=\"reading-time-wrapper\">\r\n\t\t\t                <i class=\"ri-clock\"><\/i>\r\n\t\t\t            <span class=\"reading-time\">\r\n                3 Min Read            <\/span>\r\n        <\/div>\r\n\t\t                    <\/div>\r\n                                                        <\/div>\r\n            <\/div>\r\n        <\/div>\r\n    <\/article>\r\n<\/div><div class=\"post-item swiper-slide\">\r\n    <article class=\"post-wrapper\">\r\n        <div class=\"image-wrapper\" data-swiper-parallax=\"\" data-swiper-parallax-scale=\"1\">\r\n                    <\/div>\r\n        <div class=\"content-wrapper-outer\" data-swiper-parallax=\"5%\">\r\n            <div class=\"content-wrapper\">\r\n                <div class=\"content-wrapper-inner rivax-position-center-center\" >\r\n                    <div class=\"terms-wrapper \"><a class=\"term-item term-id-51\" href=\"http:\/\/cyklista.com.pl\/index.php\/category\/aktualnosci\/\"><span>Aktualno\u015bci<\/span><\/a><span class=\"date-after-terms\">2025-05-14<\/span><\/div>                            <h2 class=\"post-title\">\r\n                <a href=\"http:\/\/cyklista.com.pl\/index.php\/2025\/05\/14\/walne-zgromadzenie-czlonkow\/\" class=\"title-animation-underline-break\" title=\"Walne Zgromadzenie Cz\u0142onk\u00f3w\">\r\n            Walne Zgromadzenie Cz\u0142onk\u00f3w        <\/a>\r\n        <\/h2>\r\n                            <div class=\"meta-wrapper\">\r\n                                <div class=\"post-author-wrapper\">\r\n\t\t\t<div class=\"author-image\"><img alt='' src='https:\/\/secure.gravatar.com\/avatar\/6e9d257abb087139c4a57fd62b4f5246da1ae07278ea0e7cb7b596051975afd6?s=60&#038;d=mm&#038;r=g' srcset='https:\/\/secure.gravatar.com\/avatar\/6e9d257abb087139c4a57fd62b4f5246da1ae07278ea0e7cb7b596051975afd6?s=120&#038;d=mm&#038;r=g 2x' class='avatar avatar-60 photo' height='60' width='60' \/><\/div>            <div class=\"author-wrapper\">\r\n                <div class=\"author-meta\">\r\n\t\t                                    <span class=\"by\">By<\/span>\r\n\t\t\t                                <a href=\"http:\/\/cyklista.com.pl\/index.php\/author\/administrator\/\">\r\n\t\t\t            administrator                    <\/a>\r\n                <\/div>\r\n                            <\/div>\r\n        <\/div>\r\n\t\t                                                                                                        <div class=\"reading-time-wrapper\">\r\n\t\t\t                <i class=\"ri-clock\"><\/i>\r\n\t\t\t            <span class=\"reading-time\">\r\n                1 Min Read            <\/span>\r\n        <\/div>\r\n\t\t                    <\/div>\r\n                                                        <\/div>\r\n            <\/div>\r\n        <\/div>\r\n    <\/article>\r\n<\/div><div class=\"post-item swiper-slide\">\r\n    <article class=\"post-wrapper\">\r\n        <div class=\"image-wrapper\" data-swiper-parallax=\"\" data-swiper-parallax-scale=\"1\">\r\n            <img decoding=\"async\" width=\"900\" height=\"444\" src=\"http:\/\/cyklista.com.pl\/wp-content\/uploads\/2026\/04\/rpr_plakat2025-scaled-900x444-1.jpg\" class=\"attachment-rivax-wide size-rivax-wide wp-post-image\" alt=\"\" title=\"Rodzinny Rajd Rowerowy w Przeciszowie\" srcset=\"http:\/\/cyklista.com.pl\/wp-content\/uploads\/2026\/04\/rpr_plakat2025-scaled-900x444-1.jpg 900w, http:\/\/cyklista.com.pl\/wp-content\/uploads\/2026\/04\/rpr_plakat2025-scaled-900x444-1-300x148.jpg 300w, http:\/\/cyklista.com.pl\/wp-content\/uploads\/2026\/04\/rpr_plakat2025-scaled-900x444-1-768x379.jpg 768w, http:\/\/cyklista.com.pl\/wp-content\/uploads\/2026\/04\/rpr_plakat2025-scaled-900x444-1-340x168.jpg 340w, http:\/\/cyklista.com.pl\/wp-content\/uploads\/2026\/04\/rpr_plakat2025-scaled-900x444-1-450x222.jpg 450w\" sizes=\"(max-width: 900px) 100vw, 900px\" \/>        <\/div>\r\n        <div class=\"content-wrapper-outer\" data-swiper-parallax=\"5%\">\r\n            <div class=\"content-wrapper\">\r\n                <div class=\"content-wrapper-inner rivax-position-center-center\" >\r\n                    <div class=\"terms-wrapper \"><a class=\"term-item term-id-51\" href=\"http:\/\/cyklista.com.pl\/index.php\/category\/aktualnosci\/\"><span>Aktualno\u015bci<\/span><\/a><span class=\"date-after-terms\">2025-05-13<\/span><\/div>                            <h2 class=\"post-title\">\r\n                <a href=\"http:\/\/cyklista.com.pl\/index.php\/2025\/05\/13\/rodzinny-rajd-rowerowy-w-przeciszowie\/\" class=\"title-animation-underline-break\" title=\"Rodzinny Rajd Rowerowy w Przeciszowie\">\r\n            Rodzinny Rajd Rowerowy w Przeciszowie        <\/a>\r\n        <\/h2>\r\n                            <div class=\"meta-wrapper\">\r\n                                <div class=\"post-author-wrapper\">\r\n\t\t\t<div class=\"author-image\"><img alt='' src='https:\/\/secure.gravatar.com\/avatar\/6e9d257abb087139c4a57fd62b4f5246da1ae07278ea0e7cb7b596051975afd6?s=60&#038;d=mm&#038;r=g' srcset='https:\/\/secure.gravatar.com\/avatar\/6e9d257abb087139c4a57fd62b4f5246da1ae07278ea0e7cb7b596051975afd6?s=120&#038;d=mm&#038;r=g 2x' class='avatar avatar-60 photo' height='60' width='60' \/><\/div>            <div class=\"author-wrapper\">\r\n                <div class=\"author-meta\">\r\n\t\t                                    <span class=\"by\">By<\/span>\r\n\t\t\t                                <a href=\"http:\/\/cyklista.com.pl\/index.php\/author\/administrator\/\">\r\n\t\t\t            administrator                    <\/a>\r\n                <\/div>\r\n                            <\/div>\r\n        <\/div>\r\n\t\t                                                                                                        <div class=\"reading-time-wrapper\">\r\n\t\t\t                <i class=\"ri-clock\"><\/i>\r\n\t\t\t            <span class=\"reading-time\">\r\n                1 Min Read            <\/span>\r\n        <\/div>\r\n\t\t                    <\/div>\r\n                                                        <\/div>\r\n            <\/div>\r\n        <\/div>\r\n    <\/article>\r\n<\/div>                    <\/div> <!-- .swiper-wrapper -->\r\n        <\/div><!-- .swiper -->\r\n                <\/div><!-- .rivax-posts-carousel-wrapper -->\r\n    \r\n                <div id=\"rivax-thumbs-7b0a12f\" class=\"thumbs-slider-wrapper\" data-settings=\"{&quot;loop&quot;:true,&quot;speed&quot;:1000,&quot;slideToClickedSlide&quot;:true,&quot;direction&quot;:&quot;horizontal&quot;,&quot;touchRatio&quot;:0.20000000000000001,&quot;spaceBetween&quot;:10,&quot;loopedSlides&quot;:6,&quot;slidesPerView&quot;:1.5,&quot;breakpoints&quot;:{&quot;768&quot;:{&quot;slidesPerView&quot;:3,&quot;direction&quot;:&quot;horizontal&quot;},&quot;1025&quot;:{&quot;slidesPerView&quot;:3,&quot;direction&quot;:&quot;horizontal&quot;}}}\" style=\"--bar-time: 5000ms;\">\r\n            <div class=\"thumbs-slider-inner\">\r\n                <div class=\"swiper thumbs-slider layout-content\">\r\n                    <div class=\"swiper-wrapper\">\r\n                                                        <div class=\"thumb-wrapper swiper-slide\">\r\n                                                                                                                <div class=\"thumb-content\">\r\n                                            <h6 class=\"thumb-title\">Rowerem przez pokolenia \u2013 Rodzinny Rajd Rowerowy w Przeciszowie \u2013 21 czerwiec 2025<\/h6>\r\n                                                                                            <span class=\"thumb-date\">2025-07-03<\/span>\r\n                                                                                    <\/div>\r\n                                                                    <\/div>\r\n                                                            <div class=\"thumb-wrapper swiper-slide\">\r\n                                                                                                                <div class=\"thumb-content\">\r\n                                            <h6 class=\"thumb-title\">Kaszuby 2025<\/h6>\r\n                                                                                            <span class=\"thumb-date\">2025-07-01<\/span>\r\n                                                                                    <\/div>\r\n                                                                    <\/div>\r\n                                                            <div class=\"thumb-wrapper swiper-slide\">\r\n                                                                                                                <div class=\"thumb-content\">\r\n                                            <h6 class=\"thumb-title\">Walne Zgromadzenie Cz\u0142onk\u00f3w<\/h6>\r\n                                                                                            <span class=\"thumb-date\">2025-05-14<\/span>\r\n                                                                                    <\/div>\r\n                                                                    <\/div>\r\n                                                            <div class=\"thumb-wrapper swiper-slide\">\r\n                                                                                                                <div class=\"thumb-content\">\r\n                                            <h6 class=\"thumb-title\">Rodzinny Rajd Rowerowy w Przeciszowie<\/h6>\r\n                                                                                            <span class=\"thumb-date\">2025-05-13<\/span>\r\n                                                                                    <\/div>\r\n                                                                    <\/div>\r\n                                                <\/div>\r\n                <\/div>\r\n            <\/div>\r\n        <\/div>\r\n    <\/div>\r\n<\/div>\r\n\t\t\t\t<\/div>\n\t\t\t\t<\/div>\n\t\t\t\t<\/div>\n\t\t\t\t\t<\/div>\n\t\t\t\t<\/div>\n\t\t<div class=\"elementor-element elementor-element-004973c e-flex e-con-boxed e-con e-parent\" data-id=\"004973c\" data-element_type=\"container\" data-e-type=\"container\">\n\t\t\t\t\t<div class=\"e-con-inner\">\n\t\t<div class=\"rivax-sticky-column elementor-element elementor-element-ad76217 e-con-full e-flex e-con e-child\" data-id=\"ad76217\" data-element_type=\"container\" data-e-type=\"container\">\n\t\t<div class=\"elementor-element elementor-element-eec12fc card-layout e-con-full e-flex e-con e-child\" data-id=\"eec12fc\" data-element_type=\"container\" data-e-type=\"container\">\n\t\t\t\t<div class=\"elementor-element elementor-element-b75e1b3 rivax-align-left elementor-widget rivax-divider-heading-widget\" data-id=\"b75e1b3\" data-element_type=\"widget\" data-e-type=\"widget\" data-widget_type=\"rivax-divider-heading.default\">\n\t\t\t\t<div class=\"elementor-widget-container\">\n\t\t\t\t\t<div class=\"rivax-divider-heading-wrap\">\r\n    <div class=\"rivax-divider-heading divider-style-1 \">\r\n        <div class=\"divider divider-1\"><\/div>\r\n        <div class=\"divider divider-2\"><\/div>\r\n        <h5 class=\"title\">\r\n                <span class=\"title-inner\">\r\n            <span class=\"title-text\">\r\n                                Popular Items            <\/span>\r\n                    <\/span>\r\n                <\/h5>\r\n        <div class=\"divider divider-3\"><\/div>\r\n        <div class=\"divider divider-4\"><\/div>\r\n    <\/div>\r\n<\/div>\t\t\t\t<\/div>\n\t\t\t\t<\/div>\n\t\t\t\t<div class=\"elementor-element elementor-element-65a27ce elementor-widget rivax-post-elastic-widget\" data-id=\"65a27ce\" data-element_type=\"widget\" data-e-type=\"widget\" data-widget_type=\"rivax-post-elastic.default\">\n\t\t\t\t<div class=\"elementor-widget-container\">\n\t\t\t\t\t<div class=\"rivax-posts-container\">\r\n    <div class=\"rivax-posts-wrapper layout-grid\">\r\n                <div class=\"post-item\">\r\n    <article class=\"post-wrapper\">\r\n        \t    \r\n\t    \r\n        \r\n        <div class=\"content-wrapper\">\r\n\t                            <h6 class=\"post-title\">\r\n                <a href=\"http:\/\/cyklista.com.pl\/index.php\/2025\/05\/14\/walne-zgromadzenie-czlonkow\/\" class=\"title-animation-underline-break\" title=\"Walne Zgromadzenie Cz\u0142onk\u00f3w\">\r\n            Walne Zgromadzenie Cz\u0142onk\u00f3w        <\/a>\r\n        <\/h6>\r\n                    <div class=\"meta-wrapper\">\r\n                                        <div class=\"date-wrapper date-inline\">\r\n                        <span class=\"date\">\r\n                2025-05-14            <\/span>\r\n        <\/div>\r\n                                                                    <\/div>\r\n                                <\/div>\r\n    <\/article>\r\n<\/div><div class=\"post-item\">\r\n    <article class=\"post-wrapper\">\r\n        \t    \r\n\t    \r\n                    <div class=\"image-outer-wrapper\">\r\n\r\n\t                                <div class=\"post-counter-wrap counter-inside-image rivax-position-top-right\">\r\n                        <span class=\"post-counter\"><\/span>\r\n                    <\/div>\r\n\t            \r\n\t            \r\n                <div class=\"image-wrapper\">\r\n                    <a class=\"rivax-position-cover\" href=\"http:\/\/cyklista.com.pl\/index.php\/2025\/05\/13\/rodzinny-rajd-rowerowy-w-przeciszowie\/\" aria-label=\"Item Link\"><\/a>\r\n                    <img loading=\"lazy\" decoding=\"async\" width=\"150\" height=\"150\" src=\"http:\/\/cyklista.com.pl\/wp-content\/uploads\/2026\/04\/rpr_plakat2025-scaled-900x444-1-150x150.jpg\" class=\"attachment-thumbnail size-thumbnail wp-post-image\" alt=\"\" title=\"Rodzinny Rajd Rowerowy w Przeciszowie\" srcset=\"http:\/\/cyklista.com.pl\/wp-content\/uploads\/2026\/04\/rpr_plakat2025-scaled-900x444-1-150x150.jpg 150w, http:\/\/cyklista.com.pl\/wp-content\/uploads\/2026\/04\/rpr_plakat2025-scaled-900x444-1-340x340.jpg 340w\" sizes=\"(max-width: 150px) 100vw, 150px\" \/>\r\n\t\t            \t\t                            <\/div>\r\n\r\n            <\/div>\r\n        \r\n        <div class=\"content-wrapper\">\r\n\t                            <h6 class=\"post-title\">\r\n                <a href=\"http:\/\/cyklista.com.pl\/index.php\/2025\/05\/13\/rodzinny-rajd-rowerowy-w-przeciszowie\/\" class=\"title-animation-underline-break\" title=\"Rodzinny Rajd Rowerowy w Przeciszowie\">\r\n            Rodzinny Rajd Rowerowy w Przeciszowie        <\/a>\r\n        <\/h6>\r\n                    <div class=\"meta-wrapper\">\r\n                                        <div class=\"date-wrapper date-inline\">\r\n                        <span class=\"date\">\r\n                2025-05-13            <\/span>\r\n        <\/div>\r\n                                                                    <\/div>\r\n                                <\/div>\r\n    <\/article>\r\n<\/div><div class=\"post-item\">\r\n    <article class=\"post-wrapper\">\r\n        \t    \r\n\t    \r\n                    <div class=\"image-outer-wrapper\">\r\n\r\n\t                                <div class=\"post-counter-wrap counter-inside-image rivax-position-top-right\">\r\n                        <span class=\"post-counter\"><\/span>\r\n                    <\/div>\r\n\t            \r\n\t            \r\n                <div class=\"image-wrapper\">\r\n                    <a class=\"rivax-position-cover\" href=\"http:\/\/cyklista.com.pl\/index.php\/2025\/05\/06\/majowy-weekend-2025\/\" aria-label=\"Item Link\"><\/a>\r\n                    <img loading=\"lazy\" decoding=\"async\" width=\"150\" height=\"150\" src=\"http:\/\/cyklista.com.pl\/wp-content\/uploads\/2026\/04\/obraz_2025-05-04_120640916-900x444-1-150x150.png\" class=\"attachment-thumbnail size-thumbnail wp-post-image\" alt=\"\" title=\"Majowy weekend 2025\" srcset=\"http:\/\/cyklista.com.pl\/wp-content\/uploads\/2026\/04\/obraz_2025-05-04_120640916-900x444-1-150x150.png 150w, http:\/\/cyklista.com.pl\/wp-content\/uploads\/2026\/04\/obraz_2025-05-04_120640916-900x444-1-340x340.png 340w\" sizes=\"(max-width: 150px) 100vw, 150px\" \/>\r\n\t\t            \t\t                            <\/div>\r\n\r\n            <\/div>\r\n        \r\n        <div class=\"content-wrapper\">\r\n\t                            <h6 class=\"post-title\">\r\n                <a href=\"http:\/\/cyklista.com.pl\/index.php\/2025\/05\/06\/majowy-weekend-2025\/\" class=\"title-animation-underline-break\" title=\"Majowy weekend 2025\">\r\n            Majowy weekend 2025        <\/a>\r\n        <\/h6>\r\n                    <div class=\"meta-wrapper\">\r\n                                        <div class=\"date-wrapper date-inline\">\r\n                        <span class=\"date\">\r\n                2025-05-06            <\/span>\r\n        <\/div>\r\n                                                                    <\/div>\r\n                                <\/div>\r\n    <\/article>\r\n<\/div><div class=\"post-item\">\r\n    <article class=\"post-wrapper\">\r\n        \t    \r\n\t    \r\n                    <div class=\"image-outer-wrapper\">\r\n\r\n\t                                <div class=\"post-counter-wrap counter-inside-image rivax-position-top-right\">\r\n                        <span class=\"post-counter\"><\/span>\r\n                    <\/div>\r\n\t            \r\n\t            \r\n                <div class=\"image-wrapper\">\r\n                    <a class=\"rivax-position-cover\" href=\"http:\/\/cyklista.com.pl\/index.php\/2025\/04\/15\/rajd-wielkanocny\/\" aria-label=\"Item Link\"><\/a>\r\n                    <img loading=\"lazy\" decoding=\"async\" width=\"150\" height=\"150\" src=\"http:\/\/cyklista.com.pl\/wp-content\/uploads\/2026\/04\/Rajd-W.-1536x864-1-150x150.jpeg\" class=\"attachment-thumbnail size-thumbnail wp-post-image\" alt=\"\" title=\"Rajd Wielkanocny\" srcset=\"http:\/\/cyklista.com.pl\/wp-content\/uploads\/2026\/04\/Rajd-W.-1536x864-1-150x150.jpeg 150w, http:\/\/cyklista.com.pl\/wp-content\/uploads\/2026\/04\/Rajd-W.-1536x864-1-340x340.jpeg 340w, http:\/\/cyklista.com.pl\/wp-content\/uploads\/2026\/04\/Rajd-W.-1536x864-1-450x450.jpeg 450w, http:\/\/cyklista.com.pl\/wp-content\/uploads\/2026\/04\/Rajd-W.-1536x864-1-650x650.jpeg 650w\" sizes=\"(max-width: 150px) 100vw, 150px\" \/>\r\n\t\t            \t\t                            <\/div>\r\n\r\n            <\/div>\r\n        \r\n        <div class=\"content-wrapper\">\r\n\t                            <h6 class=\"post-title\">\r\n                <a href=\"http:\/\/cyklista.com.pl\/index.php\/2025\/04\/15\/rajd-wielkanocny\/\" class=\"title-animation-underline-break\" title=\"Rajd Wielkanocny\">\r\n            Rajd Wielkanocny        <\/a>\r\n        <\/h6>\r\n                    <div class=\"meta-wrapper\">\r\n                                        <div class=\"date-wrapper date-inline\">\r\n                        <span class=\"date\">\r\n                2025-04-15            <\/span>\r\n        <\/div>\r\n                                                                    <\/div>\r\n                                <\/div>\r\n    <\/article>\r\n<\/div>            <\/div>\r\n    <\/div>\r\n\t\t\t\t<\/div>\n\t\t\t\t<\/div>\n\t\t\t\t<\/div>\n\t\t<div class=\"elementor-element elementor-element-7ffc9a0 card-layout e-con-full e-flex e-con e-child\" data-id=\"7ffc9a0\" data-element_type=\"container\" data-e-type=\"container\">\n\t\t\t\t<div class=\"elementor-element elementor-element-45fc44e rivax-align-left elementor-widget rivax-divider-heading-widget\" data-id=\"45fc44e\" data-element_type=\"widget\" data-e-type=\"widget\" data-widget_type=\"rivax-divider-heading.default\">\n\t\t\t\t<div class=\"elementor-widget-container\">\n\t\t\t\t\t<div class=\"rivax-divider-heading-wrap\">\r\n    <div class=\"rivax-divider-heading divider-style-1 \">\r\n        <div class=\"divider divider-1\"><\/div>\r\n        <div class=\"divider divider-2\"><\/div>\r\n        <h5 class=\"title\">\r\n                <span class=\"title-inner\">\r\n            <span class=\"title-text\">\r\n                                Categories            <\/span>\r\n                    <\/span>\r\n                <\/h5>\r\n        <div class=\"divider divider-3\"><\/div>\r\n        <div class=\"divider divider-4\"><\/div>\r\n    <\/div>\r\n<\/div>\t\t\t\t<\/div>\n\t\t\t\t<\/div>\n\t\t\t\t<div class=\"elementor-element elementor-element-6ab58a5 content-position-inside count-position-below elementor-widget rivax-category-box-widget\" data-id=\"6ab58a5\" data-element_type=\"widget\" data-e-type=\"widget\" data-widget_type=\"rivax-category-box.default\">\n\t\t\t\t<div class=\"elementor-widget-container\">\n\t\t\t\t\t<div class=\"rivax-category-box \">\r\n<\/div>\r\n\t\t\t\t<\/div>\n\t\t\t\t<\/div>\n\t\t\t\t<\/div>\n\t\t\t\t<\/div>\n\t\t<div class=\"elementor-element elementor-element-c21894d e-con-full e-flex e-con e-child\" data-id=\"c21894d\" data-element_type=\"container\" data-e-type=\"container\">\n\t\t<div class=\"elementor-element elementor-element-565802c e-con-full card-layout e-flex e-con e-child\" data-id=\"565802c\" data-element_type=\"container\" data-e-type=\"container\">\n\t\t\t\t<div class=\"elementor-element elementor-element-057d481 rivax-align-left elementor-widget rivax-divider-heading-widget\" data-id=\"057d481\" data-element_type=\"widget\" data-e-type=\"widget\" data-widget_type=\"rivax-divider-heading.default\">\n\t\t\t\t<div class=\"elementor-widget-container\">\n\t\t\t\t\t<div class=\"rivax-divider-heading-wrap\">\r\n    <div class=\"rivax-divider-heading divider-style-1 \">\r\n        <div class=\"divider divider-1\"><\/div>\r\n        <div class=\"divider divider-2\"><\/div>\r\n        <h4 class=\"title\">\r\n                <span class=\"title-inner\">\r\n            <span class=\"title-text\">\r\n                                Trending News            <\/span>\r\n                    <\/span>\r\n                <\/h4>\r\n        <div class=\"divider divider-3\"><\/div>\r\n        <div class=\"divider divider-4\"><\/div>\r\n    <\/div>\r\n<\/div>\t\t\t\t<\/div>\n\t\t\t\t<\/div>\n\t\t\t\t<div class=\"elementor-element elementor-element-a07c6e8 e-n-tabs-none elementor-widget elementor-widget-n-tabs\" data-id=\"a07c6e8\" data-element_type=\"widget\" data-e-type=\"widget\" data-settings=\"{&quot;tabs_justify_horizontal&quot;:&quot;end&quot;,&quot;horizontal_scroll&quot;:&quot;disable&quot;}\" data-widget_type=\"nested-tabs.default\">\n\t\t\t\t\t\t\t<div class=\"e-n-tabs\" data-widget-number=\"168281832\" aria-label=\"Karty. Otwieraj elementy za pomoc\u0105 Enter lub Spacji, zamykaj za pomoc\u0105 Escape i nawiguj za pomoc\u0105 klawiszy strza\u0142ek.\">\n\t\t\t<div class=\"e-n-tabs-heading\" role=\"tablist\">\n\t\t\t\t\t<button id=\"e-n-tab-title-1682818321\" data-tab-title-id=\"e-n-tab-title-1682818321\" class=\"e-n-tab-title\" aria-selected=\"true\" data-tab-index=\"1\" role=\"tab\" tabindex=\"0\" aria-controls=\"e-n-tab-content-1682818321\" style=\"--n-tabs-title-order: 1;\">\n\t\t\t\t\t\t<span class=\"e-n-tab-title-text\">\n\t\t\t\tGadgets\t\t\t<\/span>\n\t\t<\/button>\n\t\t\t\t<button id=\"e-n-tab-title-1682818322\" data-tab-title-id=\"e-n-tab-title-1682818322\" class=\"e-n-tab-title\" aria-selected=\"false\" data-tab-index=\"2\" role=\"tab\" tabindex=\"-1\" aria-controls=\"e-n-tab-content-1682818322\" style=\"--n-tabs-title-order: 2;\">\n\t\t\t\t\t\t<span class=\"e-n-tab-title-text\">\n\t\t\t\tApps\t\t\t<\/span>\n\t\t<\/button>\n\t\t\t\t<button id=\"e-n-tab-title-1682818323\" data-tab-title-id=\"e-n-tab-title-1682818323\" class=\"e-n-tab-title\" aria-selected=\"false\" data-tab-index=\"3\" role=\"tab\" tabindex=\"-1\" aria-controls=\"e-n-tab-content-1682818323\" style=\"--n-tabs-title-order: 3;\">\n\t\t\t\t\t\t<span class=\"e-n-tab-title-text\">\n\t\t\t\tGaming\t\t\t<\/span>\n\t\t<\/button>\n\t\t\t\t\t<\/div>\n\t\t\t<div class=\"e-n-tabs-content\">\n\t\t\t\t<div id=\"e-n-tab-content-1682818321\" role=\"tabpanel\" aria-labelledby=\"e-n-tab-title-1682818321\" data-tab-index=\"1\" style=\"--n-tabs-title-order: 1;\" class=\"e-active elementor-element elementor-element-e232d33 e-con-full e-flex e-con e-child\" data-id=\"e232d33\" data-element_type=\"container\" data-e-type=\"container\">\n\t\t\t\t<div class=\"elementor-element elementor-element-1884564 elementor-widget rivax-post-modern-widget\" data-id=\"1884564\" data-element_type=\"widget\" data-e-type=\"widget\" data-widget_type=\"rivax-post-modern.default\">\n\t\t\t\t<div class=\"elementor-widget-container\">\n\t\t\t\t\t<div class=\"rivax-posts-container\">\r\n    <div class=\"rivax-posts-wrapper layout-grid\">\r\n                <div class=\"post-item\">\r\n    <article class=\"post-wrapper\">\r\n\t                    <div class=\"image-outer-wrapper\">\r\n            <div class=\"image-wrapper\">\r\n                <img loading=\"lazy\" decoding=\"async\" width=\"340\" height=\"220\" src=\"http:\/\/cyklista.com.pl\/wp-content\/uploads\/2026\/04\/kolejny-wieczor-grill-900x444-1-340x220.jpeg\" class=\"attachment-rivax-small size-rivax-small wp-post-image\" alt=\"\" title=\"RAJD NOCNY\" srcset=\"http:\/\/cyklista.com.pl\/wp-content\/uploads\/2026\/04\/kolejny-wieczor-grill-900x444-1-340x220.jpeg 340w, http:\/\/cyklista.com.pl\/wp-content\/uploads\/2026\/04\/kolejny-wieczor-grill-900x444-1-450x290.jpeg 450w\" sizes=\"(max-width: 340px) 100vw, 340px\" \/>\t\t        <a class=\"image-link rivax-position-cover\" aria-label=\"Item Link\" href=\"http:\/\/cyklista.com.pl\/index.php\/2025\/10\/07\/rajd-nocny\/\"><\/a>                \t\t        \t\t        \r\n\t\t        \r\n\t\t                            <div class=\"content-wrapper-inside rivax-position-bottom\">\r\n\t\t\t\t        <div class=\"terms-wrapper multi-bg\"><a class=\"term-item term-id-51\" href=\"http:\/\/cyklista.com.pl\/index.php\/category\/aktualnosci\/\"><span>Aktualno\u015bci<\/span><\/a><\/div>\t\t\t\t                            <\/div>\r\n\t\t        \r\n                \r\n            <\/div>\r\n            \r\n\t        \r\n        <\/div>\r\n                <div class=\"content-wrapper\">\r\n\t                                        <h5 class=\"post-title\">\r\n                <a href=\"http:\/\/cyklista.com.pl\/index.php\/2025\/10\/07\/rajd-nocny\/\" class=\"title-animation-underline-break\" title=\"RAJD NOCNY\">\r\n            RAJD NOCNY        <\/a>\r\n        <\/h5>\r\n                                <div class=\"meta-wrapper\">\r\n\t                                                    <div class=\"comments-wrapper\">\r\n\t\t\t                <i class=\"ri-chat\"><\/i>\r\n\t\t\t            <span class=\"comments\">\r\n                No Comment            <\/span>\r\n        <\/div>\r\n\t\t                        <div class=\"views-wrapper\">\r\n\t\t\t                <i class=\"ri-fire\"><\/i>\r\n\t\t\t            <span class=\"views\">\r\n                117 Views            <\/span>\r\n        <\/div>\r\n\t\t                            <\/div>\r\n                                            <\/div>\r\n    <\/article>\r\n<\/div><div class=\"post-item\">\r\n    <article class=\"post-wrapper\">\r\n\t                    <div class=\"image-outer-wrapper\">\r\n            <div class=\"image-wrapper\">\r\n                <img loading=\"lazy\" decoding=\"async\" width=\"340\" height=\"220\" src=\"http:\/\/cyklista.com.pl\/wp-content\/uploads\/2026\/04\/20250823_113502-1536x692-1-340x220.jpg\" class=\"attachment-rivax-small size-rivax-small wp-post-image\" alt=\"\" title=\"Pi\u0119\u0107 dni na Roztoczu\" srcset=\"http:\/\/cyklista.com.pl\/wp-content\/uploads\/2026\/04\/20250823_113502-1536x692-1-340x220.jpg 340w, http:\/\/cyklista.com.pl\/wp-content\/uploads\/2026\/04\/20250823_113502-1536x692-1-450x290.jpg 450w\" sizes=\"(max-width: 340px) 100vw, 340px\" \/>\t\t        <a class=\"image-link rivax-position-cover\" aria-label=\"Item Link\" href=\"http:\/\/cyklista.com.pl\/index.php\/2025\/10\/07\/piec-dni-na-roztoczu\/\"><\/a>                \t\t        \t\t        \r\n\t\t        \r\n\t\t                            <div class=\"content-wrapper-inside rivax-position-bottom\">\r\n\t\t\t\t        <div class=\"terms-wrapper multi-bg\"><a class=\"term-item term-id-51\" href=\"http:\/\/cyklista.com.pl\/index.php\/category\/aktualnosci\/\"><span>Aktualno\u015bci<\/span><\/a><\/div>\t\t\t\t                            <\/div>\r\n\t\t        \r\n                \r\n            <\/div>\r\n            \r\n\t        \r\n        <\/div>\r\n                <div class=\"content-wrapper\">\r\n\t                                        <h5 class=\"post-title\">\r\n                <a href=\"http:\/\/cyklista.com.pl\/index.php\/2025\/10\/07\/piec-dni-na-roztoczu\/\" class=\"title-animation-underline-break\" title=\"Pi\u0119\u0107 dni na Roztoczu\">\r\n            Pi\u0119\u0107 dni na Roztoczu        <\/a>\r\n        <\/h5>\r\n                                <div class=\"meta-wrapper\">\r\n\t                                                    <div class=\"comments-wrapper\">\r\n\t\t\t                <i class=\"ri-chat\"><\/i>\r\n\t\t\t            <span class=\"comments\">\r\n                No Comment            <\/span>\r\n        <\/div>\r\n\t\t                        <div class=\"views-wrapper\">\r\n\t\t\t                <i class=\"ri-fire\"><\/i>\r\n\t\t\t            <span class=\"views\">\r\n                188 Views            <\/span>\r\n        <\/div>\r\n\t\t                            <\/div>\r\n                                            <\/div>\r\n    <\/article>\r\n<\/div><div class=\"post-item\">\r\n    <article class=\"post-wrapper\">\r\n\t                    <div class=\"image-outer-wrapper\">\r\n            <div class=\"image-wrapper\">\r\n                <img loading=\"lazy\" decoding=\"async\" width=\"340\" height=\"220\" src=\"http:\/\/cyklista.com.pl\/wp-content\/uploads\/2026\/04\/20250921_125649-1536x692-1-340x220.jpg\" class=\"attachment-rivax-small size-rivax-small wp-post-image\" alt=\"\" title=\"\u017bniwa karpiowe\" srcset=\"http:\/\/cyklista.com.pl\/wp-content\/uploads\/2026\/04\/20250921_125649-1536x692-1-340x220.jpg 340w, http:\/\/cyklista.com.pl\/wp-content\/uploads\/2026\/04\/20250921_125649-1536x692-1-450x290.jpg 450w\" sizes=\"(max-width: 340px) 100vw, 340px\" \/>\t\t        <a class=\"image-link rivax-position-cover\" aria-label=\"Item Link\" href=\"http:\/\/cyklista.com.pl\/index.php\/2025\/10\/07\/zniwa-karpiowe\/\"><\/a>                \t\t        \t\t        \r\n\t\t        \r\n\t\t                            <div class=\"content-wrapper-inside rivax-position-bottom\">\r\n\t\t\t\t        <div class=\"terms-wrapper multi-bg\"><a class=\"term-item term-id-51\" href=\"http:\/\/cyklista.com.pl\/index.php\/category\/aktualnosci\/\"><span>Aktualno\u015bci<\/span><\/a><\/div>\t\t\t\t                            <\/div>\r\n\t\t        \r\n                \r\n            <\/div>\r\n            \r\n\t        \r\n        <\/div>\r\n                <div class=\"content-wrapper\">\r\n\t                                        <h5 class=\"post-title\">\r\n                <a href=\"http:\/\/cyklista.com.pl\/index.php\/2025\/10\/07\/zniwa-karpiowe\/\" class=\"title-animation-underline-break\" title=\"\u017bniwa karpiowe\">\r\n            \u017bniwa karpiowe        <\/a>\r\n        <\/h5>\r\n                                <div class=\"meta-wrapper\">\r\n\t                                                    <div class=\"comments-wrapper\">\r\n\t\t\t                <i class=\"ri-chat\"><\/i>\r\n\t\t\t            <span class=\"comments\">\r\n                No Comment            <\/span>\r\n        <\/div>\r\n\t\t                        <div class=\"views-wrapper\">\r\n\t\t\t                <i class=\"ri-fire\"><\/i>\r\n\t\t\t            <span class=\"views\">\r\n                166 Views            <\/span>\r\n        <\/div>\r\n\t\t                            <\/div>\r\n                                            <\/div>\r\n    <\/article>\r\n<\/div><div class=\"post-item\">\r\n    <article class=\"post-wrapper\">\r\n\t                    <div class=\"image-outer-wrapper\">\r\n            <div class=\"image-wrapper\">\r\n                <img loading=\"lazy\" decoding=\"async\" width=\"340\" height=\"220\" src=\"http:\/\/cyklista.com.pl\/wp-content\/uploads\/2026\/04\/kolejny-wieczor-grill-900x444-2-340x220.jpeg\" class=\"attachment-rivax-small size-rivax-small wp-post-image\" alt=\"\" title=\"Rajd K\u0119ty\" srcset=\"http:\/\/cyklista.com.pl\/wp-content\/uploads\/2026\/04\/kolejny-wieczor-grill-900x444-2-340x220.jpeg 340w, http:\/\/cyklista.com.pl\/wp-content\/uploads\/2026\/04\/kolejny-wieczor-grill-900x444-2-450x290.jpeg 450w\" sizes=\"(max-width: 340px) 100vw, 340px\" \/>\t\t        <a class=\"image-link rivax-position-cover\" aria-label=\"Item Link\" href=\"http:\/\/cyklista.com.pl\/index.php\/2025\/07\/31\/rajd-kety\/\"><\/a>                \t\t        \t\t        \r\n\t\t        \r\n\t\t                            <div class=\"content-wrapper-inside rivax-position-bottom\">\r\n\t\t\t\t        <div class=\"terms-wrapper multi-bg\"><a class=\"term-item term-id-51\" href=\"http:\/\/cyklista.com.pl\/index.php\/category\/aktualnosci\/\"><span>Aktualno\u015bci<\/span><\/a><\/div>\t\t\t\t                            <\/div>\r\n\t\t        \r\n                \r\n            <\/div>\r\n            \r\n\t        \r\n        <\/div>\r\n                <div class=\"content-wrapper\">\r\n\t                                        <h5 class=\"post-title\">\r\n                <a href=\"http:\/\/cyklista.com.pl\/index.php\/2025\/07\/31\/rajd-kety\/\" class=\"title-animation-underline-break\" title=\"Rajd K\u0119ty\">\r\n            Rajd K\u0119ty        <\/a>\r\n        <\/h5>\r\n                                <div class=\"meta-wrapper\">\r\n\t                                                    <div class=\"comments-wrapper\">\r\n\t\t\t                <i class=\"ri-chat\"><\/i>\r\n\t\t\t            <span class=\"comments\">\r\n                No Comment            <\/span>\r\n        <\/div>\r\n\t\t                        <div class=\"views-wrapper\">\r\n\t\t\t                <i class=\"ri-fire\"><\/i>\r\n\t\t\t            <span class=\"views\">\r\n                90 Views            <\/span>\r\n        <\/div>\r\n\t\t                            <\/div>\r\n                                            <\/div>\r\n    <\/article>\r\n<\/div><div class=\"post-item\">\r\n    <article class=\"post-wrapper\">\r\n\t                    <div class=\"image-outer-wrapper\">\r\n            <div class=\"image-wrapper\">\r\n                <img loading=\"lazy\" decoding=\"async\" width=\"340\" height=\"220\" src=\"http:\/\/cyklista.com.pl\/wp-content\/uploads\/2026\/04\/20250713_124444-1536x692-1-340x220.jpg\" class=\"attachment-rivax-small size-rivax-small wp-post-image\" alt=\"\" title=\"Rajd Grunwald\" srcset=\"http:\/\/cyklista.com.pl\/wp-content\/uploads\/2026\/04\/20250713_124444-1536x692-1-340x220.jpg 340w, http:\/\/cyklista.com.pl\/wp-content\/uploads\/2026\/04\/20250713_124444-1536x692-1-450x290.jpg 450w\" sizes=\"(max-width: 340px) 100vw, 340px\" \/>\t\t        <a class=\"image-link rivax-position-cover\" aria-label=\"Item Link\" href=\"http:\/\/cyklista.com.pl\/index.php\/2025\/07\/31\/rajd-grunwald\/\"><\/a>                \t\t        \t\t        \r\n\t\t        \r\n\t\t                            <div class=\"content-wrapper-inside rivax-position-bottom\">\r\n\t\t\t\t        <div class=\"terms-wrapper multi-bg\"><a class=\"term-item term-id-51\" href=\"http:\/\/cyklista.com.pl\/index.php\/category\/aktualnosci\/\"><span>Aktualno\u015bci<\/span><\/a><\/div>\t\t\t\t                            <\/div>\r\n\t\t        \r\n                \r\n            <\/div>\r\n            \r\n\t        \r\n        <\/div>\r\n                <div class=\"content-wrapper\">\r\n\t                                        <h5 class=\"post-title\">\r\n                <a href=\"http:\/\/cyklista.com.pl\/index.php\/2025\/07\/31\/rajd-grunwald\/\" class=\"title-animation-underline-break\" title=\"Rajd Grunwald\">\r\n            Rajd Grunwald        <\/a>\r\n        <\/h5>\r\n                                <div class=\"meta-wrapper\">\r\n\t                                                    <div class=\"comments-wrapper\">\r\n\t\t\t                <i class=\"ri-chat\"><\/i>\r\n\t\t\t            <span class=\"comments\">\r\n                No Comment            <\/span>\r\n        <\/div>\r\n\t\t                        <div class=\"views-wrapper\">\r\n\t\t\t                <i class=\"ri-fire\"><\/i>\r\n\t\t\t            <span class=\"views\">\r\n                46 Views            <\/span>\r\n        <\/div>\r\n\t\t                            <\/div>\r\n                                            <\/div>\r\n    <\/article>\r\n<\/div><div class=\"post-item\">\r\n    <article class=\"post-wrapper\">\r\n\t                    <div class=\"image-outer-wrapper\">\r\n            <div class=\"image-wrapper\">\r\n                <img loading=\"lazy\" decoding=\"async\" width=\"340\" height=\"220\" src=\"http:\/\/cyklista.com.pl\/wp-content\/uploads\/2026\/04\/DSC_0206_Easy-Resize.com_-900x444-1-340x220.jpg\" class=\"attachment-rivax-small size-rivax-small wp-post-image\" alt=\"\" title=\"Rowerem przez pokolenia \u2013 Rodzinny Rajd Rowerowy w Przeciszowie \u2013 21 czerwiec 2025\" srcset=\"http:\/\/cyklista.com.pl\/wp-content\/uploads\/2026\/04\/DSC_0206_Easy-Resize.com_-900x444-1-340x220.jpg 340w, http:\/\/cyklista.com.pl\/wp-content\/uploads\/2026\/04\/DSC_0206_Easy-Resize.com_-900x444-1-450x290.jpg 450w\" sizes=\"(max-width: 340px) 100vw, 340px\" \/>\t\t        <a class=\"image-link rivax-position-cover\" aria-label=\"Item Link\" href=\"http:\/\/cyklista.com.pl\/index.php\/2025\/07\/03\/rowerem-przez-pokolenia-rodzinny-rajd-rowerowy-w-przeciszowie-21-czerwiec-2025\/\"><\/a>                \t\t        \t\t        \r\n\t\t        \r\n\t\t                            <div class=\"content-wrapper-inside rivax-position-bottom\">\r\n\t\t\t\t        <div class=\"terms-wrapper multi-bg\"><a class=\"term-item term-id-51\" href=\"http:\/\/cyklista.com.pl\/index.php\/category\/aktualnosci\/\"><span>Aktualno\u015bci<\/span><\/a><\/div>\t\t\t\t                            <\/div>\r\n\t\t        \r\n                \r\n            <\/div>\r\n            \r\n\t        \r\n        <\/div>\r\n                <div class=\"content-wrapper\">\r\n\t                                        <h5 class=\"post-title\">\r\n                <a href=\"http:\/\/cyklista.com.pl\/index.php\/2025\/07\/03\/rowerem-przez-pokolenia-rodzinny-rajd-rowerowy-w-przeciszowie-21-czerwiec-2025\/\" class=\"title-animation-underline-break\" title=\"Rowerem przez pokolenia \u2013 Rodzinny Rajd Rowerowy w Przeciszowie \u2013 21 czerwiec 2025\">\r\n            Rowerem przez pokolenia \u2013 Rodzinny Rajd Rowerowy w Przeciszowie \u2013 21 czerwiec 2025        <\/a>\r\n        <\/h5>\r\n                                <div class=\"meta-wrapper\">\r\n\t                                                    <div class=\"comments-wrapper\">\r\n\t\t\t                <i class=\"ri-chat\"><\/i>\r\n\t\t\t            <span class=\"comments\">\r\n                No Comment            <\/span>\r\n        <\/div>\r\n\t\t                        <div class=\"views-wrapper\">\r\n\t\t\t                <i class=\"ri-fire\"><\/i>\r\n\t\t\t            <span class=\"views\">\r\n                34 Views            <\/span>\r\n        <\/div>\r\n\t\t                            <\/div>\r\n                                            <\/div>\r\n    <\/article>\r\n<\/div>            <\/div>\r\n    <\/div>\r\n\t\t\t\t<\/div>\n\t\t\t\t<\/div>\n\t\t\t\t<\/div>\n\t\t<div id=\"e-n-tab-content-1682818322\" role=\"tabpanel\" aria-labelledby=\"e-n-tab-title-1682818322\" data-tab-index=\"2\" style=\"--n-tabs-title-order: 2;\" class=\" elementor-element elementor-element-853d518 e-con-full e-flex e-con e-child\" data-id=\"853d518\" data-element_type=\"container\" data-e-type=\"container\">\n\t\t\t\t<div class=\"elementor-element elementor-element-3a9b2f2 elementor-widget rivax-post-modern-widget\" data-id=\"3a9b2f2\" data-element_type=\"widget\" data-e-type=\"widget\" data-widget_type=\"rivax-post-modern.default\">\n\t\t\t\t<div class=\"elementor-widget-container\">\n\t\t\t\t\t<div class=\"rivax-posts-container\">\r\n    <div class=\"rivax-posts-wrapper layout-grid\">\r\n                <div class=\"post-item\">\r\n    <article class=\"post-wrapper\">\r\n\t                    <div class=\"image-outer-wrapper\">\r\n            <div class=\"image-wrapper\">\r\n                <img loading=\"lazy\" decoding=\"async\" width=\"340\" height=\"220\" src=\"http:\/\/cyklista.com.pl\/wp-content\/uploads\/2026\/04\/rpr_plakat2025-scaled-900x444-1-340x220.jpg\" class=\"attachment-rivax-small size-rivax-small wp-post-image\" alt=\"\" title=\"Rodzinny Rajd Rowerowy w Przeciszowie\" srcset=\"http:\/\/cyklista.com.pl\/wp-content\/uploads\/2026\/04\/rpr_plakat2025-scaled-900x444-1-340x220.jpg 340w, http:\/\/cyklista.com.pl\/wp-content\/uploads\/2026\/04\/rpr_plakat2025-scaled-900x444-1-450x290.jpg 450w\" sizes=\"(max-width: 340px) 100vw, 340px\" \/>\t\t        <a class=\"image-link rivax-position-cover\" aria-label=\"Item Link\" href=\"http:\/\/cyklista.com.pl\/index.php\/2025\/05\/13\/rodzinny-rajd-rowerowy-w-przeciszowie\/\"><\/a>                \t\t        \t\t        \r\n\t\t        \r\n\t\t                            <div class=\"content-wrapper-inside rivax-position-bottom\">\r\n\t\t\t\t        <div class=\"terms-wrapper multi-bg\"><a class=\"term-item term-id-51\" href=\"http:\/\/cyklista.com.pl\/index.php\/category\/aktualnosci\/\"><span>Aktualno\u015bci<\/span><\/a><\/div>\t\t\t\t                            <\/div>\r\n\t\t        \r\n                \r\n            <\/div>\r\n            \r\n\t        \r\n        <\/div>\r\n                <div class=\"content-wrapper\">\r\n\t                                        <h5 class=\"post-title\">\r\n                <a href=\"http:\/\/cyklista.com.pl\/index.php\/2025\/05\/13\/rodzinny-rajd-rowerowy-w-przeciszowie\/\" class=\"title-animation-underline-break\" title=\"Rodzinny Rajd Rowerowy w Przeciszowie\">\r\n            Rodzinny Rajd Rowerowy w Przeciszowie        <\/a>\r\n        <\/h5>\r\n                                <div class=\"meta-wrapper\">\r\n\t                                                    <div class=\"comments-wrapper\">\r\n\t\t\t                <i class=\"ri-chat\"><\/i>\r\n\t\t\t            <span class=\"comments\">\r\n                No Comment            <\/span>\r\n        <\/div>\r\n\t\t                        <div class=\"views-wrapper\">\r\n\t\t\t                <i class=\"ri-fire\"><\/i>\r\n\t\t\t            <span class=\"views\">\r\n                37 Views            <\/span>\r\n        <\/div>\r\n\t\t                            <\/div>\r\n                                            <\/div>\r\n    <\/article>\r\n<\/div><div class=\"post-item\">\r\n    <article class=\"post-wrapper\">\r\n\t                    <div class=\"content-wrapper\">\r\n\t                                        <h5 class=\"post-title\">\r\n                <a href=\"http:\/\/cyklista.com.pl\/index.php\/2025\/05\/14\/walne-zgromadzenie-czlonkow\/\" class=\"title-animation-underline-break\" title=\"Walne Zgromadzenie Cz\u0142onk\u00f3w\">\r\n            Walne Zgromadzenie Cz\u0142onk\u00f3w        <\/a>\r\n        <\/h5>\r\n                                <div class=\"meta-wrapper\">\r\n\t                                                    <div class=\"comments-wrapper\">\r\n\t\t\t                <i class=\"ri-chat\"><\/i>\r\n\t\t\t            <span class=\"comments\">\r\n                No Comment            <\/span>\r\n        <\/div>\r\n\t\t                        <div class=\"views-wrapper\">\r\n\t\t\t                <i class=\"ri-fire\"><\/i>\r\n\t\t\t            <span class=\"views\">\r\n                33 Views            <\/span>\r\n        <\/div>\r\n\t\t                            <\/div>\r\n                                            <\/div>\r\n    <\/article>\r\n<\/div><div class=\"post-item\">\r\n    <article class=\"post-wrapper\">\r\n\t                    <div class=\"image-outer-wrapper\">\r\n            <div class=\"image-wrapper\">\r\n                <img loading=\"lazy\" decoding=\"async\" width=\"340\" height=\"220\" src=\"http:\/\/cyklista.com.pl\/wp-content\/uploads\/2026\/04\/Wdzydze-Park-Krajobrazowy-900x444-1-340x220.jpeg\" class=\"attachment-rivax-small size-rivax-small wp-post-image\" alt=\"\" title=\"Kaszuby 2025\" srcset=\"http:\/\/cyklista.com.pl\/wp-content\/uploads\/2026\/04\/Wdzydze-Park-Krajobrazowy-900x444-1-340x220.jpeg 340w, http:\/\/cyklista.com.pl\/wp-content\/uploads\/2026\/04\/Wdzydze-Park-Krajobrazowy-900x444-1-450x290.jpeg 450w\" sizes=\"(max-width: 340px) 100vw, 340px\" \/>\t\t        <a class=\"image-link rivax-position-cover\" aria-label=\"Item Link\" href=\"http:\/\/cyklista.com.pl\/index.php\/2025\/07\/01\/kaszuby-2025\/\"><\/a>                \t\t        \t\t        \r\n\t\t        \r\n\t\t                            <div class=\"content-wrapper-inside rivax-position-bottom\">\r\n\t\t\t\t        <div class=\"terms-wrapper multi-bg\"><a class=\"term-item term-id-51\" href=\"http:\/\/cyklista.com.pl\/index.php\/category\/aktualnosci\/\"><span>Aktualno\u015bci<\/span><\/a><\/div>\t\t\t\t                            <\/div>\r\n\t\t        \r\n                \r\n            <\/div>\r\n            \r\n\t        \r\n        <\/div>\r\n                <div class=\"content-wrapper\">\r\n\t                                        <h5 class=\"post-title\">\r\n                <a href=\"http:\/\/cyklista.com.pl\/index.php\/2025\/07\/01\/kaszuby-2025\/\" class=\"title-animation-underline-break\" title=\"Kaszuby 2025\">\r\n            Kaszuby 2025        <\/a>\r\n        <\/h5>\r\n                                <div class=\"meta-wrapper\">\r\n\t                                                    <div class=\"comments-wrapper\">\r\n\t\t\t                <i class=\"ri-chat\"><\/i>\r\n\t\t\t            <span class=\"comments\">\r\n                No Comment            <\/span>\r\n        <\/div>\r\n\t\t                        <div class=\"views-wrapper\">\r\n\t\t\t                <i class=\"ri-fire\"><\/i>\r\n\t\t\t            <span class=\"views\">\r\n                40 Views            <\/span>\r\n        <\/div>\r\n\t\t                            <\/div>\r\n                                            <\/div>\r\n    <\/article>\r\n<\/div><div class=\"post-item\">\r\n    <article class=\"post-wrapper\">\r\n\t                    <div class=\"image-outer-wrapper\">\r\n            <div class=\"image-wrapper\">\r\n                <img loading=\"lazy\" decoding=\"async\" width=\"340\" height=\"220\" src=\"http:\/\/cyklista.com.pl\/wp-content\/uploads\/2026\/04\/DSC_0206_Easy-Resize.com_-900x444-1-340x220.jpg\" class=\"attachment-rivax-small size-rivax-small wp-post-image\" alt=\"\" title=\"Rowerem przez pokolenia \u2013 Rodzinny Rajd Rowerowy w Przeciszowie \u2013 21 czerwiec 2025\" srcset=\"http:\/\/cyklista.com.pl\/wp-content\/uploads\/2026\/04\/DSC_0206_Easy-Resize.com_-900x444-1-340x220.jpg 340w, http:\/\/cyklista.com.pl\/wp-content\/uploads\/2026\/04\/DSC_0206_Easy-Resize.com_-900x444-1-450x290.jpg 450w\" sizes=\"(max-width: 340px) 100vw, 340px\" \/>\t\t        <a class=\"image-link rivax-position-cover\" aria-label=\"Item Link\" href=\"http:\/\/cyklista.com.pl\/index.php\/2025\/07\/03\/rowerem-przez-pokolenia-rodzinny-rajd-rowerowy-w-przeciszowie-21-czerwiec-2025\/\"><\/a>                \t\t        \t\t        \r\n\t\t        \r\n\t\t                            <div class=\"content-wrapper-inside rivax-position-bottom\">\r\n\t\t\t\t        <div class=\"terms-wrapper multi-bg\"><a class=\"term-item term-id-51\" href=\"http:\/\/cyklista.com.pl\/index.php\/category\/aktualnosci\/\"><span>Aktualno\u015bci<\/span><\/a><\/div>\t\t\t\t                            <\/div>\r\n\t\t        \r\n                \r\n            <\/div>\r\n            \r\n\t        \r\n        <\/div>\r\n                <div class=\"content-wrapper\">\r\n\t                                        <h5 class=\"post-title\">\r\n                <a href=\"http:\/\/cyklista.com.pl\/index.php\/2025\/07\/03\/rowerem-przez-pokolenia-rodzinny-rajd-rowerowy-w-przeciszowie-21-czerwiec-2025\/\" class=\"title-animation-underline-break\" title=\"Rowerem przez pokolenia \u2013 Rodzinny Rajd Rowerowy w Przeciszowie \u2013 21 czerwiec 2025\">\r\n            Rowerem przez pokolenia \u2013 Rodzinny Rajd Rowerowy w Przeciszowie \u2013 21 czerwiec 2025        <\/a>\r\n        <\/h5>\r\n                                <div class=\"meta-wrapper\">\r\n\t                                                    <div class=\"comments-wrapper\">\r\n\t\t\t                <i class=\"ri-chat\"><\/i>\r\n\t\t\t            <span class=\"comments\">\r\n                No Comment            <\/span>\r\n        <\/div>\r\n\t\t                        <div class=\"views-wrapper\">\r\n\t\t\t                <i class=\"ri-fire\"><\/i>\r\n\t\t\t            <span class=\"views\">\r\n                34 Views            <\/span>\r\n        <\/div>\r\n\t\t                            <\/div>\r\n                                            <\/div>\r\n    <\/article>\r\n<\/div><div class=\"post-item\">\r\n    <article class=\"post-wrapper\">\r\n\t                    <div class=\"image-outer-wrapper\">\r\n            <div class=\"image-wrapper\">\r\n                <img loading=\"lazy\" decoding=\"async\" width=\"340\" height=\"220\" src=\"http:\/\/cyklista.com.pl\/wp-content\/uploads\/2026\/04\/20250713_124444-1536x692-1-340x220.jpg\" class=\"attachment-rivax-small size-rivax-small wp-post-image\" alt=\"\" title=\"Rajd Grunwald\" srcset=\"http:\/\/cyklista.com.pl\/wp-content\/uploads\/2026\/04\/20250713_124444-1536x692-1-340x220.jpg 340w, http:\/\/cyklista.com.pl\/wp-content\/uploads\/2026\/04\/20250713_124444-1536x692-1-450x290.jpg 450w\" sizes=\"(max-width: 340px) 100vw, 340px\" \/>\t\t        <a class=\"image-link rivax-position-cover\" aria-label=\"Item Link\" href=\"http:\/\/cyklista.com.pl\/index.php\/2025\/07\/31\/rajd-grunwald\/\"><\/a>                \t\t        \t\t        \r\n\t\t        \r\n\t\t                            <div class=\"content-wrapper-inside rivax-position-bottom\">\r\n\t\t\t\t        <div class=\"terms-wrapper multi-bg\"><a class=\"term-item term-id-51\" href=\"http:\/\/cyklista.com.pl\/index.php\/category\/aktualnosci\/\"><span>Aktualno\u015bci<\/span><\/a><\/div>\t\t\t\t                            <\/div>\r\n\t\t        \r\n                \r\n            <\/div>\r\n            \r\n\t        \r\n        <\/div>\r\n                <div class=\"content-wrapper\">\r\n\t                                        <h5 class=\"post-title\">\r\n                <a href=\"http:\/\/cyklista.com.pl\/index.php\/2025\/07\/31\/rajd-grunwald\/\" class=\"title-animation-underline-break\" title=\"Rajd Grunwald\">\r\n            Rajd Grunwald        <\/a>\r\n        <\/h5>\r\n                                <div class=\"meta-wrapper\">\r\n\t                                                    <div class=\"comments-wrapper\">\r\n\t\t\t                <i class=\"ri-chat\"><\/i>\r\n\t\t\t            <span class=\"comments\">\r\n                No Comment            <\/span>\r\n        <\/div>\r\n\t\t                        <div class=\"views-wrapper\">\r\n\t\t\t                <i class=\"ri-fire\"><\/i>\r\n\t\t\t            <span class=\"views\">\r\n                46 Views            <\/span>\r\n        <\/div>\r\n\t\t                            <\/div>\r\n                                            <\/div>\r\n    <\/article>\r\n<\/div><div class=\"post-item\">\r\n    <article class=\"post-wrapper\">\r\n\t                    <div class=\"image-outer-wrapper\">\r\n            <div class=\"image-wrapper\">\r\n                <img loading=\"lazy\" decoding=\"async\" width=\"340\" height=\"220\" src=\"http:\/\/cyklista.com.pl\/wp-content\/uploads\/2026\/04\/kolejny-wieczor-grill-900x444-2-340x220.jpeg\" class=\"attachment-rivax-small size-rivax-small wp-post-image\" alt=\"\" title=\"Rajd K\u0119ty\" srcset=\"http:\/\/cyklista.com.pl\/wp-content\/uploads\/2026\/04\/kolejny-wieczor-grill-900x444-2-340x220.jpeg 340w, http:\/\/cyklista.com.pl\/wp-content\/uploads\/2026\/04\/kolejny-wieczor-grill-900x444-2-450x290.jpeg 450w\" sizes=\"(max-width: 340px) 100vw, 340px\" \/>\t\t        <a class=\"image-link rivax-position-cover\" aria-label=\"Item Link\" href=\"http:\/\/cyklista.com.pl\/index.php\/2025\/07\/31\/rajd-kety\/\"><\/a>                \t\t        \t\t        \r\n\t\t        \r\n\t\t                            <div class=\"content-wrapper-inside rivax-position-bottom\">\r\n\t\t\t\t        <div class=\"terms-wrapper multi-bg\"><a class=\"term-item term-id-51\" href=\"http:\/\/cyklista.com.pl\/index.php\/category\/aktualnosci\/\"><span>Aktualno\u015bci<\/span><\/a><\/div>\t\t\t\t                            <\/div>\r\n\t\t        \r\n                \r\n            <\/div>\r\n            \r\n\t        \r\n        <\/div>\r\n                <div class=\"content-wrapper\">\r\n\t                                        <h5 class=\"post-title\">\r\n                <a href=\"http:\/\/cyklista.com.pl\/index.php\/2025\/07\/31\/rajd-kety\/\" class=\"title-animation-underline-break\" title=\"Rajd K\u0119ty\">\r\n            Rajd K\u0119ty        <\/a>\r\n        <\/h5>\r\n                                <div class=\"meta-wrapper\">\r\n\t                                                    <div class=\"comments-wrapper\">\r\n\t\t\t                <i class=\"ri-chat\"><\/i>\r\n\t\t\t            <span class=\"comments\">\r\n                No Comment            <\/span>\r\n        <\/div>\r\n\t\t                        <div class=\"views-wrapper\">\r\n\t\t\t                <i class=\"ri-fire\"><\/i>\r\n\t\t\t            <span class=\"views\">\r\n                90 Views            <\/span>\r\n        <\/div>\r\n\t\t                            <\/div>\r\n                                            <\/div>\r\n    <\/article>\r\n<\/div>            <\/div>\r\n    <\/div>\r\n\t\t\t\t<\/div>\n\t\t\t\t<\/div>\n\t\t\t\t<\/div>\n\t\t<div id=\"e-n-tab-content-1682818323\" role=\"tabpanel\" aria-labelledby=\"e-n-tab-title-1682818323\" data-tab-index=\"3\" style=\"--n-tabs-title-order: 3;\" class=\" elementor-element elementor-element-8f94b1d e-con-full e-flex e-con e-child\" data-id=\"8f94b1d\" data-element_type=\"container\" data-e-type=\"container\">\n\t\t\t\t<div class=\"elementor-element elementor-element-233c2b6 elementor-widget rivax-post-modern-widget\" data-id=\"233c2b6\" data-element_type=\"widget\" data-e-type=\"widget\" data-widget_type=\"rivax-post-modern.default\">\n\t\t\t\t<div class=\"elementor-widget-container\">\n\t\t\t\t\t<div class=\"rivax-posts-container\">\r\n    <div class=\"rivax-posts-wrapper layout-grid\">\r\n                <div class=\"post-item\">\r\n    <article class=\"post-wrapper\">\r\n\t                    <div class=\"image-outer-wrapper\">\r\n            <div class=\"image-wrapper\">\r\n                <img loading=\"lazy\" decoding=\"async\" width=\"340\" height=\"220\" src=\"http:\/\/cyklista.com.pl\/wp-content\/uploads\/2026\/03\/CYKLISTA-340x220.png\" class=\"attachment-rivax-small size-rivax-small wp-post-image\" alt=\"\" title=\"\" srcset=\"http:\/\/cyklista.com.pl\/wp-content\/uploads\/2026\/03\/CYKLISTA-340x220.png 340w, http:\/\/cyklista.com.pl\/wp-content\/uploads\/2026\/03\/CYKLISTA-450x290.png 450w\" sizes=\"(max-width: 340px) 100vw, 340px\" \/>\t\t        <a class=\"image-link rivax-position-cover\" aria-label=\"Item Link\" href=\"http:\/\/cyklista.com.pl\/index.php\/2020\/03\/31\/witaj-swiecie\/\"><\/a>                \t\t        \t\t        \r\n\t\t        \r\n\t\t                            <div class=\"content-wrapper-inside rivax-position-bottom\">\r\n\t\t\t\t        <div class=\"terms-wrapper multi-bg\"><a class=\"term-item term-id-50\" href=\"http:\/\/cyklista.com.pl\/index.php\/category\/slider\/\"><span>Slider<\/span><\/a><\/div>\t\t\t\t                            <\/div>\r\n\t\t        \r\n                \r\n            <\/div>\r\n            \r\n\t        \r\n        <\/div>\r\n                <div class=\"content-wrapper\">\r\n\t                                        <h5 class=\"post-title\">\r\n                <a href=\"http:\/\/cyklista.com.pl\/index.php\/2020\/03\/31\/witaj-swiecie\/\" class=\"title-animation-underline-break\" title=\"\">\r\n                    <\/a>\r\n        <\/h5>\r\n                                <div class=\"meta-wrapper\">\r\n\t                                                    <div class=\"comments-wrapper\">\r\n\t\t\t                <i class=\"ri-chat\"><\/i>\r\n\t\t\t            <span class=\"comments\">\r\n                No Comment            <\/span>\r\n        <\/div>\r\n\t\t                        <div class=\"views-wrapper\">\r\n\t\t\t                <i class=\"ri-fire\"><\/i>\r\n\t\t\t            <span class=\"views\">\r\n                133 Views            <\/span>\r\n        <\/div>\r\n\t\t                            <\/div>\r\n                                            <\/div>\r\n    <\/article>\r\n<\/div>            <\/div>\r\n    <\/div>\r\n\t\t\t\t<\/div>\n\t\t\t\t<\/div>\n\t\t\t\t<\/div>\n\t\t\t\t\t<\/div>\n\t\t<\/div>\n\t\t\t\t\t\t<\/div>\n\t\t\t\t<\/div>\n\t\t<div class=\"elementor-element elementor-element-ecdb749 e-con-full e-flex e-con e-child\" data-id=\"ecdb749\" data-element_type=\"container\" data-e-type=\"container\" data-settings=\"{&quot;background_background&quot;:&quot;gradient&quot;}\">\n\t\t<div class=\"elementor-element elementor-element-f4fb9da e-con-full e-flex e-con e-child\" data-id=\"f4fb9da\" data-element_type=\"container\" data-e-type=\"container\">\n\t\t\t\t<div class=\"elementor-element elementor-element-7da94fc elementor-widget rivax-advanced-heading-widget\" data-id=\"7da94fc\" data-element_type=\"widget\" data-e-type=\"widget\" data-widget_type=\"rivax-advanced-heading.default\">\n\t\t\t\t<div class=\"elementor-widget-container\">\n\t\t\t\t\t\r\n<h2 class=\"rivax-advanced-heading-tag\">\r\n<span class=\"rivax-advanced-heading-wrap\" data-background-text=\"\">\r\n        <span class=\"rivax-advanced-heading-one\"> Modern &amp; Creative Blog &amp; News<\/span>\r\n                <span class=\"rivax-advanced-heading-two animated-heading\">WordPress <\/span>\r\n            <span class=\"rivax-advanced-heading-three\">Theme<\/span>\r\n        <span class=\"rivax-advanced-heading-border\"><\/span>\r\n<\/span>\r\n<\/h2>\t\t\t\t<\/div>\n\t\t\t\t<\/div>\n\t\t\t\t<div class=\"elementor-element elementor-element-48dcf37 elementor-widget elementor-widget-text-editor\" data-id=\"48dcf37\" data-element_type=\"widget\" data-e-type=\"widget\" data-widget_type=\"text-editor.default\">\n\t\t\t\t\t\t\t\t\t<p>Create your next-generation website effortlessly<\/p>\t\t\t\t\t\t\t\t<\/div>\n\t\t\t\t<div class=\"elementor-element elementor-element-950e449 elementor-widget rivax-advanced-button-widget\" data-id=\"950e449\" data-element_type=\"widget\" data-e-type=\"widget\" data-widget_type=\"rivax-advanced-button.default\">\n\t\t\t\t<div class=\"elementor-widget-container\">\n\t\t\t\t\t<div class=\"rivax-advanced-button-wrapper\">\r\n    <a class=\"rivax-advanced-button style-12\" title=\"Buy Theme\">\r\n                <span class=\"title-wrap\">\r\n                        <span class=\"title\" data-title=\"Buy Theme\">Buy Theme<\/span>\r\n        <\/span>\r\n    <\/a>\r\n<\/div>\r\n\r\n\t\t\t\t<\/div>\n\t\t\t\t<\/div>\n\t\t\t\t<\/div>\n\t\t<div class=\"elementor-element elementor-element-e14aefb e-con-full e-flex e-con e-child\" data-id=\"e14aefb\" data-element_type=\"container\" data-e-type=\"container\">\n\t\t\t\t<div class=\"elementor-element elementor-element-05e45bf elementor-widget elementor-widget-image\" data-id=\"05e45bf\" data-element_type=\"widget\" data-e-type=\"widget\" data-widget_type=\"image.default\">\n\t\t\t\t\t\t\t\t\t\t\t\t\t\t\t<img loading=\"lazy\" decoding=\"async\" width=\"768\" height=\"447\" src=\"http:\/\/cyklista.com.pl\/wp-content\/uploads\/2025\/11\/265-768x447.webp\" class=\"attachment-medium_large size-medium_large wp-image-1824\" alt=\"\" srcset=\"http:\/\/cyklista.com.pl\/wp-content\/uploads\/2025\/11\/265-768x447.webp 768w, http:\/\/cyklista.com.pl\/wp-content\/uploads\/2025\/11\/265-300x175.webp 300w, http:\/\/cyklista.com.pl\/wp-content\/uploads\/2025\/11\/265-340x198.webp 340w, http:\/\/cyklista.com.pl\/wp-content\/uploads\/2025\/11\/265-450x262.webp 450w, http:\/\/cyklista.com.pl\/wp-content\/uploads\/2025\/11\/265.webp 900w\" sizes=\"(max-width: 768px) 100vw, 768px\" \/>\t\t\t\t\t\t\t\t\t\t\t\t\t\t\t<\/div>\n\t\t\t\t<\/div>\n\t\t\t\t<\/div>\n\t\t<div class=\"elementor-element elementor-element-84ae783 card-layout e-flex e-con-boxed e-con e-child\" data-id=\"84ae783\" data-element_type=\"container\" data-e-type=\"container\">\n\t\t\t\t\t<div class=\"e-con-inner\">\n\t\t\t\t<div class=\"elementor-element elementor-element-2fd1cbe rivax-align-left elementor-widget rivax-divider-heading-widget\" data-id=\"2fd1cbe\" data-element_type=\"widget\" data-e-type=\"widget\" data-widget_type=\"rivax-divider-heading.default\">\n\t\t\t\t<div class=\"elementor-widget-container\">\n\t\t\t\t\t<div class=\"rivax-divider-heading-wrap\">\r\n    <div class=\"rivax-divider-heading divider-style-1 \">\r\n        <div class=\"divider divider-1\"><\/div>\r\n        <div class=\"divider divider-2\"><\/div>\r\n        <h4 class=\"title\">\r\n                <span class=\"title-inner\">\r\n            <span class=\"title-text\">\r\n                                Featured Video            <\/span>\r\n                    <\/span>\r\n                <\/h4>\r\n        <div class=\"divider divider-3\"><\/div>\r\n        <div class=\"divider divider-4\"><\/div>\r\n    <\/div>\r\n<\/div>\t\t\t\t<\/div>\n\t\t\t\t<\/div>\n\t\t\t\t<div class=\"elementor-element elementor-element-1a820c0 rivax-carousel-effect-slide elementor-widget rivax-post-kenzo-widget\" data-id=\"1a820c0\" data-element_type=\"widget\" data-e-type=\"widget\" data-widget_type=\"rivax-post-kenzo.default\">\n\t\t\t\t<div class=\"elementor-widget-container\">\n\t\t\t\t\t    <div class=\"nothing-show\">\r\n        <h5>Nothing found!<\/h5>\r\n        <p>It looks like nothing was found here!<\/p>\r\n    <\/div>\r\n    \t\t\t\t<\/div>\n\t\t\t\t<\/div>\n\t\t\t\t\t<\/div>\n\t\t\t\t<\/div>\n\t\t\t\t<\/div>\n\t\t\t\t\t<\/div>\n\t\t\t\t<\/div>\n\t\t<div class=\"elementor-element elementor-element-be80b0a elementor-hidden-mobile e-flex e-con-boxed e-con e-parent\" data-id=\"be80b0a\" data-element_type=\"container\" data-e-type=\"container\">\n\t\t\t\t\t<div class=\"e-con-inner\">\n\t\t<div class=\"elementor-element elementor-element-456ff20 e-con-full e-flex e-con e-child\" data-id=\"456ff20\" data-element_type=\"container\" data-e-type=\"container\">\n\t\t<div class=\"elementor-element elementor-element-6a8ba12 e-con-full e-flex e-con e-child\" data-id=\"6a8ba12\" data-element_type=\"container\" data-e-type=\"container\" data-settings=\"{&quot;background_background&quot;:&quot;gradient&quot;}\">\n\t\t\t\t<div class=\"elementor-element elementor-element-15ce867 elementor-widget rivax-news-ticker-widget\" data-id=\"15ce867\" data-element_type=\"widget\" data-e-type=\"widget\" data-widget_type=\"rivax-news-ticker.default\">\n\t\t\t\t<div class=\"elementor-widget-container\">\n\t\t\t\t\t<div class=\"rivax-news-ticker-wrapper\">\r\n            <div class=\"rivax-news-ticker-title-wrapper\">\r\n\r\n                            <span class=\"rivax-news-ticker-title-icon-wrapper\">\r\n\r\n                                            <span class=\"rivax-news-ticker-title-icon\">\r\n                            <svg aria-hidden=\"true\" class=\"e-font-icon-svg e-fas-bolt\" viewBox=\"0 0 320 512\" xmlns=\"http:\/\/www.w3.org\/2000\/svg\"><path d=\"M296 160H180.6l42.6-129.8C227.2 15 215.7 0 200 0H56C44 0 33.8 8.9 32.2 20.8l-32 240C-1.7 275.2 9.5 288 24 288h118.7L96.6 482.5c-3.6 15.2 8 29.5 23.3 29.5 8.4 0 16.4-4.4 20.8-12l176-304c9.3-15.9-2.2-36-20.7-36z\"><\/path><\/svg>                        <\/span>\r\n                                    <\/span>\r\n            \r\n                            <span class=\"rivax-news-ticker-title-text\">\r\n                    Breaking News:                <\/span>\r\n            \r\n        <\/div>\r\n    \r\n        <div id=\"rivax-news-ticker-15ce867\" class=\"rivax-news-ticker-content-wrapper animation-type\" data-settings=\"{&quot;autoplay&quot;:{&quot;delay&quot;:5000},&quot;loop&quot;:true,&quot;spaceBetween&quot;:20,&quot;speed&quot;:100,&quot;pauseOnMouseEnter&quot;:true,&quot;effect&quot;:&quot;fade&quot;,&quot;direction&quot;:&quot;horizontal&quot;,&quot;navigation&quot;:{&quot;nextEl&quot;:&quot;#rivax-news-ticker-15ce867 .carousel-nav-next&quot;,&quot;prevEl&quot;:&quot;#rivax-news-ticker-15ce867 .carousel-nav-prev&quot;},&quot;a11y&quot;:{&quot;enabled&quot;:&quot;false&quot;},&quot;fadeEffect&quot;:{&quot;crossFade&quot;:true}}\">\r\n        <div class=\"rivax-news-ticker-content swiper\">\r\n            <div class=\"rivax-news-ticker-items swiper-wrapper\">\r\n                                            <div class=\"rivax-news-ticker-item swiper-slide\">\r\n                                \r\n                                                                    <div class=\"item-thumbnail\"><a  href=\"http:\/\/cyklista.com.pl\/index.php\/2025\/10\/07\/rajd-nocny\/\"><img loading=\"lazy\" decoding=\"async\" width=\"150\" height=\"150\" src=\"http:\/\/cyklista.com.pl\/wp-content\/uploads\/2026\/04\/kolejny-wieczor-grill-900x444-1-150x150.jpeg\" class=\"attachment-thumbnail size-thumbnail wp-post-image\" alt=\"\" title=\"RAJD NOCNY\" srcset=\"http:\/\/cyklista.com.pl\/wp-content\/uploads\/2026\/04\/kolejny-wieczor-grill-900x444-1-150x150.jpeg 150w, http:\/\/cyklista.com.pl\/wp-content\/uploads\/2026\/04\/kolejny-wieczor-grill-900x444-1-340x340.jpeg 340w\" sizes=\"(max-width: 150px) 100vw, 150px\" \/><\/a><\/div>\r\n                                \r\n                                \r\n                                <div class=\"item-title\"><a  href=\"http:\/\/cyklista.com.pl\/index.php\/2025\/10\/07\/rajd-nocny\/\">RAJD NOCNY<\/a><\/div>\r\n                            <\/div>\r\n                                                        <div class=\"rivax-news-ticker-item swiper-slide\">\r\n                                \r\n                                                                    <div class=\"item-thumbnail\"><a  href=\"http:\/\/cyklista.com.pl\/index.php\/2025\/10\/07\/piec-dni-na-roztoczu\/\"><img loading=\"lazy\" decoding=\"async\" width=\"150\" height=\"150\" src=\"http:\/\/cyklista.com.pl\/wp-content\/uploads\/2026\/04\/20250823_113502-1536x692-1-150x150.jpg\" class=\"attachment-thumbnail size-thumbnail wp-post-image\" alt=\"\" title=\"Pi\u0119\u0107 dni na Roztoczu\" srcset=\"http:\/\/cyklista.com.pl\/wp-content\/uploads\/2026\/04\/20250823_113502-1536x692-1-150x150.jpg 150w, http:\/\/cyklista.com.pl\/wp-content\/uploads\/2026\/04\/20250823_113502-1536x692-1-340x340.jpg 340w, http:\/\/cyklista.com.pl\/wp-content\/uploads\/2026\/04\/20250823_113502-1536x692-1-450x450.jpg 450w, http:\/\/cyklista.com.pl\/wp-content\/uploads\/2026\/04\/20250823_113502-1536x692-1-650x650.jpg 650w\" sizes=\"(max-width: 150px) 100vw, 150px\" \/><\/a><\/div>\r\n                                \r\n                                \r\n                                <div class=\"item-title\"><a  href=\"http:\/\/cyklista.com.pl\/index.php\/2025\/10\/07\/piec-dni-na-roztoczu\/\">Pi\u0119\u0107 dni na Roztoczu<\/a><\/div>\r\n                            <\/div>\r\n                                                        <div class=\"rivax-news-ticker-item swiper-slide\">\r\n                                \r\n                                                                    <div class=\"item-thumbnail\"><a  href=\"http:\/\/cyklista.com.pl\/index.php\/2025\/10\/07\/zniwa-karpiowe\/\"><img loading=\"lazy\" decoding=\"async\" width=\"150\" height=\"150\" src=\"http:\/\/cyklista.com.pl\/wp-content\/uploads\/2026\/04\/20250921_125649-1536x692-1-150x150.jpg\" class=\"attachment-thumbnail size-thumbnail wp-post-image\" alt=\"\" title=\"\u017bniwa karpiowe\" srcset=\"http:\/\/cyklista.com.pl\/wp-content\/uploads\/2026\/04\/20250921_125649-1536x692-1-150x150.jpg 150w, http:\/\/cyklista.com.pl\/wp-content\/uploads\/2026\/04\/20250921_125649-1536x692-1-340x340.jpg 340w, http:\/\/cyklista.com.pl\/wp-content\/uploads\/2026\/04\/20250921_125649-1536x692-1-450x450.jpg 450w, http:\/\/cyklista.com.pl\/wp-content\/uploads\/2026\/04\/20250921_125649-1536x692-1-650x650.jpg 650w\" sizes=\"(max-width: 150px) 100vw, 150px\" \/><\/a><\/div>\r\n                                \r\n                                \r\n                                <div class=\"item-title\"><a  href=\"http:\/\/cyklista.com.pl\/index.php\/2025\/10\/07\/zniwa-karpiowe\/\">\u017bniwa karpiowe<\/a><\/div>\r\n                            <\/div>\r\n                                        <\/div>\r\n        <\/div>\r\n                    <div class=\"rivax-news-ticker-arrows\">\r\n                <a href=\"\" class=\"carousel-nav-prev\">\r\n                    <i class=\"ri-right-arrow-15\"><\/i>\r\n                <\/a>\r\n                <a href=\"\" class=\"carousel-nav-next\">\r\n                    <i class=\"ri-right-arrow-15\"><\/i>\r\n                <\/a>\r\n            <\/div>\r\n            <\/div>\r\n<\/div>\r\n\t\t\t\t<\/div>\n\t\t\t\t<\/div>\n\t\t\t\t<\/div>\n\t\t\t\t<\/div>\n\t\t\t\t\t<\/div>\n\t\t\t\t<\/div>\n\t\t<div class=\"elementor-element elementor-element-7a03567 e-flex e-con-boxed e-con e-parent\" data-id=\"7a03567\" data-element_type=\"container\" data-e-type=\"container\">\n\t\t\t\t\t<div class=\"e-con-inner\">\n\t\t<div class=\"rivax-sticky-column elementor-element elementor-element-5e9cc9b e-con-full e-flex e-con e-child\" data-id=\"5e9cc9b\" data-element_type=\"container\" data-e-type=\"container\">\n\t\t<div class=\"elementor-element elementor-element-769eab2 card-layout e-flex e-con-boxed e-con e-child\" data-id=\"769eab2\" data-element_type=\"container\" data-e-type=\"container\">\n\t\t\t\t\t<div class=\"e-con-inner\">\n\t\t\t\t<div class=\"elementor-element elementor-element-958bb82 e-n-tabs-none elementor-widget elementor-widget-n-tabs\" data-id=\"958bb82\" data-element_type=\"widget\" data-e-type=\"widget\" data-settings=\"{&quot;tabs_justify_horizontal&quot;:&quot;stretch&quot;,&quot;horizontal_scroll&quot;:&quot;disable&quot;}\" data-widget_type=\"nested-tabs.default\">\n\t\t\t\t\t\t\t<div class=\"e-n-tabs\" data-widget-number=\"156810114\" aria-label=\"Karty. Otwieraj elementy za pomoc\u0105 Enter lub Spacji, zamykaj za pomoc\u0105 Escape i nawiguj za pomoc\u0105 klawiszy strza\u0142ek.\">\n\t\t\t<div class=\"e-n-tabs-heading\" role=\"tablist\">\n\t\t\t\t\t<button id=\"e-n-tab-title-1568101141\" data-tab-title-id=\"e-n-tab-title-1568101141\" class=\"e-n-tab-title\" aria-selected=\"true\" data-tab-index=\"1\" role=\"tab\" tabindex=\"0\" aria-controls=\"e-n-tab-content-1568101141\" style=\"--n-tabs-title-order: 1;\">\n\t\t\t\t\t\t<span class=\"e-n-tab-title-text\">\n\t\t\t\tGadgets\t\t\t<\/span>\n\t\t<\/button>\n\t\t\t\t<button id=\"e-n-tab-title-1568101142\" data-tab-title-id=\"e-n-tab-title-1568101142\" class=\"e-n-tab-title\" aria-selected=\"false\" data-tab-index=\"2\" role=\"tab\" tabindex=\"-1\" aria-controls=\"e-n-tab-content-1568101142\" style=\"--n-tabs-title-order: 2;\">\n\t\t\t\t\t\t<span class=\"e-n-tab-title-text\">\n\t\t\t\tApps\t\t\t<\/span>\n\t\t<\/button>\n\t\t\t\t\t<\/div>\n\t\t\t<div class=\"e-n-tabs-content\">\n\t\t\t\t<div id=\"e-n-tab-content-1568101141\" role=\"tabpanel\" aria-labelledby=\"e-n-tab-title-1568101141\" data-tab-index=\"1\" style=\"--n-tabs-title-order: 1;\" class=\"e-active elementor-element elementor-element-ec8a435 e-con-full e-flex e-con e-child\" data-id=\"ec8a435\" data-element_type=\"container\" data-e-type=\"container\">\n\t\t\t\t<div class=\"elementor-element elementor-element-a5e3b80 elementor-widget rivax-post-elastic-widget\" data-id=\"a5e3b80\" data-element_type=\"widget\" data-e-type=\"widget\" data-widget_type=\"rivax-post-elastic.default\">\n\t\t\t\t<div class=\"elementor-widget-container\">\n\t\t\t\t\t<div class=\"rivax-posts-container\">\r\n    <div class=\"rivax-posts-wrapper layout-grid\">\r\n                <div class=\"post-item\">\r\n    <article class=\"post-wrapper\">\r\n        \t    \r\n\t    \r\n        \r\n        <div class=\"content-wrapper\">\r\n\t        <div class=\"terms-wrapper multi-underline-6\"><a class=\"term-item term-id-51\" href=\"http:\/\/cyklista.com.pl\/index.php\/category\/aktualnosci\/\"><span>Aktualno\u015bci<\/span><\/a><\/div>                    <h6 class=\"post-title\">\r\n                <a href=\"http:\/\/cyklista.com.pl\/index.php\/2025\/07\/01\/kaszuby-2025\/\" class=\"title-animation-underline-break\" title=\"Kaszuby 2025\">\r\n            Kaszuby 2025        <\/a>\r\n        <\/h6>\r\n                    <div class=\"meta-wrapper\">\r\n                                        <div class=\"date-wrapper date-inline\">\r\n                        <span class=\"date\">\r\n                2025-07-01            <\/span>\r\n        <\/div>\r\n                                                                    <\/div>\r\n                                <\/div>\r\n    <\/article>\r\n<\/div><div class=\"post-item\">\r\n    <article class=\"post-wrapper\">\r\n        \t    \r\n\t    \r\n        \r\n        <div class=\"content-wrapper\">\r\n\t        <div class=\"terms-wrapper multi-underline-6\"><a class=\"term-item term-id-51\" href=\"http:\/\/cyklista.com.pl\/index.php\/category\/aktualnosci\/\"><span>Aktualno\u015bci<\/span><\/a><\/div>                    <h6 class=\"post-title\">\r\n                <a href=\"http:\/\/cyklista.com.pl\/index.php\/2025\/05\/14\/walne-zgromadzenie-czlonkow\/\" class=\"title-animation-underline-break\" title=\"Walne Zgromadzenie Cz\u0142onk\u00f3w\">\r\n            Walne Zgromadzenie Cz\u0142onk\u00f3w        <\/a>\r\n        <\/h6>\r\n                    <div class=\"meta-wrapper\">\r\n                                        <div class=\"date-wrapper date-inline\">\r\n                        <span class=\"date\">\r\n                2025-05-14            <\/span>\r\n        <\/div>\r\n                                                                    <\/div>\r\n                                <\/div>\r\n    <\/article>\r\n<\/div><div class=\"post-item\">\r\n    <article class=\"post-wrapper\">\r\n        \t    \r\n\t    \r\n        \r\n        <div class=\"content-wrapper\">\r\n\t        <div class=\"terms-wrapper multi-underline-6\"><a class=\"term-item term-id-51\" href=\"http:\/\/cyklista.com.pl\/index.php\/category\/aktualnosci\/\"><span>Aktualno\u015bci<\/span><\/a><\/div>                    <h6 class=\"post-title\">\r\n                <a href=\"http:\/\/cyklista.com.pl\/index.php\/2025\/05\/13\/rodzinny-rajd-rowerowy-w-przeciszowie\/\" class=\"title-animation-underline-break\" title=\"Rodzinny Rajd Rowerowy w Przeciszowie\">\r\n            Rodzinny Rajd Rowerowy w Przeciszowie        <\/a>\r\n        <\/h6>\r\n                    <div class=\"meta-wrapper\">\r\n                                        <div class=\"date-wrapper date-inline\">\r\n                        <span class=\"date\">\r\n                2025-05-13            <\/span>\r\n        <\/div>\r\n                                                                    <\/div>\r\n                                <\/div>\r\n    <\/article>\r\n<\/div>            <\/div>\r\n    <\/div>\r\n\t\t\t\t<\/div>\n\t\t\t\t<\/div>\n\t\t\t\t<\/div>\n\t\t<div id=\"e-n-tab-content-1568101142\" role=\"tabpanel\" aria-labelledby=\"e-n-tab-title-1568101142\" data-tab-index=\"2\" style=\"--n-tabs-title-order: 2;\" class=\" elementor-element elementor-element-28c85aa e-con-full e-flex e-con e-child\" data-id=\"28c85aa\" data-element_type=\"container\" data-e-type=\"container\">\n\t\t\t\t<div class=\"elementor-element elementor-element-70b486c elementor-widget rivax-post-elastic-widget\" data-id=\"70b486c\" data-element_type=\"widget\" data-e-type=\"widget\" data-widget_type=\"rivax-post-elastic.default\">\n\t\t\t\t<div class=\"elementor-widget-container\">\n\t\t\t\t\t<div class=\"rivax-posts-container\">\r\n    <div class=\"rivax-posts-wrapper layout-grid\">\r\n                <div class=\"post-item\">\r\n    <article class=\"post-wrapper\">\r\n        \t    \r\n\t    \r\n        \r\n        <div class=\"content-wrapper\">\r\n\t        <div class=\"terms-wrapper multi-underline-6\"><a class=\"term-item term-id-51\" href=\"http:\/\/cyklista.com.pl\/index.php\/category\/aktualnosci\/\"><span>Aktualno\u015bci<\/span><\/a><\/div>                    <h6 class=\"post-title\">\r\n                <a href=\"http:\/\/cyklista.com.pl\/index.php\/2025\/10\/07\/rajd-nocny\/\" class=\"title-animation-underline-break\" title=\"RAJD NOCNY\">\r\n            RAJD NOCNY        <\/a>\r\n        <\/h6>\r\n                    <div class=\"meta-wrapper\">\r\n                                        <div class=\"date-wrapper date-inline\">\r\n                        <span class=\"date\">\r\n                2025-10-07            <\/span>\r\n        <\/div>\r\n                                                                    <\/div>\r\n                                <\/div>\r\n    <\/article>\r\n<\/div><div class=\"post-item\">\r\n    <article class=\"post-wrapper\">\r\n        \t    \r\n\t    \r\n        \r\n        <div class=\"content-wrapper\">\r\n\t        <div class=\"terms-wrapper multi-underline-6\"><a class=\"term-item term-id-51\" href=\"http:\/\/cyklista.com.pl\/index.php\/category\/aktualnosci\/\"><span>Aktualno\u015bci<\/span><\/a><\/div>                    <h6 class=\"post-title\">\r\n                <a href=\"http:\/\/cyklista.com.pl\/index.php\/2025\/10\/07\/piec-dni-na-roztoczu\/\" class=\"title-animation-underline-break\" title=\"Pi\u0119\u0107 dni na Roztoczu\">\r\n            Pi\u0119\u0107 dni na Roztoczu        <\/a>\r\n        <\/h6>\r\n                    <div class=\"meta-wrapper\">\r\n                                        <div class=\"date-wrapper date-inline\">\r\n                        <span class=\"date\">\r\n                2025-10-07            <\/span>\r\n        <\/div>\r\n                                                                    <\/div>\r\n                                <\/div>\r\n    <\/article>\r\n<\/div><div class=\"post-item\">\r\n    <article class=\"post-wrapper\">\r\n        \t    \r\n\t    \r\n        \r\n        <div class=\"content-wrapper\">\r\n\t        <div class=\"terms-wrapper multi-underline-6\"><a class=\"term-item term-id-51\" href=\"http:\/\/cyklista.com.pl\/index.php\/category\/aktualnosci\/\"><span>Aktualno\u015bci<\/span><\/a><\/div>                    <h6 class=\"post-title\">\r\n                <a href=\"http:\/\/cyklista.com.pl\/index.php\/2025\/10\/07\/zniwa-karpiowe\/\" class=\"title-animation-underline-break\" title=\"\u017bniwa karpiowe\">\r\n            \u017bniwa karpiowe        <\/a>\r\n        <\/h6>\r\n                    <div class=\"meta-wrapper\">\r\n                                        <div class=\"date-wrapper date-inline\">\r\n                        <span class=\"date\">\r\n                2025-10-07            <\/span>\r\n        <\/div>\r\n                                                                    <\/div>\r\n                                <\/div>\r\n    <\/article>\r\n<\/div>            <\/div>\r\n    <\/div>\r\n\t\t\t\t<\/div>\n\t\t\t\t<\/div>\n\t\t\t\t<\/div>\n\t\t\t\t\t<\/div>\n\t\t<\/div>\n\t\t\t\t\t\t<\/div>\n\t\t\t\t\t<\/div>\n\t\t\t\t<\/div>\n\t\t<div class=\"elementor-element elementor-element-ffbf17e card-layout e-flex e-con-boxed e-con e-child\" data-id=\"ffbf17e\" data-element_type=\"container\" data-e-type=\"container\">\n\t\t\t\t\t<div class=\"e-con-inner\">\n\t\t\t\t<div class=\"elementor-element elementor-element-21fade6 rivax-align-left elementor-widget rivax-divider-heading-widget\" data-id=\"21fade6\" data-element_type=\"widget\" data-e-type=\"widget\" data-widget_type=\"rivax-divider-heading.default\">\n\t\t\t\t<div class=\"elementor-widget-container\">\n\t\t\t\t\t<div class=\"rivax-divider-heading-wrap\">\r\n    <div class=\"rivax-divider-heading divider-style-1 \">\r\n        <div class=\"divider divider-1\"><\/div>\r\n        <div class=\"divider divider-2\"><\/div>\r\n        <h5 class=\"title\">\r\n                <span class=\"title-inner\">\r\n            <span class=\"title-text\">\r\n                                Follow Us            <\/span>\r\n                    <\/span>\r\n                <\/h5>\r\n        <div class=\"divider divider-3\"><\/div>\r\n        <div class=\"divider divider-4\"><\/div>\r\n    <\/div>\r\n<\/div>\t\t\t\t<\/div>\n\t\t\t\t<\/div>\n\t\t\t\t<div class=\"elementor-element elementor-element-8378a58 social-subtitle-bottom official-icon-color-yes official-item-bg-yes social-icon-left social-layout-grid social-move-up-item elementor-widget rivax-social-icons-widget\" data-id=\"8378a58\" data-element_type=\"widget\" data-e-type=\"widget\" data-widget_type=\"rivax-social-icons.default\">\n\t\t\t\t<div class=\"elementor-widget-container\">\n\t\t\t\t\t<div class=\"rivax-social-icons\">\r\n    <div class=\"social-item elementor-repeater-item-f670a9a x-fab-fa-behance\">\r\n        <div class=\"social-icon\">\r\n            <span class=\"icon\"><svg class=\"e-font-icon-svg e-fab-behance\" viewBox=\"0 0 576 512\" xmlns=\"http:\/\/www.w3.org\/2000\/svg\"><path d=\"M232 237.2c31.8-15.2 48.4-38.2 48.4-74 0-70.6-52.6-87.8-113.3-87.8H0v354.4h171.8c64.4 0 124.9-30.9 124.9-102.9 0-44.5-21.1-77.4-64.7-89.7zM77.9 135.9H151c28.1 0 53.4 7.9 53.4 40.5 0 30.1-19.7 42.2-47.5 42.2h-79v-82.7zm83.3 233.7H77.9V272h84.9c34.3 0 56 14.3 56 50.6 0 35.8-25.9 47-57.6 47zm358.5-240.7H376V94h143.7v34.9zM576 305.2c0-75.9-44.4-139.2-124.9-139.2-78.2 0-131.3 58.8-131.3 135.8 0 79.9 50.3 134.7 131.3 134.7 61.3 0 101-27.6 120.1-86.3H509c-6.7 21.9-34.3 33.5-55.7 33.5-41.3 0-63-24.2-63-65.3h185.1c.3-4.2.6-8.7.6-13.2zM390.4 274c2.3-33.7 24.7-54.8 58.5-54.8 35.4 0 53.2 20.8 56.2 54.8H390.4z\"><\/path><\/svg><\/span>\r\n        <\/div>\r\n                <div class=\"social-content\">\r\n\t\t                <div class=\"social-title\"><span class=\"title\">Behance<\/span><\/div>\r\n\t\t    \t\t\t        <\/div>\r\n                <a class=\"rivax-position-cover\" href=\"\" title=\"Behance\" target=\"_blank\" aria-label=\"Social Media\"><\/a>\r\n    <\/div>\r\n        <div class=\"social-item elementor-repeater-item-feb5c63 x-fab-fa-whatsapp\">\r\n        <div class=\"social-icon\">\r\n            <span class=\"icon\"><svg class=\"e-font-icon-svg e-fab-whatsapp\" viewBox=\"0 0 448 512\" xmlns=\"http:\/\/www.w3.org\/2000\/svg\"><path d=\"M380.9 97.1C339 55.1 283.2 32 223.9 32c-122.4 0-222 99.6-222 222 0 39.1 10.2 77.3 29.6 111L0 480l117.7-30.9c32.4 17.7 68.9 27 106.1 27h.1c122.3 0 224.1-99.6 224.1-222 0-59.3-25.2-115-67.1-157zm-157 341.6c-33.2 0-65.7-8.9-94-25.7l-6.7-4-69.8 18.3L72 359.2l-4.4-7c-18.5-29.4-28.2-63.3-28.2-98.2 0-101.7 82.8-184.5 184.6-184.5 49.3 0 95.6 19.2 130.4 54.1 34.8 34.9 56.2 81.2 56.1 130.5 0 101.8-84.9 184.6-186.6 184.6zm101.2-138.2c-5.5-2.8-32.8-16.2-37.9-18-5.1-1.9-8.8-2.8-12.5 2.8-3.7 5.6-14.3 18-17.6 21.8-3.2 3.7-6.5 4.2-12 1.4-32.6-16.3-54-29.1-75.5-66-5.7-9.8 5.7-9.1 16.3-30.3 1.8-3.7.9-6.9-.5-9.7-1.4-2.8-12.5-30.1-17.1-41.2-4.5-10.8-9.1-9.3-12.5-9.5-3.2-.2-6.9-.2-10.6-.2-3.7 0-9.7 1.4-14.8 6.9-5.1 5.6-19.4 19-19.4 46.3 0 27.3 19.9 53.7 22.6 57.4 2.8 3.7 39.1 59.7 94.8 83.8 35.2 15.2 49 16.5 66.6 13.9 10.7-1.6 32.8-13.4 37.4-26.4 4.6-13 4.6-24.1 3.2-26.4-1.3-2.5-5-3.9-10.5-6.6z\"><\/path><\/svg><\/span>\r\n        <\/div>\r\n                <div class=\"social-content\">\r\n\t\t                <div class=\"social-title\"><span class=\"title\">Whatsapp<\/span><\/div>\r\n\t\t    \t\t\t        <\/div>\r\n                <a class=\"rivax-position-cover\" href=\"\" title=\"Whatsapp\" target=\"_blank\" aria-label=\"Social Media\"><\/a>\r\n    <\/div>\r\n        <div class=\"social-item elementor-repeater-item-f00021a x-fab-fa-x-twitter\">\r\n        <div class=\"social-icon\">\r\n            <span class=\"icon\"><svg class=\"e-font-icon-svg e-fab-x-twitter\" viewBox=\"0 0 512 512\" xmlns=\"http:\/\/www.w3.org\/2000\/svg\"><path d=\"M389.2 48h70.6L305.6 224.2 487 464H345L233.7 318.6 106.5 464H35.8L200.7 275.5 26.8 48H172.4L272.9 180.9 389.2 48zM364.4 421.8h39.1L151.1 88h-42L364.4 421.8z\"><\/path><\/svg><\/span>\r\n        <\/div>\r\n                <div class=\"social-content\">\r\n\t\t                <div class=\"social-title\"><span class=\"title\">X<\/span><\/div>\r\n\t\t    \t\t\t        <\/div>\r\n                <a class=\"rivax-position-cover\" href=\"\" title=\"X\" target=\"_blank\" aria-label=\"Social Media\"><\/a>\r\n    <\/div>\r\n        <div class=\"social-item elementor-repeater-item-dc0b767 x-fab-fa-youtube\">\r\n        <div class=\"social-icon\">\r\n            <span class=\"icon\"><svg class=\"e-font-icon-svg e-fab-youtube\" viewBox=\"0 0 576 512\" xmlns=\"http:\/\/www.w3.org\/2000\/svg\"><path d=\"M549.655 124.083c-6.281-23.65-24.787-42.276-48.284-48.597C458.781 64 288 64 288 64S117.22 64 74.629 75.486c-23.497 6.322-42.003 24.947-48.284 48.597-11.412 42.867-11.412 132.305-11.412 132.305s0 89.438 11.412 132.305c6.281 23.65 24.787 41.5 48.284 47.821C117.22 448 288 448 288 448s170.78 0 213.371-11.486c23.497-6.321 42.003-24.171 48.284-47.821 11.412-42.867 11.412-132.305 11.412-132.305s0-89.438-11.412-132.305zm-317.51 213.508V175.185l142.739 81.205-142.739 81.201z\"><\/path><\/svg><\/span>\r\n        <\/div>\r\n                <div class=\"social-content\">\r\n\t\t                <div class=\"social-title\"><span class=\"title\">Youtube<\/span><\/div>\r\n\t\t    \t\t\t        <\/div>\r\n                <a class=\"rivax-position-cover\" href=\"\" title=\"Youtube\" target=\"_blank\" aria-label=\"Social Media\"><\/a>\r\n    <\/div>\r\n    <\/div>\t\t\t\t<\/div>\n\t\t\t\t<\/div>\n\t\t\t\t\t<\/div>\n\t\t\t\t<\/div>\n\t\t\t\t<\/div>\n\t\t<div class=\"elementor-element elementor-element-c1afb9c e-con-full e-flex e-con e-child\" data-id=\"c1afb9c\" data-element_type=\"container\" data-e-type=\"container\">\n\t\t<div class=\"elementor-element elementor-element-c33503d card-layout e-flex e-con-boxed e-con e-child\" data-id=\"c33503d\" data-element_type=\"container\" data-e-type=\"container\">\n\t\t\t\t\t<div class=\"e-con-inner\">\n\t\t\t\t<div class=\"elementor-element elementor-element-6c3118c rivax-align-left elementor-widget rivax-divider-heading-widget\" data-id=\"6c3118c\" data-element_type=\"widget\" data-e-type=\"widget\" data-widget_type=\"rivax-divider-heading.default\">\n\t\t\t\t<div class=\"elementor-widget-container\">\n\t\t\t\t\t<div class=\"rivax-divider-heading-wrap\">\r\n    <div class=\"rivax-divider-heading divider-style-1 \">\r\n        <div class=\"divider divider-1\"><\/div>\r\n        <div class=\"divider divider-2\"><\/div>\r\n        <h3 class=\"title\">\r\n                <span class=\"title-inner\">\r\n            <span class=\"title-text\">\r\n                                Editor&#039;s Choice            <\/span>\r\n                    <\/span>\r\n                <\/h3>\r\n        <div class=\"divider divider-3\"><\/div>\r\n        <div class=\"divider divider-4\"><\/div>\r\n    <\/div>\r\n<\/div>\t\t\t\t<\/div>\n\t\t\t\t<\/div>\n\t\t\t\t<div class=\"elementor-element elementor-element-fdba65e content-relative elementor-widget rivax-post-stellar-widget\" data-id=\"fdba65e\" data-element_type=\"widget\" data-e-type=\"widget\" data-widget_type=\"rivax-post-stellar.default\">\n\t\t\t\t<div class=\"elementor-widget-container\">\n\t\t\t\t\t<div class=\"rivax-stellar-container\">\r\n    <div class=\"rivax-stellar-wrapper\">\r\n        <div class=\"images-wrapper rivax-position-cover\">\r\n\t                            <div class=\"image-item rivax-position-cover active\" data-id=\"2806\">\r\n                        <img loading=\"lazy\" decoding=\"async\" width=\"900\" height=\"444\" src=\"http:\/\/cyklista.com.pl\/wp-content\/uploads\/2026\/04\/DSC_0206_Easy-Resize.com_-900x444-1.jpg\" class=\"attachment-rivax-large size-rivax-large wp-post-image\" alt=\"\" title=\"Rowerem przez pokolenia \u2013 Rodzinny Rajd Rowerowy w Przeciszowie \u2013 21 czerwiec 2025\" srcset=\"http:\/\/cyklista.com.pl\/wp-content\/uploads\/2026\/04\/DSC_0206_Easy-Resize.com_-900x444-1.jpg 900w, http:\/\/cyklista.com.pl\/wp-content\/uploads\/2026\/04\/DSC_0206_Easy-Resize.com_-900x444-1-300x148.jpg 300w, http:\/\/cyklista.com.pl\/wp-content\/uploads\/2026\/04\/DSC_0206_Easy-Resize.com_-900x444-1-768x379.jpg 768w, http:\/\/cyklista.com.pl\/wp-content\/uploads\/2026\/04\/DSC_0206_Easy-Resize.com_-900x444-1-340x168.jpg 340w, http:\/\/cyklista.com.pl\/wp-content\/uploads\/2026\/04\/DSC_0206_Easy-Resize.com_-900x444-1-450x222.jpg 450w\" sizes=\"(max-width: 900px) 100vw, 900px\" \/>                    <\/div>\r\n                                        <div class=\"image-item rivax-position-cover\" data-id=\"2809\">\r\n                        <img loading=\"lazy\" decoding=\"async\" width=\"900\" height=\"444\" src=\"http:\/\/cyklista.com.pl\/wp-content\/uploads\/2026\/04\/Wdzydze-Park-Krajobrazowy-900x444-1.jpeg\" class=\"attachment-rivax-large size-rivax-large wp-post-image\" alt=\"\" title=\"Kaszuby 2025\" srcset=\"http:\/\/cyklista.com.pl\/wp-content\/uploads\/2026\/04\/Wdzydze-Park-Krajobrazowy-900x444-1.jpeg 900w, http:\/\/cyklista.com.pl\/wp-content\/uploads\/2026\/04\/Wdzydze-Park-Krajobrazowy-900x444-1-300x148.jpeg 300w, http:\/\/cyklista.com.pl\/wp-content\/uploads\/2026\/04\/Wdzydze-Park-Krajobrazowy-900x444-1-768x379.jpeg 768w, http:\/\/cyklista.com.pl\/wp-content\/uploads\/2026\/04\/Wdzydze-Park-Krajobrazowy-900x444-1-340x168.jpeg 340w, http:\/\/cyklista.com.pl\/wp-content\/uploads\/2026\/04\/Wdzydze-Park-Krajobrazowy-900x444-1-450x222.jpeg 450w\" sizes=\"(max-width: 900px) 100vw, 900px\" \/>                    <\/div>\r\n                                        <div class=\"image-item rivax-position-cover\" data-id=\"2822\">\r\n                                            <\/div>\r\n                            <\/div>\r\n        <div class=\"posts-wrapper\">\r\n\t                            <div class=\"post-item active\" data-id=\"2806\">\r\n                        \r\n<article class=\"post-wrapper\">\r\n            <div class=\"content-wrapper rivax-position-relative style-1\">\r\n        <div class=\"content-wrapper-inner\">\r\n                                <h3 class=\"post-title\">\r\n                <a href=\"http:\/\/cyklista.com.pl\/index.php\/2025\/07\/03\/rowerem-przez-pokolenia-rodzinny-rajd-rowerowy-w-przeciszowie-21-czerwiec-2025\/\" class=\"title-animation-default\" title=\"Rowerem przez pokolenia \u2013 Rodzinny Rajd Rowerowy w Przeciszowie \u2013 21 czerwiec 2025\">\r\n            Rowerem przez pokolenia \u2013 Rodzinny Rajd Rowerowy w Przeciszowie \u2013 21 czerwiec 2025        <\/a>\r\n        <\/h3>\r\n                                <div class=\"meta-wrapper\">\r\n                                                                                            <\/div>\r\n                    <\/div>\r\n    <\/div>\r\n<\/article>\r\n                    <\/div>\r\n                                        <div class=\"post-item\" data-id=\"2809\">\r\n                        \r\n<article class=\"post-wrapper\">\r\n            <div class=\"content-wrapper rivax-position-relative style-1\">\r\n        <div class=\"content-wrapper-inner\">\r\n                                <h3 class=\"post-title\">\r\n                <a href=\"http:\/\/cyklista.com.pl\/index.php\/2025\/07\/01\/kaszuby-2025\/\" class=\"title-animation-default\" title=\"Kaszuby 2025\">\r\n            Kaszuby 2025        <\/a>\r\n        <\/h3>\r\n                                <div class=\"meta-wrapper\">\r\n                                                                                            <\/div>\r\n                    <\/div>\r\n    <\/div>\r\n<\/article>\r\n                    <\/div>\r\n                                        <div class=\"post-item\" data-id=\"2822\">\r\n                        \r\n<article class=\"post-wrapper\">\r\n            <div class=\"content-wrapper rivax-position-relative style-1\">\r\n        <div class=\"content-wrapper-inner\">\r\n                                <h3 class=\"post-title\">\r\n                <a href=\"http:\/\/cyklista.com.pl\/index.php\/2025\/05\/14\/walne-zgromadzenie-czlonkow\/\" class=\"title-animation-default\" title=\"Walne Zgromadzenie Cz\u0142onk\u00f3w\">\r\n            Walne Zgromadzenie Cz\u0142onk\u00f3w        <\/a>\r\n        <\/h3>\r\n                                <div class=\"meta-wrapper\">\r\n                                                                                            <\/div>\r\n                    <\/div>\r\n    <\/div>\r\n<\/article>\r\n                    <\/div>\r\n                            <\/div>\r\n    <\/div>\r\n<\/div>\r\n\t\t\t\t<\/div>\n\t\t\t\t<\/div>\n\t\t\t\t<div class=\"elementor-element elementor-element-5366780 rivax-align-left elementor-widget rivax-divider-heading-widget\" data-id=\"5366780\" data-element_type=\"widget\" data-e-type=\"widget\" data-widget_type=\"rivax-divider-heading.default\">\n\t\t\t\t<div class=\"elementor-widget-container\">\n\t\t\t\t\t<div class=\"rivax-divider-heading-wrap\">\r\n    <div class=\"rivax-divider-heading divider-style-1 \">\r\n        <div class=\"divider divider-1\"><\/div>\r\n        <div class=\"divider divider-2\"><\/div>\r\n        <h3 class=\"title\">\r\n                <span class=\"title-inner\">\r\n            <span class=\"title-text\">\r\n                                Recent Posts            <\/span>\r\n                    <\/span>\r\n                <\/h3>\r\n        <div class=\"divider divider-3\"><\/div>\r\n        <div class=\"divider divider-4\"><\/div>\r\n    <\/div>\r\n<\/div>\t\t\t\t<\/div>\n\t\t\t\t<\/div>\n\t\t\t\t<div class=\"elementor-element elementor-element-7e3a7fe elementor-widget rivax-post-elastic-widget\" data-id=\"7e3a7fe\" data-element_type=\"widget\" data-e-type=\"widget\" data-widget_type=\"rivax-post-elastic.default\">\n\t\t\t\t<div class=\"elementor-widget-container\">\n\t\t\t\t\t<div class=\"rivax-posts-container\">\r\n    <div class=\"rivax-posts-wrapper layout-grid\">\r\n                <div class=\"post-item\">\r\n    <article class=\"post-wrapper\">\r\n        \t    \r\n\t    \r\n                    <div class=\"image-outer-wrapper\">\r\n\r\n\t            \r\n\t            \r\n                <div class=\"image-wrapper\">\r\n                    <a class=\"rivax-position-cover\" href=\"http:\/\/cyklista.com.pl\/index.php\/2025\/10\/07\/rajd-nocny\/\" aria-label=\"Item Link\"><\/a>\r\n                    <img loading=\"lazy\" decoding=\"async\" width=\"340\" height=\"220\" src=\"http:\/\/cyklista.com.pl\/wp-content\/uploads\/2026\/04\/kolejny-wieczor-grill-900x444-1-340x220.jpeg\" class=\"attachment-rivax-small size-rivax-small wp-post-image\" alt=\"\" title=\"RAJD NOCNY\" srcset=\"http:\/\/cyklista.com.pl\/wp-content\/uploads\/2026\/04\/kolejny-wieczor-grill-900x444-1-340x220.jpeg 340w, http:\/\/cyklista.com.pl\/wp-content\/uploads\/2026\/04\/kolejny-wieczor-grill-900x444-1-450x290.jpeg 450w\" sizes=\"(max-width: 340px) 100vw, 340px\" \/>\r\n\t\t            \t\t                            <\/div>\r\n\r\n            <\/div>\r\n        \r\n        <div class=\"content-wrapper\">\r\n\t        <div class=\"terms-wrapper multi-underline\"><a class=\"term-item term-id-51\" href=\"http:\/\/cyklista.com.pl\/index.php\/category\/aktualnosci\/\"><span>Aktualno\u015bci<\/span><\/a><\/div>                    <h4 class=\"post-title\">\r\n                <a href=\"http:\/\/cyklista.com.pl\/index.php\/2025\/10\/07\/rajd-nocny\/\" class=\"title-animation-underline-break\" title=\"RAJD NOCNY\">\r\n            RAJD NOCNY        <\/a>\r\n        <\/h4>\r\n                    <div class=\"meta-wrapper\">\r\n                                        <div class=\"date-wrapper date-inline\">\r\n                            <i class=\"ri-calendar\"><\/i>\r\n                        <span class=\"date\">\r\n                2025-10-07            <\/span>\r\n        <\/div>\r\n                                                <div class=\"views-wrapper\">\r\n\t\t\t                <i class=\"ri-fire\"><\/i>\r\n\t\t\t            <span class=\"views\">\r\n                117 Views            <\/span>\r\n        <\/div>\r\n\t\t                            <\/div>\r\n            <p class=\"excerpt\">W dniach 2 &#8211; 3 sierpnia 2025r, 25 cyklist\u00f3w wyjecha\u0142o na nocny rajd...<\/p>                    <\/div>\r\n    <\/article>\r\n<\/div><div class=\"post-item\">\r\n    <article class=\"post-wrapper\">\r\n        \t    \r\n\t    \r\n                    <div class=\"image-outer-wrapper\">\r\n\r\n\t            \r\n\t            \r\n                <div class=\"image-wrapper\">\r\n                    <a class=\"rivax-position-cover\" href=\"http:\/\/cyklista.com.pl\/index.php\/2025\/10\/07\/piec-dni-na-roztoczu\/\" aria-label=\"Item Link\"><\/a>\r\n                    <img loading=\"lazy\" decoding=\"async\" width=\"340\" height=\"220\" src=\"http:\/\/cyklista.com.pl\/wp-content\/uploads\/2026\/04\/20250823_113502-1536x692-1-340x220.jpg\" class=\"attachment-rivax-small size-rivax-small wp-post-image\" alt=\"\" title=\"Pi\u0119\u0107 dni na Roztoczu\" srcset=\"http:\/\/cyklista.com.pl\/wp-content\/uploads\/2026\/04\/20250823_113502-1536x692-1-340x220.jpg 340w, http:\/\/cyklista.com.pl\/wp-content\/uploads\/2026\/04\/20250823_113502-1536x692-1-450x290.jpg 450w\" sizes=\"(max-width: 340px) 100vw, 340px\" \/>\r\n\t\t            \t\t                            <\/div>\r\n\r\n            <\/div>\r\n        \r\n        <div class=\"content-wrapper\">\r\n\t        <div class=\"terms-wrapper multi-underline\"><a class=\"term-item term-id-51\" href=\"http:\/\/cyklista.com.pl\/index.php\/category\/aktualnosci\/\"><span>Aktualno\u015bci<\/span><\/a><\/div>                    <h4 class=\"post-title\">\r\n                <a href=\"http:\/\/cyklista.com.pl\/index.php\/2025\/10\/07\/piec-dni-na-roztoczu\/\" class=\"title-animation-underline-break\" title=\"Pi\u0119\u0107 dni na Roztoczu\">\r\n            Pi\u0119\u0107 dni na Roztoczu        <\/a>\r\n        <\/h4>\r\n                    <div class=\"meta-wrapper\">\r\n                                        <div class=\"date-wrapper date-inline\">\r\n                            <i class=\"ri-calendar\"><\/i>\r\n                        <span class=\"date\">\r\n                2025-10-07            <\/span>\r\n        <\/div>\r\n                                                <div class=\"views-wrapper\">\r\n\t\t\t                <i class=\"ri-fire\"><\/i>\r\n\t\t\t            <span class=\"views\">\r\n                188 Views            <\/span>\r\n        <\/div>\r\n\t\t                            <\/div>\r\n            <p class=\"excerpt\">W dniach&nbsp;21\u201325 sierpnia 2025 r.&nbsp;grupa rowerzyst\u00f3w z Towarzystwa...<\/p>                    <\/div>\r\n    <\/article>\r\n<\/div><div class=\"post-item\">\r\n    <article class=\"post-wrapper\">\r\n        \t    \r\n\t    \r\n                    <div class=\"image-outer-wrapper\">\r\n\r\n\t            \r\n\t            \r\n                <div class=\"image-wrapper\">\r\n                    <a class=\"rivax-position-cover\" href=\"http:\/\/cyklista.com.pl\/index.php\/2025\/10\/07\/zniwa-karpiowe\/\" aria-label=\"Item Link\"><\/a>\r\n                    <img loading=\"lazy\" decoding=\"async\" width=\"340\" height=\"220\" src=\"http:\/\/cyklista.com.pl\/wp-content\/uploads\/2026\/04\/20250921_125649-1536x692-1-340x220.jpg\" class=\"attachment-rivax-small size-rivax-small wp-post-image\" alt=\"\" title=\"\u017bniwa karpiowe\" srcset=\"http:\/\/cyklista.com.pl\/wp-content\/uploads\/2026\/04\/20250921_125649-1536x692-1-340x220.jpg 340w, http:\/\/cyklista.com.pl\/wp-content\/uploads\/2026\/04\/20250921_125649-1536x692-1-450x290.jpg 450w\" sizes=\"(max-width: 340px) 100vw, 340px\" \/>\r\n\t\t            \t\t                            <\/div>\r\n\r\n            <\/div>\r\n        \r\n        <div class=\"content-wrapper\">\r\n\t        <div class=\"terms-wrapper multi-underline\"><a class=\"term-item term-id-51\" href=\"http:\/\/cyklista.com.pl\/index.php\/category\/aktualnosci\/\"><span>Aktualno\u015bci<\/span><\/a><\/div>                    <h4 class=\"post-title\">\r\n                <a href=\"http:\/\/cyklista.com.pl\/index.php\/2025\/10\/07\/zniwa-karpiowe\/\" class=\"title-animation-underline-break\" title=\"\u017bniwa karpiowe\">\r\n            \u017bniwa karpiowe        <\/a>\r\n        <\/h4>\r\n                    <div class=\"meta-wrapper\">\r\n                                        <div class=\"date-wrapper date-inline\">\r\n                            <i class=\"ri-calendar\"><\/i>\r\n                        <span class=\"date\">\r\n                2025-10-07            <\/span>\r\n        <\/div>\r\n                                                <div class=\"views-wrapper\">\r\n\t\t\t                <i class=\"ri-fire\"><\/i>\r\n\t\t\t            <span class=\"views\">\r\n                166 Views            <\/span>\r\n        <\/div>\r\n\t\t                            <\/div>\r\n            <p class=\"excerpt\">\u017bniwa Karpiowe to coroczna, barwna impreza organizowana w gminie Zator pod...<\/p>                    <\/div>\r\n    <\/article>\r\n<\/div><div class=\"post-item\">\r\n    <article class=\"post-wrapper\">\r\n        \t    \r\n\t    \r\n                    <div class=\"image-outer-wrapper\">\r\n\r\n\t            \r\n\t            \r\n                <div class=\"image-wrapper\">\r\n                    <a class=\"rivax-position-cover\" href=\"http:\/\/cyklista.com.pl\/index.php\/2025\/07\/31\/rajd-kety\/\" aria-label=\"Item Link\"><\/a>\r\n                    <img loading=\"lazy\" decoding=\"async\" width=\"340\" height=\"220\" src=\"http:\/\/cyklista.com.pl\/wp-content\/uploads\/2026\/04\/kolejny-wieczor-grill-900x444-2-340x220.jpeg\" class=\"attachment-rivax-small size-rivax-small wp-post-image\" alt=\"\" title=\"Rajd K\u0119ty\" srcset=\"http:\/\/cyklista.com.pl\/wp-content\/uploads\/2026\/04\/kolejny-wieczor-grill-900x444-2-340x220.jpeg 340w, http:\/\/cyklista.com.pl\/wp-content\/uploads\/2026\/04\/kolejny-wieczor-grill-900x444-2-450x290.jpeg 450w\" sizes=\"(max-width: 340px) 100vw, 340px\" \/>\r\n\t\t            \t\t                            <\/div>\r\n\r\n            <\/div>\r\n        \r\n        <div class=\"content-wrapper\">\r\n\t        <div class=\"terms-wrapper multi-underline\"><a class=\"term-item term-id-51\" href=\"http:\/\/cyklista.com.pl\/index.php\/category\/aktualnosci\/\"><span>Aktualno\u015bci<\/span><\/a><\/div>                    <h4 class=\"post-title\">\r\n                <a href=\"http:\/\/cyklista.com.pl\/index.php\/2025\/07\/31\/rajd-kety\/\" class=\"title-animation-underline-break\" title=\"Rajd K\u0119ty\">\r\n            Rajd K\u0119ty        <\/a>\r\n        <\/h4>\r\n                    <div class=\"meta-wrapper\">\r\n                                        <div class=\"date-wrapper date-inline\">\r\n                            <i class=\"ri-calendar\"><\/i>\r\n                        <span class=\"date\">\r\n                2025-07-31            <\/span>\r\n        <\/div>\r\n                                                <div class=\"views-wrapper\">\r\n\t\t\t                <i class=\"ri-fire\"><\/i>\r\n\t\t\t            <span class=\"views\">\r\n                90 Views            <\/span>\r\n        <\/div>\r\n\t\t                            <\/div>\r\n            <p class=\"excerpt\">Rajd do K\u0119t \u2013 z deszczu nici, za to same pere\u0142ki! Ostatnia niedziela zn\u00f3w...<\/p>                    <\/div>\r\n    <\/article>\r\n<\/div><div class=\"post-item\">\r\n    <article class=\"post-wrapper\">\r\n        \t    \r\n\t    \r\n                    <div class=\"image-outer-wrapper\">\r\n\r\n\t            \r\n\t            \r\n                <div class=\"image-wrapper\">\r\n                    <a class=\"rivax-position-cover\" href=\"http:\/\/cyklista.com.pl\/index.php\/2025\/07\/31\/rajd-grunwald\/\" aria-label=\"Item Link\"><\/a>\r\n                    <img loading=\"lazy\" decoding=\"async\" width=\"340\" height=\"220\" src=\"http:\/\/cyklista.com.pl\/wp-content\/uploads\/2026\/04\/20250713_124444-1536x692-1-340x220.jpg\" class=\"attachment-rivax-small size-rivax-small wp-post-image\" alt=\"\" title=\"Rajd Grunwald\" srcset=\"http:\/\/cyklista.com.pl\/wp-content\/uploads\/2026\/04\/20250713_124444-1536x692-1-340x220.jpg 340w, http:\/\/cyklista.com.pl\/wp-content\/uploads\/2026\/04\/20250713_124444-1536x692-1-450x290.jpg 450w\" sizes=\"(max-width: 340px) 100vw, 340px\" \/>\r\n\t\t            \t\t                            <\/div>\r\n\r\n            <\/div>\r\n        \r\n        <div class=\"content-wrapper\">\r\n\t        <div class=\"terms-wrapper multi-underline\"><a class=\"term-item term-id-51\" href=\"http:\/\/cyklista.com.pl\/index.php\/category\/aktualnosci\/\"><span>Aktualno\u015bci<\/span><\/a><\/div>                    <h4 class=\"post-title\">\r\n                <a href=\"http:\/\/cyklista.com.pl\/index.php\/2025\/07\/31\/rajd-grunwald\/\" class=\"title-animation-underline-break\" title=\"Rajd Grunwald\">\r\n            Rajd Grunwald        <\/a>\r\n        <\/h4>\r\n                    <div class=\"meta-wrapper\">\r\n                                        <div class=\"date-wrapper date-inline\">\r\n                            <i class=\"ri-calendar\"><\/i>\r\n                        <span class=\"date\">\r\n                2025-07-31            <\/span>\r\n        <\/div>\r\n                                                <div class=\"views-wrapper\">\r\n\t\t\t                <i class=\"ri-fire\"><\/i>\r\n\t\t\t            <span class=\"views\">\r\n                46 Views            <\/span>\r\n        <\/div>\r\n\t\t                            <\/div>\r\n            <p class=\"excerpt\">Rowerowa lekcja historii \u2013 Bitwa pod Grunwaldem po naszemu! 13 lipca 2025...<\/p>                    <\/div>\r\n    <\/article>\r\n<\/div><div class=\"post-item\">\r\n    <article class=\"post-wrapper\">\r\n        \t    \r\n\t    \r\n                    <div class=\"image-outer-wrapper\">\r\n\r\n\t            \r\n\t            \r\n                <div class=\"image-wrapper\">\r\n                    <a class=\"rivax-position-cover\" href=\"http:\/\/cyklista.com.pl\/index.php\/2025\/07\/03\/rowerem-przez-pokolenia-rodzinny-rajd-rowerowy-w-przeciszowie-21-czerwiec-2025\/\" aria-label=\"Item Link\"><\/a>\r\n                    <img loading=\"lazy\" decoding=\"async\" width=\"340\" height=\"220\" src=\"http:\/\/cyklista.com.pl\/wp-content\/uploads\/2026\/04\/DSC_0206_Easy-Resize.com_-900x444-1-340x220.jpg\" class=\"attachment-rivax-small size-rivax-small wp-post-image\" alt=\"\" title=\"Rowerem przez pokolenia \u2013 Rodzinny Rajd Rowerowy w Przeciszowie \u2013 21 czerwiec 2025\" srcset=\"http:\/\/cyklista.com.pl\/wp-content\/uploads\/2026\/04\/DSC_0206_Easy-Resize.com_-900x444-1-340x220.jpg 340w, http:\/\/cyklista.com.pl\/wp-content\/uploads\/2026\/04\/DSC_0206_Easy-Resize.com_-900x444-1-450x290.jpg 450w\" sizes=\"(max-width: 340px) 100vw, 340px\" \/>\r\n\t\t            \t\t                            <\/div>\r\n\r\n            <\/div>\r\n        \r\n        <div class=\"content-wrapper\">\r\n\t        <div class=\"terms-wrapper multi-underline\"><a class=\"term-item term-id-51\" href=\"http:\/\/cyklista.com.pl\/index.php\/category\/aktualnosci\/\"><span>Aktualno\u015bci<\/span><\/a><\/div>                    <h4 class=\"post-title\">\r\n                <a href=\"http:\/\/cyklista.com.pl\/index.php\/2025\/07\/03\/rowerem-przez-pokolenia-rodzinny-rajd-rowerowy-w-przeciszowie-21-czerwiec-2025\/\" class=\"title-animation-underline-break\" title=\"Rowerem przez pokolenia \u2013 Rodzinny Rajd Rowerowy w Przeciszowie \u2013 21 czerwiec 2025\">\r\n            Rowerem przez pokolenia \u2013 Rodzinny Rajd Rowerowy w Przeciszowie \u2013 21 czerwiec 2025        <\/a>\r\n        <\/h4>\r\n                    <div class=\"meta-wrapper\">\r\n                                        <div class=\"date-wrapper date-inline\">\r\n                            <i class=\"ri-calendar\"><\/i>\r\n                        <span class=\"date\">\r\n                2025-07-03            <\/span>\r\n        <\/div>\r\n                                                <div class=\"views-wrapper\">\r\n\t\t\t                <i class=\"ri-fire\"><\/i>\r\n\t\t\t            <span class=\"views\">\r\n                34 Views            <\/span>\r\n        <\/div>\r\n\t\t                            <\/div>\r\n            <p class=\"excerpt\">Czy mo\u017cna sobot\u0119 sp\u0119dzi\u0107 aktywnie, z u\u015bmiechem, rodzinnie, wr\u0119cz...<\/p>                    <\/div>\r\n    <\/article>\r\n<\/div>            <\/div>\r\n                <div class=\"rivax-posts-pagination-wrap\">\r\n                <div class=\"rivax-posts-pagination load-more-pagination\">\r\n                    <a class=\"rivax-post-load-more elementor-button elementor-size-xs \" href=\"#\"\r\n                       data-widget-id=\"7e3a7fe\" data-current-page=\"1\"\r\n                       data-post-id=\"98\">\r\n                        <span class=\"rivax-button-text a\">Load More<\/span>\r\n                        <span class=\"rivax-button-text b\">Load More<\/span>\r\n                    <\/a>\r\n                    <span class=\"rivax-post-load-more-loader\"><\/span>\r\n                <\/div>\r\n            <\/div>\r\n            <\/div>\r\n\t\t\t\t<\/div>\n\t\t\t\t<\/div>\n\t\t\t\t\t<\/div>\n\t\t\t\t<\/div>\n\t\t\t\t<\/div>\n\t\t<div class=\"rivax-sticky-column elementor-element elementor-element-3b63734 e-con-full e-flex e-con e-child\" data-id=\"3b63734\" data-element_type=\"container\" data-e-type=\"container\">\n\t\t\t\t<div class=\"elementor-element elementor-element-8bf851e elementor-widget rivax-promo-box-widget\" data-id=\"8bf851e\" data-element_type=\"widget\" data-e-type=\"widget\" data-widget_type=\"rivax-promo-box.default\">\n\t\t\t\t<div class=\"elementor-widget-container\">\n\t\t\t\t\t<div class=\"rivax-promo-box effect-apollo\">\r\n    <div class=\"image-wrapper\">\r\n        <img loading=\"lazy\" decoding=\"async\" width=\"450\" height=\"450\" src=\"http:\/\/cyklista.com.pl\/wp-content\/uploads\/2025\/11\/2150422320-450x450.webp\" class=\"attachment-rivax-medium-square size-rivax-medium-square wp-image-1825\" alt=\"\" srcset=\"http:\/\/cyklista.com.pl\/wp-content\/uploads\/2025\/11\/2150422320-450x450.webp 450w, http:\/\/cyklista.com.pl\/wp-content\/uploads\/2025\/11\/2150422320-150x150.webp 150w, http:\/\/cyklista.com.pl\/wp-content\/uploads\/2025\/11\/2150422320-340x340.webp 340w, http:\/\/cyklista.com.pl\/wp-content\/uploads\/2025\/11\/2150422320-650x650.webp 650w\" sizes=\"(max-width: 450px) 100vw, 450px\" \/>    <\/div>\r\n    <div class=\"content-wrapper rivax-position-cover\">\r\n        <h5 class=\"promo-title\">Advertisement<\/h5>\r\n        <p>Place Your Advertisement Here<\/p>\n    <\/div>\r\n    <\/div>\t\t\t\t<\/div>\n\t\t\t\t<\/div>\n\t\t<div class=\"elementor-element elementor-element-3de7267 card-layout e-flex e-con-boxed e-con e-child\" data-id=\"3de7267\" data-element_type=\"container\" data-e-type=\"container\">\n\t\t\t\t\t<div class=\"e-con-inner\">\n\t\t\t\t<div class=\"elementor-element elementor-element-ac79226 rivax-align-left elementor-widget rivax-divider-heading-widget\" data-id=\"ac79226\" data-element_type=\"widget\" data-e-type=\"widget\" data-widget_type=\"rivax-divider-heading.default\">\n\t\t\t\t<div class=\"elementor-widget-container\">\n\t\t\t\t\t<div class=\"rivax-divider-heading-wrap\">\r\n    <div class=\"rivax-divider-heading divider-style-1 \">\r\n        <div class=\"divider divider-1\"><\/div>\r\n        <div class=\"divider divider-2\"><\/div>\r\n        <h5 class=\"title\">\r\n                <span class=\"title-inner\">\r\n            <span class=\"title-text\">\r\n                                Don&#039;t miss            <\/span>\r\n                    <\/span>\r\n                <\/h5>\r\n        <div class=\"divider divider-3\"><\/div>\r\n        <div class=\"divider divider-4\"><\/div>\r\n    <\/div>\r\n<\/div>\t\t\t\t<\/div>\n\t\t\t\t<\/div>\n\t\t\t\t<div class=\"elementor-element elementor-element-f3d74bd elementor-widget rivax-post-elastic-widget\" data-id=\"f3d74bd\" data-element_type=\"widget\" data-e-type=\"widget\" data-widget_type=\"rivax-post-elastic.default\">\n\t\t\t\t<div class=\"elementor-widget-container\">\n\t\t\t\t\t<div class=\"rivax-posts-container\">\r\n    <div class=\"rivax-posts-wrapper layout-grid\">\r\n                <div class=\"post-item\">\r\n    <article class=\"post-wrapper\">\r\n        \t    \r\n\t    \r\n                    <div class=\"image-outer-wrapper\">\r\n\r\n\t            \r\n\t            \r\n                <div class=\"image-wrapper\">\r\n                    <a class=\"rivax-position-cover\" href=\"http:\/\/cyklista.com.pl\/index.php\/2025\/10\/07\/zniwa-karpiowe\/\" aria-label=\"Item Link\"><\/a>\r\n                    <img loading=\"lazy\" decoding=\"async\" width=\"150\" height=\"150\" src=\"http:\/\/cyklista.com.pl\/wp-content\/uploads\/2026\/04\/20250921_125649-1536x692-1-150x150.jpg\" class=\"attachment-thumbnail size-thumbnail wp-post-image\" alt=\"\" title=\"\u017bniwa karpiowe\" srcset=\"http:\/\/cyklista.com.pl\/wp-content\/uploads\/2026\/04\/20250921_125649-1536x692-1-150x150.jpg 150w, http:\/\/cyklista.com.pl\/wp-content\/uploads\/2026\/04\/20250921_125649-1536x692-1-340x340.jpg 340w, http:\/\/cyklista.com.pl\/wp-content\/uploads\/2026\/04\/20250921_125649-1536x692-1-450x450.jpg 450w, http:\/\/cyklista.com.pl\/wp-content\/uploads\/2026\/04\/20250921_125649-1536x692-1-650x650.jpg 650w\" sizes=\"(max-width: 150px) 100vw, 150px\" \/>\r\n\t\t            \t\t                            <\/div>\r\n\r\n            <\/div>\r\n        \r\n        <div class=\"content-wrapper\">\r\n\t                            <h6 class=\"post-title\">\r\n                <a href=\"http:\/\/cyklista.com.pl\/index.php\/2025\/10\/07\/zniwa-karpiowe\/\" class=\"title-animation-underline-break\" title=\"\u017bniwa karpiowe\">\r\n            \u017bniwa karpiowe        <\/a>\r\n        <\/h6>\r\n                    <div class=\"meta-wrapper\">\r\n                                        <div class=\"date-wrapper date-inline\">\r\n                        <span class=\"date\">\r\n                2025-10-07            <\/span>\r\n        <\/div>\r\n                                                                    <\/div>\r\n                                <\/div>\r\n    <\/article>\r\n<\/div><div class=\"post-item\">\r\n    <article class=\"post-wrapper\">\r\n        \t    \r\n\t    \r\n                    <div class=\"image-outer-wrapper\">\r\n\r\n\t            \r\n\t            \r\n                <div class=\"image-wrapper\">\r\n                    <a class=\"rivax-position-cover\" href=\"http:\/\/cyklista.com.pl\/index.php\/2025\/07\/31\/rajd-kety\/\" aria-label=\"Item Link\"><\/a>\r\n                    <img loading=\"lazy\" decoding=\"async\" width=\"150\" height=\"150\" src=\"http:\/\/cyklista.com.pl\/wp-content\/uploads\/2026\/04\/kolejny-wieczor-grill-900x444-2-150x150.jpeg\" class=\"attachment-thumbnail size-thumbnail wp-post-image\" alt=\"\" title=\"Rajd K\u0119ty\" srcset=\"http:\/\/cyklista.com.pl\/wp-content\/uploads\/2026\/04\/kolejny-wieczor-grill-900x444-2-150x150.jpeg 150w, http:\/\/cyklista.com.pl\/wp-content\/uploads\/2026\/04\/kolejny-wieczor-grill-900x444-2-340x340.jpeg 340w, http:\/\/cyklista.com.pl\/wp-content\/uploads\/2026\/04\/kolejny-wieczor-grill-900x444-2-450x450.jpeg 450w, http:\/\/cyklista.com.pl\/wp-content\/uploads\/2026\/04\/kolejny-wieczor-grill-900x444-2-650x650.jpeg 650w\" sizes=\"(max-width: 150px) 100vw, 150px\" \/>\r\n\t\t            \t\t                            <\/div>\r\n\r\n            <\/div>\r\n        \r\n        <div class=\"content-wrapper\">\r\n\t                            <h6 class=\"post-title\">\r\n                <a href=\"http:\/\/cyklista.com.pl\/index.php\/2025\/07\/31\/rajd-kety\/\" class=\"title-animation-underline-break\" title=\"Rajd K\u0119ty\">\r\n            Rajd K\u0119ty        <\/a>\r\n        <\/h6>\r\n                    <div class=\"meta-wrapper\">\r\n                                        <div class=\"date-wrapper date-inline\">\r\n                        <span class=\"date\">\r\n                2025-07-31            <\/span>\r\n        <\/div>\r\n                                                                    <\/div>\r\n                                <\/div>\r\n    <\/article>\r\n<\/div><div class=\"post-item\">\r\n    <article class=\"post-wrapper\">\r\n        \t    \r\n\t    \r\n                    <div class=\"image-outer-wrapper\">\r\n\r\n\t            \r\n\t            \r\n                <div class=\"image-wrapper\">\r\n                    <a class=\"rivax-position-cover\" href=\"http:\/\/cyklista.com.pl\/index.php\/2025\/07\/31\/rajd-grunwald\/\" aria-label=\"Item Link\"><\/a>\r\n                    <img loading=\"lazy\" decoding=\"async\" width=\"150\" height=\"150\" src=\"http:\/\/cyklista.com.pl\/wp-content\/uploads\/2026\/04\/20250713_124444-1536x692-1-150x150.jpg\" class=\"attachment-thumbnail size-thumbnail wp-post-image\" alt=\"\" title=\"Rajd Grunwald\" srcset=\"http:\/\/cyklista.com.pl\/wp-content\/uploads\/2026\/04\/20250713_124444-1536x692-1-150x150.jpg 150w, http:\/\/cyklista.com.pl\/wp-content\/uploads\/2026\/04\/20250713_124444-1536x692-1-340x340.jpg 340w, http:\/\/cyklista.com.pl\/wp-content\/uploads\/2026\/04\/20250713_124444-1536x692-1-450x450.jpg 450w, http:\/\/cyklista.com.pl\/wp-content\/uploads\/2026\/04\/20250713_124444-1536x692-1-650x650.jpg 650w\" sizes=\"(max-width: 150px) 100vw, 150px\" \/>\r\n\t\t            \t\t                            <\/div>\r\n\r\n            <\/div>\r\n        \r\n        <div class=\"content-wrapper\">\r\n\t                            <h6 class=\"post-title\">\r\n                <a href=\"http:\/\/cyklista.com.pl\/index.php\/2025\/07\/31\/rajd-grunwald\/\" class=\"title-animation-underline-break\" title=\"Rajd Grunwald\">\r\n            Rajd Grunwald        <\/a>\r\n        <\/h6>\r\n                    <div class=\"meta-wrapper\">\r\n                                        <div class=\"date-wrapper date-inline\">\r\n                        <span class=\"date\">\r\n                2025-07-31            <\/span>\r\n        <\/div>\r\n                                                                    <\/div>\r\n                                <\/div>\r\n    <\/article>\r\n<\/div>            <\/div>\r\n    <\/div>\r\n\t\t\t\t<\/div>\n\t\t\t\t<\/div>\n\t\t\t\t\t<\/div>\n\t\t\t\t<\/div>\n\t\t\t\t<\/div>\n\t\t\t\t\t<\/div>\n\t\t\t\t<\/div>\n\t\t\t\t<\/div>\n\t\t","protected":false},"excerpt":{"rendered":"<p>Popular Tags: News Gadgets Featured Fitness Movies Games Boxing Food Fashion Inspiration Active Popular Magazine LifeStyle Tips Articles Nature Video Health Business Advertise Trending AppsJune 29, 2025 Power Up Your Routine with Game-Changing Smartwatch Deals By Denis Schmidt 4 Min Read GadgetsJune 27, 2025 Media and Politics: A Defining Relationship in the Modern Era By [&hellip;]<\/p>\n","protected":false},"author":1,"featured_media":0,"parent":0,"menu_order":0,"comment_status":"closed","ping_status":"closed","template":"elementor_header_footer","meta":{"footnotes":""},"class_list":["post-98","page","type-page","status-publish","hentry"],"_links":{"self":[{"href":"http:\/\/cyklista.com.pl\/index.php\/wp-json\/wp\/v2\/pages\/98","targetHints":{"allow":["GET"]}}],"collection":[{"href":"http:\/\/cyklista.com.pl\/index.php\/wp-json\/wp\/v2\/pages"}],"about":[{"href":"http:\/\/cyklista.com.pl\/index.php\/wp-json\/wp\/v2\/types\/page"}],"author":[{"embeddable":true,"href":"http:\/\/cyklista.com.pl\/index.php\/wp-json\/wp\/v2\/users\/1"}],"replies":[{"embeddable":true,"href":"http:\/\/cyklista.com.pl\/index.php\/wp-json\/wp\/v2\/comments?post=98"}],"version-history":[{"count":1,"href":"http:\/\/cyklista.com.pl\/index.php\/wp-json\/wp\/v2\/pages\/98\/revisions"}],"predecessor-version":[{"id":1833,"href":"http:\/\/cyklista.com.pl\/index.php\/wp-json\/wp\/v2\/pages\/98\/revisions\/1833"}],"wp:attachment":[{"href":"http:\/\/cyklista.com.pl\/index.php\/wp-json\/wp\/v2\/media?parent=98"}],"curies":[{"name":"wp","href":"https:\/\/api.w.org\/{rel}","templated":true}]}}