{"id":1918,"date":"2024-05-11T15:48:40","date_gmt":"2024-05-11T15:48:40","guid":{"rendered":"https:\/\/demo.rivaxstudio.com\/newsfy\/digimag\/?post_type=rivax-template&#038;p=270"},"modified":"2026-03-31T21:29:26","modified_gmt":"2026-03-31T19:29:26","slug":"archive-2","status":"publish","type":"rivax-template","link":"http:\/\/cyklista.com.pl\/?rivax-template=archive-2","title":{"rendered":"Archive"},"content":{"rendered":"\t\t<div data-elementor-type=\"wp-post\" data-elementor-id=\"1918\" class=\"elementor elementor-1918\">\n\t\t\t\t<div class=\"elementor-element elementor-element-bf40207 e-flex e-con-boxed e-con e-parent\" data-id=\"bf40207\" data-element_type=\"container\" data-e-type=\"container\">\n\t\t\t\t\t<div class=\"e-con-inner\">\n\t\t<div class=\"rivax-sticky-column elementor-element elementor-element-8c0a1fc e-con-full e-flex e-con e-child\" data-id=\"8c0a1fc\" data-element_type=\"container\" data-e-type=\"container\">\n\t\t\t\t<div class=\"elementor-element elementor-element-ec53fc7 rivax-align-left elementor-widget rivax-divider-heading-widget\" data-id=\"ec53fc7\" data-element_type=\"widget\" data-e-type=\"widget\" data-widget_type=\"rivax-divider-heading.default\">\n\t\t\t\t<div class=\"elementor-widget-container\">\n\t\t\t\t\t<div class=\"rivax-divider-heading-wrap\">\r\n    <div class=\"rivax-divider-heading divider-style-9 \">\r\n        <div class=\"divider divider-1\"><\/div>\r\n        <div class=\"divider divider-2\"><\/div>\r\n        <h5 class=\"title\">\r\n                <span class=\"title-inner\">\r\n            <span class=\"title-text\">\r\n                                Top Authors            <\/span>\r\n                    <\/span>\r\n                <\/h5>\r\n        <div class=\"divider divider-3\"><\/div>\r\n        <div class=\"divider divider-4\"><\/div>\r\n    <\/div>\r\n<\/div>\t\t\t\t<\/div>\n\t\t\t\t<\/div>\n\t\t\t\t<div class=\"elementor-element elementor-element-cb877dc elementor-widget rivax-authors-list-widget\" data-id=\"cb877dc\" data-element_type=\"widget\" data-e-type=\"widget\" data-widget_type=\"rivax-authors-list.default\">\n\t\t\t\t<div class=\"elementor-widget-container\">\n\t\t\t\t\t<div class=\"rivax-authors-list\">\r\n<div class=\"author\"><img alt='' src='https:\/\/secure.gravatar.com\/avatar\/6e9d257abb087139c4a57fd62b4f5246da1ae07278ea0e7cb7b596051975afd6?s=80&#038;d=mm&#038;r=g' srcset='https:\/\/secure.gravatar.com\/avatar\/6e9d257abb087139c4a57fd62b4f5246da1ae07278ea0e7cb7b596051975afd6?s=160&#038;d=mm&#038;r=g 2x' class='avatar avatar-80 photo' height='80' width='80' \/><div class=\"content\"><span class=\"name\">administrator<\/span><\/div><a class=\"rivax-position-cover\" href=\"http:\/\/cyklista.com.pl\/index.php\/author\/administrator\/\" title=\"administrator\"><\/a><\/div><\/div>\r\n\t\t\t\t<\/div>\n\t\t\t\t<\/div>\n\t\t\t\t<div class=\"elementor-element elementor-element-a7883dd rivax-align-left elementor-widget rivax-divider-heading-widget\" data-id=\"a7883dd\" data-element_type=\"widget\" data-e-type=\"widget\" data-widget_type=\"rivax-divider-heading.default\">\n\t\t\t\t<div class=\"elementor-widget-container\">\n\t\t\t\t\t<div class=\"rivax-divider-heading-wrap\">\r\n    <div class=\"rivax-divider-heading divider-style-9 \">\r\n        <div class=\"divider divider-1\"><\/div>\r\n        <div class=\"divider divider-2\"><\/div>\r\n        <h5 class=\"title\">\r\n                <span class=\"title-inner\">\r\n            <span class=\"title-text\">\r\n                                Popular Posts            <\/span>\r\n                    <\/span>\r\n                <\/h5>\r\n        <div class=\"divider divider-3\"><\/div>\r\n        <div class=\"divider divider-4\"><\/div>\r\n    <\/div>\r\n<\/div>\t\t\t\t<\/div>\n\t\t\t\t<\/div>\n\t\t\t\t<div class=\"elementor-element elementor-element-a4c39be elementor-widget rivax-post-miniline-widget\" data-id=\"a4c39be\" data-element_type=\"widget\" data-e-type=\"widget\" data-widget_type=\"rivax-post-miniline.default\">\n\t\t\t\t<div class=\"elementor-widget-container\">\n\t\t\t\t\t<div class=\"rivax-post-miniline bullet-fill\">\r\n    <article class=\"post-wrapper term-id-51\">\r\n    <span class=\"bullet\"><\/span>\r\n            <span class=\"date\">\r\n            2025-10-07        <\/span>\r\n                    <h6 class=\"post-title\">\r\n                <a href=\"http:\/\/cyklista.com.pl\/index.php\/2025\/10\/07\/rajd-nocny\/\" class=\"title-animation-default\" title=\"RAJD NOCNY\">\r\n            RAJD NOCNY        <\/a>\r\n        <\/h6>\r\n        <\/article><article class=\"post-wrapper term-id-51\">\r\n    <span class=\"bullet\"><\/span>\r\n            <span class=\"date\">\r\n            2025-10-07        <\/span>\r\n                    <h6 class=\"post-title\">\r\n                <a href=\"http:\/\/cyklista.com.pl\/index.php\/2025\/10\/07\/piec-dni-na-roztoczu\/\" class=\"title-animation-default\" title=\"Pi\u0119\u0107 dni na Roztoczu\">\r\n            Pi\u0119\u0107 dni na Roztoczu        <\/a>\r\n        <\/h6>\r\n        <\/article><article class=\"post-wrapper term-id-51\">\r\n    <span class=\"bullet\"><\/span>\r\n            <span class=\"date\">\r\n            2025-10-07        <\/span>\r\n                    <h6 class=\"post-title\">\r\n                <a href=\"http:\/\/cyklista.com.pl\/index.php\/2025\/10\/07\/zniwa-karpiowe\/\" class=\"title-animation-default\" title=\"\u017bniwa karpiowe\">\r\n            \u017bniwa karpiowe        <\/a>\r\n        <\/h6>\r\n        <\/article><\/div>\r\n\t\t\t\t<\/div>\n\t\t\t\t<\/div>\n\t\t\t\t<\/div>\n\t\t<div class=\"elementor-element elementor-element-0f7bf37 e-con-full e-flex e-con e-child\" data-id=\"0f7bf37\" data-element_type=\"container\" data-e-type=\"container\">\n\t\t\t\t<div class=\"elementor-element elementor-element-1bf36ba elementor-widget rivax-post-modern-widget\" data-id=\"1bf36ba\" data-element_type=\"widget\" data-e-type=\"widget\" data-widget_type=\"rivax-post-modern.default\">\n\t\t\t\t<div class=\"elementor-widget-container\">\n\t\t\t\t\t<div class=\"rivax-posts-container\">\r\n    <div class=\"rivax-posts-wrapper layout-grid\">\r\n                <div class=\"post-item\">\r\n    <article class=\"post-wrapper\">\r\n\t                    <div class=\"image-outer-wrapper\">\r\n            <div class=\"image-wrapper\">\r\n                <img fetchpriority=\"high\" decoding=\"async\" width=\"450\" height=\"290\" src=\"http:\/\/cyklista.com.pl\/wp-content\/uploads\/2026\/04\/kolejny-wieczor-grill-900x444-1-450x290.jpeg\" class=\"attachment-rivax-medium size-rivax-medium wp-post-image\" alt=\"\" title=\"RAJD NOCNY\" srcset=\"http:\/\/cyklista.com.pl\/wp-content\/uploads\/2026\/04\/kolejny-wieczor-grill-900x444-1-450x290.jpeg 450w, http:\/\/cyklista.com.pl\/wp-content\/uploads\/2026\/04\/kolejny-wieczor-grill-900x444-1-340x220.jpeg 340w\" sizes=\"(max-width: 450px) 100vw, 450px\" \/>\t\t        <a class=\"image-link rivax-position-cover\" aria-label=\"Item Link\" href=\"http:\/\/cyklista.com.pl\/index.php\/2025\/10\/07\/rajd-nocny\/\"><\/a>                \t\t        \t\t        \r\n\t\t        \r\n\t\t        \r\n                \r\n            <\/div>\r\n            \r\n\t        \r\n        <\/div>\r\n                <div class=\"content-wrapper\">\r\n\t                    <div class=\"terms-wrapper  term-shape\"><a class=\"term-item term-id-51\" href=\"http:\/\/cyklista.com.pl\/index.php\/category\/aktualnosci\/\"><span>Aktualno\u015bci<\/span><\/a><\/div>                    <h4 class=\"post-title\">\r\n                <a href=\"http:\/\/cyklista.com.pl\/index.php\/2025\/10\/07\/rajd-nocny\/\" class=\"title-animation-underline-break\" title=\"RAJD NOCNY\">\r\n            RAJD NOCNY        <\/a>\r\n        <\/h4>\r\n                                <div class=\"meta-wrapper\">\r\n\t                    <div class=\"post-author-wrapper\">\r\n\t\t\t<div class=\"author-image\"><img alt='' src='https:\/\/secure.gravatar.com\/avatar\/6e9d257abb087139c4a57fd62b4f5246da1ae07278ea0e7cb7b596051975afd6?s=60&#038;d=mm&#038;r=g' srcset='https:\/\/secure.gravatar.com\/avatar\/6e9d257abb087139c4a57fd62b4f5246da1ae07278ea0e7cb7b596051975afd6?s=120&#038;d=mm&#038;r=g 2x' class='avatar avatar-60 photo' height='60' width='60' \/><\/div>            <div class=\"author-wrapper\">\r\n                <div class=\"author-meta\">\r\n\t\t                                    <span class=\"by\">By<\/span>\r\n\t\t\t                                <a href=\"http:\/\/cyklista.com.pl\/index.php\/author\/administrator\/\">\r\n\t\t\t            administrator                    <\/a>\r\n                <\/div>\r\n                            <\/div>\r\n        <\/div>\r\n\t\t                        <div class=\"date-wrapper date-inline\">\r\n                        <span class=\"date\">\r\n                2025-10-07            <\/span>\r\n        <\/div>\r\n                                                                    <\/div>\r\n                        <p class=\"excerpt\">W dniach 2 &#8211; 3 sierpnia 2025r, 25 cyklist\u00f3w wyjecha\u0142o na...<\/p>                    <\/div>\r\n    <\/article>\r\n<\/div><div class=\"post-item\">\r\n    <article class=\"post-wrapper\">\r\n\t                    <div class=\"image-outer-wrapper\">\r\n            <div class=\"image-wrapper\">\r\n                <img decoding=\"async\" width=\"450\" height=\"290\" src=\"http:\/\/cyklista.com.pl\/wp-content\/uploads\/2026\/04\/20250823_113502-1536x692-1-450x290.jpg\" class=\"attachment-rivax-medium size-rivax-medium wp-post-image\" alt=\"\" title=\"Pi\u0119\u0107 dni na Roztoczu\" srcset=\"http:\/\/cyklista.com.pl\/wp-content\/uploads\/2026\/04\/20250823_113502-1536x692-1-450x290.jpg 450w, http:\/\/cyklista.com.pl\/wp-content\/uploads\/2026\/04\/20250823_113502-1536x692-1-340x220.jpg 340w\" sizes=\"(max-width: 450px) 100vw, 450px\" \/>\t\t        <a class=\"image-link rivax-position-cover\" aria-label=\"Item Link\" href=\"http:\/\/cyklista.com.pl\/index.php\/2025\/10\/07\/piec-dni-na-roztoczu\/\"><\/a>                \t\t        \t\t        \r\n\t\t        \r\n\t\t        \r\n                \r\n            <\/div>\r\n            \r\n\t        \r\n        <\/div>\r\n                <div class=\"content-wrapper\">\r\n\t                    <div class=\"terms-wrapper  term-shape\"><a class=\"term-item term-id-51\" href=\"http:\/\/cyklista.com.pl\/index.php\/category\/aktualnosci\/\"><span>Aktualno\u015bci<\/span><\/a><\/div>                    <h4 class=\"post-title\">\r\n                <a href=\"http:\/\/cyklista.com.pl\/index.php\/2025\/10\/07\/piec-dni-na-roztoczu\/\" class=\"title-animation-underline-break\" title=\"Pi\u0119\u0107 dni na Roztoczu\">\r\n            Pi\u0119\u0107 dni na Roztoczu        <\/a>\r\n        <\/h4>\r\n                                <div class=\"meta-wrapper\">\r\n\t                    <div class=\"post-author-wrapper\">\r\n\t\t\t<div class=\"author-image\"><img alt='' src='https:\/\/secure.gravatar.com\/avatar\/6e9d257abb087139c4a57fd62b4f5246da1ae07278ea0e7cb7b596051975afd6?s=60&#038;d=mm&#038;r=g' srcset='https:\/\/secure.gravatar.com\/avatar\/6e9d257abb087139c4a57fd62b4f5246da1ae07278ea0e7cb7b596051975afd6?s=120&#038;d=mm&#038;r=g 2x' class='avatar avatar-60 photo' height='60' width='60' \/><\/div>            <div class=\"author-wrapper\">\r\n                <div class=\"author-meta\">\r\n\t\t                                    <span class=\"by\">By<\/span>\r\n\t\t\t                                <a href=\"http:\/\/cyklista.com.pl\/index.php\/author\/administrator\/\">\r\n\t\t\t            administrator                    <\/a>\r\n                <\/div>\r\n                            <\/div>\r\n        <\/div>\r\n\t\t                        <div class=\"date-wrapper date-inline\">\r\n                        <span class=\"date\">\r\n                2025-10-07            <\/span>\r\n        <\/div>\r\n                                                                    <\/div>\r\n                        <p class=\"excerpt\">W dniach&nbsp;21\u201325 sierpnia 2025 r.&nbsp;grupa rowerzyst\u00f3w z...<\/p>                    <\/div>\r\n    <\/article>\r\n<\/div><div class=\"post-item\">\r\n    <article class=\"post-wrapper\">\r\n\t                    <div class=\"image-outer-wrapper\">\r\n            <div class=\"image-wrapper\">\r\n                <img decoding=\"async\" width=\"450\" height=\"290\" src=\"http:\/\/cyklista.com.pl\/wp-content\/uploads\/2026\/04\/20250921_125649-1536x692-1-450x290.jpg\" class=\"attachment-rivax-medium size-rivax-medium wp-post-image\" alt=\"\" title=\"\u017bniwa karpiowe\" srcset=\"http:\/\/cyklista.com.pl\/wp-content\/uploads\/2026\/04\/20250921_125649-1536x692-1-450x290.jpg 450w, http:\/\/cyklista.com.pl\/wp-content\/uploads\/2026\/04\/20250921_125649-1536x692-1-340x220.jpg 340w\" sizes=\"(max-width: 450px) 100vw, 450px\" \/>\t\t        <a class=\"image-link rivax-position-cover\" aria-label=\"Item Link\" href=\"http:\/\/cyklista.com.pl\/index.php\/2025\/10\/07\/zniwa-karpiowe\/\"><\/a>                \t\t        \t\t        \r\n\t\t        \r\n\t\t        \r\n                \r\n            <\/div>\r\n            \r\n\t        \r\n        <\/div>\r\n                <div class=\"content-wrapper\">\r\n\t                    <div class=\"terms-wrapper  term-shape\"><a class=\"term-item term-id-51\" href=\"http:\/\/cyklista.com.pl\/index.php\/category\/aktualnosci\/\"><span>Aktualno\u015bci<\/span><\/a><\/div>                    <h4 class=\"post-title\">\r\n                <a href=\"http:\/\/cyklista.com.pl\/index.php\/2025\/10\/07\/zniwa-karpiowe\/\" class=\"title-animation-underline-break\" title=\"\u017bniwa karpiowe\">\r\n            \u017bniwa karpiowe        <\/a>\r\n        <\/h4>\r\n                                <div class=\"meta-wrapper\">\r\n\t                    <div class=\"post-author-wrapper\">\r\n\t\t\t<div class=\"author-image\"><img alt='' src='https:\/\/secure.gravatar.com\/avatar\/6e9d257abb087139c4a57fd62b4f5246da1ae07278ea0e7cb7b596051975afd6?s=60&#038;d=mm&#038;r=g' srcset='https:\/\/secure.gravatar.com\/avatar\/6e9d257abb087139c4a57fd62b4f5246da1ae07278ea0e7cb7b596051975afd6?s=120&#038;d=mm&#038;r=g 2x' class='avatar avatar-60 photo' height='60' width='60' \/><\/div>            <div class=\"author-wrapper\">\r\n                <div class=\"author-meta\">\r\n\t\t                                    <span class=\"by\">By<\/span>\r\n\t\t\t                                <a href=\"http:\/\/cyklista.com.pl\/index.php\/author\/administrator\/\">\r\n\t\t\t            administrator                    <\/a>\r\n                <\/div>\r\n                            <\/div>\r\n        <\/div>\r\n\t\t                        <div class=\"date-wrapper date-inline\">\r\n                        <span class=\"date\">\r\n                2025-10-07            <\/span>\r\n        <\/div>\r\n                                                                    <\/div>\r\n                        <p class=\"excerpt\">\u017bniwa Karpiowe to coroczna, barwna impreza organizowana w gminie...<\/p>                    <\/div>\r\n    <\/article>\r\n<\/div><div class=\"post-item\">\r\n    <article class=\"post-wrapper\">\r\n\t                    <div class=\"image-outer-wrapper\">\r\n            <div class=\"image-wrapper\">\r\n                <img loading=\"lazy\" decoding=\"async\" width=\"450\" height=\"290\" src=\"http:\/\/cyklista.com.pl\/wp-content\/uploads\/2026\/04\/kolejny-wieczor-grill-900x444-2-450x290.jpeg\" class=\"attachment-rivax-medium size-rivax-medium wp-post-image\" alt=\"\" title=\"Rajd K\u0119ty\" srcset=\"http:\/\/cyklista.com.pl\/wp-content\/uploads\/2026\/04\/kolejny-wieczor-grill-900x444-2-450x290.jpeg 450w, http:\/\/cyklista.com.pl\/wp-content\/uploads\/2026\/04\/kolejny-wieczor-grill-900x444-2-340x220.jpeg 340w\" sizes=\"(max-width: 450px) 100vw, 450px\" \/>\t\t        <a class=\"image-link rivax-position-cover\" aria-label=\"Item Link\" href=\"http:\/\/cyklista.com.pl\/index.php\/2025\/07\/31\/rajd-kety\/\"><\/a>                \t\t        \t\t        \r\n\t\t        \r\n\t\t        \r\n                \r\n            <\/div>\r\n            \r\n\t        \r\n        <\/div>\r\n                <div class=\"content-wrapper\">\r\n\t                    <div class=\"terms-wrapper  term-shape\"><a class=\"term-item term-id-51\" href=\"http:\/\/cyklista.com.pl\/index.php\/category\/aktualnosci\/\"><span>Aktualno\u015bci<\/span><\/a><\/div>                    <h4 class=\"post-title\">\r\n                <a href=\"http:\/\/cyklista.com.pl\/index.php\/2025\/07\/31\/rajd-kety\/\" class=\"title-animation-underline-break\" title=\"Rajd K\u0119ty\">\r\n            Rajd K\u0119ty        <\/a>\r\n        <\/h4>\r\n                                <div class=\"meta-wrapper\">\r\n\t                    <div class=\"post-author-wrapper\">\r\n\t\t\t<div class=\"author-image\"><img alt='' src='https:\/\/secure.gravatar.com\/avatar\/6e9d257abb087139c4a57fd62b4f5246da1ae07278ea0e7cb7b596051975afd6?s=60&#038;d=mm&#038;r=g' srcset='https:\/\/secure.gravatar.com\/avatar\/6e9d257abb087139c4a57fd62b4f5246da1ae07278ea0e7cb7b596051975afd6?s=120&#038;d=mm&#038;r=g 2x' class='avatar avatar-60 photo' height='60' width='60' \/><\/div>            <div class=\"author-wrapper\">\r\n                <div class=\"author-meta\">\r\n\t\t                                    <span class=\"by\">By<\/span>\r\n\t\t\t                                <a href=\"http:\/\/cyklista.com.pl\/index.php\/author\/administrator\/\">\r\n\t\t\t            administrator                    <\/a>\r\n                <\/div>\r\n                            <\/div>\r\n        <\/div>\r\n\t\t                        <div class=\"date-wrapper date-inline\">\r\n                        <span class=\"date\">\r\n                2025-07-31            <\/span>\r\n        <\/div>\r\n                                                                    <\/div>\r\n                        <p class=\"excerpt\">Rajd do K\u0119t \u2013 z deszczu nici, za to same pere\u0142ki! Ostatnia...<\/p>                    <\/div>\r\n    <\/article>\r\n<\/div><div class=\"post-item\">\r\n    <article class=\"post-wrapper\">\r\n\t                    <div class=\"image-outer-wrapper\">\r\n            <div class=\"image-wrapper\">\r\n                <img loading=\"lazy\" decoding=\"async\" width=\"450\" height=\"290\" src=\"http:\/\/cyklista.com.pl\/wp-content\/uploads\/2026\/04\/20250713_124444-1536x692-1-450x290.jpg\" class=\"attachment-rivax-medium size-rivax-medium wp-post-image\" alt=\"\" title=\"Rajd Grunwald\" srcset=\"http:\/\/cyklista.com.pl\/wp-content\/uploads\/2026\/04\/20250713_124444-1536x692-1-450x290.jpg 450w, http:\/\/cyklista.com.pl\/wp-content\/uploads\/2026\/04\/20250713_124444-1536x692-1-340x220.jpg 340w\" sizes=\"(max-width: 450px) 100vw, 450px\" \/>\t\t        <a class=\"image-link rivax-position-cover\" aria-label=\"Item Link\" href=\"http:\/\/cyklista.com.pl\/index.php\/2025\/07\/31\/rajd-grunwald\/\"><\/a>                \t\t        \t\t        \r\n\t\t        \r\n\t\t        \r\n                \r\n            <\/div>\r\n            \r\n\t        \r\n        <\/div>\r\n                <div class=\"content-wrapper\">\r\n\t                    <div class=\"terms-wrapper  term-shape\"><a class=\"term-item term-id-51\" href=\"http:\/\/cyklista.com.pl\/index.php\/category\/aktualnosci\/\"><span>Aktualno\u015bci<\/span><\/a><\/div>                    <h4 class=\"post-title\">\r\n                <a href=\"http:\/\/cyklista.com.pl\/index.php\/2025\/07\/31\/rajd-grunwald\/\" class=\"title-animation-underline-break\" title=\"Rajd Grunwald\">\r\n            Rajd Grunwald        <\/a>\r\n        <\/h4>\r\n                                <div class=\"meta-wrapper\">\r\n\t                    <div class=\"post-author-wrapper\">\r\n\t\t\t<div class=\"author-image\"><img alt='' src='https:\/\/secure.gravatar.com\/avatar\/6e9d257abb087139c4a57fd62b4f5246da1ae07278ea0e7cb7b596051975afd6?s=60&#038;d=mm&#038;r=g' srcset='https:\/\/secure.gravatar.com\/avatar\/6e9d257abb087139c4a57fd62b4f5246da1ae07278ea0e7cb7b596051975afd6?s=120&#038;d=mm&#038;r=g 2x' class='avatar avatar-60 photo' height='60' width='60' \/><\/div>            <div class=\"author-wrapper\">\r\n                <div class=\"author-meta\">\r\n\t\t                                    <span class=\"by\">By<\/span>\r\n\t\t\t                                <a href=\"http:\/\/cyklista.com.pl\/index.php\/author\/administrator\/\">\r\n\t\t\t            administrator                    <\/a>\r\n                <\/div>\r\n                            <\/div>\r\n        <\/div>\r\n\t\t                        <div class=\"date-wrapper date-inline\">\r\n                        <span class=\"date\">\r\n                2025-07-31            <\/span>\r\n        <\/div>\r\n                                                                    <\/div>\r\n                        <p class=\"excerpt\">Rowerowa lekcja historii \u2013 Bitwa pod Grunwaldem po naszemu! 13...<\/p>                    <\/div>\r\n    <\/article>\r\n<\/div><div class=\"post-item\">\r\n    <article class=\"post-wrapper\">\r\n\t                    <div class=\"image-outer-wrapper\">\r\n            <div class=\"image-wrapper\">\r\n                <img loading=\"lazy\" decoding=\"async\" width=\"450\" height=\"290\" src=\"http:\/\/cyklista.com.pl\/wp-content\/uploads\/2026\/04\/DSC_0206_Easy-Resize.com_-900x444-1-450x290.jpg\" class=\"attachment-rivax-medium size-rivax-medium wp-post-image\" alt=\"\" title=\"Rowerem przez pokolenia \u2013 Rodzinny Rajd Rowerowy w Przeciszowie \u2013 21 czerwiec 2025\" srcset=\"http:\/\/cyklista.com.pl\/wp-content\/uploads\/2026\/04\/DSC_0206_Easy-Resize.com_-900x444-1-450x290.jpg 450w, http:\/\/cyklista.com.pl\/wp-content\/uploads\/2026\/04\/DSC_0206_Easy-Resize.com_-900x444-1-340x220.jpg 340w\" sizes=\"(max-width: 450px) 100vw, 450px\" \/>\t\t        <a class=\"image-link rivax-position-cover\" aria-label=\"Item Link\" href=\"http:\/\/cyklista.com.pl\/index.php\/2025\/07\/03\/rowerem-przez-pokolenia-rodzinny-rajd-rowerowy-w-przeciszowie-21-czerwiec-2025\/\"><\/a>                \t\t        \t\t        \r\n\t\t        \r\n\t\t        \r\n                \r\n            <\/div>\r\n            \r\n\t        \r\n        <\/div>\r\n                <div class=\"content-wrapper\">\r\n\t                    <div class=\"terms-wrapper  term-shape\"><a class=\"term-item term-id-51\" href=\"http:\/\/cyklista.com.pl\/index.php\/category\/aktualnosci\/\"><span>Aktualno\u015bci<\/span><\/a><\/div>                    <h4 class=\"post-title\">\r\n                <a href=\"http:\/\/cyklista.com.pl\/index.php\/2025\/07\/03\/rowerem-przez-pokolenia-rodzinny-rajd-rowerowy-w-przeciszowie-21-czerwiec-2025\/\" class=\"title-animation-underline-break\" title=\"Rowerem przez pokolenia \u2013 Rodzinny Rajd Rowerowy w Przeciszowie \u2013 21 czerwiec 2025\">\r\n            Rowerem przez pokolenia \u2013 Rodzinny Rajd Rowerowy w Przeciszowie \u2013 21 czerwiec 2025        <\/a>\r\n        <\/h4>\r\n                                <div class=\"meta-wrapper\">\r\n\t                    <div class=\"post-author-wrapper\">\r\n\t\t\t<div class=\"author-image\"><img alt='' src='https:\/\/secure.gravatar.com\/avatar\/6e9d257abb087139c4a57fd62b4f5246da1ae07278ea0e7cb7b596051975afd6?s=60&#038;d=mm&#038;r=g' srcset='https:\/\/secure.gravatar.com\/avatar\/6e9d257abb087139c4a57fd62b4f5246da1ae07278ea0e7cb7b596051975afd6?s=120&#038;d=mm&#038;r=g 2x' class='avatar avatar-60 photo' height='60' width='60' \/><\/div>            <div class=\"author-wrapper\">\r\n                <div class=\"author-meta\">\r\n\t\t                                    <span class=\"by\">By<\/span>\r\n\t\t\t                                <a href=\"http:\/\/cyklista.com.pl\/index.php\/author\/administrator\/\">\r\n\t\t\t            administrator                    <\/a>\r\n                <\/div>\r\n                            <\/div>\r\n        <\/div>\r\n\t\t                        <div class=\"date-wrapper date-inline\">\r\n                        <span class=\"date\">\r\n                2025-07-03            <\/span>\r\n        <\/div>\r\n                                                                    <\/div>\r\n                        <p class=\"excerpt\">Czy mo\u017cna sobot\u0119 sp\u0119dzi\u0107 aktywnie, z u\u015bmiechem, rodzinnie, wr\u0119cz...<\/p>                    <\/div>\r\n    <\/article>\r\n<\/div><div class=\"post-item\">\r\n    <article class=\"post-wrapper\">\r\n\t                    <div class=\"image-outer-wrapper\">\r\n            <div class=\"image-wrapper\">\r\n                <img loading=\"lazy\" decoding=\"async\" width=\"450\" height=\"290\" src=\"http:\/\/cyklista.com.pl\/wp-content\/uploads\/2026\/04\/Wdzydze-Park-Krajobrazowy-900x444-1-450x290.jpeg\" class=\"attachment-rivax-medium size-rivax-medium wp-post-image\" alt=\"\" title=\"Kaszuby 2025\" srcset=\"http:\/\/cyklista.com.pl\/wp-content\/uploads\/2026\/04\/Wdzydze-Park-Krajobrazowy-900x444-1-450x290.jpeg 450w, http:\/\/cyklista.com.pl\/wp-content\/uploads\/2026\/04\/Wdzydze-Park-Krajobrazowy-900x444-1-340x220.jpeg 340w\" sizes=\"(max-width: 450px) 100vw, 450px\" \/>\t\t        <a class=\"image-link rivax-position-cover\" aria-label=\"Item Link\" href=\"http:\/\/cyklista.com.pl\/index.php\/2025\/07\/01\/kaszuby-2025\/\"><\/a>                \t\t        \t\t        \r\n\t\t        \r\n\t\t        \r\n                \r\n            <\/div>\r\n            \r\n\t        \r\n        <\/div>\r\n                <div class=\"content-wrapper\">\r\n\t                    <div class=\"terms-wrapper  term-shape\"><a class=\"term-item term-id-51\" href=\"http:\/\/cyklista.com.pl\/index.php\/category\/aktualnosci\/\"><span>Aktualno\u015bci<\/span><\/a><\/div>                    <h4 class=\"post-title\">\r\n                <a href=\"http:\/\/cyklista.com.pl\/index.php\/2025\/07\/01\/kaszuby-2025\/\" class=\"title-animation-underline-break\" title=\"Kaszuby 2025\">\r\n            Kaszuby 2025        <\/a>\r\n        <\/h4>\r\n                                <div class=\"meta-wrapper\">\r\n\t                    <div class=\"post-author-wrapper\">\r\n\t\t\t<div class=\"author-image\"><img alt='' src='https:\/\/secure.gravatar.com\/avatar\/6e9d257abb087139c4a57fd62b4f5246da1ae07278ea0e7cb7b596051975afd6?s=60&#038;d=mm&#038;r=g' srcset='https:\/\/secure.gravatar.com\/avatar\/6e9d257abb087139c4a57fd62b4f5246da1ae07278ea0e7cb7b596051975afd6?s=120&#038;d=mm&#038;r=g 2x' class='avatar avatar-60 photo' height='60' width='60' \/><\/div>            <div class=\"author-wrapper\">\r\n                <div class=\"author-meta\">\r\n\t\t                                    <span class=\"by\">By<\/span>\r\n\t\t\t                                <a href=\"http:\/\/cyklista.com.pl\/index.php\/author\/administrator\/\">\r\n\t\t\t            administrator                    <\/a>\r\n                <\/div>\r\n                            <\/div>\r\n        <\/div>\r\n\t\t                        <div class=\"date-wrapper date-inline\">\r\n                        <span class=\"date\">\r\n                2025-07-01            <\/span>\r\n        <\/div>\r\n                                                                    <\/div>\r\n                        <p class=\"excerpt\">Wczasy rowerowe \u2013 Kaszuby 2025 W dniach 6\u201315 czerwca 2025 roku...<\/p>                    <\/div>\r\n    <\/article>\r\n<\/div><div class=\"post-item\">\r\n    <article class=\"post-wrapper\">\r\n\t                    <div class=\"content-wrapper\">\r\n\t                    <div class=\"terms-wrapper  term-shape\"><a class=\"term-item term-id-51\" href=\"http:\/\/cyklista.com.pl\/index.php\/category\/aktualnosci\/\"><span>Aktualno\u015bci<\/span><\/a><\/div>                    <h4 class=\"post-title\">\r\n                <a href=\"http:\/\/cyklista.com.pl\/index.php\/2025\/05\/14\/walne-zgromadzenie-czlonkow\/\" class=\"title-animation-underline-break\" title=\"Walne Zgromadzenie Cz\u0142onk\u00f3w\">\r\n            Walne Zgromadzenie Cz\u0142onk\u00f3w        <\/a>\r\n        <\/h4>\r\n                                <div class=\"meta-wrapper\">\r\n\t                    <div class=\"post-author-wrapper\">\r\n\t\t\t<div class=\"author-image\"><img alt='' src='https:\/\/secure.gravatar.com\/avatar\/6e9d257abb087139c4a57fd62b4f5246da1ae07278ea0e7cb7b596051975afd6?s=60&#038;d=mm&#038;r=g' srcset='https:\/\/secure.gravatar.com\/avatar\/6e9d257abb087139c4a57fd62b4f5246da1ae07278ea0e7cb7b596051975afd6?s=120&#038;d=mm&#038;r=g 2x' class='avatar avatar-60 photo' height='60' width='60' \/><\/div>            <div class=\"author-wrapper\">\r\n                <div class=\"author-meta\">\r\n\t\t                                    <span class=\"by\">By<\/span>\r\n\t\t\t                                <a href=\"http:\/\/cyklista.com.pl\/index.php\/author\/administrator\/\">\r\n\t\t\t            administrator                    <\/a>\r\n                <\/div>\r\n                            <\/div>\r\n        <\/div>\r\n\t\t                        <div class=\"date-wrapper date-inline\">\r\n                        <span class=\"date\">\r\n                2025-05-14            <\/span>\r\n        <\/div>\r\n                                                                    <\/div>\r\n                        <p class=\"excerpt\">Zarz\u0105d Towarzystwa Turystyki Rowerowej Cyklista z siedzib\u0105 w...<\/p>                    <\/div>\r\n    <\/article>\r\n<\/div><div class=\"post-item\">\r\n    <article class=\"post-wrapper\">\r\n\t                    <div class=\"image-outer-wrapper\">\r\n            <div class=\"image-wrapper\">\r\n                <img loading=\"lazy\" decoding=\"async\" width=\"450\" height=\"290\" src=\"http:\/\/cyklista.com.pl\/wp-content\/uploads\/2026\/04\/rpr_plakat2025-scaled-900x444-1-450x290.jpg\" class=\"attachment-rivax-medium size-rivax-medium wp-post-image\" alt=\"\" title=\"Rodzinny Rajd Rowerowy w Przeciszowie\" srcset=\"http:\/\/cyklista.com.pl\/wp-content\/uploads\/2026\/04\/rpr_plakat2025-scaled-900x444-1-450x290.jpg 450w, http:\/\/cyklista.com.pl\/wp-content\/uploads\/2026\/04\/rpr_plakat2025-scaled-900x444-1-340x220.jpg 340w\" sizes=\"(max-width: 450px) 100vw, 450px\" \/>\t\t        <a class=\"image-link rivax-position-cover\" aria-label=\"Item Link\" href=\"http:\/\/cyklista.com.pl\/index.php\/2025\/05\/13\/rodzinny-rajd-rowerowy-w-przeciszowie\/\"><\/a>                \t\t        \t\t        \r\n\t\t        \r\n\t\t        \r\n                \r\n            <\/div>\r\n            \r\n\t        \r\n        <\/div>\r\n                <div class=\"content-wrapper\">\r\n\t                    <div class=\"terms-wrapper  term-shape\"><a class=\"term-item term-id-51\" href=\"http:\/\/cyklista.com.pl\/index.php\/category\/aktualnosci\/\"><span>Aktualno\u015bci<\/span><\/a><\/div>                    <h4 class=\"post-title\">\r\n                <a href=\"http:\/\/cyklista.com.pl\/index.php\/2025\/05\/13\/rodzinny-rajd-rowerowy-w-przeciszowie\/\" class=\"title-animation-underline-break\" title=\"Rodzinny Rajd Rowerowy w Przeciszowie\">\r\n            Rodzinny Rajd Rowerowy w Przeciszowie        <\/a>\r\n        <\/h4>\r\n                                <div class=\"meta-wrapper\">\r\n\t                    <div class=\"post-author-wrapper\">\r\n\t\t\t<div class=\"author-image\"><img alt='' src='https:\/\/secure.gravatar.com\/avatar\/6e9d257abb087139c4a57fd62b4f5246da1ae07278ea0e7cb7b596051975afd6?s=60&#038;d=mm&#038;r=g' srcset='https:\/\/secure.gravatar.com\/avatar\/6e9d257abb087139c4a57fd62b4f5246da1ae07278ea0e7cb7b596051975afd6?s=120&#038;d=mm&#038;r=g 2x' class='avatar avatar-60 photo' height='60' width='60' \/><\/div>            <div class=\"author-wrapper\">\r\n                <div class=\"author-meta\">\r\n\t\t                                    <span class=\"by\">By<\/span>\r\n\t\t\t                                <a href=\"http:\/\/cyklista.com.pl\/index.php\/author\/administrator\/\">\r\n\t\t\t            administrator                    <\/a>\r\n                <\/div>\r\n                            <\/div>\r\n        <\/div>\r\n\t\t                        <div class=\"date-wrapper date-inline\">\r\n                        <span class=\"date\">\r\n                2025-05-13            <\/span>\r\n        <\/div>\r\n                                                                    <\/div>\r\n                        <p class=\"excerpt\">Ju\u017c 21 czerwca 2025 odb\u0119dzie si\u0119 Rodzinny Rajd Rowerowy w...<\/p>                    <\/div>\r\n    <\/article>\r\n<\/div><div class=\"post-item\">\r\n    <article class=\"post-wrapper\">\r\n\t                    <div class=\"image-outer-wrapper\">\r\n            <div class=\"image-wrapper\">\r\n                <img loading=\"lazy\" decoding=\"async\" width=\"450\" height=\"290\" src=\"http:\/\/cyklista.com.pl\/wp-content\/uploads\/2026\/04\/obraz_2025-05-04_120640916-900x444-1-450x290.png\" class=\"attachment-rivax-medium size-rivax-medium wp-post-image\" alt=\"\" title=\"Majowy weekend 2025\" srcset=\"http:\/\/cyklista.com.pl\/wp-content\/uploads\/2026\/04\/obraz_2025-05-04_120640916-900x444-1-450x290.png 450w, http:\/\/cyklista.com.pl\/wp-content\/uploads\/2026\/04\/obraz_2025-05-04_120640916-900x444-1-340x220.png 340w\" sizes=\"(max-width: 450px) 100vw, 450px\" \/>\t\t        <a class=\"image-link rivax-position-cover\" aria-label=\"Item Link\" href=\"http:\/\/cyklista.com.pl\/index.php\/2025\/05\/06\/majowy-weekend-2025\/\"><\/a>                \t\t        \t\t        \r\n\t\t        \r\n\t\t        \r\n                \r\n            <\/div>\r\n            \r\n\t        \r\n        <\/div>\r\n                <div class=\"content-wrapper\">\r\n\t                    <div class=\"terms-wrapper  term-shape\"><a class=\"term-item term-id-51\" href=\"http:\/\/cyklista.com.pl\/index.php\/category\/aktualnosci\/\"><span>Aktualno\u015bci<\/span><\/a><\/div>                    <h4 class=\"post-title\">\r\n                <a href=\"http:\/\/cyklista.com.pl\/index.php\/2025\/05\/06\/majowy-weekend-2025\/\" class=\"title-animation-underline-break\" title=\"Majowy weekend 2025\">\r\n            Majowy weekend 2025        <\/a>\r\n        <\/h4>\r\n                                <div class=\"meta-wrapper\">\r\n\t                    <div class=\"post-author-wrapper\">\r\n\t\t\t<div class=\"author-image\"><img alt='' src='https:\/\/secure.gravatar.com\/avatar\/6e9d257abb087139c4a57fd62b4f5246da1ae07278ea0e7cb7b596051975afd6?s=60&#038;d=mm&#038;r=g' srcset='https:\/\/secure.gravatar.com\/avatar\/6e9d257abb087139c4a57fd62b4f5246da1ae07278ea0e7cb7b596051975afd6?s=120&#038;d=mm&#038;r=g 2x' class='avatar avatar-60 photo' height='60' width='60' \/><\/div>            <div class=\"author-wrapper\">\r\n                <div class=\"author-meta\">\r\n\t\t                                    <span class=\"by\">By<\/span>\r\n\t\t\t                                <a href=\"http:\/\/cyklista.com.pl\/index.php\/author\/administrator\/\">\r\n\t\t\t            administrator                    <\/a>\r\n                <\/div>\r\n                            <\/div>\r\n        <\/div>\r\n\t\t                        <div class=\"date-wrapper date-inline\">\r\n                        <span class=\"date\">\r\n                2025-05-06            <\/span>\r\n        <\/div>\r\n                                                                    <\/div>\r\n                        <p class=\"excerpt\">Maj\u00f3wka na dw\u00f3ch k\u00f3\u0142kach \u2013 czyli nasza wyprawa nad Jezioro...<\/p>                    <\/div>\r\n    <\/article>\r\n<\/div>            <\/div>\r\n                <div class=\"rivax-posts-pagination-wrap\">\r\n                <div class=\"rivax-posts-pagination load-more-pagination\">\r\n                    <a class=\"rivax-post-load-more elementor-button elementor-size-sm \" href=\"#\"\r\n                       data-widget-id=\"1bf36ba\" data-current-page=\"1\"\r\n                       data-post-id=\"1918\">\r\n                        <span class=\"rivax-button-text a\">Load More<\/span>\r\n                        <span class=\"rivax-button-text b\">Load More<\/span>\r\n                    <\/a>\r\n                    <span class=\"rivax-post-load-more-loader\"><\/span>\r\n                <\/div>\r\n            <\/div>\r\n            <\/div>\r\n\t\t\t\t<\/div>\n\t\t\t\t<\/div>\n\t\t\t\t<\/div>\n\t\t<div class=\"rivax-sticky-column elementor-element elementor-element-69c4dad e-con-full e-flex e-con e-child\" data-id=\"69c4dad\" data-element_type=\"container\" data-e-type=\"container\">\n\t\t\t\t<div class=\"elementor-element elementor-element-1ee757f elementor-widget elementor-widget-image\" data-id=\"1ee757f\" data-element_type=\"widget\" data-e-type=\"widget\" data-widget_type=\"image.default\">\n\t\t\t\t\t\t\t\t\t\t\t\t\t\t\t\t<a href=\"#\">\n\t\t\t\t\t\t\t<img loading=\"lazy\" decoding=\"async\" width=\"700\" height=\"700\" src=\"http:\/\/cyklista.com.pl\/wp-content\/uploads\/2024\/05\/385.webp\" class=\"attachment-full size-full wp-image-1381\" alt=\"\" srcset=\"http:\/\/cyklista.com.pl\/wp-content\/uploads\/2024\/05\/385.webp 700w, http:\/\/cyklista.com.pl\/wp-content\/uploads\/2024\/05\/385-300x300.webp 300w, http:\/\/cyklista.com.pl\/wp-content\/uploads\/2024\/05\/385-150x150.webp 150w, http:\/\/cyklista.com.pl\/wp-content\/uploads\/2024\/05\/385-340x340.webp 340w, http:\/\/cyklista.com.pl\/wp-content\/uploads\/2024\/05\/385-450x450.webp 450w, http:\/\/cyklista.com.pl\/wp-content\/uploads\/2024\/05\/385-650x650.webp 650w\" sizes=\"(max-width: 700px) 100vw, 700px\" \/>\t\t\t\t\t\t\t\t<\/a>\n\t\t\t\t\t\t\t\t\t\t\t\t\t\t\t<\/div>\n\t\t\t\t<div class=\"elementor-element elementor-element-1fa014b rivax-align-left elementor-widget rivax-divider-heading-widget\" data-id=\"1fa014b\" data-element_type=\"widget\" data-e-type=\"widget\" data-widget_type=\"rivax-divider-heading.default\">\n\t\t\t\t<div class=\"elementor-widget-container\">\n\t\t\t\t\t<div class=\"rivax-divider-heading-wrap\">\r\n    <div class=\"rivax-divider-heading divider-style-9 \">\r\n        <div class=\"divider divider-1\"><\/div>\r\n        <div class=\"divider divider-2\"><\/div>\r\n        <h5 class=\"title\">\r\n                <span class=\"title-inner\">\r\n            <span class=\"title-text\">\r\n                                Most Viewed            <\/span>\r\n                    <\/span>\r\n                <\/h5>\r\n        <div class=\"divider divider-3\"><\/div>\r\n        <div class=\"divider divider-4\"><\/div>\r\n    <\/div>\r\n<\/div>\t\t\t\t<\/div>\n\t\t\t\t<\/div>\n\t\t\t\t<div class=\"elementor-element elementor-element-6e94143 elementor-widget rivax-post-modern-widget\" data-id=\"6e94143\" data-element_type=\"widget\" data-e-type=\"widget\" data-widget_type=\"rivax-post-modern.default\">\n\t\t\t\t<div class=\"elementor-widget-container\">\n\t\t\t\t\t<div class=\"rivax-posts-container\">\r\n    <div class=\"rivax-posts-wrapper layout-grid\">\r\n                <div class=\"post-item\">\r\n    <article class=\"post-wrapper\">\r\n\t                    <div class=\"image-outer-wrapper\">\r\n            <div class=\"image-wrapper\">\r\n                <img loading=\"lazy\" decoding=\"async\" width=\"340\" height=\"220\" src=\"http:\/\/cyklista.com.pl\/wp-content\/uploads\/2026\/04\/Rajd-W.-1536x864-1-340x220.jpeg\" class=\"attachment-rivax-small size-rivax-small wp-post-image\" alt=\"\" title=\"Rajd Wielkanocny\" srcset=\"http:\/\/cyklista.com.pl\/wp-content\/uploads\/2026\/04\/Rajd-W.-1536x864-1-340x220.jpeg 340w, http:\/\/cyklista.com.pl\/wp-content\/uploads\/2026\/04\/Rajd-W.-1536x864-1-450x290.jpeg 450w\" sizes=\"(max-width: 340px) 100vw, 340px\" \/>\t\t        <a class=\"image-link rivax-position-cover\" aria-label=\"Item Link\" href=\"http:\/\/cyklista.com.pl\/index.php\/2025\/04\/15\/rajd-wielkanocny\/\"><\/a>                \t\t        \t\t        \r\n\t\t        \r\n\t\t        \r\n                \r\n            <\/div>\r\n            \r\n\t        \r\n        <\/div>\r\n                <div class=\"content-wrapper\">\r\n\t                    <div class=\"terms-wrapper  term-shape\"><a class=\"term-item term-id-51\" href=\"http:\/\/cyklista.com.pl\/index.php\/category\/aktualnosci\/\"><span>Aktualno\u015bci<\/span><\/a><\/div>                    <h5 class=\"post-title\">\r\n                <a href=\"http:\/\/cyklista.com.pl\/index.php\/2025\/04\/15\/rajd-wielkanocny\/\" class=\"title-animation-underline-break\" title=\"Rajd Wielkanocny\">\r\n            Rajd Wielkanocny        <\/a>\r\n        <\/h5>\r\n                                <div class=\"meta-wrapper\">\r\n\t                                    <div class=\"date-wrapper date-inline\">\r\n                            <i class=\"ri-calendar\"><\/i>\r\n                        <span class=\"date\">\r\n                2025-04-15            <\/span>\r\n        <\/div>\r\n                                                                    <\/div>\r\n                                            <\/div>\r\n    <\/article>\r\n<\/div>            <\/div>\r\n    <\/div>\r\n\t\t\t\t<\/div>\n\t\t\t\t<\/div>\n\t\t\t\t<div class=\"elementor-element elementor-element-70b05ef elementor-widget rivax-post-elastic-widget\" data-id=\"70b05ef\" data-element_type=\"widget\" data-e-type=\"widget\" data-widget_type=\"rivax-post-elastic.default\">\n\t\t\t\t<div class=\"elementor-widget-container\">\n\t\t\t\t\t<div class=\"rivax-posts-container\">\r\n    <div class=\"rivax-posts-wrapper layout-grid\">\r\n                <div class=\"post-item\">\r\n    <article class=\"post-wrapper\">\r\n        \t    \r\n\t    \r\n                    <div class=\"image-outer-wrapper\">\r\n\r\n\t            \r\n\t            \r\n                <div class=\"image-wrapper\">\r\n                    <a class=\"rivax-position-cover\" href=\"http:\/\/cyklista.com.pl\/index.php\/2025\/03\/25\/co-slychac-u-cyklistow\/\" aria-label=\"Item Link\"><\/a>\r\n                    <img loading=\"lazy\" decoding=\"async\" width=\"150\" height=\"150\" src=\"http:\/\/cyklista.com.pl\/wp-content\/uploads\/2026\/04\/20250823_113401-scaled-900x444-1-150x150.jpg\" class=\"attachment-thumbnail size-thumbnail wp-post-image\" alt=\"\" title=\"Co s\u0142ycha\u0107 u Cyklist\u00f3w\" srcset=\"http:\/\/cyklista.com.pl\/wp-content\/uploads\/2026\/04\/20250823_113401-scaled-900x444-1-150x150.jpg 150w, http:\/\/cyklista.com.pl\/wp-content\/uploads\/2026\/04\/20250823_113401-scaled-900x444-1-340x340.jpg 340w\" sizes=\"(max-width: 150px) 100vw, 150px\" \/>\r\n\t\t            \t\t                            <\/div>\r\n\r\n            <\/div>\r\n        \r\n        <div class=\"content-wrapper\">\r\n\t                            <h6 class=\"post-title\">\r\n                <a href=\"http:\/\/cyklista.com.pl\/index.php\/2025\/03\/25\/co-slychac-u-cyklistow\/\" class=\"title-animation-underline-break\" title=\"Co s\u0142ycha\u0107 u Cyklist\u00f3w\">\r\n            Co s\u0142ycha\u0107 u Cyklist\u00f3w        <\/a>\r\n        <\/h6>\r\n                    <div class=\"meta-wrapper\">\r\n                                        <div class=\"date-wrapper date-inline\">\r\n                        <span class=\"date\">\r\n                2025-03-25            <\/span>\r\n        <\/div>\r\n                                                                    <\/div>\r\n                                <\/div>\r\n    <\/article>\r\n<\/div><div class=\"post-item\">\r\n    <article class=\"post-wrapper\">\r\n        \t    \r\n\t    \r\n                    <div class=\"image-outer-wrapper\">\r\n\r\n\t            \r\n\t            \r\n                <div class=\"image-wrapper\">\r\n                    <a class=\"rivax-position-cover\" href=\"http:\/\/cyklista.com.pl\/index.php\/2025\/03\/12\/harmonogram-2025\/\" aria-label=\"Item Link\"><\/a>\r\n                    <img loading=\"lazy\" decoding=\"async\" width=\"150\" height=\"150\" src=\"http:\/\/cyklista.com.pl\/wp-content\/uploads\/2026\/04\/book-1750740_640-150x150.jpg\" class=\"attachment-thumbnail size-thumbnail wp-post-image\" alt=\"\" title=\"Harmonogram 2025\" srcset=\"http:\/\/cyklista.com.pl\/wp-content\/uploads\/2026\/04\/book-1750740_640-150x150.jpg 150w, http:\/\/cyklista.com.pl\/wp-content\/uploads\/2026\/04\/book-1750740_640-340x340.jpg 340w, http:\/\/cyklista.com.pl\/wp-content\/uploads\/2026\/04\/book-1750740_640-450x450.jpg 450w\" sizes=\"(max-width: 150px) 100vw, 150px\" \/>\r\n\t\t            \t\t                            <\/div>\r\n\r\n            <\/div>\r\n        \r\n        <div class=\"content-wrapper\">\r\n\t                            <h6 class=\"post-title\">\r\n                <a href=\"http:\/\/cyklista.com.pl\/index.php\/2025\/03\/12\/harmonogram-2025\/\" class=\"title-animation-underline-break\" title=\"Harmonogram 2025\">\r\n            Harmonogram 2025        <\/a>\r\n        <\/h6>\r\n                    <div class=\"meta-wrapper\">\r\n                                        <div class=\"date-wrapper date-inline\">\r\n                        <span class=\"date\">\r\n                2025-03-12            <\/span>\r\n        <\/div>\r\n                                                                    <\/div>\r\n                                <\/div>\r\n    <\/article>\r\n<\/div><div class=\"post-item\">\r\n    <article class=\"post-wrapper\">\r\n        \t    \r\n\t    \r\n                    <div class=\"image-outer-wrapper\">\r\n\r\n\t            \r\n\t            \r\n                <div class=\"image-wrapper\">\r\n                    <a class=\"rivax-position-cover\" href=\"http:\/\/cyklista.com.pl\/index.php\/2025\/03\/10\/czwartkowe-spotkania\/\" aria-label=\"Item Link\"><\/a>\r\n                    <img loading=\"lazy\" decoding=\"async\" width=\"150\" height=\"150\" src=\"http:\/\/cyklista.com.pl\/wp-content\/uploads\/2026\/04\/a493efaf-54dc-4b82-906e-cf25dad7a4bb-900x444-1-150x150.jpeg\" class=\"attachment-thumbnail size-thumbnail wp-post-image\" alt=\"\" title=\"CZWARTKOWE SPOTKANIA\" srcset=\"http:\/\/cyklista.com.pl\/wp-content\/uploads\/2026\/04\/a493efaf-54dc-4b82-906e-cf25dad7a4bb-900x444-1-150x150.jpeg 150w, http:\/\/cyklista.com.pl\/wp-content\/uploads\/2026\/04\/a493efaf-54dc-4b82-906e-cf25dad7a4bb-900x444-1-340x340.jpeg 340w\" sizes=\"(max-width: 150px) 100vw, 150px\" \/>\r\n\t\t            \t\t                            <\/div>\r\n\r\n            <\/div>\r\n        \r\n        <div class=\"content-wrapper\">\r\n\t                            <h6 class=\"post-title\">\r\n                <a href=\"http:\/\/cyklista.com.pl\/index.php\/2025\/03\/10\/czwartkowe-spotkania\/\" class=\"title-animation-underline-break\" title=\"CZWARTKOWE SPOTKANIA\">\r\n            CZWARTKOWE SPOTKANIA        <\/a>\r\n        <\/h6>\r\n                    <div class=\"meta-wrapper\">\r\n                                        <div class=\"date-wrapper date-inline\">\r\n                        <span class=\"date\">\r\n                2025-03-10            <\/span>\r\n        <\/div>\r\n                                                                    <\/div>\r\n                                <\/div>\r\n    <\/article>\r\n<\/div>            <\/div>\r\n    <\/div>\r\n\t\t\t\t<\/div>\n\t\t\t\t<\/div>\n\t\t\t\t<\/div>\n\t\t\t\t\t<\/div>\n\t\t\t\t<\/div>\n\t\t\t\t<\/div>\n\t\t","protected":false},"template":"","class_list":["post-1918","rivax-template","type-rivax-template","status-publish","hentry"],"_links":{"self":[{"href":"http:\/\/cyklista.com.pl\/index.php\/wp-json\/wp\/v2\/rivax-template\/1918","targetHints":{"allow":["GET"]}}],"collection":[{"href":"http:\/\/cyklista.com.pl\/index.php\/wp-json\/wp\/v2\/rivax-template"}],"about":[{"href":"http:\/\/cyklista.com.pl\/index.php\/wp-json\/wp\/v2\/types\/rivax-template"}],"version-history":[{"count":1,"href":"http:\/\/cyklista.com.pl\/index.php\/wp-json\/wp\/v2\/rivax-template\/1918\/revisions"}],"predecessor-version":[{"id":1930,"href":"http:\/\/cyklista.com.pl\/index.php\/wp-json\/wp\/v2\/rivax-template\/1918\/revisions\/1930"}],"wp:attachment":[{"href":"http:\/\/cyklista.com.pl\/index.php\/wp-json\/wp\/v2\/media?parent=1918"}],"curies":[{"name":"wp","href":"https:\/\/api.w.org\/{rel}","templated":true}]}}