{"id":1921,"date":"2025-10-06T08:51:15","date_gmt":"2025-10-06T08:51:15","guid":{"rendered":"https:\/\/demo.rivaxstudio.com\/newsfy\/digimag\/?post_type=rivax-template&amp;p=1509"},"modified":"2025-10-06T08:51:15","modified_gmt":"2025-10-06T08:51:15","slug":"mega-menu-2","status":"publish","type":"rivax-template","link":"http:\/\/cyklista.com.pl\/?rivax-template=mega-menu-2","title":{"rendered":"Mega Menu"},"content":{"rendered":"\t\t<div data-elementor-type=\"wp-post\" data-elementor-id=\"1921\" class=\"elementor elementor-1921\">\n\t\t\t\t<div class=\"elementor-element elementor-element-49cc782 e-flex e-con-boxed e-con e-parent\" data-id=\"49cc782\" data-element_type=\"container\" data-e-type=\"container\">\n\t\t\t\t\t<div class=\"e-con-inner\">\n\t\t<div class=\"elementor-element elementor-element-8088a47 e-con-full e-flex e-con e-child\" data-id=\"8088a47\" data-element_type=\"container\" data-e-type=\"container\">\n\t\t\t\t<div class=\"elementor-element elementor-element-b8a8a87 rivax-align-left elementor-widget rivax-divider-heading-widget\" data-id=\"b8a8a87\" data-element_type=\"widget\" data-e-type=\"widget\" data-widget_type=\"rivax-divider-heading.default\">\n\t\t\t\t<div class=\"elementor-widget-container\">\n\t\t\t\t\t<div class=\"rivax-divider-heading-wrap\">\r\n    <div class=\"rivax-divider-heading divider-style-7 \">\r\n        <div class=\"divider divider-1\"><\/div>\r\n        <div class=\"divider divider-2\"><\/div>\r\n        <h5 class=\"title\">\r\n                <span class=\"title-inner\">\r\n            <span class=\"title-text\">\r\n                                Technology News            <\/span>\r\n                    <\/span>\r\n                <\/h5>\r\n        <div class=\"divider divider-3\"><\/div>\r\n        <div class=\"divider divider-4\"><\/div>\r\n    <\/div>\r\n<\/div>\t\t\t\t<\/div>\n\t\t\t\t<\/div>\n\t\t<div class=\"elementor-element elementor-element-12473c9 e-con-full e-flex e-con e-child\" data-id=\"12473c9\" data-element_type=\"container\" data-e-type=\"container\">\n\t\t\t\t<div class=\"elementor-element elementor-element-fa40596 elementor-widget rivax-post-kenzo-widget\" data-id=\"fa40596\" data-element_type=\"widget\" data-e-type=\"widget\" data-widget_type=\"rivax-post-kenzo.default\">\n\t\t\t\t<div class=\"elementor-widget-container\">\n\t\t\t\t\t<div class=\"rivax-posts-container\">\r\n    <div class=\"rivax-posts-wrapper layout-grid\">\r\n                <div class=\"post-item\">\r\n    <article class=\"post-wrapper\">\r\n        <a class=\"item-link rivax-position-cover\" aria-label=\"Item Link\" href=\"http:\/\/cyklista.com.pl\/index.php\/2025\/03\/25\/co-slychac-u-cyklistow\/\"><\/a>        <div class=\"image-wrapper\">\r\n            <img fetchpriority=\"high\" decoding=\"async\" width=\"340\" height=\"340\" src=\"http:\/\/cyklista.com.pl\/wp-content\/uploads\/2026\/04\/20250823_113401-scaled-900x444-1-340x340.jpg\" class=\"attachment-rivax-small-square size-rivax-small-square wp-post-image\" alt=\"\" title=\"Co s\u0142ycha\u0107 u Cyklist\u00f3w\" srcset=\"http:\/\/cyklista.com.pl\/wp-content\/uploads\/2026\/04\/20250823_113401-scaled-900x444-1-340x340.jpg 340w, http:\/\/cyklista.com.pl\/wp-content\/uploads\/2026\/04\/20250823_113401-scaled-900x444-1-150x150.jpg 150w\" sizes=\"(max-width: 340px) 100vw, 340px\" \/>        <\/div>\r\n\t            <div class=\"content-wrapper rivax-position-bottom style-1\">\r\n            <div class=\"content-wrapper-inner\">\r\n\t            <div class=\"terms-wrapper  term-shape\"><a class=\"term-item term-id-51\" href=\"http:\/\/cyklista.com.pl\/index.php\/category\/aktualnosci\/\"><span>Aktualno\u015bci<\/span><\/a><\/div>                        <h5 class=\"post-title\">\r\n                <a href=\"http:\/\/cyklista.com.pl\/index.php\/2025\/03\/25\/co-slychac-u-cyklistow\/\" class=\"title-animation-underline-fix\" title=\"Co s\u0142ycha\u0107 u Cyklist\u00f3w\">\r\n            Co s\u0142ycha\u0107 u Cyklist\u00f3w        <\/a>\r\n        <\/h5>\r\n        \t                            <div class=\"meta-wrapper\">\r\n\t                                            <div class=\"date-wrapper date-inline\">\r\n                        <span class=\"date\">\r\n                2025-03-25            <\/span>\r\n        <\/div>\r\n                                                                                    <\/div>\r\n                            <\/div>\r\n        <\/div>\r\n                    <\/article>\r\n<\/div>            <\/div>\r\n    <\/div>\r\n\t\t\t\t<\/div>\n\t\t\t\t<\/div>\n\t\t\t\t<div class=\"elementor-element elementor-element-6c37be0 elementor-widget rivax-post-miniline-widget\" data-id=\"6c37be0\" data-element_type=\"widget\" data-e-type=\"widget\" data-widget_type=\"rivax-post-miniline.default\">\n\t\t\t\t<div class=\"elementor-widget-container\">\n\t\t\t\t\t<div class=\"rivax-post-miniline bullet-circle\">\r\n    <article class=\"post-wrapper term-id-51\">\r\n    <span class=\"bullet\"><\/span>\r\n            <span class=\"date\">\r\n            2025-07-31        <\/span>\r\n                    <h6 class=\"post-title\">\r\n                <a href=\"http:\/\/cyklista.com.pl\/index.php\/2025\/07\/31\/rajd-kety\/\" class=\"title-animation-default\" title=\"Rajd K\u0119ty\">\r\n            Rajd K\u0119ty        <\/a>\r\n        <\/h6>\r\n        <\/article><article class=\"post-wrapper term-id-51\">\r\n    <span class=\"bullet\"><\/span>\r\n            <span class=\"date\">\r\n            2025-07-31        <\/span>\r\n                    <h6 class=\"post-title\">\r\n                <a href=\"http:\/\/cyklista.com.pl\/index.php\/2025\/07\/31\/rajd-grunwald\/\" class=\"title-animation-default\" title=\"Rajd Grunwald\">\r\n            Rajd Grunwald        <\/a>\r\n        <\/h6>\r\n        <\/article><article class=\"post-wrapper term-id-51\">\r\n    <span class=\"bullet\"><\/span>\r\n            <span class=\"date\">\r\n            2025-07-03        <\/span>\r\n                    <h6 class=\"post-title\">\r\n                <a href=\"http:\/\/cyklista.com.pl\/index.php\/2025\/07\/03\/rowerem-przez-pokolenia-rodzinny-rajd-rowerowy-w-przeciszowie-21-czerwiec-2025\/\" class=\"title-animation-default\" title=\"Rowerem przez pokolenia \u2013 Rodzinny Rajd Rowerowy w Przeciszowie \u2013 21 czerwiec 2025\">\r\n            Rowerem przez pokolenia \u2013 Rodzinny Rajd Rowerowy w Przeciszowie \u2013 21 czerwiec 2025        <\/a>\r\n        <\/h6>\r\n        <\/article><\/div>\r\n\t\t\t\t<\/div>\n\t\t\t\t<\/div>\n\t\t\t\t<div class=\"elementor-element elementor-element-fac57c3 elementor-widget rivax-post-miniline-widget\" data-id=\"fac57c3\" data-element_type=\"widget\" data-e-type=\"widget\" data-widget_type=\"rivax-post-miniline.default\">\n\t\t\t\t<div class=\"elementor-widget-container\">\n\t\t\t\t\t<div class=\"rivax-post-miniline bullet-circle\">\r\n    <article class=\"post-wrapper term-id-51\">\r\n    <span class=\"bullet\"><\/span>\r\n            <span class=\"date\">\r\n            2025-07-01        <\/span>\r\n                    <h6 class=\"post-title\">\r\n                <a href=\"http:\/\/cyklista.com.pl\/index.php\/2025\/07\/01\/kaszuby-2025\/\" class=\"title-animation-default\" title=\"Kaszuby 2025\">\r\n            Kaszuby 2025        <\/a>\r\n        <\/h6>\r\n        <\/article><article class=\"post-wrapper term-id-51\">\r\n    <span class=\"bullet\"><\/span>\r\n            <span class=\"date\">\r\n            2025-05-14        <\/span>\r\n                    <h6 class=\"post-title\">\r\n                <a href=\"http:\/\/cyklista.com.pl\/index.php\/2025\/05\/14\/walne-zgromadzenie-czlonkow\/\" class=\"title-animation-default\" title=\"Walne Zgromadzenie Cz\u0142onk\u00f3w\">\r\n            Walne Zgromadzenie Cz\u0142onk\u00f3w        <\/a>\r\n        <\/h6>\r\n        <\/article><article class=\"post-wrapper term-id-51\">\r\n    <span class=\"bullet\"><\/span>\r\n            <span class=\"date\">\r\n            2025-05-13        <\/span>\r\n                    <h6 class=\"post-title\">\r\n                <a href=\"http:\/\/cyklista.com.pl\/index.php\/2025\/05\/13\/rodzinny-rajd-rowerowy-w-przeciszowie\/\" class=\"title-animation-default\" title=\"Rodzinny Rajd Rowerowy w Przeciszowie\">\r\n            Rodzinny Rajd Rowerowy w Przeciszowie        <\/a>\r\n        <\/h6>\r\n        <\/article><\/div>\r\n\t\t\t\t<\/div>\n\t\t\t\t<\/div>\n\t\t\t\t<\/div>\n\t\t\t\t<\/div>\n\t\t<div class=\"elementor-element elementor-element-f490a57 e-con-full e-flex e-con e-child\" data-id=\"f490a57\" data-element_type=\"container\" data-e-type=\"container\">\n\t\t\t\t<div class=\"elementor-element elementor-element-4187b36 elementor-widget rivax-promo-box-widget\" data-id=\"4187b36\" data-element_type=\"widget\" data-e-type=\"widget\" data-widget_type=\"rivax-promo-box.default\">\n\t\t\t\t<div class=\"elementor-widget-container\">\n\t\t\t\t\t<div class=\"rivax-promo-box effect-sarah\">\r\n    <div class=\"image-wrapper\">\r\n        <img decoding=\"async\" width=\"340\" height=\"340\" src=\"http:\/\/cyklista.com.pl\/wp-content\/uploads\/2024\/05\/liam-arning-unsplash-340x340.webp\" class=\"attachment-rivax-small-square size-rivax-small-square wp-image-1336\" alt=\"\" srcset=\"http:\/\/cyklista.com.pl\/wp-content\/uploads\/2024\/05\/liam-arning-unsplash-340x340.webp 340w, http:\/\/cyklista.com.pl\/wp-content\/uploads\/2024\/05\/liam-arning-unsplash-150x150.webp 150w, http:\/\/cyklista.com.pl\/wp-content\/uploads\/2024\/05\/liam-arning-unsplash-450x450.webp 450w, http:\/\/cyklista.com.pl\/wp-content\/uploads\/2024\/05\/liam-arning-unsplash-650x650.webp 650w\" sizes=\"(max-width: 340px) 100vw, 340px\" \/>    <\/div>\r\n    <div class=\"content-wrapper rivax-position-cover\">\r\n        <h5 class=\"promo-title\">newsfy Advertisement<\/h5>\r\n        <p>News \/ Magazine Theme<\/p>\n    <\/div>\r\n    <a href=\"#\" class=\"rivax-position-cover\"><\/a><\/div>\t\t\t\t<\/div>\n\t\t\t\t<\/div>\n\t\t\t\t<\/div>\n\t\t\t\t\t<\/div>\n\t\t\t\t<\/div>\n\t\t\t\t<\/div>\n\t\t","protected":false},"template":"","class_list":["post-1921","rivax-template","type-rivax-template","status-publish","hentry"],"_links":{"self":[{"href":"http:\/\/cyklista.com.pl\/index.php\/wp-json\/wp\/v2\/rivax-template\/1921","targetHints":{"allow":["GET"]}}],"collection":[{"href":"http:\/\/cyklista.com.pl\/index.php\/wp-json\/wp\/v2\/rivax-template"}],"about":[{"href":"http:\/\/cyklista.com.pl\/index.php\/wp-json\/wp\/v2\/types\/rivax-template"}],"version-history":[{"count":0,"href":"http:\/\/cyklista.com.pl\/index.php\/wp-json\/wp\/v2\/rivax-template\/1921\/revisions"}],"wp:attachment":[{"href":"http:\/\/cyklista.com.pl\/index.php\/wp-json\/wp\/v2\/media?parent=1921"}],"curies":[{"name":"wp","href":"https:\/\/api.w.org\/{rel}","templated":true}]}}